{"rendered_pagination_products":"    <div class=\"ets_plp_pagination\">\n         \n            <nav class=\"pagination\">\n              <div class=\"col-md-4\">\n                \n              <\/div> \n              <div class=\"col-md-6 offset-md-2 pr-0\">\n                \n                    <ul class=\"page-list clearfix text-sm-center\">\n                                              <li  class=\"current\" >\n                                                      <a\n                              rel=\"nofollow\"\n                              href=\"https:\/\/www.starstickvinilos.com\/ca\/19-vinils-amb-nom\"\n                              class=\"disabled js-search-link\"\n                            >\n                                                              1\n                                                          <\/a>\n                                                  <\/li>\n                                              <li >\n                                                      <a\n                              rel=\"nofollow\"\n                              href=\"https:\/\/www.starstickvinilos.com\/ca\/19-vinils-amb-nom?page=2\"\n                              class=\"js-search-link\"\n                            >\n                                                              2\n                                                          <\/a>\n                                                  <\/li>\n                                              <li >\n                                                      <a\n                              rel=\"nofollow\"\n                              href=\"https:\/\/www.starstickvinilos.com\/ca\/19-vinils-amb-nom?page=3\"\n                              class=\"js-search-link\"\n                            >\n                                                              3\n                                                          <\/a>\n                                                  <\/li>\n                                              <li >\n                                                      <a\n                              rel=\"nofollow\"\n                              href=\"https:\/\/www.starstickvinilos.com\/ca\/19-vinils-amb-nom?page=4\"\n                              class=\"js-search-link\"\n                            >\n                                                              4\n                                                          <\/a>\n                                                  <\/li>\n                                              <li >\n                                                      <a\n                              rel=\"nofollow\"\n                              href=\"https:\/\/www.starstickvinilos.com\/ca\/19-vinils-amb-nom?page=5\"\n                              class=\"js-search-link\"\n                            >\n                                                              5\n                                                          <\/a>\n                                                  <\/li>\n                                              <li >\n                                                      <a\n                              rel=\"next\"\n                              href=\"https:\/\/www.starstickvinilos.com\/ca\/19-vinils-amb-nom?page=2\"\n                              class=\"next js-search-link\"\n                            >\n                                                              Next<i class=\"material-icons\">&#xE315;<\/i>\n                                                          <\/a>\n                                                  <\/li>\n                                          <\/ul>\n                \n              <\/div>\n            <\/nav>\n            <\/div>\n\n","rendered_list_products":"            \t\n\n            \n\n\n\n\n\n\n\n\n\n\n\n\n\n\n\n\n\n\n\n\n\n\n\n\n\n\n\n\n\n\n\n<article class=\"product-miniature js-product-miniature inicio\" data-id-product=\"4839\" data-id-product-attribute=\"0\">\n  <div class=\"thumbnail-container relative\">\n                  \n  <div class=\"thumbnail product-thumbnail relative flex-container\">\n    \n                      \n                                                \n\n\n\n\n\n<a href=\"https:\/\/www.starstickvinilos.com\/ca\/inicio\/4839-personalitza-amb-nom-vinils-infantils-personalitzats-decoracio-infantil.html\" class=\"relative oh db subimage-true\">\n            <img\n  src=\"https:\/\/www.starstickvinilos.com\/43158-home_default\/personalitza-amb-nom-vinils-infantils-personalitzats-decoracio-infantil.jpg\"\n  loading=\"lazy\"\n  alt=\"Personalitza el teu vinil amb nom. Vinils infantils personalitzats\"\n  width=\"380\"\n  height=\"380\"\n  class=\"smooth05 cover-image db\"\n  data-full-size-image-url=\"https:\/\/www.starstickvinilos.com\/43158-large_default\/personalitza-amb-nom-vinils-infantils-personalitzats-decoracio-infantil.jpg\">                    \n                <img\n  src=\"https:\/\/www.starstickvinilos.com\/93758-home_default\/personalitza-amb-nom-vinils-infantils-personalitzats-decoracio-infantil.jpg\"\n  loading=\"lazy\"\n  alt=\"Personalitza el teu vinil amb nom. Vinils infantils personalitzats\"\n  width=\"380\"\n  height=\"380\"\n  class=\"smooth05 cover-image db\"\n  data-full-size-image-url=\"https:\/\/www.starstickvinilos.com\/93758-large_default\/personalitza-amb-nom-vinils-infantils-personalitzats-decoracio-infantil.jpg\">                                                                                                        \n            \n<span class=\"pmimage-switcher flex-container\">\n    <span><\/span>\n                                        <span><\/span>\n                                                                                                                                                                                                                                                                                                            <\/span>\n\n            <\/a>\n\n\n    \n      <div class=\"product-actions show-on-hover scale-on-hover\">\n        \n  \n        \n  \n    <a href=\"https:\/\/www.starstickvinilos.com\/ca\/inicio\/4839-personalitza-amb-nom-vinils-infantils-personalitzats-decoracio-infantil.html\" class=\"btn smooth05\" title=\"Afegeix una adre\u00e7a nova\"\n    aria-label=\"Afegeix una adre\u00e7a nova\" role=\"button\">\n            <svg class=\"svgic svgic-button-cart\">\n            <use href=\"\/themes\/alysum\/assets\/img\/lib.svg#eye2\"><\/use>\n        <\/svg>\n        <\/a>\n        \n      <\/div>\n    \n\n          \n   \n\n  \n      <\/div>\n\n  <div class=\"product-desc-wrap\">\n    <div class=\"product-description relative clearfix\">\n      \n  \n      \n      \n    <h3 class=\"product-title text-left\">\n        <a href=\"https:\/\/www.starstickvinilos.com\/ca\/inicio\/4839-personalitza-amb-nom-vinils-infantils-personalitzats-decoracio-infantil.html\">Personalitza el teu vinil amb nom. Vinils...<\/a>\n    <\/h3>\n    \n\n      \n      \n                    <div class=\"product-price-and-shipping\">\n                \n                \n                <span class=\"price\" content=\"12.5\">12,50\u00a0\u20ac<\/span>\n                \n                \n            <\/div>\n\n                        \n\n      \n  \n    <div class=\"short-desc product-description-short pm_desk_false shown\">\n        <p>Oferim tres mides diferents per personalitzar noms. L'alt indicat es refereix a l'al\u00e7ada de la lletra m\u00e9s alta en el nom que tri\u00efs. Et recomanem optar per la mateixa mida que un vinil est\u00e0ndard per aconseguir un efecte \u00f2ptim.<\/p>\n<p><strong>Petit -<\/strong> Alt de les lletres: 10 cm<br \/><strong>Mitj\u00e0 -<\/strong> Alt de les lletres: 15 cm<br \/><strong>Gran -<\/strong> Alt de les lletres: 20 cm<\/p>\n<p><strong>\u26a0\ufe0f<span style=\"color:#4a4a4a;\">1 NOM PER UNITAT DE PRODUCTE.<\/span><\/strong><span style=\"color:#4a4a4a;\"> Si desitges m\u00e9s d'un nom, afegeix el producte de nou al carro amb el segon nom.<\/span><\/p>\n    <\/div>\n\n      \n  <div class=\"hook-reviews hide-reviews\">\n    \n\n    \n\n<\/div>\n      \n      \n        <div class=\"highlighted-informations no-variants\">\n            <div class=\"variant-links\">\n    <span class=\"js-count count\"><\/span>\n<\/div>\n        <\/div>\n    \n\n    <\/div>\n          \n  \n<ul class=\"product-flags\"><\/ul>\n      <\/div>\n\n  <div class=\"displayProductButtonFixed hide-empty\">    \n\n        \n        \n<a href=\"#\" class=\"favoritesButton flex-container align-items-center favorites-button pktopleft btn\" data-pid=\"4839\" data-action=\"add\" title=\"Afegir a preferits\"\n    aria-label=\"Afegir a preferits\" role=\"button\">\n    <svg class=\"svgic\">\n        <use href=\"\/themes\/alysum\/assets\/img\/lib.svg#love\"><\/use>\n    <\/svg>\n    \n<\/a><\/div>\n\n            <\/div>\n<\/article>\n            \t\n\n            \n\n\n\n\n\n\n\n\n\n\n\n\n\n\n\n\n\n\n\n\n\n\n\n\n\n\n\n\n\n\n\n<article class=\"product-miniature js-product-miniature vinils-amb-nom\" data-id-product=\"3952\" data-id-product-attribute=\"928425\">\n  <div class=\"thumbnail-container relative\">\n                  \n  <div class=\"thumbnail product-thumbnail relative flex-container\">\n    \n                      \n                                                \n\n\n\n\n\n<a href=\"https:\/\/www.starstickvinilos.com\/ca\/vinils-amb-nom\/3952-vinils-amb-nom-combinacio-blau-i-taronja-decoracio-infantil-personalitzada.html\" class=\"relative oh db subimage-true\">\n            <img\n  src=\"https:\/\/www.starstickvinilos.com\/80914-home_default\/vinils-amb-nom-combinacio-blau-i-taronja-decoracio-infantil-personalitzada.jpg\"\n  loading=\"lazy\"\n  alt=\"Vinil infantil personalitzat amb nom i estrelles en colors suaus.\"\n  width=\"380\"\n  height=\"380\"\n  class=\"smooth05 cover-image db\"\n  data-full-size-image-url=\"https:\/\/www.starstickvinilos.com\/80914-large_default\/vinils-amb-nom-combinacio-blau-i-taronja-decoracio-infantil-personalitzada.jpg\">                    \n                <img\n  src=\"https:\/\/www.starstickvinilos.com\/80910-home_default\/vinils-amb-nom-combinacio-blau-i-taronja-decoracio-infantil-personalitzada.jpg\"\n  loading=\"lazy\"\n  alt=\"Vinil infantil personalitzat amb nom i estrelles en colors suaus.\"\n  width=\"380\"\n  height=\"380\"\n  class=\"smooth05 cover-image db\"\n  data-full-size-image-url=\"https:\/\/www.starstickvinilos.com\/80910-large_default\/vinils-amb-nom-combinacio-blau-i-taronja-decoracio-infantil-personalitzada.jpg\">                                        \n            \n<span class=\"pmimage-switcher flex-container\">\n    <span><\/span>\n                                        <span><\/span>\n                                                                                                            <\/span>\n\n            <\/a>\n\n\n    \n      <div class=\"product-actions show-on-hover scale-on-hover\">\n        \n  \n        \n  \n    <a href=\"https:\/\/www.starstickvinilos.com\/ca\/vinils-amb-nom\/3952-vinils-amb-nom-combinacio-blau-i-taronja-decoracio-infantil-personalitzada.html\" class=\"btn smooth05\" title=\"Afegeix una adre\u00e7a nova\"\n    aria-label=\"Afegeix una adre\u00e7a nova\" role=\"button\">\n            <svg class=\"svgic svgic-button-cart\">\n            <use href=\"\/themes\/alysum\/assets\/img\/lib.svg#eye2\"><\/use>\n        <\/svg>\n        <\/a>\n        \n      <\/div>\n    \n\n          \n   \n\n  \n      <\/div>\n\n  <div class=\"product-desc-wrap\">\n    <div class=\"product-description relative clearfix\">\n      \n  \n      \n      \n    <h3 class=\"product-title text-left\">\n        <a href=\"https:\/\/www.starstickvinilos.com\/ca\/vinils-amb-nom\/3952-vinils-amb-nom-combinacio-blau-i-taronja-decoracio-infantil-personalitzada.html\">Vinils amb nom - Combinaci\u00f3 blau i taronja...<\/a>\n    <\/h3>\n    \n\n      \n      \n                    <div class=\"product-price-and-shipping\">\n                \n                \n                <span class=\"price\" content=\"18.5\">18,50\u00a0\u20ac<\/span>\n                \n                \n            <\/div>\n\n                        \n\n      \n  \n    <div class=\"short-desc product-description-short pm_desk_false shown\">\n        <p>Personalitza l\u2019habitaci\u00f3 dels teus petits amb els nostres vinils infantils amb nom. Aquestes enganxines de paret s\u00f3n ideals per donar un toc modern i original a dormitoris, sales de joc o llars d\u2019infants. Cada disseny s\u2019adapta al nom que tri\u00efs, convertint la paret en un espai \u00fanic.<\/p>\n<p><\/p>\n<p class=\"MsoNormal\"><strong>Mesures aproximades del vinil (amplada x al\u00e7ada)<\/strong><\/p>\n<p class=\"MsoNormal\"><strong>Petit:<\/strong> Al\u00e7ada de cada lletra: 10 cm + 10 estrelles<\/p>\n<p class=\"MsoNormal\"><strong>Mitj\u00e0:<\/strong> Al\u00e7ada de cada lletra: 15 cm + 10 estrelles<\/p>\n<p class=\"MsoNormal\"><strong>Gran:<\/strong> Al\u00e7ada de cada lletra: 19 cm + 10 estrelles<\/p>\n<p><\/p>\n<p>*Els noms amb m\u00e9s de 6 lletres tindran una al\u00e7ada una mica inferior per poder ajustar-los a la mida de la l\u00e0mina<\/p>\n    <\/div>\n\n      \n  <div class=\"hook-reviews hide-reviews\">\n    \n\n    <div class=\"reviStarsContainer\">\n\n        <div class=\"reviStars\" style=\"--rating: 3;\"><\/div>\n                    <div class=\"reviStarsBlock\">(1)<\/div>\n        \n    <\/div>\n\n\n<\/div>\n      \n      \n        <div class=\"highlighted-informations no-variants\">\n            <div class=\"variant-links\">\n    <span class=\"js-count count\"><\/span>\n<\/div>\n        <\/div>\n    \n\n    <\/div>\n          \n  \n<ul class=\"product-flags\"><\/ul>\n      <\/div>\n\n  <div class=\"displayProductButtonFixed hide-empty\">    \n\n        \n        \n<a href=\"#\" class=\"favoritesButton flex-container align-items-center favorites-button pktopleft btn\" data-pid=\"3952\" data-action=\"add\" title=\"Afegir a preferits\"\n    aria-label=\"Afegir a preferits\" role=\"button\">\n    <svg class=\"svgic\">\n        <use href=\"\/themes\/alysum\/assets\/img\/lib.svg#love\"><\/use>\n    <\/svg>\n    \n<\/a><\/div>\n\n            <\/div>\n<\/article>\n            \t\n\n            \n                                \n\n\n\n\n\n\n\n\n\n\n\n\n\n\n\n\n\n\n\n\n\n\n\n\n\n\n\n\n\n\n<article class=\"product-miniature js-product-miniature vinils-amb-nom miniature-size-x-1x miniature-size-y-1x\" data-id-product=\"7981\" data-id-product-attribute=\"1152537\">\n  <div class=\"thumbnail-container relative\">\n                  \n  <div class=\"thumbnail product-thumbnail relative flex-container\">\n    \n                      \n                                                \n\n\n\n\n\n<a href=\"https:\/\/www.starstickvinilos.com\/ca\/vinils-amb-nom\/7981-vinils-personalitzats-amb-nom-decoracio-infantil-boho-adhesius-de-paret-per-a-nens.html\" class=\"relative oh db subimage-true\">\n            <img\n  src=\"https:\/\/www.starstickvinilos.com\/83913-home_default\/vinils-personalitzats-amb-nom-decoracio-infantil-boho-adhesius-de-paret-per-a-nens.jpg\"\n  loading=\"lazy\"\n  alt=\"Vinils personalitzats amb...\"\n  width=\"380\"\n  height=\"380\"\n  class=\"smooth05 cover-image db\"\n  data-full-size-image-url=\"https:\/\/www.starstickvinilos.com\/83913-large_default\/vinils-personalitzats-amb-nom-decoracio-infantil-boho-adhesius-de-paret-per-a-nens.jpg\">                    \n                <img\n  src=\"https:\/\/www.starstickvinilos.com\/83905-home_default\/vinils-personalitzats-amb-nom-decoracio-infantil-boho-adhesius-de-paret-per-a-nens.jpg\"\n  loading=\"lazy\"\n  alt=\"Vinils personalitzats amb...\"\n  width=\"380\"\n  height=\"380\"\n  class=\"smooth05 cover-image db\"\n  data-full-size-image-url=\"https:\/\/www.starstickvinilos.com\/83905-large_default\/vinils-personalitzats-amb-nom-decoracio-infantil-boho-adhesius-de-paret-per-a-nens.jpg\">                                        \n            \n<span class=\"pmimage-switcher flex-container\">\n    <span><\/span>\n                                        <span><\/span>\n                                                                                                            <\/span>\n\n            <\/a>\n\n\n    \n      <div class=\"product-actions show-on-hover scale-on-hover\">\n        \n  \n        \n  \n    <a href=\"https:\/\/www.starstickvinilos.com\/ca\/vinils-amb-nom\/7981-vinils-personalitzats-amb-nom-decoracio-infantil-boho-adhesius-de-paret-per-a-nens.html\" class=\"btn smooth05\" title=\"Afegeix una adre\u00e7a nova\"\n    aria-label=\"Afegeix una adre\u00e7a nova\" role=\"button\">\n            <svg class=\"svgic svgic-button-cart\">\n            <use href=\"\/themes\/alysum\/assets\/img\/lib.svg#eye2\"><\/use>\n        <\/svg>\n        <\/a>\n        \n      <\/div>\n    \n\n          \n   \n\n  \n      <\/div>\n\n  <div class=\"product-desc-wrap\">\n    <div class=\"product-description relative clearfix\">\n      \n  \n      \n      \n    <h3 class=\"product-title text-left\">\n        <a href=\"https:\/\/www.starstickvinilos.com\/ca\/vinils-amb-nom\/7981-vinils-personalitzats-amb-nom-decoracio-infantil-boho-adhesius-de-paret-per-a-nens.html\">Vinils personalitzats amb nom \u2013 Decoraci\u00f3...<\/a>\n    <\/h3>\n    \n\n      \n      \n                    <div class=\"product-price-and-shipping\">\n                \n                \n                <span class=\"price\" content=\"18.5\">18,50\u00a0\u20ac<\/span>\n                \n                \n            <\/div>\n\n                        \n\n      \n  \n    <div class=\"short-desc product-description-short pm_desk_false shown\">\n        <p>Decora l'habitaci\u00f3 dels teus petits amb els nostres <strong>vinils personalitzats amb nom<\/strong> d'estil <strong>Boho<\/strong>. Aquest conjunt d'<strong>adhesius de paret infantils<\/strong> \u00e9s perfecte per donar un toc \u00fanic, original i acollidor a dormitoris, zones de jocs o guarderies. Cada vinil es dissenya de manera personalitzada amb el nom que tri\u00efs, convertint qualsevol paret llisa en un espai ple d'encant. El disseny bohemi combina colors suaus i formes naturals per crear ambients c\u00e0lids, moderns i plens de personalitat.<\/p>\n<p>\u00a0<\/p>\n<p class=\"MsoNormal\"><strong>Mesures aproximades del vinil (amplada x al\u00e7ada)<\/strong><\/p>\n<p class=\"MsoNormal\"><strong>Petit:<\/strong> Al\u00e7ada de cada lletra: 10 cm + 10 estrelles<\/p>\n<p class=\"MsoNormal\"><strong>Mitj\u00e0:<\/strong> Al\u00e7ada de cada lletra: 15 cm + 10 estrelles<\/p>\n<p class=\"MsoNormal\"><strong>Gran:<\/strong> Al\u00e7ada de cada lletra: 19 cm + 10 estrelles<\/p>\n<p>\u00a0<\/p>\n<p>*Els noms amb m\u00e9s de 6 lletres tindran una al\u00e7ada una mica inferior per poder ajustar-los a la mida de la l\u00e0mina<\/p>\n    <\/div>\n\n      \n  <div class=\"hook-reviews hide-reviews\">\n    \n\n    \n\n<\/div>\n      \n      \n        <div class=\"highlighted-informations no-variants\">\n            <div class=\"variant-links\">\n    <span class=\"js-count count\"><\/span>\n<\/div>\n        <\/div>\n    \n\n    <\/div>\n          \n  \n<ul class=\"product-flags\"><\/ul>\n      <\/div>\n\n  <div class=\"displayProductButtonFixed hide-empty\">    \n\n        \n        \n<a href=\"#\" class=\"favoritesButton flex-container align-items-center favorites-button pktopleft btn\" data-pid=\"7981\" data-action=\"add\" title=\"Afegir a preferits\"\n    aria-label=\"Afegir a preferits\" role=\"button\">\n    <svg class=\"svgic\">\n        <use href=\"\/themes\/alysum\/assets\/img\/lib.svg#love\"><\/use>\n    <\/svg>\n    \n<\/a><\/div>\n\n            <\/div>\n<\/article>\n            \t\n\n            \n\n\n\n\n\n\n\n\n\n\n\n\n\n\n\n\n\n\n\n\n\n\n\n\n\n\n\n\n\n\n\n<article class=\"product-miniature js-product-miniature vinils-amb-nom\" data-id-product=\"8674\" data-id-product-attribute=\"1162236\">\n  <div class=\"thumbnail-container relative\">\n                  \n  <div class=\"thumbnail product-thumbnail relative flex-container\">\n    \n                      \n                                                \n\n\n\n\n\n<a href=\"https:\/\/www.starstickvinilos.com\/ca\/vinils-amb-nom\/8674-vinil-decoratiu-personalitzat-amb-nom-i-cors-de-colors-habitacions-infantils.html\" class=\"relative oh db subimage-true\">\n            <img\n  src=\"https:\/\/www.starstickvinilos.com\/92770-home_default\/vinil-decoratiu-personalitzat-amb-nom-i-cors-de-colors-habitacions-infantils.jpg\"\n  loading=\"lazy\"\n  alt=\"Vinil decoratiu personalitzat amb nom i cors de colors per a habitaci\u00f3 infantil\"\n  width=\"380\"\n  height=\"380\"\n  class=\"smooth05 cover-image db\"\n  data-full-size-image-url=\"https:\/\/www.starstickvinilos.com\/92770-large_default\/vinil-decoratiu-personalitzat-amb-nom-i-cors-de-colors-habitacions-infantils.jpg\">                    \n                <img\n  src=\"https:\/\/www.starstickvinilos.com\/92767-home_default\/vinil-decoratiu-personalitzat-amb-nom-i-cors-de-colors-habitacions-infantils.jpg\"\n  loading=\"lazy\"\n  alt=\"Vinil decoratiu personalitzat amb nom i cors de colors per a habitaci\u00f3 infantil\"\n  width=\"380\"\n  height=\"380\"\n  class=\"smooth05 cover-image db\"\n  data-full-size-image-url=\"https:\/\/www.starstickvinilos.com\/92767-large_default\/vinil-decoratiu-personalitzat-amb-nom-i-cors-de-colors-habitacions-infantils.jpg\">                                            \n            \n<span class=\"pmimage-switcher flex-container\">\n    <span><\/span>\n                                        <span><\/span>\n                                                                                                                        <\/span>\n\n            <\/a>\n\n\n    \n      <div class=\"product-actions show-on-hover scale-on-hover\">\n        \n  \n        \n  \n    <a href=\"https:\/\/www.starstickvinilos.com\/ca\/vinils-amb-nom\/8674-vinil-decoratiu-personalitzat-amb-nom-i-cors-de-colors-habitacions-infantils.html\" class=\"btn smooth05\" title=\"Afegeix una adre\u00e7a nova\"\n    aria-label=\"Afegeix una adre\u00e7a nova\" role=\"button\">\n            <svg class=\"svgic svgic-button-cart\">\n            <use href=\"\/themes\/alysum\/assets\/img\/lib.svg#eye2\"><\/use>\n        <\/svg>\n        <\/a>\n        \n      <\/div>\n    \n\n          \n   \n\n  \n      <\/div>\n\n  <div class=\"product-desc-wrap\">\n    <div class=\"product-description relative clearfix\">\n      \n  \n      \n      \n    <h3 class=\"product-title text-left\">\n        <a href=\"https:\/\/www.starstickvinilos.com\/ca\/vinils-amb-nom\/8674-vinil-decoratiu-personalitzat-amb-nom-i-cors-de-colors-habitacions-infantils.html\">Vinil decoratiu personalitzat amb nom i...<\/a>\n    <\/h3>\n    \n\n      \n      \n                    <div class=\"product-price-and-shipping\">\n                \n                \n                <span class=\"price\" content=\"18.5\">18,50\u00a0\u20ac<\/span>\n                \n                \n            <\/div>\n\n                        \n\n      \n  \n    <div class=\"short-desc product-description-short pm_desk_false shown\">\n        <p>Vinil decoratiu personalitzat amb nom i cors. Ideal per a habitacions infantils i juvenils. F\u00e0cil d\u2019aplicar, resistent i amb acabat d\u2019alta qualitat.<\/p>\n<p>\u00a0<\/p>\n<p><strong>Mides aproximades del vinil (ample x alt):<\/strong><\/p>\n<p><strong>Petit:<\/strong> Alt de cada lletra 10 cm + 6 cors i 10 confetis<\/p>\n<p><strong>Mitj\u00e0:<\/strong> Alt de cada lletra 15 cm +\u00a0 6 cors i 10 confetis<\/p>\n<p><strong>Gran:<\/strong> Alt de cada lletra 19 cm +\u00a0 6 cors i 10 confetis<\/p>\n<p>\u00a0<\/p>\n<p><em>Els noms amb m\u00e9s de 6 lletres tindran una altura lleugerament inferior per ajustar-se a la mida del vinil.<\/em><\/p>\n    <\/div>\n\n      \n  <div class=\"hook-reviews hide-reviews\">\n    \n\n    \n\n<\/div>\n      \n      \n        <div class=\"highlighted-informations no-variants\">\n            <div class=\"variant-links\">\n    <span class=\"js-count count\"><\/span>\n<\/div>\n        <\/div>\n    \n\n    <\/div>\n          \n  \n<ul class=\"product-flags\"><\/ul>\n      <\/div>\n\n  <div class=\"displayProductButtonFixed hide-empty\">    \n\n        \n        \n<a href=\"#\" class=\"favoritesButton flex-container align-items-center favorites-button pktopleft btn\" data-pid=\"8674\" data-action=\"add\" title=\"Afegir a preferits\"\n    aria-label=\"Afegir a preferits\" role=\"button\">\n    <svg class=\"svgic\">\n        <use href=\"\/themes\/alysum\/assets\/img\/lib.svg#love\"><\/use>\n    <\/svg>\n    \n<\/a><\/div>\n\n            <\/div>\n<\/article>\n            \t\n\n            \n\n\n\n\n\n\n\n\n\n\n\n\n\n\n\n\n\n\n\n\n\n\n\n\n\n\n\n\n\n\n\n<article class=\"product-miniature js-product-miniature vinils-amb-nom\" data-id-product=\"3954\" data-id-product-attribute=\"928431\">\n  <div class=\"thumbnail-container relative\">\n                  \n  <div class=\"thumbnail product-thumbnail relative flex-container\">\n    \n                      \n                                                \n\n\n\n\n\n<a href=\"https:\/\/www.starstickvinilos.com\/ca\/vinils-amb-nom\/3954-vinils-amb-nom-combinacio-mandarina-decoracio-infantil-personalitzada.html\" class=\"relative oh db subimage-true\">\n            <img\n  src=\"https:\/\/www.starstickvinilos.com\/80915-home_default\/vinils-amb-nom-combinacio-mandarina-decoracio-infantil-personalitzada.jpg\"\n  loading=\"lazy\"\n  alt=\"Vinils amb nom - Combinaci\u00f3...\"\n  width=\"380\"\n  height=\"380\"\n  class=\"smooth05 cover-image db\"\n  data-full-size-image-url=\"https:\/\/www.starstickvinilos.com\/80915-large_default\/vinils-amb-nom-combinacio-mandarina-decoracio-infantil-personalitzada.jpg\">                    \n                <img\n  src=\"https:\/\/www.starstickvinilos.com\/80885-home_default\/vinils-amb-nom-combinacio-mandarina-decoracio-infantil-personalitzada.jpg\"\n  loading=\"lazy\"\n  alt=\"Vinils amb nom - Combinaci\u00f3...\"\n  width=\"380\"\n  height=\"380\"\n  class=\"smooth05 cover-image db\"\n  data-full-size-image-url=\"https:\/\/www.starstickvinilos.com\/80885-large_default\/vinils-amb-nom-combinacio-mandarina-decoracio-infantil-personalitzada.jpg\">                                                    \n            \n<span class=\"pmimage-switcher flex-container\">\n    <span><\/span>\n                                        <span><\/span>\n                                                                                                                                                <\/span>\n\n            <\/a>\n\n\n    \n      <div class=\"product-actions show-on-hover scale-on-hover\">\n        \n  \n        \n  \n    <a href=\"https:\/\/www.starstickvinilos.com\/ca\/vinils-amb-nom\/3954-vinils-amb-nom-combinacio-mandarina-decoracio-infantil-personalitzada.html\" class=\"btn smooth05\" title=\"Afegeix una adre\u00e7a nova\"\n    aria-label=\"Afegeix una adre\u00e7a nova\" role=\"button\">\n            <svg class=\"svgic svgic-button-cart\">\n            <use href=\"\/themes\/alysum\/assets\/img\/lib.svg#eye2\"><\/use>\n        <\/svg>\n        <\/a>\n        \n      <\/div>\n    \n\n          \n   \n\n  \n      <\/div>\n\n  <div class=\"product-desc-wrap\">\n    <div class=\"product-description relative clearfix\">\n      \n  \n      \n      \n    <h3 class=\"product-title text-left\">\n        <a href=\"https:\/\/www.starstickvinilos.com\/ca\/vinils-amb-nom\/3954-vinils-amb-nom-combinacio-mandarina-decoracio-infantil-personalitzada.html\">Vinils amb nom - Combinaci\u00f3 mandarina -...<\/a>\n    <\/h3>\n    \n\n      \n      \n                    <div class=\"product-price-and-shipping\">\n                \n                \n                <span class=\"price\" content=\"18.5\">18,50\u00a0\u20ac<\/span>\n                \n                \n            <\/div>\n\n                        \n\n      \n  \n    <div class=\"short-desc product-description-short pm_desk_false shown\">\n        <p class=\"MsoNormal\">Els vinils decoratius personalitzables s\u00f3n la manera m\u00e9s senzilla i bonica de transformar qualsevol habitaci\u00f3 infantil. Estan fabricats amb materials d\u2019alta qualitat, s\u00f3n molt f\u00e0cils d\u2019instal\u00b7lar i mantenen el seu aspecte impecable durant anys. Cada lletra \u00e9s independent, de manera que pots col\u00b7locar el nom amb la distribuci\u00f3 que prefereixis i adaptar-lo a qualsevol paret o moble.<\/p>\n<p class=\"MsoNormal\"><strong><\/strong><\/p>\n<p class=\"MsoNormal\"><strong>Mesures aproximades del vinil (ample x alt)<\/strong><\/p>\n<p class=\"MsoNormal\"><strong>Petit:<\/strong> Alt de cada lletra: 10 cm + 10 estrelles<\/p>\n<p class=\"MsoNormal\"><strong>Mitj\u00e0:<\/strong> Alt de cada lletra: 15 cm + 10 estrelles<\/p>\n<p class=\"MsoNormal\"><strong>Gran:<\/strong> Alt de cada lletra: 19 cm + 10 estrelles<\/p>\n<h2><\/h2>\n<p>*Els noms amb m\u00e9s de 6 lletres tindran una al\u00e7ada una mica inferior per poder ajustar-los a la mida de la l\u00e0mina<\/p>\n    <\/div>\n\n      \n  <div class=\"hook-reviews hide-reviews\">\n    \n\n    \n\n<\/div>\n      \n      \n        <div class=\"highlighted-informations no-variants\">\n            <div class=\"variant-links\">\n    <span class=\"js-count count\"><\/span>\n<\/div>\n        <\/div>\n    \n\n    <\/div>\n          \n  \n<ul class=\"product-flags\"><\/ul>\n      <\/div>\n\n  <div class=\"displayProductButtonFixed hide-empty\">    \n\n        \n        \n<a href=\"#\" class=\"favoritesButton flex-container align-items-center favorites-button pktopleft btn\" data-pid=\"3954\" data-action=\"add\" title=\"Afegir a preferits\"\n    aria-label=\"Afegir a preferits\" role=\"button\">\n    <svg class=\"svgic\">\n        <use href=\"\/themes\/alysum\/assets\/img\/lib.svg#love\"><\/use>\n    <\/svg>\n    \n<\/a><\/div>\n\n            <\/div>\n<\/article>\n            \t\n\n                \n\n\n\n\n\n\n\n\n\n\n\n\n\n\n\n\n\n\n\n\n\n\n\n\n\n\n\n\n\n\n\n<article class=\"product-miniature js-product-miniature out-of-stock vinils-amb-nom\" data-id-product=\"8663\" data-id-product-attribute=\"1161406\">\n  <div class=\"thumbnail-container relative\">\n                  \n  <div class=\"thumbnail product-thumbnail relative flex-container\">\n    \n                      \n                                                \n\n\n\n\n\n<a href=\"https:\/\/www.starstickvinilos.com\/ca\/vinils-amb-nom\/8663-vinil-decoratiu-personalitzat-amb-nom-i-triangles-de-colors-decoracio-per-a-habitacions-infantils.html\" class=\"relative oh db subimage-true\">\n            <img\n  src=\"https:\/\/www.starstickvinilos.com\/92641-home_default\/vinil-decoratiu-personalitzat-amb-nom-i-triangles-de-colors-decoracio-per-a-habitacions-infantils.jpg\"\n  loading=\"lazy\"\n  alt=\"Vinil infantil personalitzat amb nom i triangles de colors a la paret d\u2019una habitaci\u00f3 infantil\"\n  width=\"380\"\n  height=\"380\"\n  class=\"smooth05 cover-image db\"\n  data-full-size-image-url=\"https:\/\/www.starstickvinilos.com\/92641-large_default\/vinil-decoratiu-personalitzat-amb-nom-i-triangles-de-colors-decoracio-per-a-habitacions-infantils.jpg\">                    \n                <img\n  src=\"https:\/\/www.starstickvinilos.com\/92644-home_default\/vinil-decoratiu-personalitzat-amb-nom-i-triangles-de-colors-decoracio-per-a-habitacions-infantils.jpg\"\n  loading=\"lazy\"\n  alt=\"Vinil infantil personalitzat amb nom i triangles de colors a la paret d\u2019una habitaci\u00f3 infantil\"\n  width=\"380\"\n  height=\"380\"\n  class=\"smooth05 cover-image db\"\n  data-full-size-image-url=\"https:\/\/www.starstickvinilos.com\/92644-large_default\/vinil-decoratiu-personalitzat-amb-nom-i-triangles-de-colors-decoracio-per-a-habitacions-infantils.jpg\">                                                    \n            \n<span class=\"pmimage-switcher flex-container\">\n    <span><\/span>\n                                        <span><\/span>\n                                                                                                                                                <\/span>\n\n            <\/a>\n\n\n    \n      <div class=\"product-actions show-on-hover scale-on-hover\">\n        \n  \n        \n  \n    <a href=\"https:\/\/www.starstickvinilos.com\/ca\/vinils-amb-nom\/8663-vinil-decoratiu-personalitzat-amb-nom-i-triangles-de-colors-decoracio-per-a-habitacions-infantils.html\" class=\"btn smooth05\" title=\"Afegeix una adre\u00e7a nova\"\n    aria-label=\"Afegeix una adre\u00e7a nova\" role=\"button\">\n            <svg class=\"svgic svgic-button-cart\">\n            <use href=\"\/themes\/alysum\/assets\/img\/lib.svg#eye2\"><\/use>\n        <\/svg>\n        <\/a>\n        \n      <\/div>\n    \n\n          \n   \n\n  \n      <\/div>\n\n  <div class=\"product-desc-wrap\">\n    <div class=\"product-description relative clearfix\">\n      \n  \n      \n      \n    <h3 class=\"product-title text-left\">\n        <a href=\"https:\/\/www.starstickvinilos.com\/ca\/vinils-amb-nom\/8663-vinil-decoratiu-personalitzat-amb-nom-i-triangles-de-colors-decoracio-per-a-habitacions-infantils.html\">Vinil decoratiu personalitzat amb nom i...<\/a>\n    <\/h3>\n    \n\n      \n      \n                    <div class=\"product-price-and-shipping\">\n                \n                \n                <span class=\"price\" content=\"18.5\">18,50\u00a0\u20ac<\/span>\n                \n                \n            <\/div>\n\n                        \n\n      \n  \n    <div class=\"short-desc product-description-short pm_desk_false shown\">\n        <p>Vinil decoratiu personalitzat amb nom i triangles de colors, ideal per a habitacions infantils amb un toc original, divertit i ple de color. Cada lletra i triangle \u00e9s independent, cosa que permet col\u00b7locar-los i crear la composici\u00f3 que m\u00e9s t\u2019agradi. F\u00e0cil d\u2019instal\u00b7lar i totalment personalitzable.<\/p>\n<p>\u00a0<\/p>\n<p><strong>Mides aproximades del vinil (ample x alt):<\/strong><\/p>\n<p><strong>Petit:<\/strong> Alt de cada lletra 10 cm + 36 triangles<\/p>\n<p><strong>Mitj\u00e0:<\/strong> Alt de cada lletra 15 cm + 36 triangles<\/p>\n<p><strong>Gran:<\/strong> Alt de cada lletra 19 cm + 36 triangles<\/p>\n<p>\u00a0<\/p>\n<p><em>Els noms amb m\u00e9s de 6 lletres tindran una altura lleugerament inferior per ajustar-se a la mida del vinil.<\/em><\/p>\n    <\/div>\n\n      \n  <div class=\"hook-reviews hide-reviews\">\n    \n\n    \n\n<\/div>\n      \n      \n        <div class=\"highlighted-informations no-variants\">\n            <div class=\"variant-links\">\n    <span class=\"js-count count\"><\/span>\n<\/div>\n        <\/div>\n    \n\n    <\/div>\n          \n  \n<ul class=\"product-flags\"><\/ul>\n      <\/div>\n\n  <div class=\"displayProductButtonFixed hide-empty\">    \n\n        \n        \n<a href=\"#\" class=\"favoritesButton flex-container align-items-center favorites-button pktopleft btn\" data-pid=\"8663\" data-action=\"add\" title=\"Afegir a preferits\"\n    aria-label=\"Afegir a preferits\" role=\"button\">\n    <svg class=\"svgic\">\n        <use href=\"\/themes\/alysum\/assets\/img\/lib.svg#love\"><\/use>\n    <\/svg>\n    \n<\/a><\/div>\n\n            <\/div>\n<\/article>\n            \t\n\n            \n\n\n\n\n\n\n\n\n\n\n\n\n\n\n\n\n\n\n\n\n\n\n\n\n\n\n\n\n\n\n\n<article class=\"product-miniature js-product-miniature vinils-amb-nom\" data-id-product=\"3955\" data-id-product-attribute=\"928434\">\n  <div class=\"thumbnail-container relative\">\n                  \n  <div class=\"thumbnail product-thumbnail relative flex-container\">\n    \n                      \n                                                \n\n\n\n\n\n<a href=\"https:\/\/www.starstickvinilos.com\/ca\/vinils-amb-nom\/3955-vinils-amb-nom-combinacio-ocre-decoracio-infantil-personalitzada.html\" class=\"relative oh db subimage-true\">\n            <img\n  src=\"https:\/\/www.starstickvinilos.com\/80916-home_default\/vinils-amb-nom-combinacio-ocre-decoracio-infantil-personalitzada.jpg\"\n  loading=\"lazy\"\n  alt=\"Vinils amb nom - Combinaci\u00f3...\"\n  width=\"380\"\n  height=\"380\"\n  class=\"smooth05 cover-image db\"\n  data-full-size-image-url=\"https:\/\/www.starstickvinilos.com\/80916-large_default\/vinils-amb-nom-combinacio-ocre-decoracio-infantil-personalitzada.jpg\">                    \n                <img\n  src=\"https:\/\/www.starstickvinilos.com\/31755-home_default\/vinils-amb-nom-combinacio-ocre-decoracio-infantil-personalitzada.jpg\"\n  loading=\"lazy\"\n  alt=\"Vinils amb nom - Combinaci\u00f3...\"\n  width=\"380\"\n  height=\"380\"\n  class=\"smooth05 cover-image db\"\n  data-full-size-image-url=\"https:\/\/www.starstickvinilos.com\/31755-large_default\/vinils-amb-nom-combinacio-ocre-decoracio-infantil-personalitzada.jpg\">                                \n            \n<span class=\"pmimage-switcher flex-container\">\n    <span><\/span>\n                                        <span><\/span>\n                                                                                    <\/span>\n\n            <\/a>\n\n\n    \n      <div class=\"product-actions show-on-hover scale-on-hover\">\n        \n  \n        \n  \n    <a href=\"https:\/\/www.starstickvinilos.com\/ca\/vinils-amb-nom\/3955-vinils-amb-nom-combinacio-ocre-decoracio-infantil-personalitzada.html\" class=\"btn smooth05\" title=\"Afegeix una adre\u00e7a nova\"\n    aria-label=\"Afegeix una adre\u00e7a nova\" role=\"button\">\n            <svg class=\"svgic svgic-button-cart\">\n            <use href=\"\/themes\/alysum\/assets\/img\/lib.svg#eye2\"><\/use>\n        <\/svg>\n        <\/a>\n        \n      <\/div>\n    \n\n          \n   \n\n  \n      <\/div>\n\n  <div class=\"product-desc-wrap\">\n    <div class=\"product-description relative clearfix\">\n      \n  \n      \n      \n    <h3 class=\"product-title text-left\">\n        <a href=\"https:\/\/www.starstickvinilos.com\/ca\/vinils-amb-nom\/3955-vinils-amb-nom-combinacio-ocre-decoracio-infantil-personalitzada.html\">Vinils amb nom - Combinaci\u00f3 ocre -...<\/a>\n    <\/h3>\n    \n\n      \n      \n                    <div class=\"product-price-and-shipping\">\n                \n                \n                <span class=\"price\" content=\"18.5\">18,50\u00a0\u20ac<\/span>\n                \n                \n            <\/div>\n\n                        \n\n      \n  \n    <div class=\"short-desc product-description-short pm_desk_false shown\">\n        <p class=\"MsoNormal\"><strong>Mesures aproximades del vinil (ample x alt)<\/strong><\/p>\n<p class=\"MsoNormal\"><strong>Petit:<\/strong> Alt de cada lletra: 10 cm + 10 estrelles<\/p>\n<p class=\"MsoNormal\"><strong>Mitj\u00e0:<\/strong> Alt de cada lletra: 15 cm + 10 estrelles<\/p>\n<p class=\"MsoNormal\"><strong>Gran:<\/strong> Alt de cada lletra: 19 cm + 10 estrelles<\/p>\n<p><br \/><br \/>*Els noms amb m\u00e9s de 6 lletres tindran una al\u00e7ada una mica inferior per poder ajustar-los a la mida de la l\u00e0mina<\/p>\n<p><\/p>\n    <\/div>\n\n      \n  <div class=\"hook-reviews hide-reviews\">\n    \n\n    <div class=\"reviStarsContainer\">\n\n        <div class=\"reviStars\" style=\"--rating: 4.5;\"><\/div>\n                    <div class=\"reviStarsBlock\">(2)<\/div>\n        \n    <\/div>\n\n\n<\/div>\n      \n      \n        <div class=\"highlighted-informations no-variants\">\n            <div class=\"variant-links\">\n    <span class=\"js-count count\"><\/span>\n<\/div>\n        <\/div>\n    \n\n    <\/div>\n          \n  \n<ul class=\"product-flags\"><\/ul>\n      <\/div>\n\n  <div class=\"displayProductButtonFixed hide-empty\">    \n\n        \n        \n<a href=\"#\" class=\"favoritesButton flex-container align-items-center favorites-button pktopleft btn\" data-pid=\"3955\" data-action=\"add\" title=\"Afegir a preferits\"\n    aria-label=\"Afegir a preferits\" role=\"button\">\n    <svg class=\"svgic\">\n        <use href=\"\/themes\/alysum\/assets\/img\/lib.svg#love\"><\/use>\n    <\/svg>\n    \n<\/a><\/div>\n\n            <\/div>\n<\/article>\n            \t\n\n                \n\n\n\n\n\n\n\n\n\n\n\n\n\n\n\n\n\n\n\n\n\n\n\n\n\n\n\n\n\n\n\n<article class=\"product-miniature js-product-miniature out-of-stock vinils-amb-nom\" data-id-product=\"4374\" data-id-product-attribute=\"1068477\">\n  <div class=\"thumbnail-container relative\">\n                  \n  <div class=\"thumbnail product-thumbnail relative flex-container\">\n    \n                      \n                                                \n\n\n\n\n\n<a href=\"https:\/\/www.starstickvinilos.com\/ca\/vinils-amb-nom\/4374-vinil-decoratiu-personalitzat-amb-nom-combinacio-mostassa.html\" class=\"relative oh db subimage-true\">\n            <img\n  src=\"https:\/\/www.starstickvinilos.com\/36509-home_default\/vinil-decoratiu-personalitzat-amb-nom-combinacio-mostassa.jpg\"\n  loading=\"lazy\"\n  alt=\"Personalitza les parets amb els vinils amb nom - Combinaci\u00f3 Mostassa\"\n  width=\"380\"\n  height=\"380\"\n  class=\"smooth05 cover-image db\"\n  data-full-size-image-url=\"https:\/\/www.starstickvinilos.com\/36509-large_default\/vinil-decoratiu-personalitzat-amb-nom-combinacio-mostassa.jpg\">                    \n                <img\n  src=\"https:\/\/www.starstickvinilos.com\/36510-home_default\/vinil-decoratiu-personalitzat-amb-nom-combinacio-mostassa.jpg\"\n  loading=\"lazy\"\n  alt=\"Personalitza les parets amb els vinils amb nom - Combinaci\u00f3 Mostassa\"\n  width=\"380\"\n  height=\"380\"\n  class=\"smooth05 cover-image db\"\n  data-full-size-image-url=\"https:\/\/www.starstickvinilos.com\/36510-large_default\/vinil-decoratiu-personalitzat-amb-nom-combinacio-mostassa.jpg\">                                \n            \n<span class=\"pmimage-switcher flex-container\">\n    <span><\/span>\n                                        <span><\/span>\n                                                                                    <\/span>\n\n            <\/a>\n\n\n    \n      <div class=\"product-actions show-on-hover scale-on-hover\">\n        \n  \n        \n  \n    <a href=\"https:\/\/www.starstickvinilos.com\/ca\/vinils-amb-nom\/4374-vinil-decoratiu-personalitzat-amb-nom-combinacio-mostassa.html\" class=\"btn smooth05\" title=\"Afegeix una adre\u00e7a nova\"\n    aria-label=\"Afegeix una adre\u00e7a nova\" role=\"button\">\n            <svg class=\"svgic svgic-button-cart\">\n            <use href=\"\/themes\/alysum\/assets\/img\/lib.svg#eye2\"><\/use>\n        <\/svg>\n        <\/a>\n        \n      <\/div>\n    \n\n          \n   \n\n  \n      <\/div>\n\n  <div class=\"product-desc-wrap\">\n    <div class=\"product-description relative clearfix\">\n      \n  \n      \n      \n    <h3 class=\"product-title text-left\">\n        <a href=\"https:\/\/www.starstickvinilos.com\/ca\/vinils-amb-nom\/4374-vinil-decoratiu-personalitzat-amb-nom-combinacio-mostassa.html\">Vinil decoratiu personalitzat amb nom \u2013...<\/a>\n    <\/h3>\n    \n\n      \n      \n                    <div class=\"product-price-and-shipping\">\n                \n                \n                <span class=\"price\" content=\"18.5\">18,50\u00a0\u20ac<\/span>\n                \n                \n            <\/div>\n\n                        \n\n      \n  \n    <div class=\"short-desc product-description-short pm_desk_false shown\">\n        <p>Decora l\u2019habitaci\u00f3 dels teus peques amb els nostres <strong>vinils personalitzats amb nom<\/strong>. Aquest set de <strong>adhesius de paret infantils<\/strong> \u00e9s perfecte per donar un toc \u00fanic, original i acollidor a dormitoris, zones de joc o guarderies. Cada vinil es dissenya de forma personalitzada amb el nom que tri\u00efs, convertint qualsevol paret llisa en un espai ple d\u2019encant. El disseny bohemi combina colors suaus i formes naturals per crear ambients c\u00e0lids, moderns i plens de personalitat.<\/p>\n<p><\/p>\n<p class=\"MsoNormal\"><strong>Mides aproximades del vinil (ample x alt)<\/strong><\/p>\n<p class=\"MsoNormal\"><strong>Petit:<\/strong> Al\u00e7ada de cada lletra: 10 cm + 10 estrelles<\/p>\n<p class=\"MsoNormal\"><strong>Mitj\u00e0:<\/strong> Al\u00e7ada de cada lletra: 15 cm + 10 estrelles<\/p>\n<p class=\"MsoNormal\"><strong>Gran:<\/strong> Al\u00e7ada de cada lletra: 19 cm + 10 estrelles<\/p>\n<p><\/p>\n<p>*Els noms amb m\u00e9s de 6 lletres tindran una al\u00e7ada una mica inferior per poder ajustar-los a la mida del full<\/p>\n    <\/div>\n\n      \n  <div class=\"hook-reviews hide-reviews\">\n    \n\n    \n\n<\/div>\n      \n      \n        <div class=\"highlighted-informations no-variants\">\n            <div class=\"variant-links\">\n    <span class=\"js-count count\"><\/span>\n<\/div>\n        <\/div>\n    \n\n    <\/div>\n          \n  \n<ul class=\"product-flags\"><\/ul>\n      <\/div>\n\n  <div class=\"displayProductButtonFixed hide-empty\">    \n\n        \n        \n<a href=\"#\" class=\"favoritesButton flex-container align-items-center favorites-button pktopleft btn\" data-pid=\"4374\" data-action=\"add\" title=\"Afegir a preferits\"\n    aria-label=\"Afegir a preferits\" role=\"button\">\n    <svg class=\"svgic\">\n        <use href=\"\/themes\/alysum\/assets\/img\/lib.svg#love\"><\/use>\n    <\/svg>\n    \n<\/a><\/div>\n\n            <\/div>\n<\/article>\n            \t\n\n            \n\n\n\n\n\n\n\n\n\n\n\n\n\n\n\n\n\n\n\n\n\n\n\n\n\n\n\n\n\n\n\n<article class=\"product-miniature js-product-miniature vinils-personalitzats-amb-nom\" data-id-product=\"1278\" data-id-product-attribute=\"928420\">\n  <div class=\"thumbnail-container relative\">\n                  \n  <div class=\"thumbnail product-thumbnail relative flex-container\">\n    \n                      \n                                                \n\n\n\n\n\n<a href=\"https:\/\/www.starstickvinilos.com\/ca\/vinils-personalitzats-amb-nom\/1278-vinils-amb-nom-combinacio-party-vinils-infantils-personalitzats.html\" class=\"relative oh db subimage-true\">\n            <img\n  src=\"https:\/\/www.starstickvinilos.com\/80919-home_default\/vinils-amb-nom-combinacio-party-vinils-infantils-personalitzats.jpg\"\n  loading=\"lazy\"\n  alt=\"Vinils amb nom - Combinaci\u00f3...\"\n  width=\"380\"\n  height=\"380\"\n  class=\"smooth05 cover-image db\"\n  data-full-size-image-url=\"https:\/\/www.starstickvinilos.com\/80919-large_default\/vinils-amb-nom-combinacio-party-vinils-infantils-personalitzats.jpg\">                    \n                <img\n  src=\"https:\/\/www.starstickvinilos.com\/80920-home_default\/vinils-amb-nom-combinacio-party-vinils-infantils-personalitzats.jpg\"\n  loading=\"lazy\"\n  alt=\"Vinils amb nom - Combinaci\u00f3...\"\n  width=\"380\"\n  height=\"380\"\n  class=\"smooth05 cover-image db\"\n  data-full-size-image-url=\"https:\/\/www.starstickvinilos.com\/80920-large_default\/vinils-amb-nom-combinacio-party-vinils-infantils-personalitzats.jpg\">                            \n            \n<span class=\"pmimage-switcher flex-container\">\n    <span><\/span>\n                                        <span><\/span>\n                                                                        <\/span>\n\n            <\/a>\n\n\n    \n      <div class=\"product-actions show-on-hover scale-on-hover\">\n        \n  \n        \n  \n    <a href=\"https:\/\/www.starstickvinilos.com\/ca\/vinils-personalitzats-amb-nom\/1278-vinils-amb-nom-combinacio-party-vinils-infantils-personalitzats.html\" class=\"btn smooth05\" title=\"Afegeix una adre\u00e7a nova\"\n    aria-label=\"Afegeix una adre\u00e7a nova\" role=\"button\">\n            <svg class=\"svgic svgic-button-cart\">\n            <use href=\"\/themes\/alysum\/assets\/img\/lib.svg#eye2\"><\/use>\n        <\/svg>\n        <\/a>\n        \n      <\/div>\n    \n\n          \n   \n\n  \n      <\/div>\n\n  <div class=\"product-desc-wrap\">\n    <div class=\"product-description relative clearfix\">\n      \n  \n      \n      \n    <h3 class=\"product-title text-left\">\n        <a href=\"https:\/\/www.starstickvinilos.com\/ca\/vinils-personalitzats-amb-nom\/1278-vinils-amb-nom-combinacio-party-vinils-infantils-personalitzats.html\">Vinils amb nom - Combinaci\u00f3 Party - Vinils...<\/a>\n    <\/h3>\n    \n\n      \n      \n                    <div class=\"product-price-and-shipping\">\n                \n                \n                <span class=\"price\" content=\"18.5\">18,50\u00a0\u20ac<\/span>\n                \n                \n            <\/div>\n\n                        \n\n      \n  \n    <div class=\"short-desc product-description-short pm_desk_false shown\">\n        <p class=\"MsoNormal\">Decora les parets o mobles de les cambres infantils amb els vinils personalitzats de StarStick. Productes decoratius molt elegants i f\u00e0cils d'instal\u00b7lar. Cada pack inclou el nom en lletres maj\u00fascules i 10 estrelles de diferents mides.<\/p>\n<p class=\"MsoNormal\"><strong>Mesures aproximades del vinil (ample x alt)<\/strong><\/p>\n<p class=\"MsoNormal\"><strong>Petit:<\/strong>\u00a0Alt de cada lletra: 10 cm + 10 estrelles<\/p>\n<p class=\"MsoNormal\"><strong>Mitj\u00e0:<\/strong>\u00a0Alt de cada lletra: 15 cm + 10 estrelles<\/p>\n<p class=\"MsoNormal\"><strong>Gran:<\/strong>\u00a0Alt de cada lletra: 19 cm + 10 estrelles<\/p>\n<p><br \/><br \/>*Els noms amb m\u00e9s de 6 lletres tindran una al\u00e7ada una mica inferior per poder ajustar-los a la mida de la l\u00e0mina<\/p>\n    <\/div>\n\n      \n  <div class=\"hook-reviews hide-reviews\">\n    \n\n    <div class=\"reviStarsContainer\">\n\n        <div class=\"reviStars\" style=\"--rating: 5;\"><\/div>\n                    <div class=\"reviStarsBlock\">(2)<\/div>\n        \n    <\/div>\n\n\n<\/div>\n      \n      \n        <div class=\"highlighted-informations no-variants\">\n            <div class=\"variant-links\">\n    <span class=\"js-count count\"><\/span>\n<\/div>\n        <\/div>\n    \n\n    <\/div>\n          \n  \n<ul class=\"product-flags\"><\/ul>\n      <\/div>\n\n  <div class=\"displayProductButtonFixed hide-empty\">    \n\n        \n        \n<a href=\"#\" class=\"favoritesButton flex-container align-items-center favorites-button pktopleft btn\" data-pid=\"1278\" data-action=\"add\" title=\"Afegir a preferits\"\n    aria-label=\"Afegir a preferits\" role=\"button\">\n    <svg class=\"svgic\">\n        <use href=\"\/themes\/alysum\/assets\/img\/lib.svg#love\"><\/use>\n    <\/svg>\n    \n<\/a><\/div>\n\n            <\/div>\n<\/article>\n            \t\n\n            \n\n\n\n\n\n\n\n\n\n\n\n\n\n\n\n\n\n\n\n\n\n\n\n\n\n\n\n\n\n\n\n<article class=\"product-miniature js-product-miniature vinils-noms-per-a-portes-nen\" data-id-product=\"5743\" data-id-product-attribute=\"1123604\">\n  <div class=\"thumbnail-container relative\">\n                  \n  <div class=\"thumbnail product-thumbnail relative flex-container\">\n    \n                      \n                                                \n\n\n\n\n\n<a href=\"https:\/\/www.starstickvinilos.com\/ca\/vinils-noms-per-a-portes-nen\/5743-vinils-infantils-amb-nom-nen-amb-coet-decoracio-infantil-personalitzada.html\" class=\"relative oh db subimage-true\">\n            <img\n  src=\"https:\/\/www.starstickvinilos.com\/54025-home_default\/vinils-infantils-amb-nom-nen-amb-coet-decoracio-infantil-personalitzada.jpg\"\n  loading=\"lazy\"\n  alt=\"Vinils infantils amb nom - Nen amb coet - Decoraci\u00f3 infantil personalitzada\"\n  width=\"380\"\n  height=\"380\"\n  class=\"smooth05 cover-image db\"\n  data-full-size-image-url=\"https:\/\/www.starstickvinilos.com\/54025-large_default\/vinils-infantils-amb-nom-nen-amb-coet-decoracio-infantil-personalitzada.jpg\">                    \n                <img\n  src=\"https:\/\/www.starstickvinilos.com\/54026-home_default\/vinils-infantils-amb-nom-nen-amb-coet-decoracio-infantil-personalitzada.jpg\"\n  loading=\"lazy\"\n  alt=\"Vinils infantils amb nom - Nen amb coet - Decoraci\u00f3 infantil personalitzada\"\n  width=\"380\"\n  height=\"380\"\n  class=\"smooth05 cover-image db\"\n  data-full-size-image-url=\"https:\/\/www.starstickvinilos.com\/54026-large_default\/vinils-infantils-amb-nom-nen-amb-coet-decoracio-infantil-personalitzada.jpg\">                    \n            \n<span class=\"pmimage-switcher flex-container\">\n    <span><\/span>\n                                        <span><\/span>\n                                                <\/span>\n\n            <\/a>\n\n\n    \n      <div class=\"product-actions show-on-hover scale-on-hover\">\n        \n  \n        \n  \n    <a href=\"https:\/\/www.starstickvinilos.com\/ca\/vinils-noms-per-a-portes-nen\/5743-vinils-infantils-amb-nom-nen-amb-coet-decoracio-infantil-personalitzada.html\" class=\"btn smooth05\" title=\"Afegeix una adre\u00e7a nova\"\n    aria-label=\"Afegeix una adre\u00e7a nova\" role=\"button\">\n            <svg class=\"svgic svgic-button-cart\">\n            <use href=\"\/themes\/alysum\/assets\/img\/lib.svg#eye2\"><\/use>\n        <\/svg>\n        <\/a>\n        \n      <\/div>\n    \n\n          \n   \n\n  \n      <\/div>\n\n  <div class=\"product-desc-wrap\">\n    <div class=\"product-description relative clearfix\">\n      \n  \n      \n      \n    <h3 class=\"product-title text-left\">\n        <a href=\"https:\/\/www.starstickvinilos.com\/ca\/vinils-noms-per-a-portes-nen\/5743-vinils-infantils-amb-nom-nen-amb-coet-decoracio-infantil-personalitzada.html\">Vinils infantils amb nom. Nen amb coet....<\/a>\n    <\/h3>\n    \n\n      \n      \n                    <div class=\"product-price-and-shipping\">\n                \n                \n                <span class=\"price\" content=\"22.5\">22,50\u00a0\u20ac<\/span>\n                \n                \n            <\/div>\n\n                        \n\n      \n  \n    <div class=\"short-desc product-description-short pm_desk_false shown\">\n        <p>Vinils infantils personalitzables amb el nom.<\/p>\n<p>\u00a0<\/p>\n<p><strong>Mida de la l\u00e0mina i del muntatge<\/strong><\/p>\n<p><strong>L\u00e0mina amb 1 nom:<\/strong><span class=\"apple-converted-space\">\u00a030x24<\/span>\u00a0cm<\/p>\n<p><strong>L\u00e0mina amb 2 noms:<\/strong><span class=\"apple-converted-space\">\u00a030x28<\/span>\u00a0cm<\/p>\n    <\/div>\n\n      \n  <div class=\"hook-reviews hide-reviews\">\n    \n\n    \n\n<\/div>\n      \n      \n        <div class=\"highlighted-informations no-variants\">\n            <div class=\"variant-links\">\n    <span class=\"js-count count\"><\/span>\n<\/div>\n        <\/div>\n    \n\n    <\/div>\n          \n  \n<ul class=\"product-flags\"><\/ul>\n      <\/div>\n\n  <div class=\"displayProductButtonFixed hide-empty\">    \n\n        \n        \n<a href=\"#\" class=\"favoritesButton flex-container align-items-center favorites-button pktopleft btn\" data-pid=\"5743\" data-action=\"add\" title=\"Afegir a preferits\"\n    aria-label=\"Afegir a preferits\" role=\"button\">\n    <svg class=\"svgic\">\n        <use href=\"\/themes\/alysum\/assets\/img\/lib.svg#love\"><\/use>\n    <\/svg>\n    \n<\/a><\/div>\n\n            <\/div>\n<\/article>\n            \t\n\n                \n\n\n\n\n\n\n\n\n\n\n\n\n\n\n\n\n\n\n\n\n\n\n\n\n\n\n\n\n\n\n\n<article class=\"product-miniature js-product-miniature out-of-stock vinils-noms-per-a-portes-germans\" data-id-product=\"5836\" data-id-product-attribute=\"1124005\">\n  <div class=\"thumbnail-container relative\">\n                  \n  <div class=\"thumbnail product-thumbnail relative flex-container\">\n    \n                      \n                                                \n\n\n\n\n\n<a href=\"https:\/\/www.starstickvinilos.com\/ca\/vinils-noms-per-a-portes-germans\/5836-vinils-infantils-amb-nom-3-nens-amb-coet-decoracio-habitacions-de-germans.html\" class=\"relative oh db subimage-true\">\n            <img\n  src=\"https:\/\/www.starstickvinilos.com\/55346-home_default\/vinils-infantils-amb-nom-3-nens-amb-coet-decoracio-habitacions-de-germans.jpg\"\n  loading=\"lazy\"\n  alt=\"Vinils infantils amb nom -...\"\n  width=\"380\"\n  height=\"380\"\n  class=\"smooth05 cover-image db\"\n  data-full-size-image-url=\"https:\/\/www.starstickvinilos.com\/55346-large_default\/vinils-infantils-amb-nom-3-nens-amb-coet-decoracio-habitacions-de-germans.jpg\">                    \n                <img\n  src=\"https:\/\/www.starstickvinilos.com\/55347-home_default\/vinils-infantils-amb-nom-3-nens-amb-coet-decoracio-habitacions-de-germans.jpg\"\n  loading=\"lazy\"\n  alt=\"Vinils infantils amb nom -...\"\n  width=\"380\"\n  height=\"380\"\n  class=\"smooth05 cover-image db\"\n  data-full-size-image-url=\"https:\/\/www.starstickvinilos.com\/55347-large_default\/vinils-infantils-amb-nom-3-nens-amb-coet-decoracio-habitacions-de-germans.jpg\">                \n            \n<span class=\"pmimage-switcher flex-container\">\n    <span><\/span>\n                                        <span><\/span>\n                                    <\/span>\n\n            <\/a>\n\n\n    \n      <div class=\"product-actions show-on-hover scale-on-hover\">\n        \n  \n        \n  \n    <a href=\"https:\/\/www.starstickvinilos.com\/ca\/vinils-noms-per-a-portes-germans\/5836-vinils-infantils-amb-nom-3-nens-amb-coet-decoracio-habitacions-de-germans.html\" class=\"btn smooth05\" title=\"Afegeix una adre\u00e7a nova\"\n    aria-label=\"Afegeix una adre\u00e7a nova\" role=\"button\">\n            <svg class=\"svgic svgic-button-cart\">\n            <use href=\"\/themes\/alysum\/assets\/img\/lib.svg#eye2\"><\/use>\n        <\/svg>\n        <\/a>\n        \n      <\/div>\n    \n\n          \n   \n\n  \n      <\/div>\n\n  <div class=\"product-desc-wrap\">\n    <div class=\"product-description relative clearfix\">\n      \n  \n      \n      \n    <h3 class=\"product-title text-left\">\n        <a href=\"https:\/\/www.starstickvinilos.com\/ca\/vinils-noms-per-a-portes-germans\/5836-vinils-infantils-amb-nom-3-nens-amb-coet-decoracio-habitacions-de-germans.html\">Vinils infantils amb nom - 3 Nens amb coet...<\/a>\n    <\/h3>\n    \n\n      \n      \n                    <div class=\"product-price-and-shipping\">\n                \n                \n                <span class=\"price\" content=\"22.5\">22,50\u00a0\u20ac<\/span>\n                \n                \n            <\/div>\n\n                        \n\n      \n  \n    <div class=\"short-desc product-description-short pm_desk_false shown\">\n        <p>Fant\u00e0stica idea per decorar de manera personalitzada les habitacions infantils compartides per germans diferents. Vinils personalitzables, elegants i molt f\u00e0cils d'instal\u00b7lar.<\/p>\n<p>\u00a0<\/p>\n<p><strong>Mida de la l\u00e0mina i del muntatge<\/strong><\/p>\n<p><strong>L\u00e0mina amb 1 nom:<\/strong><span class=\"apple-converted-space\">\u00a030x24<\/span>\u00a0cm<\/p>\n<p><strong>L\u00e0mina amb 2 noms:<\/strong><span class=\"apple-converted-space\">\u00a030x28<\/span>\u00a0cm<\/p>\n    <\/div>\n\n      \n  <div class=\"hook-reviews hide-reviews\">\n    \n\n    \n\n<\/div>\n      \n      \n        <div class=\"highlighted-informations no-variants\">\n            <div class=\"variant-links\">\n    <span class=\"js-count count\"><\/span>\n<\/div>\n        <\/div>\n    \n\n    <\/div>\n          \n  \n<ul class=\"product-flags\"><\/ul>\n      <\/div>\n\n  <div class=\"displayProductButtonFixed hide-empty\">    \n\n        \n        \n<a href=\"#\" class=\"favoritesButton flex-container align-items-center favorites-button pktopleft btn\" data-pid=\"5836\" data-action=\"add\" title=\"Afegir a preferits\"\n    aria-label=\"Afegir a preferits\" role=\"button\">\n    <svg class=\"svgic\">\n        <use href=\"\/themes\/alysum\/assets\/img\/lib.svg#love\"><\/use>\n    <\/svg>\n    \n<\/a><\/div>\n\n            <\/div>\n<\/article>\n            \t\n\n            \n\n\n\n\n\n\n\n\n\n\n\n\n\n\n\n\n\n\n\n\n\n\n\n\n\n\n\n\n\n\n\n<article class=\"product-miniature js-product-miniature vinils-personalitzats-amb-nom\" data-id-product=\"1270\" data-id-product-attribute=\"928414\">\n  <div class=\"thumbnail-container relative\">\n                  \n  <div class=\"thumbnail product-thumbnail relative flex-container\">\n    \n                      \n                                                \n\n\n\n\n\n<a href=\"https:\/\/www.starstickvinilos.com\/ca\/vinils-personalitzats-amb-nom\/1270-personalitza-les-parets-amb-els-vinils-amb-nom-combinacio-rosa.html\" class=\"relative oh db subimage-true\">\n            <img\n  src=\"https:\/\/www.starstickvinilos.com\/80922-home_default\/personalitza-les-parets-amb-els-vinils-amb-nom-combinacio-rosa.jpg\"\n  loading=\"lazy\"\n  alt=\"Personalitza les parets amb...\"\n  width=\"380\"\n  height=\"380\"\n  class=\"smooth05 cover-image db\"\n  data-full-size-image-url=\"https:\/\/www.starstickvinilos.com\/80922-large_default\/personalitza-les-parets-amb-els-vinils-amb-nom-combinacio-rosa.jpg\">                    \n                <img\n  src=\"https:\/\/www.starstickvinilos.com\/31714-home_default\/personalitza-les-parets-amb-els-vinils-amb-nom-combinacio-rosa.jpg\"\n  loading=\"lazy\"\n  alt=\"Personalitza les parets amb...\"\n  width=\"380\"\n  height=\"380\"\n  class=\"smooth05 cover-image db\"\n  data-full-size-image-url=\"https:\/\/www.starstickvinilos.com\/31714-large_default\/personalitza-les-parets-amb-els-vinils-amb-nom-combinacio-rosa.jpg\">                                \n            \n<span class=\"pmimage-switcher flex-container\">\n    <span><\/span>\n                                        <span><\/span>\n                                                                                    <\/span>\n\n            <\/a>\n\n\n    \n      <div class=\"product-actions show-on-hover scale-on-hover\">\n        \n  \n        \n  \n    <a href=\"https:\/\/www.starstickvinilos.com\/ca\/vinils-personalitzats-amb-nom\/1270-personalitza-les-parets-amb-els-vinils-amb-nom-combinacio-rosa.html\" class=\"btn smooth05\" title=\"Afegeix una adre\u00e7a nova\"\n    aria-label=\"Afegeix una adre\u00e7a nova\" role=\"button\">\n            <svg class=\"svgic svgic-button-cart\">\n            <use href=\"\/themes\/alysum\/assets\/img\/lib.svg#eye2\"><\/use>\n        <\/svg>\n        <\/a>\n        \n      <\/div>\n    \n\n          \n   \n\n  \n      <\/div>\n\n  <div class=\"product-desc-wrap\">\n    <div class=\"product-description relative clearfix\">\n      \n  \n      \n      \n    <h3 class=\"product-title text-left\">\n        <a href=\"https:\/\/www.starstickvinilos.com\/ca\/vinils-personalitzats-amb-nom\/1270-personalitza-les-parets-amb-els-vinils-amb-nom-combinacio-rosa.html\">Personalitza les parets amb els vinils amb...<\/a>\n    <\/h3>\n    \n\n      \n      \n                    <div class=\"product-price-and-shipping\">\n                \n                \n                <span class=\"price\" content=\"18.5\">18,50\u00a0\u20ac<\/span>\n                \n                \n            <\/div>\n\n                        \n\n      \n  \n    <div class=\"short-desc product-description-short pm_desk_false shown\">\n        <p class=\"MsoNormal\">Decora l\u2019habitaci\u00f3 infantil amb un vinil personalitzat amb nom en tons roses, ideal per crear un ambient dol\u00e7 i acollidor. Aquest set d\u2019adhesius de paret \u00e9s f\u00e0cil d\u2019instal\u00b7lar, d\u2019alta qualitat i permet col\u00b7locar cada lletra de manera independent per aconseguir un disseny \u00fanic i a mida.<\/p>\n<p><\/p>\n<p class=\"MsoNormal\"><strong>Mides aproximades del vinil (ample x alt)<\/strong><\/p>\n<p class=\"MsoNormal\"><strong>Petit:<\/strong> Alt de cada lletra: 10 cm + 10 estrelles<\/p>\n<p class=\"MsoNormal\"><strong>Mitj\u00e0:<\/strong> Alt de cada lletra: 15 cm + 10 estrelles<\/p>\n<p class=\"MsoNormal\"><strong>Gran:<\/strong> Alt de cada lletra: 19 cm + 10 estrelles<\/p>\n<p><\/p>\n<p>*Els noms amb m\u00e9s de 6 lletres tindran una al\u00e7ada lleugerament inferior per poder ajustar-se a la mida de la l\u00e0mina<\/p>\n    <\/div>\n\n      \n  <div class=\"hook-reviews hide-reviews\">\n    \n\n    <div class=\"reviStarsContainer\">\n\n        <div class=\"reviStars\" style=\"--rating: 5;\"><\/div>\n                    <div class=\"reviStarsBlock\">(3)<\/div>\n        \n    <\/div>\n\n\n<\/div>\n      \n      \n        <div class=\"highlighted-informations no-variants\">\n            <div class=\"variant-links\">\n    <span class=\"js-count count\"><\/span>\n<\/div>\n        <\/div>\n    \n\n    <\/div>\n          \n  \n<ul class=\"product-flags\"><\/ul>\n      <\/div>\n\n  <div class=\"displayProductButtonFixed hide-empty\">    \n\n        \n        \n<a href=\"#\" class=\"favoritesButton flex-container align-items-center favorites-button pktopleft btn\" data-pid=\"1270\" data-action=\"add\" title=\"Afegir a preferits\"\n    aria-label=\"Afegir a preferits\" role=\"button\">\n    <svg class=\"svgic\">\n        <use href=\"\/themes\/alysum\/assets\/img\/lib.svg#love\"><\/use>\n    <\/svg>\n    \n<\/a><\/div>\n\n            <\/div>\n<\/article>\n            \t\n\n                \n\n\n\n\n\n\n\n\n\n\n\n\n\n\n\n\n\n\n\n\n\n\n\n\n\n\n\n\n\n\n\n<article class=\"product-miniature js-product-miniature out-of-stock vinils-noms-per-a-portes-nado\" data-id-product=\"8616\" data-id-product-attribute=\"1161373\">\n  <div class=\"thumbnail-container relative\">\n                  \n  <div class=\"thumbnail product-thumbnail relative flex-container\">\n    \n                      \n                                                \n\n\n\n\n\n<a href=\"https:\/\/www.starstickvinilos.com\/ca\/vinils-noms-per-a-portes-nado\/8616-vinil-infantil-personalitzat-amb-nom-koala-a-la-lluna-amb-gronxador-per-a-habitacio-de-nado.html\" class=\"relative oh db subimage-true\">\n            <img\n  src=\"https:\/\/www.starstickvinilos.com\/92016-home_default\/vinil-infantil-personalitzat-amb-nom-koala-a-la-lluna-amb-gronxador-per-a-habitacio-de-nado.jpg\"\n  loading=\"lazy\"\n  alt=\"Vinil infantil personalitzat amb nom koala a la lluna amb gronxador per a habitaci\u00f3 de nad\u00f3\"\n  width=\"380\"\n  height=\"380\"\n  class=\"smooth05 cover-image db\"\n  data-full-size-image-url=\"https:\/\/www.starstickvinilos.com\/92016-large_default\/vinil-infantil-personalitzat-amb-nom-koala-a-la-lluna-amb-gronxador-per-a-habitacio-de-nado.jpg\">                    \n                <img\n  src=\"https:\/\/www.starstickvinilos.com\/92018-home_default\/vinil-infantil-personalitzat-amb-nom-koala-a-la-lluna-amb-gronxador-per-a-habitacio-de-nado.jpg\"\n  loading=\"lazy\"\n  alt=\"Vinil infantil personalitzat amb nom koala a la lluna amb gronxador per a habitaci\u00f3 de nad\u00f3\"\n  width=\"380\"\n  height=\"380\"\n  class=\"smooth05 cover-image db\"\n  data-full-size-image-url=\"https:\/\/www.starstickvinilos.com\/92018-large_default\/vinil-infantil-personalitzat-amb-nom-koala-a-la-lluna-amb-gronxador-per-a-habitacio-de-nado.jpg\">                                \n            \n<span class=\"pmimage-switcher flex-container\">\n    <span><\/span>\n                                        <span><\/span>\n                                                                                    <\/span>\n\n            <\/a>\n\n\n    \n      <div class=\"product-actions show-on-hover scale-on-hover\">\n        \n  \n        \n  \n    <a href=\"https:\/\/www.starstickvinilos.com\/ca\/vinils-noms-per-a-portes-nado\/8616-vinil-infantil-personalitzat-amb-nom-koala-a-la-lluna-amb-gronxador-per-a-habitacio-de-nado.html\" class=\"btn smooth05\" title=\"Afegeix una adre\u00e7a nova\"\n    aria-label=\"Afegeix una adre\u00e7a nova\" role=\"button\">\n            <svg class=\"svgic svgic-button-cart\">\n            <use href=\"\/themes\/alysum\/assets\/img\/lib.svg#eye2\"><\/use>\n        <\/svg>\n        <\/a>\n        \n      <\/div>\n    \n\n          \n   \n\n  \n      <\/div>\n\n  <div class=\"product-desc-wrap\">\n    <div class=\"product-description relative clearfix\">\n      \n  \n      \n      \n    <h3 class=\"product-title text-left\">\n        <a href=\"https:\/\/www.starstickvinilos.com\/ca\/vinils-noms-per-a-portes-nado\/8616-vinil-infantil-personalitzat-amb-nom-koala-a-la-lluna-amb-gronxador-per-a-habitacio-de-nado.html\">Vinil infantil personalitzat amb nom |...<\/a>\n    <\/h3>\n    \n\n      \n      \n                    <div class=\"product-price-and-shipping\">\n                \n                \n                <span class=\"price\" content=\"22.5\">22,50\u00a0\u20ac<\/span>\n                \n                \n            <\/div>\n\n                        \n\n      \n  \n    <div class=\"short-desc product-description-short pm_desk_false shown\">\n        <p>Vinil infantil personalitzat amb nom, amb disseny de koala a la lluna amb gronxador. Ideal per decorar l\u2019habitaci\u00f3 del nad\u00f3 amb un toc dol\u00e7, original i exclusiu. F\u00e0cil de col\u00b7locar i fabricat amb materials d\u2019alta qualitat.<\/p>\n<p>Fabricat amb materials d\u2019alta qualitat, aquest vinil decoratiu infantil \u00e9s f\u00e0cil de col\u00b7locar sobre parets, portes o mobles. Els seus colors suaus i duradors aporten calidesa i harmonia a l\u2019ambient.<\/p>\n<p><\/p>\n<p><\/p>\n<p><strong>Mida de la l\u00e0mina i muntatge <\/strong><\/p>\n<p><strong>L\u00e0mina amb 1 nom:<\/strong> 30 \u00d7 24 cm<\/p>\n<p><strong>L\u00e0mina amb 2 noms:<\/strong> 30 \u00d7 28 cm<\/p>\n    <\/div>\n\n      \n  <div class=\"hook-reviews hide-reviews\">\n    \n\n    \n\n<\/div>\n      \n      \n        <div class=\"highlighted-informations no-variants\">\n            <div class=\"variant-links\">\n    <span class=\"js-count count\"><\/span>\n<\/div>\n        <\/div>\n    \n\n    <\/div>\n          \n  \n<ul class=\"product-flags\"><\/ul>\n      <\/div>\n\n  <div class=\"displayProductButtonFixed hide-empty\">    \n\n        \n        \n<a href=\"#\" class=\"favoritesButton flex-container align-items-center favorites-button pktopleft btn\" data-pid=\"8616\" data-action=\"add\" title=\"Afegir a preferits\"\n    aria-label=\"Afegir a preferits\" role=\"button\">\n    <svg class=\"svgic\">\n        <use href=\"\/themes\/alysum\/assets\/img\/lib.svg#love\"><\/use>\n    <\/svg>\n    \n<\/a><\/div>\n\n            <\/div>\n<\/article>\n            \t\n\n            \n\n\n\n\n\n\n\n\n\n\n\n\n\n\n\n\n\n\n\n\n\n\n\n\n\n\n\n\n\n\n\n<article class=\"product-miniature js-product-miniature vinils-noms-per-a-portes-nado\" data-id-product=\"4706\" data-id-product-attribute=\"1095292\">\n  <div class=\"thumbnail-container relative\">\n                  \n  <div class=\"thumbnail product-thumbnail relative flex-container\">\n    \n                      \n                                                \n\n\n\n\n\n<a href=\"https:\/\/www.starstickvinilos.com\/ca\/vinils-noms-per-a-portes-nado\/4706-vinils-infantils-amb-nom-nado-dinosaure-decoracio-personalitzada-per-a-nado.html\" class=\"relative oh db subimage-true\">\n            <img\n  src=\"https:\/\/www.starstickvinilos.com\/40908-home_default\/vinils-infantils-amb-nom-nado-dinosaure-decoracio-personalitzada-per-a-nado.jpg\"\n  loading=\"lazy\"\n  alt=\"Vinils infantils amb nom - Nad\u00f3 dinosaure - Decoraci\u00f3 personalitzada per a nad\u00f3\"\n  width=\"380\"\n  height=\"380\"\n  class=\"smooth05 cover-image db\"\n  data-full-size-image-url=\"https:\/\/www.starstickvinilos.com\/40908-large_default\/vinils-infantils-amb-nom-nado-dinosaure-decoracio-personalitzada-per-a-nado.jpg\">                    \n                <img\n  src=\"https:\/\/www.starstickvinilos.com\/40907-home_default\/vinils-infantils-amb-nom-nado-dinosaure-decoracio-personalitzada-per-a-nado.jpg\"\n  loading=\"lazy\"\n  alt=\"Vinils infantils amb nom - Nad\u00f3 dinosaure - Decoraci\u00f3 personalitzada per a nad\u00f3\"\n  width=\"380\"\n  height=\"380\"\n  class=\"smooth05 cover-image db\"\n  data-full-size-image-url=\"https:\/\/www.starstickvinilos.com\/40907-large_default\/vinils-infantils-amb-nom-nado-dinosaure-decoracio-personalitzada-per-a-nado.jpg\">                                                \n            \n<span class=\"pmimage-switcher flex-container\">\n    <span><\/span>\n                                        <span><\/span>\n                                                                                                                                    <\/span>\n\n            <\/a>\n\n\n    \n      <div class=\"product-actions show-on-hover scale-on-hover\">\n        \n  \n        \n  \n    <a href=\"https:\/\/www.starstickvinilos.com\/ca\/vinils-noms-per-a-portes-nado\/4706-vinils-infantils-amb-nom-nado-dinosaure-decoracio-personalitzada-per-a-nado.html\" class=\"btn smooth05\" title=\"Afegeix una adre\u00e7a nova\"\n    aria-label=\"Afegeix una adre\u00e7a nova\" role=\"button\">\n            <svg class=\"svgic svgic-button-cart\">\n            <use href=\"\/themes\/alysum\/assets\/img\/lib.svg#eye2\"><\/use>\n        <\/svg>\n        <\/a>\n        \n      <\/div>\n    \n\n          \n   \n\n  \n      <\/div>\n\n  <div class=\"product-desc-wrap\">\n    <div class=\"product-description relative clearfix\">\n      \n  \n      \n      \n    <h3 class=\"product-title text-left\">\n        <a href=\"https:\/\/www.starstickvinilos.com\/ca\/vinils-noms-per-a-portes-nado\/4706-vinils-infantils-amb-nom-nado-dinosaure-decoracio-personalitzada-per-a-nado.html\">Vinils infantils amb nom - Nad\u00f3 dinosaure...<\/a>\n    <\/h3>\n    \n\n      \n      \n                    <div class=\"product-price-and-shipping\">\n                \n                \n                <span class=\"price\" content=\"22.5\">22,50\u00a0\u20ac<\/span>\n                \n                \n            <\/div>\n\n                        \n\n      \n  \n    <div class=\"short-desc product-description-short pm_desk_false shown\">\n        <p>Vinil decoratiu personalitzable, dissenyat per afegir un toc especial a l'habitaci\u00f3 del teu petit o petit. Un disseny encantador que compta amb un adorable nad\u00f3 dinosaure traient el cap fora de l'ou. \u00c9s l'elecci\u00f3 perfecta per decorar habitacions de nadons o nens petits, creant un ambient ple de tendresa i fantasia. El nostre vinil s'adapta a les teves prefer\u00e8ncies, permetent personalitzar-lo amb un o dos noms, convertint-lo en una pe\u00e7a \u00fanica i especial. No perdis l'oportunitat de fer de l'habitaci\u00f3 del teu petit un lloc m\u00e0gic i ple d\u00b4estil amb el nostre vinil decoratiu personalitzable.<\/p>\n<p><strong><\/strong><\/p>\n<p><strong>Mida de la l\u00e0mina i del muntatge<\/strong><\/p>\n<p><strong>L\u00e0mina amb 1 nom:<\/strong><span class=\"apple-converted-space\">\u00a030x24<\/span>\u00a0cm<\/p>\n<p><strong>L\u00e0mina amb 2 noms:<\/strong><span class=\"apple-converted-space\">\u00a030x28<\/span>\u00a0cm<\/p>\n    <\/div>\n\n      \n  <div class=\"hook-reviews hide-reviews\">\n    \n\n    \n\n<\/div>\n      \n      \n        <div class=\"highlighted-informations\">\n            <div class=\"variant-links\">\n              \n    <a href=\"https:\/\/www.starstickvinilos.com\/ca\/vinils-noms-per-a-portes-nado\/4706-vinils-infantils-amb-nom-nado-dinosaure-decoracio-personalitzada-per-a-nado.html\"\n       class=\"color\"\n       title=\"c14 Verd\"\n       aria-label=\"c14 Verd\"\n       style=\"background-color: #98BA5B\"           ><span class=\"sr-only\">c14 Verd<\/span>\n  <\/a>\n              \n    <a href=\"https:\/\/www.starstickvinilos.com\/ca\/vinils-noms-per-a-portes-nado\/4706-vinils-infantils-amb-nom-nado-dinosaure-decoracio-personalitzada-per-a-nado.html\"\n       class=\"color\"\n       title=\"c37 Aquamarina clar\"\n       aria-label=\"c37 Aquamarina clar\"\n       style=\"background-color: #BCCECC\"           ><span class=\"sr-only\">c37 Aquamarina clar<\/span>\n  <\/a>\n    <span class=\"js-count count\"><\/span>\n<\/div>\n        <\/div>\n    \n\n    <\/div>\n          \n  \n<ul class=\"product-flags\"><\/ul>\n      <\/div>\n\n  <div class=\"displayProductButtonFixed hide-empty\">    \n\n        \n        \n<a href=\"#\" class=\"favoritesButton flex-container align-items-center favorites-button pktopleft btn\" data-pid=\"4706\" data-action=\"add\" title=\"Afegir a preferits\"\n    aria-label=\"Afegir a preferits\" role=\"button\">\n    <svg class=\"svgic\">\n        <use href=\"\/themes\/alysum\/assets\/img\/lib.svg#love\"><\/use>\n    <\/svg>\n    \n<\/a><\/div>\n\n            <\/div>\n<\/article>\n            \t\n\n            \n\n\n\n\n\n\n\n\n\n\n\n\n\n\n\n\n\n\n\n\n\n\n\n\n\n\n\n\n\n\n\n<article class=\"product-miniature js-product-miniature vinils-noms-per-a-portes-nado\" data-id-product=\"7101\" data-id-product-attribute=\"1149153\">\n  <div class=\"thumbnail-container relative\">\n                  \n  <div class=\"thumbnail product-thumbnail relative flex-container\">\n    \n                      \n                                                \n\n\n\n\n\n<a href=\"https:\/\/www.starstickvinilos.com\/ca\/vinils-noms-per-a-portes-nado\/7101-arc-de-sant-marti-somrient-vinils-amb-nom-per-a-portes.html\" class=\"relative oh db subimage-true\">\n            <img\n  src=\"https:\/\/www.starstickvinilos.com\/72440-home_default\/arc-de-sant-marti-somrient-vinils-amb-nom-per-a-portes.jpg\"\n  loading=\"lazy\"\n  alt=\"Arc de Sant Mart\u00ed somrient. Vinils amb nom per a portes\"\n  width=\"380\"\n  height=\"380\"\n  class=\"smooth05 cover-image db\"\n  data-full-size-image-url=\"https:\/\/www.starstickvinilos.com\/72440-large_default\/arc-de-sant-marti-somrient-vinils-amb-nom-per-a-portes.jpg\">                    \n                <img\n  src=\"https:\/\/www.starstickvinilos.com\/74192-home_default\/arc-de-sant-marti-somrient-vinils-amb-nom-per-a-portes.jpg\"\n  loading=\"lazy\"\n  alt=\"Arc de Sant Mart\u00ed somrient. Vinils amb nom per a portes\"\n  width=\"380\"\n  height=\"380\"\n  class=\"smooth05 cover-image db\"\n  data-full-size-image-url=\"https:\/\/www.starstickvinilos.com\/74192-large_default\/arc-de-sant-marti-somrient-vinils-amb-nom-per-a-portes.jpg\">                                    \n            \n<span class=\"pmimage-switcher flex-container\">\n    <span><\/span>\n                                        <span><\/span>\n                                                                                                <\/span>\n\n            <\/a>\n\n\n    \n      <div class=\"product-actions show-on-hover scale-on-hover\">\n        \n  \n        \n  \n    <a href=\"https:\/\/www.starstickvinilos.com\/ca\/vinils-noms-per-a-portes-nado\/7101-arc-de-sant-marti-somrient-vinils-amb-nom-per-a-portes.html\" class=\"btn smooth05\" title=\"Afegeix una adre\u00e7a nova\"\n    aria-label=\"Afegeix una adre\u00e7a nova\" role=\"button\">\n            <svg class=\"svgic svgic-button-cart\">\n            <use href=\"\/themes\/alysum\/assets\/img\/lib.svg#eye2\"><\/use>\n        <\/svg>\n        <\/a>\n        \n      <\/div>\n    \n\n          \n   \n\n  \n      <\/div>\n\n  <div class=\"product-desc-wrap\">\n    <div class=\"product-description relative clearfix\">\n      \n  \n      \n      \n    <h3 class=\"product-title text-left\">\n        <a href=\"https:\/\/www.starstickvinilos.com\/ca\/vinils-noms-per-a-portes-nado\/7101-arc-de-sant-marti-somrient-vinils-amb-nom-per-a-portes.html\">Arc de Sant Mart\u00ed somrient. Vinils amb nom...<\/a>\n    <\/h3>\n    \n\n      \n      \n                    <div class=\"product-price-and-shipping\">\n                \n                \n                <span class=\"price\" content=\"22.5\">22,50\u00a0\u20ac<\/span>\n                \n                \n            <\/div>\n\n                        \n\n      \n  \n    <div class=\"short-desc product-description-short pm_desk_false shown\">\n        <p>Vinil decoratiu amb un encantador arc de Sant Mart\u00ed personalitzat amb un o dos noms. Ideal per afegir un toc \u00fanic i alegre a qualsevol espai. Es pot enganxar a parets, portes, mobles, cap\u00e7alers i altres racons de l'habitaci\u00f3 infantil. Fabricat en material d'alta qualitat i f\u00e0cil d'aplicar.<\/p>\n<p>\u00a0<\/p>\n<p><strong>Mida de la l\u00e0mina i del muntatge: <\/strong>30x23 cm<\/p>\n    <\/div>\n\n      \n  <div class=\"hook-reviews hide-reviews\">\n    \n\n    \n\n<\/div>\n      \n      \n        <div class=\"highlighted-informations\">\n            <div class=\"variant-links\">\n              \n    <a href=\"https:\/\/www.starstickvinilos.com\/ca\/vinils-noms-per-a-portes-nado\/7101-arc-de-sant-marti-somrient-vinils-amb-nom-per-a-portes.html\"\n       class=\"color\"\n       title=\"c9 Maduixa\"\n       aria-label=\"c9 Maduixa\"\n       style=\"background-color: #f4477c\"           ><span class=\"sr-only\">c9 Maduixa<\/span>\n  <\/a>\n              \n    <a href=\"https:\/\/www.starstickvinilos.com\/ca\/vinils-noms-per-a-portes-nado\/7101-arc-de-sant-marti-somrient-vinils-amb-nom-per-a-portes.html\"\n       class=\"color\"\n       title=\"C26 Teula fosc\"\n       aria-label=\"C26 Teula fosc\"\n       style=\"background-color: #A06565\"           ><span class=\"sr-only\">C26 Teula fosc<\/span>\n  <\/a>\n    <span class=\"js-count count\"><\/span>\n<\/div>\n        <\/div>\n    \n\n    <\/div>\n          \n  \n<ul class=\"product-flags\"><\/ul>\n      <\/div>\n\n  <div class=\"displayProductButtonFixed hide-empty\">    \n\n        \n        \n<a href=\"#\" class=\"favoritesButton flex-container align-items-center favorites-button pktopleft btn\" data-pid=\"7101\" data-action=\"add\" title=\"Afegir a preferits\"\n    aria-label=\"Afegir a preferits\" role=\"button\">\n    <svg class=\"svgic\">\n        <use href=\"\/themes\/alysum\/assets\/img\/lib.svg#love\"><\/use>\n    <\/svg>\n    \n<\/a><\/div>\n\n            <\/div>\n<\/article>\n            \t\n\n            \n\n\n\n\n\n\n\n\n\n\n\n\n\n\n\n\n\n\n\n\n\n\n\n\n\n\n\n\n\n\n\n<article class=\"product-miniature js-product-miniature vinils-personalitzats-amb-nom\" data-id-product=\"1004\" data-id-product-attribute=\"1166682\">\n  <div class=\"thumbnail-container relative\">\n                  \n  <div class=\"thumbnail product-thumbnail relative flex-container\">\n    \n                      \n                                                \n\n\n\n\n\n<a href=\"https:\/\/www.starstickvinilos.com\/ca\/vinils-personalitzats-amb-nom\/1004-nom-classic-vinils-infantils-personalitzats-decoracio-infantil.html\" class=\"relative oh db subimage-true\">\n            <img\n  src=\"https:\/\/www.starstickvinilos.com\/93762-home_default\/nom-classic-vinils-infantils-personalitzats-decoracio-infantil.jpg\"\n  loading=\"lazy\"\n  alt=\"Nom Classic. Vinils...\"\n  width=\"380\"\n  height=\"380\"\n  class=\"smooth05 cover-image db\"\n  data-full-size-image-url=\"https:\/\/www.starstickvinilos.com\/93762-large_default\/nom-classic-vinils-infantils-personalitzats-decoracio-infantil.jpg\">                    \n                <img\n  src=\"https:\/\/www.starstickvinilos.com\/93768-home_default\/nom-classic-vinils-infantils-personalitzats-decoracio-infantil.jpg\"\n  loading=\"lazy\"\n  alt=\"Nom Classic. Vinils...\"\n  width=\"380\"\n  height=\"380\"\n  class=\"smooth05 cover-image db\"\n  data-full-size-image-url=\"https:\/\/www.starstickvinilos.com\/93768-large_default\/nom-classic-vinils-infantils-personalitzats-decoracio-infantil.jpg\">                                                                \n            \n<span class=\"pmimage-switcher flex-container\">\n    <span><\/span>\n                                        <span><\/span>\n                                                                                                                                                                                    <\/span>\n\n            <\/a>\n\n\n    \n      <div class=\"product-actions show-on-hover scale-on-hover\">\n        \n  \n        \n  \n    <a href=\"https:\/\/www.starstickvinilos.com\/ca\/vinils-personalitzats-amb-nom\/1004-nom-classic-vinils-infantils-personalitzats-decoracio-infantil.html\" class=\"btn smooth05\" title=\"Afegeix una adre\u00e7a nova\"\n    aria-label=\"Afegeix una adre\u00e7a nova\" role=\"button\">\n            <svg class=\"svgic svgic-button-cart\">\n            <use href=\"\/themes\/alysum\/assets\/img\/lib.svg#eye2\"><\/use>\n        <\/svg>\n        <\/a>\n        \n      <\/div>\n    \n\n          \n   \n\n  \n      <\/div>\n\n  <div class=\"product-desc-wrap\">\n    <div class=\"product-description relative clearfix\">\n      \n  \n      \n      \n    <h3 class=\"product-title text-left\">\n        <a href=\"https:\/\/www.starstickvinilos.com\/ca\/vinils-personalitzats-amb-nom\/1004-nom-classic-vinils-infantils-personalitzats-decoracio-infantil.html\">Nom Classic. Vinils infantils...<\/a>\n    <\/h3>\n    \n\n      \n      \n                    <div class=\"product-price-and-shipping\">\n                \n                \n                <span class=\"price\" content=\"12.5\">12,50\u00a0\u20ac<\/span>\n                \n                \n            <\/div>\n\n                        \n\n      \n  \n    <div class=\"short-desc product-description-short pm_desk_false shown\">\n        <p>Vinils infantils personalitzables. S\u00f3n perfectes per decorar les parets d'habitacions infantils, creant una decoraci\u00f3 \u00fanica i totalment adaptada als gustos de cada nen.<\/p>\n<p>\u00a0<\/p>\n<p><strong>Petit -\u00a0<\/strong>Alt de les lletres:\u00a010\u00a0cm<\/p>\n<p><strong>Mitj\u00e0 <\/strong>-\u00a0Alt de les lletres:\u00a015\u00a0cm<\/p>\n<p><strong>Gran <\/strong>-\u00a0Alt de les lletres:\u00a020\u00a0cm<\/p>\n    <\/div>\n\n      \n  <div class=\"hook-reviews hide-reviews\">\n    \n\n    <div class=\"reviStarsContainer\">\n\n        <div class=\"reviStars\" style=\"--rating: 4.74;\"><\/div>\n                    <div class=\"reviStarsBlock\">(136)<\/div>\n        \n    <\/div>\n\n\n<\/div>\n      \n      \n        <div class=\"highlighted-informations no-variants\">\n            <div class=\"variant-links\">\n    <span class=\"js-count count\"><\/span>\n<\/div>\n        <\/div>\n    \n\n    <\/div>\n          \n  \n<ul class=\"product-flags\"><\/ul>\n      <\/div>\n\n  <div class=\"displayProductButtonFixed hide-empty\">    \n\n        \n        \n<a href=\"#\" class=\"favoritesButton flex-container align-items-center favorites-button pktopleft btn\" data-pid=\"1004\" data-action=\"add\" title=\"Afegir a preferits\"\n    aria-label=\"Afegir a preferits\" role=\"button\">\n    <svg class=\"svgic\">\n        <use href=\"\/themes\/alysum\/assets\/img\/lib.svg#love\"><\/use>\n    <\/svg>\n    \n<\/a><\/div>\n\n            <\/div>\n<\/article>\n            \t\n\n            \n\n\n\n\n\n\n\n\n\n\n\n\n\n\n\n\n\n\n\n\n\n\n\n\n\n\n\n\n\n\n\n<article class=\"product-miniature js-product-miniature vinils-personalitzats-amb-nom\" data-id-product=\"2268\" data-id-product-attribute=\"1166679\">\n  <div class=\"thumbnail-container relative\">\n                  \n  <div class=\"thumbnail product-thumbnail relative flex-container\">\n    \n                      \n                                                \n\n\n\n\n\n<a href=\"https:\/\/www.starstickvinilos.com\/ca\/vinils-personalitzats-amb-nom\/2268-vinil-decoratiu-infantil-personalitzat-nom-estil-modern-per-a-paret-dhabitacio-de-nado-i-nens.html\" class=\"relative oh db subimage-true\">\n            <img\n  src=\"https:\/\/www.starstickvinilos.com\/12524-home_default\/vinil-decoratiu-infantil-personalitzat-nom-estil-modern-per-a-paret-dhabitacio-de-nado-i-nens.jpg\"\n  loading=\"lazy\"\n  alt=\"Vinil decoratiu personalitzat estil Modern amb nom per a paret d\u2019habitaci\u00f3 de nad\u00f3, infantil o juvenil.\"\n  width=\"380\"\n  height=\"380\"\n  class=\"smooth05 cover-image db\"\n  data-full-size-image-url=\"https:\/\/www.starstickvinilos.com\/12524-large_default\/vinil-decoratiu-infantil-personalitzat-nom-estil-modern-per-a-paret-dhabitacio-de-nado-i-nens.jpg\">                    \n                <img\n  src=\"https:\/\/www.starstickvinilos.com\/93769-home_default\/vinil-decoratiu-infantil-personalitzat-nom-estil-modern-per-a-paret-dhabitacio-de-nado-i-nens.jpg\"\n  loading=\"lazy\"\n  alt=\"Vinil decoratiu personalitzat estil Modern amb nom per a paret d\u2019habitaci\u00f3 de nad\u00f3, infantil o juvenil.\"\n  width=\"380\"\n  height=\"380\"\n  class=\"smooth05 cover-image db\"\n  data-full-size-image-url=\"https:\/\/www.starstickvinilos.com\/93769-large_default\/vinil-decoratiu-infantil-personalitzat-nom-estil-modern-per-a-paret-dhabitacio-de-nado-i-nens.jpg\">                                                                \n            \n<span class=\"pmimage-switcher flex-container\">\n    <span><\/span>\n                                        <span><\/span>\n                                                                                                                                                                                    <\/span>\n\n            <\/a>\n\n\n    \n      <div class=\"product-actions show-on-hover scale-on-hover\">\n        \n  \n        \n  \n    <a href=\"https:\/\/www.starstickvinilos.com\/ca\/vinils-personalitzats-amb-nom\/2268-vinil-decoratiu-infantil-personalitzat-nom-estil-modern-per-a-paret-dhabitacio-de-nado-i-nens.html\" class=\"btn smooth05\" title=\"Afegeix una adre\u00e7a nova\"\n    aria-label=\"Afegeix una adre\u00e7a nova\" role=\"button\">\n            <svg class=\"svgic svgic-button-cart\">\n            <use href=\"\/themes\/alysum\/assets\/img\/lib.svg#eye2\"><\/use>\n        <\/svg>\n        <\/a>\n        \n      <\/div>\n    \n\n          \n   \n\n  \n      <\/div>\n\n  <div class=\"product-desc-wrap\">\n    <div class=\"product-description relative clearfix\">\n      \n  \n      \n      \n    <h3 class=\"product-title text-left\">\n        <a href=\"https:\/\/www.starstickvinilos.com\/ca\/vinils-personalitzats-amb-nom\/2268-vinil-decoratiu-infantil-personalitzat-nom-estil-modern-per-a-paret-dhabitacio-de-nado-i-nens.html\">Adhesiu decoratiu infantil personalitzat...<\/a>\n    <\/h3>\n    \n\n      \n      \n                    <div class=\"product-price-and-shipping\">\n                \n                \n                <span class=\"price\" content=\"12.5\">12,50\u00a0\u20ac<\/span>\n                \n                \n            <\/div>\n\n                        \n\n      \n  \n    <div class=\"short-desc product-description-short pm_desk_false shown\">\n        <p>Vinil decoratiu personalitzat amb nom, dissenyat lletra per lletra perqu\u00e8 el puguis col\u00b7locar lliurement segons el teu gust. Perfecte per a habitacions de nad\u00f3, infantils o juvenils, aportant un toc \u00fanic, actual i elegant a qualsevol paret. El seu disseny vers\u00e0til permet crear composicions personalitzades i adaptar-les f\u00e0cilment a qualsevol espai, aconseguint un ambient decoratiu acollidor i amb estil propi.<\/p>\n<p><strong>Talles disponibles:<\/strong><\/p>\n<p><strong>Petit:<\/strong> al\u00e7ada de les lletres 10 cm<\/p>\n<p><strong>Mitj\u00e0:<\/strong> al\u00e7ada de les lletres 15 cm<\/p>\n<p><strong>Gran:<\/strong> al\u00e7ada de les lletres 20\u00a0cm<\/p>\n<p><\/p>\n<p>\u26a0\ufe0f Nom\u00e9s 1 nom per unitat de producte. Si desitges m\u00e9s d\u2019un nom, afegeix el producte de nou al carret amb el segon nom.<\/p>\n    <\/div>\n\n      \n  <div class=\"hook-reviews hide-reviews\">\n    \n\n    <div class=\"reviStarsContainer\">\n\n        <div class=\"reviStars\" style=\"--rating: 4.97;\"><\/div>\n                    <div class=\"reviStarsBlock\">(35)<\/div>\n        \n    <\/div>\n\n\n<\/div>\n      \n      \n        <div class=\"highlighted-informations no-variants\">\n            <div class=\"variant-links\">\n    <span class=\"js-count count\"><\/span>\n<\/div>\n        <\/div>\n    \n\n    <\/div>\n          \n  \n<ul class=\"product-flags\"><\/ul>\n      <\/div>\n\n  <div class=\"displayProductButtonFixed hide-empty\">    \n\n        \n        \n<a href=\"#\" class=\"favoritesButton flex-container align-items-center favorites-button pktopleft btn\" data-pid=\"2268\" data-action=\"add\" title=\"Afegir a preferits\"\n    aria-label=\"Afegir a preferits\" role=\"button\">\n    <svg class=\"svgic\">\n        <use href=\"\/themes\/alysum\/assets\/img\/lib.svg#love\"><\/use>\n    <\/svg>\n    \n<\/a><\/div>\n\n            <\/div>\n<\/article>\n            \t\n\n            \n\n\n\n\n\n\n\n\n\n\n\n\n\n\n\n\n\n\n\n\n\n\n\n\n\n\n\n\n\n\n\n<article class=\"product-miniature js-product-miniature vinils-personalitzats-amb-nom\" data-id-product=\"207\" data-id-product-attribute=\"1166796\">\n  <div class=\"thumbnail-container relative\">\n                  \n  <div class=\"thumbnail product-thumbnail relative flex-container\">\n    \n                      \n                                                \n\n\n\n\n\n<a href=\"https:\/\/www.starstickvinilos.com\/ca\/vinils-personalitzats-amb-nom\/207-nom-happy-vinils-infantils-personalitzables-per-a-decoracio-infantil.html\" class=\"relative oh db subimage-true\">\n            <img\n  src=\"https:\/\/www.starstickvinilos.com\/93772-home_default\/nom-happy-vinils-infantils-personalitzables-per-a-decoracio-infantil.jpg\"\n  loading=\"lazy\"\n  alt=\"Nom Happy vinils infantils...\"\n  width=\"380\"\n  height=\"380\"\n  class=\"smooth05 cover-image db\"\n  data-full-size-image-url=\"https:\/\/www.starstickvinilos.com\/93772-large_default\/nom-happy-vinils-infantils-personalitzables-per-a-decoracio-infantil.jpg\">                    \n                <img\n  src=\"https:\/\/www.starstickvinilos.com\/93770-home_default\/nom-happy-vinils-infantils-personalitzables-per-a-decoracio-infantil.jpg\"\n  loading=\"lazy\"\n  alt=\"Nom Happy vinils infantils...\"\n  width=\"380\"\n  height=\"380\"\n  class=\"smooth05 cover-image db\"\n  data-full-size-image-url=\"https:\/\/www.starstickvinilos.com\/93770-large_default\/nom-happy-vinils-infantils-personalitzables-per-a-decoracio-infantil.jpg\">                                            \n            \n<span class=\"pmimage-switcher flex-container\">\n    <span><\/span>\n                                        <span><\/span>\n                                                                                                                        <\/span>\n\n            <\/a>\n\n\n    \n      <div class=\"product-actions show-on-hover scale-on-hover\">\n        \n  \n        \n  \n    <a href=\"https:\/\/www.starstickvinilos.com\/ca\/vinils-personalitzats-amb-nom\/207-nom-happy-vinils-infantils-personalitzables-per-a-decoracio-infantil.html\" class=\"btn smooth05\" title=\"Afegeix una adre\u00e7a nova\"\n    aria-label=\"Afegeix una adre\u00e7a nova\" role=\"button\">\n            <svg class=\"svgic svgic-button-cart\">\n            <use href=\"\/themes\/alysum\/assets\/img\/lib.svg#eye2\"><\/use>\n        <\/svg>\n        <\/a>\n        \n      <\/div>\n    \n\n          \n   \n\n  \n      <\/div>\n\n  <div class=\"product-desc-wrap\">\n    <div class=\"product-description relative clearfix\">\n      \n  \n      \n      \n    <h3 class=\"product-title text-left\">\n        <a href=\"https:\/\/www.starstickvinilos.com\/ca\/vinils-personalitzats-amb-nom\/207-nom-happy-vinils-infantils-personalitzables-per-a-decoracio-infantil.html\">Nom Happy vinils infantils...<\/a>\n    <\/h3>\n    \n\n      \n      \n                    <div class=\"product-price-and-shipping\">\n                \n                \n                <span class=\"price\" content=\"12.5\">12,50\u00a0\u20ac<\/span>\n                \n                \n            <\/div>\n\n                        \n\n      \n  \n    <div class=\"short-desc product-description-short pm_desk_false shown\">\n        <p><strong>Mides detallades\u00a0<\/strong><\/p>\n<p><strong>Petit<\/strong><br \/>Al\u00e7ada de les lletres: 10 cm<br \/>Amplada de 6 lletres, exemple Daniel: 40 cm<\/p>\n<p><strong>Mitj\u00e0<\/strong><br \/>Al\u00e7ada de les lletres: 15 cm<br \/>Amplada de 6 lletres, exemple Daniel: 60 cm<\/p>\n<p><strong>Gran<\/strong><br \/>Al\u00e7ada de les lletres: 19 cm<br \/>Amplada de 6 lletres, exemple Daniel: 85 cm<\/p>\n<p><\/p>\n<p>L'amplada del nom pot variar, la refer\u00e8ncia \u00e9s l'al\u00e7ada de les lletres. L'amplada mai superar\u00e0 els 120 cm.<\/p>\n    <\/div>\n\n      \n  <div class=\"hook-reviews hide-reviews\">\n    \n\n    <div class=\"reviStarsContainer\">\n\n        <div class=\"reviStars\" style=\"--rating: 4.83;\"><\/div>\n                    <div class=\"reviStarsBlock\">(6)<\/div>\n        \n    <\/div>\n\n\n<\/div>\n      \n      \n        <div class=\"highlighted-informations no-variants\">\n            <div class=\"variant-links\">\n    <span class=\"js-count count\"><\/span>\n<\/div>\n        <\/div>\n    \n\n    <\/div>\n          \n  \n<ul class=\"product-flags\"><\/ul>\n      <\/div>\n\n  <div class=\"displayProductButtonFixed hide-empty\">    \n\n        \n        \n<a href=\"#\" class=\"favoritesButton flex-container align-items-center favorites-button pktopleft btn\" data-pid=\"207\" data-action=\"add\" title=\"Afegir a preferits\"\n    aria-label=\"Afegir a preferits\" role=\"button\">\n    <svg class=\"svgic\">\n        <use href=\"\/themes\/alysum\/assets\/img\/lib.svg#love\"><\/use>\n    <\/svg>\n    \n<\/a><\/div>\n\n            <\/div>\n<\/article>\n            \t\n\n            \n\n\n\n\n\n\n\n\n\n\n\n\n\n\n\n\n\n\n\n\n\n\n\n\n\n\n\n\n\n\n\n<article class=\"product-miniature js-product-miniature vinils-personalitzats-amb-nom\" data-id-product=\"262\" data-id-product-attribute=\"1166799\">\n  <div class=\"thumbnail-container relative\">\n                  \n  <div class=\"thumbnail product-thumbnail relative flex-container\">\n    \n                      \n                                                \n\n\n\n\n\n<a href=\"https:\/\/www.starstickvinilos.com\/ca\/vinils-personalitzats-amb-nom\/262-adhesiu-infantil-i-juvenil-personalitzat-amb-nom-model-play.html\" class=\"relative oh db subimage-true\">\n            <img\n  src=\"https:\/\/www.starstickvinilos.com\/16936-home_default\/adhesiu-infantil-i-juvenil-personalitzat-amb-nom-model-play.jpg\"\n  loading=\"lazy\"\n  alt=\"Adhesiu infantil personalitzat amb nom, ideal per decorar habitacions de nadons i infants.\"\n  width=\"380\"\n  height=\"380\"\n  class=\"smooth05 cover-image db\"\n  data-full-size-image-url=\"https:\/\/www.starstickvinilos.com\/16936-large_default\/adhesiu-infantil-i-juvenil-personalitzat-amb-nom-model-play.jpg\">                    \n                <img\n  src=\"https:\/\/www.starstickvinilos.com\/93819-home_default\/adhesiu-infantil-i-juvenil-personalitzat-amb-nom-model-play.jpg\"\n  loading=\"lazy\"\n  alt=\"Adhesiu infantil personalitzat amb nom, ideal per decorar habitacions de nadons i infants.\"\n  width=\"380\"\n  height=\"380\"\n  class=\"smooth05 cover-image db\"\n  data-full-size-image-url=\"https:\/\/www.starstickvinilos.com\/93819-large_default\/adhesiu-infantil-i-juvenil-personalitzat-amb-nom-model-play.jpg\">                                                            \n            \n<span class=\"pmimage-switcher flex-container\">\n    <span><\/span>\n                                        <span><\/span>\n                                                                                                                                                                        <\/span>\n\n            <\/a>\n\n\n    \n      <div class=\"product-actions show-on-hover scale-on-hover\">\n        \n  \n        \n  \n    <a href=\"https:\/\/www.starstickvinilos.com\/ca\/vinils-personalitzats-amb-nom\/262-adhesiu-infantil-i-juvenil-personalitzat-amb-nom-model-play.html\" class=\"btn smooth05\" title=\"Afegeix una adre\u00e7a nova\"\n    aria-label=\"Afegeix una adre\u00e7a nova\" role=\"button\">\n            <svg class=\"svgic svgic-button-cart\">\n            <use href=\"\/themes\/alysum\/assets\/img\/lib.svg#eye2\"><\/use>\n        <\/svg>\n        <\/a>\n        \n      <\/div>\n    \n\n          \n   \n\n  \n      <\/div>\n\n  <div class=\"product-desc-wrap\">\n    <div class=\"product-description relative clearfix\">\n      \n  \n      \n      \n    <h3 class=\"product-title text-left\">\n        <a href=\"https:\/\/www.starstickvinilos.com\/ca\/vinils-personalitzats-amb-nom\/262-adhesiu-infantil-i-juvenil-personalitzat-amb-nom-model-play.html\">Adhesiu infantil i juvenil personalitzat...<\/a>\n    <\/h3>\n    \n\n      \n      \n                    <div class=\"product-price-and-shipping\">\n                \n                \n                <span class=\"price\" content=\"12.5\">12,50\u00a0\u20ac<\/span>\n                \n                \n            <\/div>\n\n                        \n\n      \n  \n    <div class=\"short-desc product-description-short pm_desk_false shown\">\n        <p>Adhesius infantils personalitzables ideals per decorar les parets d\u2019habitacions de nadons i infants. Crea un espai \u00fanic amb el nom que tri\u00efs, totalment adaptat a l\u2019estil de l\u2019habitaci\u00f3.<\/p>\n<p>Aquest model permet personalitzar el nom segons les teves prefer\u00e8ncies: pots optar per la primera lletra en maj\u00fascula i la resta en min\u00fascula, o b\u00e9 escriure tot el nom en maj\u00fascules. Nom\u00e9s has d\u2019escriure el nom exactament com el vols i nosaltres el produirem tal com l\u2019has indicat.<\/p>\n<p><strong>Mides disponibles:<\/strong><\/p>\n<ul>\n<li>Petit: al\u00e7ada de les lletres 10 cm (maj\u00fascules) \u2013 8 cm (min\u00fascules)<\/li>\n<li>Mitj\u00e0: al\u00e7ada de les lletres 15 cm (maj\u00fascules) \u2013 11 cm (min\u00fascules)<\/li>\n<li>Gran: al\u00e7ada de les lletres 20 cm (maj\u00fascules) \u2013 14 cm (min\u00fascules)<\/li>\n<\/ul>\n    <\/div>\n\n      \n  <div class=\"hook-reviews hide-reviews\">\n    \n\n    <div class=\"reviStarsContainer\">\n\n        <div class=\"reviStars\" style=\"--rating: 4.66;\"><\/div>\n                    <div class=\"reviStarsBlock\">(44)<\/div>\n        \n    <\/div>\n\n\n<\/div>\n      \n      \n        <div class=\"highlighted-informations no-variants\">\n            <div class=\"variant-links\">\n    <span class=\"js-count count\"><\/span>\n<\/div>\n        <\/div>\n    \n\n    <\/div>\n          \n  \n<ul class=\"product-flags\"><\/ul>\n      <\/div>\n\n  <div class=\"displayProductButtonFixed hide-empty\">    \n\n        \n        \n<a href=\"#\" class=\"favoritesButton flex-container align-items-center favorites-button pktopleft btn\" data-pid=\"262\" data-action=\"add\" title=\"Afegir a preferits\"\n    aria-label=\"Afegir a preferits\" role=\"button\">\n    <svg class=\"svgic\">\n        <use href=\"\/themes\/alysum\/assets\/img\/lib.svg#love\"><\/use>\n    <\/svg>\n    \n<\/a><\/div>\n\n            <\/div>\n<\/article>\n            \t\n\n            \n\n\n\n\n\n\n\n\n\n\n\n\n\n\n\n\n\n\n\n\n\n\n\n\n\n\n\n\n\n\n\n<article class=\"product-miniature js-product-miniature vinils-amb-nom\" data-id-product=\"3951\" data-id-product-attribute=\"928417\">\n  <div class=\"thumbnail-container relative\">\n                  \n  <div class=\"thumbnail product-thumbnail relative flex-container\">\n    \n                      \n                                                \n\n\n\n\n\n<a href=\"https:\/\/www.starstickvinilos.com\/ca\/vinils-amb-nom\/3951-personalitza-les-parets-amb-els-vinils-amb-nom-combinacio-rosa-gris.html\" class=\"relative oh db subimage-true\">\n            <img\n  src=\"https:\/\/www.starstickvinilos.com\/31718-home_default\/personalitza-les-parets-amb-els-vinils-amb-nom-combinacio-rosa-gris.jpg\"\n  loading=\"lazy\"\n  alt=\"Personalitza les parets amb...\"\n  width=\"380\"\n  height=\"380\"\n  class=\"smooth05 cover-image db\"\n  data-full-size-image-url=\"https:\/\/www.starstickvinilos.com\/31718-large_default\/personalitza-les-parets-amb-els-vinils-amb-nom-combinacio-rosa-gris.jpg\">                    \n                <img\n  src=\"https:\/\/www.starstickvinilos.com\/31721-home_default\/personalitza-les-parets-amb-els-vinils-amb-nom-combinacio-rosa-gris.jpg\"\n  loading=\"lazy\"\n  alt=\"Personalitza les parets amb...\"\n  width=\"380\"\n  height=\"380\"\n  class=\"smooth05 cover-image db\"\n  data-full-size-image-url=\"https:\/\/www.starstickvinilos.com\/31721-large_default\/personalitza-les-parets-amb-els-vinils-amb-nom-combinacio-rosa-gris.jpg\">                \n            \n<span class=\"pmimage-switcher flex-container\">\n    <span><\/span>\n                                        <span><\/span>\n                                    <\/span>\n\n            <\/a>\n\n\n    \n      <div class=\"product-actions show-on-hover scale-on-hover\">\n        \n  \n        \n  \n    <a href=\"https:\/\/www.starstickvinilos.com\/ca\/vinils-amb-nom\/3951-personalitza-les-parets-amb-els-vinils-amb-nom-combinacio-rosa-gris.html\" class=\"btn smooth05\" title=\"Afegeix una adre\u00e7a nova\"\n    aria-label=\"Afegeix una adre\u00e7a nova\" role=\"button\">\n            <svg class=\"svgic svgic-button-cart\">\n            <use href=\"\/themes\/alysum\/assets\/img\/lib.svg#eye2\"><\/use>\n        <\/svg>\n        <\/a>\n        \n      <\/div>\n    \n\n          \n   \n\n  \n      <\/div>\n\n  <div class=\"product-desc-wrap\">\n    <div class=\"product-description relative clearfix\">\n      \n  \n      \n      \n    <h3 class=\"product-title text-left\">\n        <a href=\"https:\/\/www.starstickvinilos.com\/ca\/vinils-amb-nom\/3951-personalitza-les-parets-amb-els-vinils-amb-nom-combinacio-rosa-gris.html\">Personalitza les parets amb els vinils amb...<\/a>\n    <\/h3>\n    \n\n      \n      \n                    <div class=\"product-price-and-shipping\">\n                \n                \n                <span class=\"price\" content=\"18.5\">18,50\u00a0\u20ac<\/span>\n                \n                \n            <\/div>\n\n                        \n\n      \n  \n    <div class=\"short-desc product-description-short pm_desk_false shown\">\n        <p class=\"MsoNormal\"><strong>Mesures aproximades del vinil (ample x alt)<\/strong><\/p>\n<p class=\"MsoNormal\"><strong>Petit:<\/strong>\u00a0Alt de cada lletra: 10 cm + 10 estrelles<\/p>\n<p class=\"MsoNormal\"><strong>Mitj\u00e0:<\/strong>\u00a0Alt de cada lletra: 15 cm + 10 estrelles<\/p>\n<p class=\"MsoNormal\"><strong>Gran:<\/strong>\u00a0Alt de cada lletra: 19 cm + 10 estrelles<\/p>\n<p><br \/><br \/>*Els noms amb m\u00e9s de 6 lletres tindran una al\u00e7ada una mica inferior per poder ajustar-los a la mida de la l\u00e0mina<\/p>\n    <\/div>\n\n      \n  <div class=\"hook-reviews hide-reviews\">\n    \n\n    \n\n<\/div>\n      \n      \n        <div class=\"highlighted-informations no-variants\">\n            <div class=\"variant-links\">\n    <span class=\"js-count count\"><\/span>\n<\/div>\n        <\/div>\n    \n\n    <\/div>\n          \n  \n<ul class=\"product-flags\"><\/ul>\n      <\/div>\n\n  <div class=\"displayProductButtonFixed hide-empty\">    \n\n        \n        \n<a href=\"#\" class=\"favoritesButton flex-container align-items-center favorites-button pktopleft btn\" data-pid=\"3951\" data-action=\"add\" title=\"Afegir a preferits\"\n    aria-label=\"Afegir a preferits\" role=\"button\">\n    <svg class=\"svgic\">\n        <use href=\"\/themes\/alysum\/assets\/img\/lib.svg#love\"><\/use>\n    <\/svg>\n    \n<\/a><\/div>\n\n            <\/div>\n<\/article>\n            \t\n\n            \n\n\n\n\n\n\n\n\n\n\n\n\n\n\n\n\n\n\n\n\n\n\n\n\n\n\n\n\n\n\n\n<article class=\"product-miniature js-product-miniature vinils-personalitzats-amb-nom\" data-id-product=\"3956\" data-id-product-attribute=\"928437\">\n  <div class=\"thumbnail-container relative\">\n                  \n  <div class=\"thumbnail product-thumbnail relative flex-container\">\n    \n                      \n                                                \n\n\n\n\n\n<a href=\"https:\/\/www.starstickvinilos.com\/ca\/vinils-personalitzats-amb-nom\/3956-personalitza-les-parets-amb-els-vinils-amb-nom-combinacio-blau.html\" class=\"relative oh db subimage-true\">\n            <img\n  src=\"https:\/\/www.starstickvinilos.com\/80924-home_default\/personalitza-les-parets-amb-els-vinils-amb-nom-combinacio-blau.jpg\"\n  loading=\"lazy\"\n  alt=\"Personalitza les parets amb...\"\n  width=\"380\"\n  height=\"380\"\n  class=\"smooth05 cover-image db\"\n  data-full-size-image-url=\"https:\/\/www.starstickvinilos.com\/80924-large_default\/personalitza-les-parets-amb-els-vinils-amb-nom-combinacio-blau.jpg\">                    \n                <img\n  src=\"https:\/\/www.starstickvinilos.com\/31761-home_default\/personalitza-les-parets-amb-els-vinils-amb-nom-combinacio-blau.jpg\"\n  loading=\"lazy\"\n  alt=\"Personalitza les parets amb...\"\n  width=\"380\"\n  height=\"380\"\n  class=\"smooth05 cover-image db\"\n  data-full-size-image-url=\"https:\/\/www.starstickvinilos.com\/31761-large_default\/personalitza-les-parets-amb-els-vinils-amb-nom-combinacio-blau.jpg\">                                        \n            \n<span class=\"pmimage-switcher flex-container\">\n    <span><\/span>\n                                        <span><\/span>\n                                                                                                            <\/span>\n\n            <\/a>\n\n\n    \n      <div class=\"product-actions show-on-hover scale-on-hover\">\n        \n  \n        \n  \n    <a href=\"https:\/\/www.starstickvinilos.com\/ca\/vinils-personalitzats-amb-nom\/3956-personalitza-les-parets-amb-els-vinils-amb-nom-combinacio-blau.html\" class=\"btn smooth05\" title=\"Afegeix una adre\u00e7a nova\"\n    aria-label=\"Afegeix una adre\u00e7a nova\" role=\"button\">\n            <svg class=\"svgic svgic-button-cart\">\n            <use href=\"\/themes\/alysum\/assets\/img\/lib.svg#eye2\"><\/use>\n        <\/svg>\n        <\/a>\n        \n      <\/div>\n    \n\n          \n   \n\n  \n      <\/div>\n\n  <div class=\"product-desc-wrap\">\n    <div class=\"product-description relative clearfix\">\n      \n  \n      \n      \n    <h3 class=\"product-title text-left\">\n        <a href=\"https:\/\/www.starstickvinilos.com\/ca\/vinils-personalitzats-amb-nom\/3956-personalitza-les-parets-amb-els-vinils-amb-nom-combinacio-blau.html\">Personalitza les parets amb els vinils amb...<\/a>\n    <\/h3>\n    \n\n      \n      \n                    <div class=\"product-price-and-shipping\">\n                \n                \n                <span class=\"price\" content=\"18.5\">18,50\u00a0\u20ac<\/span>\n                \n                \n            <\/div>\n\n                        \n\n      \n  \n    <div class=\"short-desc product-description-short pm_desk_false shown\">\n        <p>Decora l\u2019habitaci\u00f3 infantil amb un vinil personalitzat amb nom en tons blaus, ideal per crear un ambient tranquil i acollidor. Aquest set d\u2019adhesius de paret \u00e9s f\u00e0cil d\u2019instal\u00b7lar, d\u2019alta qualitat i permet col\u00b7locar cada lletra de manera independent per aconseguir un disseny \u00fanic i totalment personalitzat.<\/p>\n<p><\/p>\n<p class=\"MsoNormal\"><strong>Mides aproximades del vinil (ample x alt)<\/strong><\/p>\n<p class=\"MsoNormal\"><strong>Petit:<\/strong> Alt de cada lletra: 10 cm + 10 estrelles<\/p>\n<p class=\"MsoNormal\"><strong>Mitj\u00e0:<\/strong> Alt de cada lletra: 15 cm + 10 estrelles<\/p>\n<p class=\"MsoNormal\"><strong>Gran:<\/strong> Alt de cada lletra: 19 cm + 10 estrelles<\/p>\n<p><\/p>\n<p>*Els noms amb m\u00e9s de 6 lletres tindran una al\u00e7ada lleugerament inferior per poder ajustar-se a la mida de la l\u00e0mina<\/p>\n    <\/div>\n\n      \n  <div class=\"hook-reviews hide-reviews\">\n    \n\n    <div class=\"reviStarsContainer\">\n\n        <div class=\"reviStars\" style=\"--rating: 5;\"><\/div>\n                    <div class=\"reviStarsBlock\">(1)<\/div>\n        \n    <\/div>\n\n\n<\/div>\n      \n      \n        <div class=\"highlighted-informations no-variants\">\n            <div class=\"variant-links\">\n    <span class=\"js-count count\"><\/span>\n<\/div>\n        <\/div>\n    \n\n    <\/div>\n          \n  \n<ul class=\"product-flags\"><\/ul>\n      <\/div>\n\n  <div class=\"displayProductButtonFixed hide-empty\">    \n\n        \n        \n<a href=\"#\" class=\"favoritesButton flex-container align-items-center favorites-button pktopleft btn\" data-pid=\"3956\" data-action=\"add\" title=\"Afegir a preferits\"\n    aria-label=\"Afegir a preferits\" role=\"button\">\n    <svg class=\"svgic\">\n        <use href=\"\/themes\/alysum\/assets\/img\/lib.svg#love\"><\/use>\n    <\/svg>\n    \n<\/a><\/div>\n\n            <\/div>\n<\/article>\n            \t\n\n            \n\n\n\n\n\n\n\n\n\n\n\n\n\n\n\n\n\n\n\n\n\n\n\n\n\n\n\n\n\n\n\n<article class=\"product-miniature js-product-miniature vinils-noms-per-a-portes-nena\" data-id-product=\"7410\" data-id-product-attribute=\"1149920\">\n  <div class=\"thumbnail-container relative\">\n                  \n  <div class=\"thumbnail product-thumbnail relative flex-container\">\n    \n                      \n                                                \n\n\n\n\n\n<a href=\"https:\/\/www.starstickvinilos.com\/ca\/vinils-noms-per-a-portes-nena\/7410-nom-amb-corona-decoracio-habitacions-juvenils.html\" class=\"relative oh db subimage-true\">\n            <img\n  src=\"https:\/\/www.starstickvinilos.com\/76370-home_default\/nom-amb-corona-decoracio-habitacions-juvenils.jpg\"\n  loading=\"lazy\"\n  alt=\"Nom amb corona - Decoraci\u00f3 habitacions juvenils\"\n  width=\"380\"\n  height=\"380\"\n  class=\"smooth05 cover-image db\"\n  data-full-size-image-url=\"https:\/\/www.starstickvinilos.com\/76370-large_default\/nom-amb-corona-decoracio-habitacions-juvenils.jpg\">                    \n                <img\n  src=\"https:\/\/www.starstickvinilos.com\/76373-home_default\/nom-amb-corona-decoracio-habitacions-juvenils.jpg\"\n  loading=\"lazy\"\n  alt=\"Nom amb corona - Decoraci\u00f3 habitacions juvenils\"\n  width=\"380\"\n  height=\"380\"\n  class=\"smooth05 cover-image db\"\n  data-full-size-image-url=\"https:\/\/www.starstickvinilos.com\/76373-large_default\/nom-amb-corona-decoracio-habitacions-juvenils.jpg\">                        \n            \n<span class=\"pmimage-switcher flex-container\">\n    <span><\/span>\n                                        <span><\/span>\n                                                            <\/span>\n\n            <\/a>\n\n\n    \n      <div class=\"product-actions show-on-hover scale-on-hover\">\n        \n  \n        \n  \n    <a href=\"https:\/\/www.starstickvinilos.com\/ca\/vinils-noms-per-a-portes-nena\/7410-nom-amb-corona-decoracio-habitacions-juvenils.html\" class=\"btn smooth05\" title=\"Afegeix una adre\u00e7a nova\"\n    aria-label=\"Afegeix una adre\u00e7a nova\" role=\"button\">\n            <svg class=\"svgic svgic-button-cart\">\n            <use href=\"\/themes\/alysum\/assets\/img\/lib.svg#eye2\"><\/use>\n        <\/svg>\n        <\/a>\n        \n      <\/div>\n    \n\n          \n   \n\n  \n      <\/div>\n\n  <div class=\"product-desc-wrap\">\n    <div class=\"product-description relative clearfix\">\n      \n  \n      \n      \n    <h3 class=\"product-title text-left\">\n        <a href=\"https:\/\/www.starstickvinilos.com\/ca\/vinils-noms-per-a-portes-nena\/7410-nom-amb-corona-decoracio-habitacions-juvenils.html\">Nom amb corona - Decoraci\u00f3 habitacions...<\/a>\n    <\/h3>\n    \n\n      \n      \n                    <div class=\"product-price-and-shipping\">\n                \n                \n                <span class=\"price\" content=\"22.5\">22,50\u00a0\u20ac<\/span>\n                \n                \n            <\/div>\n\n                        \n\n      \n  \n    <div class=\"short-desc product-description-short pm_desk_false shown\">\n        <p>Afegeix un toc \u00fanic i especial a les habitacions juvenils i infantils amb els nostres vinils personalitzables. Cada lletra del nom est\u00e0 dissenyada en un color diferent, creant una composici\u00f3 \u00fanica i original. Una opci\u00f3 ideal per a aquells que busquen decorar amb estil i personalitat.<\/p>\n<p>\u00a0<\/p>\n<p><strong>Mida de la l\u00e0mina i del muntatge<\/strong><\/p>\n<p><strong>L\u00e0mina amb 1 nom:<\/strong><span class=\"apple-converted-space\"> 30x25<\/span>\u00a0cm<\/p>\n<p><strong>L\u00e0mina amb 2 noms:<\/strong><span class=\"apple-converted-space\"> 30x32<\/span>\u00a0cm<\/p>\n    <\/div>\n\n      \n  <div class=\"hook-reviews hide-reviews\">\n    \n\n    \n\n<\/div>\n      \n      \n        <div class=\"highlighted-informations no-variants\">\n            <div class=\"variant-links\">\n    <span class=\"js-count count\"><\/span>\n<\/div>\n        <\/div>\n    \n\n    <\/div>\n          \n  \n<ul class=\"product-flags\"><\/ul>\n      <\/div>\n\n  <div class=\"displayProductButtonFixed hide-empty\">    \n\n        \n        \n<a href=\"#\" class=\"favoritesButton flex-container align-items-center favorites-button pktopleft btn\" data-pid=\"7410\" data-action=\"add\" title=\"Afegir a preferits\"\n    aria-label=\"Afegir a preferits\" role=\"button\">\n    <svg class=\"svgic\">\n        <use href=\"\/themes\/alysum\/assets\/img\/lib.svg#love\"><\/use>\n    <\/svg>\n    \n<\/a><\/div>\n\n            <\/div>\n<\/article>\n            \t\n\n            \n\n\n\n\n\n\n\n\n\n\n\n\n\n\n\n\n\n\n\n\n\n\n\n\n\n\n\n\n\n\n\n<article class=\"product-miniature js-product-miniature vinils-personalitzats-amb-nom\" data-id-product=\"208\" data-id-product-attribute=\"1166913\">\n  <div class=\"thumbnail-container relative\">\n                  \n  <div class=\"thumbnail product-thumbnail relative flex-container\">\n    \n                      \n                                                \n\n\n\n\n\n<a href=\"https:\/\/www.starstickvinilos.com\/ca\/vinils-personalitzats-amb-nom\/208-vinils-infantils-personalitzats-amb-nom-nombre-fun.html\" class=\"relative oh db subimage-true\">\n            <img\n  src=\"https:\/\/www.starstickvinilos.com\/93821-home_default\/vinils-infantils-personalitzats-amb-nom-nombre-fun.jpg\"\n  loading=\"lazy\"\n  alt=\"Vinils infantils...\"\n  width=\"380\"\n  height=\"380\"\n  class=\"smooth05 cover-image db\"\n  data-full-size-image-url=\"https:\/\/www.starstickvinilos.com\/93821-large_default\/vinils-infantils-personalitzats-amb-nom-nombre-fun.jpg\">                    \n                <img\n  src=\"https:\/\/www.starstickvinilos.com\/93822-home_default\/vinils-infantils-personalitzats-amb-nom-nombre-fun.jpg\"\n  loading=\"lazy\"\n  alt=\"Vinils infantils...\"\n  width=\"380\"\n  height=\"380\"\n  class=\"smooth05 cover-image db\"\n  data-full-size-image-url=\"https:\/\/www.starstickvinilos.com\/93822-large_default\/vinils-infantils-personalitzats-amb-nom-nombre-fun.jpg\">                                                        \n            \n<span class=\"pmimage-switcher flex-container\">\n    <span><\/span>\n                                        <span><\/span>\n                                                                                                                                                            <\/span>\n\n            <\/a>\n\n\n    \n      <div class=\"product-actions show-on-hover scale-on-hover\">\n        \n  \n        \n  \n    <a href=\"https:\/\/www.starstickvinilos.com\/ca\/vinils-personalitzats-amb-nom\/208-vinils-infantils-personalitzats-amb-nom-nombre-fun.html\" class=\"btn smooth05\" title=\"Afegeix una adre\u00e7a nova\"\n    aria-label=\"Afegeix una adre\u00e7a nova\" role=\"button\">\n            <svg class=\"svgic svgic-button-cart\">\n            <use href=\"\/themes\/alysum\/assets\/img\/lib.svg#eye2\"><\/use>\n        <\/svg>\n        <\/a>\n        \n      <\/div>\n    \n\n          \n   \n\n  \n      <\/div>\n\n  <div class=\"product-desc-wrap\">\n    <div class=\"product-description relative clearfix\">\n      \n  \n      \n      \n    <h3 class=\"product-title text-left\">\n        <a href=\"https:\/\/www.starstickvinilos.com\/ca\/vinils-personalitzats-amb-nom\/208-vinils-infantils-personalitzats-amb-nom-nombre-fun.html\">Vinils infantils personalitzats amb nom |...<\/a>\n    <\/h3>\n    \n\n      \n      \n                    <div class=\"product-price-and-shipping\">\n                \n                \n                <span class=\"price\" content=\"12.5\">12,50\u00a0\u20ac<\/span>\n                \n                \n            <\/div>\n\n                        \n\n      \n  \n    <div class=\"short-desc product-description-short pm_desk_false shown\">\n        <p>Transforma les habitacions dels nens i nenes amb els nostres vinils infantils de paret personalitzats amb el nom. Selecciona la mida i el color que m\u00e9s t'agradi i dissenya un ambient \u00fanic i especial per al teu petit. Comen\u00e7a a decorar de manera personalitzada i converteix la seva habitaci\u00f3 en un lloc m\u00e0gic ple d\u2019imaginaci\u00f3 i alegria!<\/p>\n<p><\/p>\n<p><strong>Petit -\u00a0<\/strong>Al\u00e7ada\u00a0lletres:10 cm<\/p>\n<p><strong>Mitj\u00e0 -\u00a0<\/strong>Al\u00e7ada lletres:15 cm\u00a0<\/p>\n<p><strong>Gran -\u00a0<\/strong>Al\u00e7ada\u00a0lletres: 19 cm\u00a0<\/p>\n<p><\/p>\n    <\/div>\n\n      \n  <div class=\"hook-reviews hide-reviews\">\n    \n\n    <div class=\"reviStarsContainer\">\n\n        <div class=\"reviStars\" style=\"--rating: 5;\"><\/div>\n                    <div class=\"reviStarsBlock\">(9)<\/div>\n        \n    <\/div>\n\n\n<\/div>\n      \n      \n        <div class=\"highlighted-informations no-variants\">\n            <div class=\"variant-links\">\n    <span class=\"js-count count\"><\/span>\n<\/div>\n        <\/div>\n    \n\n    <\/div>\n          \n  \n<ul class=\"product-flags\"><\/ul>\n      <\/div>\n\n  <div class=\"displayProductButtonFixed hide-empty\">    \n\n        \n        \n<a href=\"#\" class=\"favoritesButton flex-container align-items-center favorites-button pktopleft btn\" data-pid=\"208\" data-action=\"add\" title=\"Afegir a preferits\"\n    aria-label=\"Afegir a preferits\" role=\"button\">\n    <svg class=\"svgic\">\n        <use href=\"\/themes\/alysum\/assets\/img\/lib.svg#love\"><\/use>\n    <\/svg>\n    \n<\/a><\/div>\n\n            <\/div>\n<\/article>\n            \t\n\n            \n\n\n\n\n\n\n\n\n\n\n\n\n\n\n\n\n\n\n\n\n\n\n\n\n\n\n\n\n\n\n\n<article class=\"product-miniature js-product-miniature vinils-noms-per-a-portes-nena\" data-id-product=\"6221\" data-id-product-attribute=\"1141721\">\n  <div class=\"thumbnail-container relative\">\n                  \n  <div class=\"thumbnail product-thumbnail relative flex-container\">\n    \n                      \n                                                \n\n\n\n\n\n<a href=\"https:\/\/www.starstickvinilos.com\/ca\/vinils-noms-per-a-portes-nena\/6221-unicorn-somiador-vinils-amb-nom-per-decorar-habitacions-de-nenes.html\" class=\"relative oh db subimage-true\">\n            <img\n  src=\"https:\/\/www.starstickvinilos.com\/60961-home_default\/unicorn-somiador-vinils-amb-nom-per-decorar-habitacions-de-nenes.jpg\"\n  loading=\"lazy\"\n  alt=\"Unicorn Somiador \u2013 Vinils amb nom per decorar habitacions de nenes\"\n  width=\"380\"\n  height=\"380\"\n  class=\"smooth05 cover-image db\"\n  data-full-size-image-url=\"https:\/\/www.starstickvinilos.com\/60961-large_default\/unicorn-somiador-vinils-amb-nom-per-decorar-habitacions-de-nenes.jpg\">                    \n                <img\n  src=\"https:\/\/www.starstickvinilos.com\/60963-home_default\/unicorn-somiador-vinils-amb-nom-per-decorar-habitacions-de-nenes.jpg\"\n  loading=\"lazy\"\n  alt=\"Unicorn Somiador \u2013 Vinils amb nom per decorar habitacions de nenes\"\n  width=\"380\"\n  height=\"380\"\n  class=\"smooth05 cover-image db\"\n  data-full-size-image-url=\"https:\/\/www.starstickvinilos.com\/60963-large_default\/unicorn-somiador-vinils-amb-nom-per-decorar-habitacions-de-nenes.jpg\">                        \n            \n<span class=\"pmimage-switcher flex-container\">\n    <span><\/span>\n                                        <span><\/span>\n                                                            <\/span>\n\n            <\/a>\n\n\n    \n      <div class=\"product-actions show-on-hover scale-on-hover\">\n        \n  \n        \n  \n    <a href=\"https:\/\/www.starstickvinilos.com\/ca\/vinils-noms-per-a-portes-nena\/6221-unicorn-somiador-vinils-amb-nom-per-decorar-habitacions-de-nenes.html\" class=\"btn smooth05\" title=\"Afegeix una adre\u00e7a nova\"\n    aria-label=\"Afegeix una adre\u00e7a nova\" role=\"button\">\n            <svg class=\"svgic svgic-button-cart\">\n            <use href=\"\/themes\/alysum\/assets\/img\/lib.svg#eye2\"><\/use>\n        <\/svg>\n        <\/a>\n        \n      <\/div>\n    \n\n          \n   \n\n  \n      <\/div>\n\n  <div class=\"product-desc-wrap\">\n    <div class=\"product-description relative clearfix\">\n      \n  \n      \n      \n    <h3 class=\"product-title text-left\">\n        <a href=\"https:\/\/www.starstickvinilos.com\/ca\/vinils-noms-per-a-portes-nena\/6221-unicorn-somiador-vinils-amb-nom-per-decorar-habitacions-de-nenes.html\">Unicorn Somiador \u2013 Vinils amb nom per...<\/a>\n    <\/h3>\n    \n\n      \n      \n                    <div class=\"product-price-and-shipping\">\n                \n                \n                <span class=\"price\" content=\"22.5\">22,50\u00a0\u20ac<\/span>\n                \n                \n            <\/div>\n\n                        \n\n      \n  \n    <div class=\"short-desc product-description-short pm_desk_false shown\">\n        <p>Vinil decoratiu per personalitzar portes o parets. Doneu un toc \u00fanic als espais infantils amb els vinils personalitzats de StarStick.<\/p>\n<p>\u00a0<\/p>\n<p><strong>Mida de la l\u00e0mina i del muntatge<\/strong><\/p>\n<p><strong>1 nom:<\/strong><span class=\"apple-converted-space\">\u00a030x19<\/span>\u00a0cm<\/p>\n<p><strong>2 noms:<\/strong><span class=\"apple-converted-space\">\u00a030x25<\/span>\u00a0cm<\/p>\n    <\/div>\n\n      \n  <div class=\"hook-reviews hide-reviews\">\n    \n\n    \n\n<\/div>\n      \n      \n        <div class=\"highlighted-informations no-variants\">\n            <div class=\"variant-links\">\n    <span class=\"js-count count\"><\/span>\n<\/div>\n        <\/div>\n    \n\n    <\/div>\n          \n  \n<ul class=\"product-flags\"><\/ul>\n      <\/div>\n\n  <div class=\"displayProductButtonFixed hide-empty\">    \n\n        \n        \n<a href=\"#\" class=\"favoritesButton flex-container align-items-center favorites-button pktopleft btn\" data-pid=\"6221\" data-action=\"add\" title=\"Afegir a preferits\"\n    aria-label=\"Afegir a preferits\" role=\"button\">\n    <svg class=\"svgic\">\n        <use href=\"\/themes\/alysum\/assets\/img\/lib.svg#love\"><\/use>\n    <\/svg>\n    \n<\/a><\/div>\n\n            <\/div>\n<\/article>\n            \t\n\n            \n\n\n\n\n\n\n\n\n\n\n\n\n\n\n\n\n\n\n\n\n\n\n\n\n\n\n\n\n\n\n\n<article class=\"product-miniature js-product-miniature vinils-noms-per-a-portes-nena\" data-id-product=\"6532\" data-id-product-attribute=\"1143041\">\n  <div class=\"thumbnail-container relative\">\n                  \n  <div class=\"thumbnail product-thumbnail relative flex-container\">\n    \n                      \n                                    \n\n\n\n\n\n<a href=\"https:\/\/www.starstickvinilos.com\/ca\/vinils-noms-per-a-portes-nena\/6532-nena-amb-unicorn-vinils-decoratius-amb-nom.html\" class=\"relative oh db subimage-true\">\n            <img\n  src=\"https:\/\/www.starstickvinilos.com\/65284-home_default\/nena-amb-unicorn-vinils-decoratius-amb-nom.jpg\"\n  loading=\"lazy\"\n  alt=\"Nena amb unicorn. Vinils decoratius amb nom\"\n  width=\"380\"\n  height=\"380\"\n  class=\"smooth05 cover-image db\"\n  data-full-size-image-url=\"https:\/\/www.starstickvinilos.com\/65284-large_default\/nena-amb-unicorn-vinils-decoratius-amb-nom.jpg\">                    \n            <img\n  src=\"https:\/\/www.starstickvinilos.com\/65283-home_default\/nena-amb-unicorn-vinils-decoratius-amb-nom.jpg\"\n  loading=\"lazy\"\n  alt=\"Nena amb unicorn. Vinils decoratius amb nom\"\n  width=\"380\"\n  height=\"380\"\n  class=\"smooth05 cover-image db\"\n  data-full-size-image-url=\"https:\/\/www.starstickvinilos.com\/65283-large_default\/nena-amb-unicorn-vinils-decoratius-amb-nom.jpg\">                                \n            \n<span class=\"pmimage-switcher flex-container\">\n    <span><\/span>\n                            <span><\/span>\n                                                                                    <\/span>\n\n            <\/a>\n\n\n    \n      <div class=\"product-actions show-on-hover scale-on-hover\">\n        \n  \n        \n  \n    <a href=\"https:\/\/www.starstickvinilos.com\/ca\/vinils-noms-per-a-portes-nena\/6532-nena-amb-unicorn-vinils-decoratius-amb-nom.html\" class=\"btn smooth05\" title=\"Afegeix una adre\u00e7a nova\"\n    aria-label=\"Afegeix una adre\u00e7a nova\" role=\"button\">\n            <svg class=\"svgic svgic-button-cart\">\n            <use href=\"\/themes\/alysum\/assets\/img\/lib.svg#eye2\"><\/use>\n        <\/svg>\n        <\/a>\n        \n      <\/div>\n    \n\n          \n   \n\n  \n      <\/div>\n\n  <div class=\"product-desc-wrap\">\n    <div class=\"product-description relative clearfix\">\n      \n  \n      \n      \n    <h3 class=\"product-title text-left\">\n        <a href=\"https:\/\/www.starstickvinilos.com\/ca\/vinils-noms-per-a-portes-nena\/6532-nena-amb-unicorn-vinils-decoratius-amb-nom.html\">Nena amb unicorn. Vinils decoratius amb nom<\/a>\n    <\/h3>\n    \n\n      \n      \n                    <div class=\"product-price-and-shipping\">\n                \n                \n                <span class=\"price\" content=\"22.5\">22,50\u00a0\u20ac<\/span>\n                \n                \n            <\/div>\n\n                        \n\n      \n  \n    <div class=\"short-desc product-description-short pm_desk_false shown\">\n        <p>Vinil autoadhesiu amb una nena galopant sobre un majestu\u00f3s unicorn. Personalitza l'habitaci\u00f3 de la teva filla amb un toc adorable!<\/p>\n<p>\u00a0<\/p>\n<p><strong>Mida de la l\u00e0mina i del muntatge<\/strong><\/p>\n<p><strong>1 nom:<\/strong><span class=\"apple-converted-space\">\u00a030x19<\/span>\u00a0cm<\/p>\n<p><strong>2 noms:<\/strong><span class=\"apple-converted-space\">\u00a030x25<\/span>\u00a0cm<\/p>\n    <\/div>\n\n      \n  <div class=\"hook-reviews hide-reviews\">\n    \n\n    <div class=\"reviStarsContainer\">\n\n        <div class=\"reviStars\" style=\"--rating: 5;\"><\/div>\n                    <div class=\"reviStarsBlock\">(1)<\/div>\n        \n    <\/div>\n\n\n<\/div>\n      \n      \n        <div class=\"highlighted-informations no-variants\">\n            <div class=\"variant-links\">\n    <span class=\"js-count count\"><\/span>\n<\/div>\n        <\/div>\n    \n\n    <\/div>\n          \n  \n<ul class=\"product-flags\"><\/ul>\n      <\/div>\n\n  <div class=\"displayProductButtonFixed hide-empty\">    \n\n        \n        \n<a href=\"#\" class=\"favoritesButton flex-container align-items-center favorites-button pktopleft btn\" data-pid=\"6532\" data-action=\"add\" title=\"Afegir a preferits\"\n    aria-label=\"Afegir a preferits\" role=\"button\">\n    <svg class=\"svgic\">\n        <use href=\"\/themes\/alysum\/assets\/img\/lib.svg#love\"><\/use>\n    <\/svg>\n    \n<\/a><\/div>\n\n            <\/div>\n<\/article>\n            \t\n\n            \n\n\n\n\n\n\n\n\n\n\n\n\n\n\n\n\n\n\n\n\n\n\n\n\n\n\n\n\n\n\n\n<article class=\"product-miniature js-product-miniature vinils-noms-per-a-portes-nado\" data-id-product=\"4359\" data-id-product-attribute=\"1067613\">\n  <div class=\"thumbnail-container relative\">\n                  \n  <div class=\"thumbnail product-thumbnail relative flex-container\">\n    \n                      \n                                                \n\n\n\n\n\n<a href=\"https:\/\/www.starstickvinilos.com\/ca\/vinils-noms-per-a-portes-nado\/4359-personalitza-l-habitacio-infantil-girafa-amb-koala-vinils-amb-nom.html\" class=\"relative oh db subimage-true\">\n            <img\n  src=\"https:\/\/www.starstickvinilos.com\/36354-home_default\/personalitza-l-habitacio-infantil-girafa-amb-koala-vinils-amb-nom.jpg\"\n  loading=\"lazy\"\n  alt=\"Personalitza l&#039;habitaci\u00f3...\"\n  width=\"380\"\n  height=\"380\"\n  class=\"smooth05 cover-image db\"\n  data-full-size-image-url=\"https:\/\/www.starstickvinilos.com\/36354-large_default\/personalitza-l-habitacio-infantil-girafa-amb-koala-vinils-amb-nom.jpg\">                    \n                <img\n  src=\"https:\/\/www.starstickvinilos.com\/36358-home_default\/personalitza-l-habitacio-infantil-girafa-amb-koala-vinils-amb-nom.jpg\"\n  loading=\"lazy\"\n  alt=\"Personalitza l&#039;habitaci\u00f3...\"\n  width=\"380\"\n  height=\"380\"\n  class=\"smooth05 cover-image db\"\n  data-full-size-image-url=\"https:\/\/www.starstickvinilos.com\/36358-large_default\/personalitza-l-habitacio-infantil-girafa-amb-koala-vinils-amb-nom.jpg\">                                    \n            \n<span class=\"pmimage-switcher flex-container\">\n    <span><\/span>\n                                        <span><\/span>\n                                                                                                <\/span>\n\n            <\/a>\n\n\n    \n      <div class=\"product-actions show-on-hover scale-on-hover\">\n        \n  \n        \n  \n    <a href=\"https:\/\/www.starstickvinilos.com\/ca\/vinils-noms-per-a-portes-nado\/4359-personalitza-l-habitacio-infantil-girafa-amb-koala-vinils-amb-nom.html\" class=\"btn smooth05\" title=\"Afegeix una adre\u00e7a nova\"\n    aria-label=\"Afegeix una adre\u00e7a nova\" role=\"button\">\n            <svg class=\"svgic svgic-button-cart\">\n            <use href=\"\/themes\/alysum\/assets\/img\/lib.svg#eye2\"><\/use>\n        <\/svg>\n        <\/a>\n        \n      <\/div>\n    \n\n          \n   \n\n  \n      <\/div>\n\n  <div class=\"product-desc-wrap\">\n    <div class=\"product-description relative clearfix\">\n      \n  \n      \n      \n    <h3 class=\"product-title text-left\">\n        <a href=\"https:\/\/www.starstickvinilos.com\/ca\/vinils-noms-per-a-portes-nado\/4359-personalitza-l-habitacio-infantil-girafa-amb-koala-vinils-amb-nom.html\">Personalitza l&#039;habitaci\u00f3 infantil - Girafa...<\/a>\n    <\/h3>\n    \n\n      \n      \n                    <div class=\"product-price-and-shipping\">\n                \n                \n                <span class=\"price\" content=\"22.5\">22,50\u00a0\u20ac<\/span>\n                \n                \n            <\/div>\n\n                        \n\n      \n  \n    <div class=\"short-desc product-description-short pm_desk_false shown\">\n        <p class=\"MsoNormal\"><strong>Mida de la l\u00e0mina i del muntatge<\/strong><\/p>\n<p>1 nom:\u00a030x20 cm<\/p>\n<p>2 noms: 30x25 cm<\/p>\n<p><\/p>\n    <\/div>\n\n      \n  <div class=\"hook-reviews hide-reviews\">\n    \n\n    \n\n<\/div>\n      \n      \n        <div class=\"highlighted-informations\">\n            <div class=\"variant-links\">\n              \n    <a href=\"https:\/\/www.starstickvinilos.com\/ca\/vinils-noms-per-a-portes-nado\/4359-personalitza-l-habitacio-infantil-girafa-amb-koala-vinils-amb-nom.html\"\n       class=\"color\"\n       title=\"c19 Blau gris\"\n       aria-label=\"c19 Blau gris\"\n       style=\"background-color: #8cb3c9\"           ><span class=\"sr-only\">c19 Blau gris<\/span>\n  <\/a>\n              \n    <a href=\"https:\/\/www.starstickvinilos.com\/ca\/vinils-noms-per-a-portes-nado\/4359-personalitza-l-habitacio-infantil-girafa-amb-koala-vinils-amb-nom.html\"\n       class=\"color\"\n       title=\"C26 Teula fosc\"\n       aria-label=\"C26 Teula fosc\"\n       style=\"background-color: #A06565\"           ><span class=\"sr-only\">C26 Teula fosc<\/span>\n  <\/a>\n    <span class=\"js-count count\"><\/span>\n<\/div>\n        <\/div>\n    \n\n    <\/div>\n          \n  \n<ul class=\"product-flags\"><\/ul>\n      <\/div>\n\n  <div class=\"displayProductButtonFixed hide-empty\">    \n\n        \n        \n<a href=\"#\" class=\"favoritesButton flex-container align-items-center favorites-button pktopleft btn\" data-pid=\"4359\" data-action=\"add\" title=\"Afegir a preferits\"\n    aria-label=\"Afegir a preferits\" role=\"button\">\n    <svg class=\"svgic\">\n        <use href=\"\/themes\/alysum\/assets\/img\/lib.svg#love\"><\/use>\n    <\/svg>\n    \n<\/a><\/div>\n\n            <\/div>\n<\/article>\n            \t\n\n                \n\n\n\n\n\n\n\n\n\n\n\n\n\n\n\n\n\n\n\n\n\n\n\n\n\n\n\n\n\n\n\n<article class=\"product-miniature js-product-miniature out-of-stock vinils-noms-per-a-portes-germans\" data-id-product=\"5844\" data-id-product-attribute=\"1124007\">\n  <div class=\"thumbnail-container relative\">\n                  \n  <div class=\"thumbnail product-thumbnail relative flex-container\">\n    \n                      \n                                    \n\n\n\n\n\n<a href=\"https:\/\/www.starstickvinilos.com\/ca\/vinils-noms-per-a-portes-germans\/5844-vinils-personalitzats-germans-amb-coet-decoracio-habitacions-compartides.html\" class=\"relative oh db subimage-true\">\n            <img\n  src=\"https:\/\/www.starstickvinilos.com\/55459-home_default\/vinils-personalitzats-germans-amb-coet-decoracio-habitacions-compartides.jpg\"\n  loading=\"lazy\"\n  alt=\"Vinils personalitzats - Germans amb coet - Decoraci\u00f3 habitacions compartides\"\n  width=\"380\"\n  height=\"380\"\n  class=\"smooth05 cover-image db\"\n  data-full-size-image-url=\"https:\/\/www.starstickvinilos.com\/55459-large_default\/vinils-personalitzats-germans-amb-coet-decoracio-habitacions-compartides.jpg\">                    \n            <img\n  src=\"https:\/\/www.starstickvinilos.com\/73969-home_default\/vinils-personalitzats-germans-amb-coet-decoracio-habitacions-compartides.jpg\"\n  loading=\"lazy\"\n  alt=\"Vinils personalitzats - Germans amb coet - Decoraci\u00f3 habitacions compartides\"\n  width=\"380\"\n  height=\"380\"\n  class=\"smooth05 cover-image db\"\n  data-full-size-image-url=\"https:\/\/www.starstickvinilos.com\/73969-large_default\/vinils-personalitzats-germans-amb-coet-decoracio-habitacions-compartides.jpg\">                        \n            \n<span class=\"pmimage-switcher flex-container\">\n    <span><\/span>\n                            <span><\/span>\n                                                            <\/span>\n\n            <\/a>\n\n\n    \n      <div class=\"product-actions show-on-hover scale-on-hover\">\n        \n  \n        \n  \n    <a href=\"https:\/\/www.starstickvinilos.com\/ca\/vinils-noms-per-a-portes-germans\/5844-vinils-personalitzats-germans-amb-coet-decoracio-habitacions-compartides.html\" class=\"btn smooth05\" title=\"Afegeix una adre\u00e7a nova\"\n    aria-label=\"Afegeix una adre\u00e7a nova\" role=\"button\">\n            <svg class=\"svgic svgic-button-cart\">\n            <use href=\"\/themes\/alysum\/assets\/img\/lib.svg#eye2\"><\/use>\n        <\/svg>\n        <\/a>\n        \n      <\/div>\n    \n\n          \n   \n\n  \n      <\/div>\n\n  <div class=\"product-desc-wrap\">\n    <div class=\"product-description relative clearfix\">\n      \n  \n      \n      \n    <h3 class=\"product-title text-left\">\n        <a href=\"https:\/\/www.starstickvinilos.com\/ca\/vinils-noms-per-a-portes-germans\/5844-vinils-personalitzats-germans-amb-coet-decoracio-habitacions-compartides.html\">Vinils personalitzats - Germans amb coet -...<\/a>\n    <\/h3>\n    \n\n      \n      \n                    <div class=\"product-price-and-shipping\">\n                \n                \n                <span class=\"price\" content=\"22.5\">22,50\u00a0\u20ac<\/span>\n                \n                \n            <\/div>\n\n                        \n\n      \n  \n    <div class=\"short-desc product-description-short pm_desk_false shown\">\n        <p>Fant\u00e0stica idea per decorar de manera personalitzada les habitacions infantils compartides per germans diferents. Vinils personalitzables, elegants i molt f\u00e0cils d'instal\u00b7lar.<\/p>\n<p>\u00a0<\/p>\n<p><strong>Mida de la l\u00e0mina i del muntatge<\/strong><\/p>\n<p><strong>L\u00e0mina amb 1 nom:<\/strong><span class=\"apple-converted-space\">\u00a030x24<\/span>\u00a0cm<\/p>\n<p><strong>L\u00e0mina amb 2 noms:<\/strong><span class=\"apple-converted-space\">\u00a030x28<\/span>\u00a0cm<\/p>\n    <\/div>\n\n      \n  <div class=\"hook-reviews hide-reviews\">\n    \n\n    <div class=\"reviStarsContainer\">\n\n        <div class=\"reviStars\" style=\"--rating: 4;\"><\/div>\n                    <div class=\"reviStarsBlock\">(1)<\/div>\n        \n    <\/div>\n\n\n<\/div>\n      \n      \n        <div class=\"highlighted-informations no-variants\">\n            <div class=\"variant-links\">\n    <span class=\"js-count count\"><\/span>\n<\/div>\n        <\/div>\n    \n\n    <\/div>\n          \n  \n<ul class=\"product-flags\"><\/ul>\n      <\/div>\n\n  <div class=\"displayProductButtonFixed hide-empty\">    \n\n        \n        \n<a href=\"#\" class=\"favoritesButton flex-container align-items-center favorites-button pktopleft btn\" data-pid=\"5844\" data-action=\"add\" title=\"Afegir a preferits\"\n    aria-label=\"Afegir a preferits\" role=\"button\">\n    <svg class=\"svgic\">\n        <use href=\"\/themes\/alysum\/assets\/img\/lib.svg#love\"><\/use>\n    <\/svg>\n    \n<\/a><\/div>\n\n            <\/div>\n<\/article>\n            \t\n\n            \n\n\n\n\n\n\n\n\n\n\n\n\n\n\n\n\n\n\n\n\n\n\n\n\n\n\n\n\n\n\n\n<article class=\"product-miniature js-product-miniature vinils-noms-per-a-portes-nen\" data-id-product=\"4436\" data-id-product-attribute=\"1071875\">\n  <div class=\"thumbnail-container relative\">\n                  \n  <div class=\"thumbnail product-thumbnail relative flex-container\">\n    \n                      \n                                                \n\n\n\n\n\n<a href=\"https:\/\/www.starstickvinilos.com\/ca\/vinils-noms-per-a-portes-nen\/4436-decoracio-infantil-personalitzada-astronauta-amb-planetes-vinils-amb-nom.html\" class=\"relative oh db subimage-true\">\n            <img\n  src=\"https:\/\/www.starstickvinilos.com\/37249-home_default\/decoracio-infantil-personalitzada-astronauta-amb-planetes-vinils-amb-nom.jpg\"\n  loading=\"lazy\"\n  alt=\"Decoraci\u00f3 infantil personalitzada - Astronauta amb planetes \u2013 Vinils amb nom\"\n  width=\"380\"\n  height=\"380\"\n  class=\"smooth05 cover-image db\"\n  data-full-size-image-url=\"https:\/\/www.starstickvinilos.com\/37249-large_default\/decoracio-infantil-personalitzada-astronauta-amb-planetes-vinils-amb-nom.jpg\">                    \n                <img\n  src=\"https:\/\/www.starstickvinilos.com\/37250-home_default\/decoracio-infantil-personalitzada-astronauta-amb-planetes-vinils-amb-nom.jpg\"\n  loading=\"lazy\"\n  alt=\"Decoraci\u00f3 infantil personalitzada - Astronauta amb planetes \u2013 Vinils amb nom\"\n  width=\"380\"\n  height=\"380\"\n  class=\"smooth05 cover-image db\"\n  data-full-size-image-url=\"https:\/\/www.starstickvinilos.com\/37250-large_default\/decoracio-infantil-personalitzada-astronauta-amb-planetes-vinils-amb-nom.jpg\">                            \n            \n<span class=\"pmimage-switcher flex-container\">\n    <span><\/span>\n                                        <span><\/span>\n                                                                        <\/span>\n\n            <\/a>\n\n\n    \n      <div class=\"product-actions show-on-hover scale-on-hover\">\n        \n  \n        \n  \n    <a href=\"https:\/\/www.starstickvinilos.com\/ca\/vinils-noms-per-a-portes-nen\/4436-decoracio-infantil-personalitzada-astronauta-amb-planetes-vinils-amb-nom.html\" class=\"btn smooth05\" title=\"Afegeix una adre\u00e7a nova\"\n    aria-label=\"Afegeix una adre\u00e7a nova\" role=\"button\">\n            <svg class=\"svgic svgic-button-cart\">\n            <use href=\"\/themes\/alysum\/assets\/img\/lib.svg#eye2\"><\/use>\n        <\/svg>\n        <\/a>\n        \n      <\/div>\n    \n\n          \n   \n\n  \n      <\/div>\n\n  <div class=\"product-desc-wrap\">\n    <div class=\"product-description relative clearfix\">\n      \n  \n      \n      \n    <h3 class=\"product-title text-left\">\n        <a href=\"https:\/\/www.starstickvinilos.com\/ca\/vinils-noms-per-a-portes-nen\/4436-decoracio-infantil-personalitzada-astronauta-amb-planetes-vinils-amb-nom.html\">Decoraci\u00f3 infantil personalitzada....<\/a>\n    <\/h3>\n    \n\n      \n      \n                    <div class=\"product-price-and-shipping\">\n                \n                \n                <span class=\"price\" content=\"22.5\">22,50\u00a0\u20ac<\/span>\n                \n                \n            <\/div>\n\n                        \n\n      \n  \n    <div class=\"short-desc product-description-short pm_desk_false shown\">\n        <p>Vinils infantils personalitzats amb un o dos noms. Ideals per enganxar a la paret, a les portes de les habitacions o a qualsevol superf\u00edcie llisa. Hi ha diferents models a triar. Aquest model de l'astronauta amb planetes es pot combinar amb molts altres vinils de la mateixa col\u00b7lecci\u00f3. Crea la teva combinaci\u00f3 i decora les habitacions infantils amb estil i diversi\u00f3.<\/p>\n<p><strong><\/strong><\/p>\n<p><strong>Mida de la l\u00e0mina i del muntatge<\/strong><\/p>\n<p><strong>L\u00e0mina amb 1 nom:<\/strong><span class=\"apple-converted-space\">\u00a030x19<\/span>\u00a0cm<\/p>\n<p><strong>L\u00e0mina amb 2 noms:<\/strong><span class=\"apple-converted-space\">\u00a030x25<\/span>\u00a0cm<\/p>\n    <\/div>\n\n      \n  <div class=\"hook-reviews hide-reviews\">\n    \n\n    \n\n<\/div>\n      \n      \n        <div class=\"highlighted-informations no-variants\">\n            <div class=\"variant-links\">\n    <span class=\"js-count count\"><\/span>\n<\/div>\n        <\/div>\n    \n\n    <\/div>\n          \n  \n<ul class=\"product-flags\"><\/ul>\n      <\/div>\n\n  <div class=\"displayProductButtonFixed hide-empty\">    \n\n        \n        \n<a href=\"#\" class=\"favoritesButton flex-container align-items-center favorites-button pktopleft btn\" data-pid=\"4436\" data-action=\"add\" title=\"Afegir a preferits\"\n    aria-label=\"Afegir a preferits\" role=\"button\">\n    <svg class=\"svgic\">\n        <use href=\"\/themes\/alysum\/assets\/img\/lib.svg#love\"><\/use>\n    <\/svg>\n    \n<\/a><\/div>\n\n            <\/div>\n<\/article>\n            \t\n\n            \n\n\n\n\n\n\n\n\n\n\n\n\n\n\n\n\n\n\n\n\n\n\n\n\n\n\n\n\n\n\n\n<article class=\"product-miniature js-product-miniature vinils-noms-per-a-portes-nena\" data-id-product=\"4454\" data-id-product-attribute=\"1074977\">\n  <div class=\"thumbnail-container relative\">\n                  \n  <div class=\"thumbnail product-thumbnail relative flex-container\">\n    \n                      \n                                                \n\n\n\n\n\n<a href=\"https:\/\/www.starstickvinilos.com\/ca\/vinils-noms-per-a-portes-nena\/4454-vinils-infantils-personalitzats-la-balena-reina-sota-el-mar.html\" class=\"relative oh db subimage-true\">\n            <img\n  src=\"https:\/\/www.starstickvinilos.com\/37409-home_default\/vinils-infantils-personalitzats-la-balena-reina-sota-el-mar.jpg\"\n  loading=\"lazy\"\n  alt=\"Vinils infantils...\"\n  width=\"380\"\n  height=\"380\"\n  class=\"smooth05 cover-image db\"\n  data-full-size-image-url=\"https:\/\/www.starstickvinilos.com\/37409-large_default\/vinils-infantils-personalitzats-la-balena-reina-sota-el-mar.jpg\">                    \n                <img\n  src=\"https:\/\/www.starstickvinilos.com\/37408-home_default\/vinils-infantils-personalitzats-la-balena-reina-sota-el-mar.jpg\"\n  loading=\"lazy\"\n  alt=\"Vinils infantils...\"\n  width=\"380\"\n  height=\"380\"\n  class=\"smooth05 cover-image db\"\n  data-full-size-image-url=\"https:\/\/www.starstickvinilos.com\/37408-large_default\/vinils-infantils-personalitzats-la-balena-reina-sota-el-mar.jpg\">                                \n            \n<span class=\"pmimage-switcher flex-container\">\n    <span><\/span>\n                                        <span><\/span>\n                                                                                    <\/span>\n\n            <\/a>\n\n\n    \n      <div class=\"product-actions show-on-hover scale-on-hover\">\n        \n  \n        \n  \n    <a href=\"https:\/\/www.starstickvinilos.com\/ca\/vinils-noms-per-a-portes-nena\/4454-vinils-infantils-personalitzats-la-balena-reina-sota-el-mar.html\" class=\"btn smooth05\" title=\"Afegeix una adre\u00e7a nova\"\n    aria-label=\"Afegeix una adre\u00e7a nova\" role=\"button\">\n            <svg class=\"svgic svgic-button-cart\">\n            <use href=\"\/themes\/alysum\/assets\/img\/lib.svg#eye2\"><\/use>\n        <\/svg>\n        <\/a>\n        \n      <\/div>\n    \n\n          \n   \n\n  \n      <\/div>\n\n  <div class=\"product-desc-wrap\">\n    <div class=\"product-description relative clearfix\">\n      \n  \n      \n      \n    <h3 class=\"product-title text-left\">\n        <a href=\"https:\/\/www.starstickvinilos.com\/ca\/vinils-noms-per-a-portes-nena\/4454-vinils-infantils-personalitzats-la-balena-reina-sota-el-mar.html\">Vinils infantils personalitzats - La...<\/a>\n    <\/h3>\n    \n\n      \n      \n                    <div class=\"product-price-and-shipping\">\n                \n                \n                <span class=\"price\" content=\"22.5\">22,50\u00a0\u20ac<\/span>\n                \n                \n            <\/div>\n\n                        \n\n      \n  \n    <div class=\"short-desc product-description-short pm_desk_false shown\">\n        <p>Vinils infantils personalitzats amb un o dos noms. Ideals per enganxar a la paret, a les portes de les habitacions o a qualsevol superf\u00edcie llisa.<\/p>\n<p><strong><\/strong><\/p>\n<p><strong>Mida de la l\u00e0mina i del muntatge<\/strong><\/p>\n<p><strong>L\u00e0mina amb 1 nom:<\/strong><span class=\"apple-converted-space\">\u00a030x24<\/span>\u00a0cm<\/p>\n<p><strong>L\u00e0mina amb 2 noms:<\/strong><span class=\"apple-converted-space\">\u00a030x28<\/span>\u00a0cm<\/p>\n    <\/div>\n\n      \n  <div class=\"hook-reviews hide-reviews\">\n    \n\n    \n\n<\/div>\n      \n      \n        <div class=\"highlighted-informations no-variants\">\n            <div class=\"variant-links\">\n    <span class=\"js-count count\"><\/span>\n<\/div>\n        <\/div>\n    \n\n    <\/div>\n          \n  \n<ul class=\"product-flags\"><\/ul>\n      <\/div>\n\n  <div class=\"displayProductButtonFixed hide-empty\">    \n\n        \n        \n<a href=\"#\" class=\"favoritesButton flex-container align-items-center favorites-button pktopleft btn\" data-pid=\"4454\" data-action=\"add\" title=\"Afegir a preferits\"\n    aria-label=\"Afegir a preferits\" role=\"button\">\n    <svg class=\"svgic\">\n        <use href=\"\/themes\/alysum\/assets\/img\/lib.svg#love\"><\/use>\n    <\/svg>\n    \n<\/a><\/div>\n\n            <\/div>\n<\/article>\n            \t\n\n            \n\n\n\n\n\n\n\n\n\n\n\n\n\n\n\n\n\n\n\n\n\n\n\n\n\n\n\n\n\n\n\n<article class=\"product-miniature js-product-miniature vinils-noms-per-a-portes-nado\" data-id-product=\"4716\" data-id-product-attribute=\"1095989\">\n  <div class=\"thumbnail-container relative\">\n                  \n  <div class=\"thumbnail product-thumbnail relative flex-container\">\n    \n                      \n                                                \n\n\n\n\n\n<a href=\"https:\/\/www.starstickvinilos.com\/ca\/vinils-noms-per-a-portes-nado\/4716-vinils-infantils-amb-nom-cotxe-amb-dinosaure-decoracio-personalitzada-per-a-nado.html\" class=\"relative oh db subimage-true\">\n            <img\n  src=\"https:\/\/www.starstickvinilos.com\/41069-home_default\/vinils-infantils-amb-nom-cotxe-amb-dinosaure-decoracio-personalitzada-per-a-nado.jpg\"\n  loading=\"lazy\"\n  alt=\"Vinils infantils amb nom - Cotxe amb dinosaure - Decoraci\u00f3 personalitzada per a nad\u00f3\"\n  width=\"380\"\n  height=\"380\"\n  class=\"smooth05 cover-image db\"\n  data-full-size-image-url=\"https:\/\/www.starstickvinilos.com\/41069-large_default\/vinils-infantils-amb-nom-cotxe-amb-dinosaure-decoracio-personalitzada-per-a-nado.jpg\">                    \n                <img\n  src=\"https:\/\/www.starstickvinilos.com\/41067-home_default\/vinils-infantils-amb-nom-cotxe-amb-dinosaure-decoracio-personalitzada-per-a-nado.jpg\"\n  loading=\"lazy\"\n  alt=\"Vinils infantils amb nom - Cotxe amb dinosaure - Decoraci\u00f3 personalitzada per a nad\u00f3\"\n  width=\"380\"\n  height=\"380\"\n  class=\"smooth05 cover-image db\"\n  data-full-size-image-url=\"https:\/\/www.starstickvinilos.com\/41067-large_default\/vinils-infantils-amb-nom-cotxe-amb-dinosaure-decoracio-personalitzada-per-a-nado.jpg\">                                \n            \n<span class=\"pmimage-switcher flex-container\">\n    <span><\/span>\n                                        <span><\/span>\n                                                                                    <\/span>\n\n            <\/a>\n\n\n    \n      <div class=\"product-actions show-on-hover scale-on-hover\">\n        \n  \n        \n  \n    <a href=\"https:\/\/www.starstickvinilos.com\/ca\/vinils-noms-per-a-portes-nado\/4716-vinils-infantils-amb-nom-cotxe-amb-dinosaure-decoracio-personalitzada-per-a-nado.html\" class=\"btn smooth05\" title=\"Afegeix una adre\u00e7a nova\"\n    aria-label=\"Afegeix una adre\u00e7a nova\" role=\"button\">\n            <svg class=\"svgic svgic-button-cart\">\n            <use href=\"\/themes\/alysum\/assets\/img\/lib.svg#eye2\"><\/use>\n        <\/svg>\n        <\/a>\n        \n      <\/div>\n    \n\n          \n   \n\n  \n      <\/div>\n\n  <div class=\"product-desc-wrap\">\n    <div class=\"product-description relative clearfix\">\n      \n  \n      \n      \n    <h3 class=\"product-title text-left\">\n        <a href=\"https:\/\/www.starstickvinilos.com\/ca\/vinils-noms-per-a-portes-nado\/4716-vinils-infantils-amb-nom-cotxe-amb-dinosaure-decoracio-personalitzada-per-a-nado.html\">Vinils infantils amb nom - Cotxe amb...<\/a>\n    <\/h3>\n    \n\n      \n      \n                    <div class=\"product-price-and-shipping\">\n                \n                \n                <span class=\"price\" content=\"22.5\">22,50\u00a0\u20ac<\/span>\n                \n                \n            <\/div>\n\n                        \n\n      \n  \n    <div class=\"short-desc product-description-short pm_desk_false shown\">\n        <p><strong>Mida de la l\u00e0mina i del muntatge<\/strong><\/p>\n<p><strong>L\u00e0mina amb 1 nom:<\/strong><span class=\"apple-converted-space\">\u00a030x24<\/span>\u00a0cm<\/p>\n<p><strong>L\u00e0mina amb 2 noms:<\/strong><span class=\"apple-converted-space\">\u00a030x28<\/span>\u00a0cm<\/p>\n    <\/div>\n\n      \n  <div class=\"hook-reviews hide-reviews\">\n    \n\n    \n\n<\/div>\n      \n      \n        <div class=\"highlighted-informations\">\n            <div class=\"variant-links\">\n              \n    <a href=\"https:\/\/www.starstickvinilos.com\/ca\/vinils-noms-per-a-portes-nado\/4716-vinils-infantils-amb-nom-cotxe-amb-dinosaure-decoracio-personalitzada-per-a-nado.html\"\n       class=\"color\"\n       title=\"c3 Gris clar\"\n       aria-label=\"c3 Gris clar\"\n       style=\"background-color: #c4c4c4\"           ><span class=\"sr-only\">c3 Gris clar<\/span>\n  <\/a>\n              \n    <a href=\"https:\/\/www.starstickvinilos.com\/ca\/vinils-noms-per-a-portes-nado\/4716-vinils-infantils-amb-nom-cotxe-amb-dinosaure-decoracio-personalitzada-per-a-nado.html\"\n       class=\"color\"\n       title=\"c22 Groc\"\n       aria-label=\"c22 Groc\"\n       style=\"background-color: #f8d200\"           ><span class=\"sr-only\">c22 Groc<\/span>\n  <\/a>\n    <span class=\"js-count count\"><\/span>\n<\/div>\n        <\/div>\n    \n\n    <\/div>\n          \n  \n<ul class=\"product-flags\"><\/ul>\n      <\/div>\n\n  <div class=\"displayProductButtonFixed hide-empty\">    \n\n        \n        \n<a href=\"#\" class=\"favoritesButton flex-container align-items-center favorites-button pktopleft btn\" data-pid=\"4716\" data-action=\"add\" title=\"Afegir a preferits\"\n    aria-label=\"Afegir a preferits\" role=\"button\">\n    <svg class=\"svgic\">\n        <use href=\"\/themes\/alysum\/assets\/img\/lib.svg#love\"><\/use>\n    <\/svg>\n    \n<\/a><\/div>\n\n            <\/div>\n<\/article>\n    ","rendered_products_top":"\n<div id=\"js-product-list-top\" class=\"products-selection flex-container flex-wrap\">\n\n    <button class=\"btn pk-filter-button hidden\" data-trigger-name=\"filter-wrapper\">\n        Filtre <svg class=\"svgic\">\n            <use href=\"\/themes\/alysum\/assets\/img\/lib.svg#filter\"><\/use>\n        <\/svg>\n    <\/button>\n\n    <div class=\"sort-by-row flex-container\">\n        \n            <div class=\"products-sort-order dropdown\">\n\n  <a href=\"#\" class=\"select-title ellipsis\" rel=\"nofollow\" data-toggle=\"dropdown\" aria-haspopup=\"true\" aria-expanded=\"false\">\n          Ordenar per: Rellev\u00e0ncia\n      <\/a>\n  <div class=\"dropdown-menu\">\n          <a rel=\"nofollow\" xhref=\"https:\/\/www.starstickvinilos.com\/ca\/19-vinils-amb-nom?order=product.position.asc\" class=\"fakelinkorders select-list current js-search-link2\">\n        Rellev\u00e0ncia\n      <\/a>\n          <a rel=\"nofollow\" xhref=\"https:\/\/www.starstickvinilos.com\/ca\/19-vinils-amb-nom?order=product.name.asc\" class=\"fakelinkorders select-list js-search-link2\">\n        Nom, A - Z\n      <\/a>\n          <a rel=\"nofollow\" xhref=\"https:\/\/www.starstickvinilos.com\/ca\/19-vinils-amb-nom?order=product.name.desc\" class=\"fakelinkorders select-list js-search-link2\">\n        Nom, Z - A\n      <\/a>\n          <a rel=\"nofollow\" xhref=\"https:\/\/www.starstickvinilos.com\/ca\/19-vinils-amb-nom?order=product.price.asc\" class=\"fakelinkorders select-list js-search-link2\">\n        Preu, de m\u00e9s petit a m\u00e9s gran\n      <\/a>\n          <a rel=\"nofollow\" xhref=\"https:\/\/www.starstickvinilos.com\/ca\/19-vinils-amb-nom?order=product.price.desc\" class=\"fakelinkorders select-list js-search-link2\">\n        Preu, de m\u00e9s gran a m\u00e9s petit\n      <\/a>\n      <\/div>\n  \n<\/div>        \n    <\/div>\n\n    \n\n\n\n\n    <div class=\"listing_view flex-container\">\n                    \n    <div class=\"view_btn smooth02 active\" id=\"view_magic\"\n        data-gridcols=\"1\" title=\"Grid Auto Mode\" tabindex=\"0\" role=\"button\" aria-pressed=\"false\">\n        <svg class=\"svgic smooth02 svgic-magic\">\n            <use href=\"\/themes\/alysum\/assets\/img\/lib.svg#magic\"><\/use>\n        <\/svg>\n    <\/div>\n\n                            \n    <div class=\"view_btn smooth02\" id=\"view_grid2\"\n        data-gridcols=\"2\" title=\"Grid 2 columns\" tabindex=\"0\" role=\"button\" aria-pressed=\"false\">\n        <svg class=\"svgic smooth02 svgic-grid2\">\n            <use href=\"\/themes\/alysum\/assets\/img\/lib.svg#grid2\"><\/use>\n        <\/svg>\n    <\/div>\n\n                            \n    <div class=\"view_btn smooth02\" id=\"view_grid3\"\n        data-gridcols=\"3\" title=\"Grid 3 columns\" tabindex=\"0\" role=\"button\" aria-pressed=\"false\">\n        <svg class=\"svgic smooth02 svgic-grid3\">\n            <use href=\"\/themes\/alysum\/assets\/img\/lib.svg#grid3\"><\/use>\n        <\/svg>\n    <\/div>\n\n                            \n    <div class=\"view_btn smooth02\" id=\"view_grid4\"\n        data-gridcols=\"4\" title=\"Grid 4 columns\" tabindex=\"0\" role=\"button\" aria-pressed=\"false\">\n        <svg class=\"svgic smooth02 svgic-grid4\">\n            <use href=\"\/themes\/alysum\/assets\/img\/lib.svg#grid4\"><\/use>\n        <\/svg>\n    <\/div>\n\n                            \n    <div class=\"view_btn smooth02\" id=\"view_grid5\"\n        data-gridcols=\"5\" title=\"Grid 5 columns\" tabindex=\"0\" role=\"button\" aria-pressed=\"false\">\n        <svg class=\"svgic smooth02 svgic-grid5\">\n            <use href=\"\/themes\/alysum\/assets\/img\/lib.svg#grid5\"><\/use>\n        <\/svg>\n    <\/div>\n\n                            \n    <div class=\"view_btn smooth02\" id=\"view_grid6\"\n        data-gridcols=\"6\" title=\"Grid 6 columns\" tabindex=\"0\" role=\"button\" aria-pressed=\"false\">\n        <svg class=\"svgic smooth02 svgic-grid6\">\n            <use href=\"\/themes\/alysum\/assets\/img\/lib.svg#grid6\"><\/use>\n        <\/svg>\n    <\/div>\n\n                    \n        \n    <div class=\"view_btn smooth02\" id=\"view_list\"\n        data-gridcols=\"0\" title=\"List\" tabindex=\"0\" role=\"button\" aria-pressed=\"false\">\n        <svg class=\"svgic smooth02 svgic-list\">\n            <use href=\"\/themes\/alysum\/assets\/img\/lib.svg#list\"><\/use>\n        <\/svg>\n    <\/div>\n\n    <\/div>\n\n\n<\/div>","rendered_products":"<div id=\"js-product-list\">\n  <div class=\"product-list-container grid-container\">\n          \n        \t\n\n            \n\n\n\n\n\n\n\n\n\n\n\n\n\n\n\n\n\n\n\n\n\n\n\n\n\n\n\n\n\n\n\n<article class=\"product-miniature js-product-miniature inicio\" data-id-product=\"4839\" data-id-product-attribute=\"0\">\n  <div class=\"thumbnail-container relative\">\n                  \n  <div class=\"thumbnail product-thumbnail relative flex-container\">\n    \n                      \n                                                \n\n\n\n\n\n<a href=\"https:\/\/www.starstickvinilos.com\/ca\/inicio\/4839-personalitza-amb-nom-vinils-infantils-personalitzats-decoracio-infantil.html\" class=\"relative oh db subimage-true\">\n            <img\n  src=\"https:\/\/www.starstickvinilos.com\/43158-home_default\/personalitza-amb-nom-vinils-infantils-personalitzats-decoracio-infantil.jpg\"\n  loading=\"lazy\"\n  alt=\"Personalitza el teu vinil amb nom. Vinils infantils personalitzats\"\n  width=\"380\"\n  height=\"380\"\n  class=\"smooth05 cover-image db\"\n  data-full-size-image-url=\"https:\/\/www.starstickvinilos.com\/43158-large_default\/personalitza-amb-nom-vinils-infantils-personalitzats-decoracio-infantil.jpg\">                    \n                <img\n  src=\"https:\/\/www.starstickvinilos.com\/93758-home_default\/personalitza-amb-nom-vinils-infantils-personalitzats-decoracio-infantil.jpg\"\n  loading=\"lazy\"\n  alt=\"Personalitza el teu vinil amb nom. Vinils infantils personalitzats\"\n  width=\"380\"\n  height=\"380\"\n  class=\"smooth05 cover-image db\"\n  data-full-size-image-url=\"https:\/\/www.starstickvinilos.com\/93758-large_default\/personalitza-amb-nom-vinils-infantils-personalitzats-decoracio-infantil.jpg\">                                                                                                        \n            \n<span class=\"pmimage-switcher flex-container\">\n    <span><\/span>\n                                        <span><\/span>\n                                                                                                                                                                                                                                                                                                            <\/span>\n\n            <\/a>\n\n\n    \n      <div class=\"product-actions show-on-hover scale-on-hover\">\n        \n  \n        \n  \n    <a href=\"https:\/\/www.starstickvinilos.com\/ca\/inicio\/4839-personalitza-amb-nom-vinils-infantils-personalitzats-decoracio-infantil.html\" class=\"btn smooth05\" title=\"Afegeix una adre\u00e7a nova\"\n    aria-label=\"Afegeix una adre\u00e7a nova\" role=\"button\">\n            <svg class=\"svgic svgic-button-cart\">\n            <use href=\"\/themes\/alysum\/assets\/img\/lib.svg#eye2\"><\/use>\n        <\/svg>\n        <\/a>\n        \n      <\/div>\n    \n\n          \n   \n\n  \n      <\/div>\n\n  <div class=\"product-desc-wrap\">\n    <div class=\"product-description relative clearfix\">\n      \n  \n      \n      \n    <h3 class=\"product-title text-left\">\n        <a href=\"https:\/\/www.starstickvinilos.com\/ca\/inicio\/4839-personalitza-amb-nom-vinils-infantils-personalitzats-decoracio-infantil.html\">Personalitza el teu vinil amb nom. Vinils...<\/a>\n    <\/h3>\n    \n\n      \n      \n                    <div class=\"product-price-and-shipping\">\n                \n                \n                <span class=\"price\" content=\"12.5\">12,50\u00a0\u20ac<\/span>\n                \n                \n            <\/div>\n\n                        \n\n      \n  \n    <div class=\"short-desc product-description-short pm_desk_false shown\">\n        <p>Oferim tres mides diferents per personalitzar noms. L'alt indicat es refereix a l'al\u00e7ada de la lletra m\u00e9s alta en el nom que tri\u00efs. Et recomanem optar per la mateixa mida que un vinil est\u00e0ndard per aconseguir un efecte \u00f2ptim.<\/p>\n<p><strong>Petit -<\/strong> Alt de les lletres: 10 cm<br \/><strong>Mitj\u00e0 -<\/strong> Alt de les lletres: 15 cm<br \/><strong>Gran -<\/strong> Alt de les lletres: 20 cm<\/p>\n<p><strong>\u26a0\ufe0f<span style=\"color:#4a4a4a;\">1 NOM PER UNITAT DE PRODUCTE.<\/span><\/strong><span style=\"color:#4a4a4a;\"> Si desitges m\u00e9s d'un nom, afegeix el producte de nou al carro amb el segon nom.<\/span><\/p>\n    <\/div>\n\n      \n  <div class=\"hook-reviews hide-reviews\">\n    \n\n    \n\n<\/div>\n      \n      \n        <div class=\"highlighted-informations no-variants\">\n            <div class=\"variant-links\">\n    <span class=\"js-count count\"><\/span>\n<\/div>\n        <\/div>\n    \n\n    <\/div>\n          \n  \n<ul class=\"product-flags\"><\/ul>\n      <\/div>\n\n  <div class=\"displayProductButtonFixed hide-empty\">    \n\n        \n        \n<a href=\"#\" class=\"favoritesButton flex-container align-items-center favorites-button pktopleft btn\" data-pid=\"4839\" data-action=\"add\" title=\"Afegir a preferits\"\n    aria-label=\"Afegir a preferits\" role=\"button\">\n    <svg class=\"svgic\">\n        <use href=\"\/themes\/alysum\/assets\/img\/lib.svg#love\"><\/use>\n    <\/svg>\n    \n<\/a><\/div>\n\n            <\/div>\n<\/article>\n      \n          \n        \t\n\n            \n\n\n\n\n\n\n\n\n\n\n\n\n\n\n\n\n\n\n\n\n\n\n\n\n\n\n\n\n\n\n\n<article class=\"product-miniature js-product-miniature vinils-amb-nom\" data-id-product=\"3952\" data-id-product-attribute=\"928425\">\n  <div class=\"thumbnail-container relative\">\n                  \n  <div class=\"thumbnail product-thumbnail relative flex-container\">\n    \n                      \n                                                \n\n\n\n\n\n<a href=\"https:\/\/www.starstickvinilos.com\/ca\/vinils-amb-nom\/3952-vinils-amb-nom-combinacio-blau-i-taronja-decoracio-infantil-personalitzada.html\" class=\"relative oh db subimage-true\">\n            <img\n  src=\"https:\/\/www.starstickvinilos.com\/80914-home_default\/vinils-amb-nom-combinacio-blau-i-taronja-decoracio-infantil-personalitzada.jpg\"\n  loading=\"lazy\"\n  alt=\"Vinil infantil personalitzat amb nom i estrelles en colors suaus.\"\n  width=\"380\"\n  height=\"380\"\n  class=\"smooth05 cover-image db\"\n  data-full-size-image-url=\"https:\/\/www.starstickvinilos.com\/80914-large_default\/vinils-amb-nom-combinacio-blau-i-taronja-decoracio-infantil-personalitzada.jpg\">                    \n                <img\n  src=\"https:\/\/www.starstickvinilos.com\/80910-home_default\/vinils-amb-nom-combinacio-blau-i-taronja-decoracio-infantil-personalitzada.jpg\"\n  loading=\"lazy\"\n  alt=\"Vinil infantil personalitzat amb nom i estrelles en colors suaus.\"\n  width=\"380\"\n  height=\"380\"\n  class=\"smooth05 cover-image db\"\n  data-full-size-image-url=\"https:\/\/www.starstickvinilos.com\/80910-large_default\/vinils-amb-nom-combinacio-blau-i-taronja-decoracio-infantil-personalitzada.jpg\">                                        \n            \n<span class=\"pmimage-switcher flex-container\">\n    <span><\/span>\n                                        <span><\/span>\n                                                                                                            <\/span>\n\n            <\/a>\n\n\n    \n      <div class=\"product-actions show-on-hover scale-on-hover\">\n        \n  \n        \n  \n    <a href=\"https:\/\/www.starstickvinilos.com\/ca\/vinils-amb-nom\/3952-vinils-amb-nom-combinacio-blau-i-taronja-decoracio-infantil-personalitzada.html\" class=\"btn smooth05\" title=\"Afegeix una adre\u00e7a nova\"\n    aria-label=\"Afegeix una adre\u00e7a nova\" role=\"button\">\n            <svg class=\"svgic svgic-button-cart\">\n            <use href=\"\/themes\/alysum\/assets\/img\/lib.svg#eye2\"><\/use>\n        <\/svg>\n        <\/a>\n        \n      <\/div>\n    \n\n          \n   \n\n  \n      <\/div>\n\n  <div class=\"product-desc-wrap\">\n    <div class=\"product-description relative clearfix\">\n      \n  \n      \n      \n    <h3 class=\"product-title text-left\">\n        <a href=\"https:\/\/www.starstickvinilos.com\/ca\/vinils-amb-nom\/3952-vinils-amb-nom-combinacio-blau-i-taronja-decoracio-infantil-personalitzada.html\">Vinils amb nom - Combinaci\u00f3 blau i taronja...<\/a>\n    <\/h3>\n    \n\n      \n      \n                    <div class=\"product-price-and-shipping\">\n                \n                \n                <span class=\"price\" content=\"18.5\">18,50\u00a0\u20ac<\/span>\n                \n                \n            <\/div>\n\n                        \n\n      \n  \n    <div class=\"short-desc product-description-short pm_desk_false shown\">\n        <p>Personalitza l\u2019habitaci\u00f3 dels teus petits amb els nostres vinils infantils amb nom. Aquestes enganxines de paret s\u00f3n ideals per donar un toc modern i original a dormitoris, sales de joc o llars d\u2019infants. Cada disseny s\u2019adapta al nom que tri\u00efs, convertint la paret en un espai \u00fanic.<\/p>\n<p><\/p>\n<p class=\"MsoNormal\"><strong>Mesures aproximades del vinil (amplada x al\u00e7ada)<\/strong><\/p>\n<p class=\"MsoNormal\"><strong>Petit:<\/strong> Al\u00e7ada de cada lletra: 10 cm + 10 estrelles<\/p>\n<p class=\"MsoNormal\"><strong>Mitj\u00e0:<\/strong> Al\u00e7ada de cada lletra: 15 cm + 10 estrelles<\/p>\n<p class=\"MsoNormal\"><strong>Gran:<\/strong> Al\u00e7ada de cada lletra: 19 cm + 10 estrelles<\/p>\n<p><\/p>\n<p>*Els noms amb m\u00e9s de 6 lletres tindran una al\u00e7ada una mica inferior per poder ajustar-los a la mida de la l\u00e0mina<\/p>\n    <\/div>\n\n      \n  <div class=\"hook-reviews hide-reviews\">\n    \n\n    <div class=\"reviStarsContainer\">\n\n        <div class=\"reviStars\" style=\"--rating: 3;\"><\/div>\n                    <div class=\"reviStarsBlock\">(1)<\/div>\n        \n    <\/div>\n\n\n<\/div>\n      \n      \n        <div class=\"highlighted-informations no-variants\">\n            <div class=\"variant-links\">\n    <span class=\"js-count count\"><\/span>\n<\/div>\n        <\/div>\n    \n\n    <\/div>\n          \n  \n<ul class=\"product-flags\"><\/ul>\n      <\/div>\n\n  <div class=\"displayProductButtonFixed hide-empty\">    \n\n        \n        \n<a href=\"#\" class=\"favoritesButton flex-container align-items-center favorites-button pktopleft btn\" data-pid=\"3952\" data-action=\"add\" title=\"Afegir a preferits\"\n    aria-label=\"Afegir a preferits\" role=\"button\">\n    <svg class=\"svgic\">\n        <use href=\"\/themes\/alysum\/assets\/img\/lib.svg#love\"><\/use>\n    <\/svg>\n    \n<\/a><\/div>\n\n            <\/div>\n<\/article>\n      \n          \n        \t\n\n            \n                                \n\n\n\n\n\n\n\n\n\n\n\n\n\n\n\n\n\n\n\n\n\n\n\n\n\n\n\n\n\n\n<article class=\"product-miniature js-product-miniature vinils-amb-nom miniature-size-x-1x miniature-size-y-1x\" data-id-product=\"7981\" data-id-product-attribute=\"1152537\">\n  <div class=\"thumbnail-container relative\">\n                  \n  <div class=\"thumbnail product-thumbnail relative flex-container\">\n    \n                      \n                                                \n\n\n\n\n\n<a href=\"https:\/\/www.starstickvinilos.com\/ca\/vinils-amb-nom\/7981-vinils-personalitzats-amb-nom-decoracio-infantil-boho-adhesius-de-paret-per-a-nens.html\" class=\"relative oh db subimage-true\">\n            <img\n  src=\"https:\/\/www.starstickvinilos.com\/83913-home_default\/vinils-personalitzats-amb-nom-decoracio-infantil-boho-adhesius-de-paret-per-a-nens.jpg\"\n  loading=\"lazy\"\n  alt=\"Vinils personalitzats amb...\"\n  width=\"380\"\n  height=\"380\"\n  class=\"smooth05 cover-image db\"\n  data-full-size-image-url=\"https:\/\/www.starstickvinilos.com\/83913-large_default\/vinils-personalitzats-amb-nom-decoracio-infantil-boho-adhesius-de-paret-per-a-nens.jpg\">                    \n                <img\n  src=\"https:\/\/www.starstickvinilos.com\/83905-home_default\/vinils-personalitzats-amb-nom-decoracio-infantil-boho-adhesius-de-paret-per-a-nens.jpg\"\n  loading=\"lazy\"\n  alt=\"Vinils personalitzats amb...\"\n  width=\"380\"\n  height=\"380\"\n  class=\"smooth05 cover-image db\"\n  data-full-size-image-url=\"https:\/\/www.starstickvinilos.com\/83905-large_default\/vinils-personalitzats-amb-nom-decoracio-infantil-boho-adhesius-de-paret-per-a-nens.jpg\">                                        \n            \n<span class=\"pmimage-switcher flex-container\">\n    <span><\/span>\n                                        <span><\/span>\n                                                                                                            <\/span>\n\n            <\/a>\n\n\n    \n      <div class=\"product-actions show-on-hover scale-on-hover\">\n        \n  \n        \n  \n    <a href=\"https:\/\/www.starstickvinilos.com\/ca\/vinils-amb-nom\/7981-vinils-personalitzats-amb-nom-decoracio-infantil-boho-adhesius-de-paret-per-a-nens.html\" class=\"btn smooth05\" title=\"Afegeix una adre\u00e7a nova\"\n    aria-label=\"Afegeix una adre\u00e7a nova\" role=\"button\">\n            <svg class=\"svgic svgic-button-cart\">\n            <use href=\"\/themes\/alysum\/assets\/img\/lib.svg#eye2\"><\/use>\n        <\/svg>\n        <\/a>\n        \n      <\/div>\n    \n\n          \n   \n\n  \n      <\/div>\n\n  <div class=\"product-desc-wrap\">\n    <div class=\"product-description relative clearfix\">\n      \n  \n      \n      \n    <h3 class=\"product-title text-left\">\n        <a href=\"https:\/\/www.starstickvinilos.com\/ca\/vinils-amb-nom\/7981-vinils-personalitzats-amb-nom-decoracio-infantil-boho-adhesius-de-paret-per-a-nens.html\">Vinils personalitzats amb nom \u2013 Decoraci\u00f3...<\/a>\n    <\/h3>\n    \n\n      \n      \n                    <div class=\"product-price-and-shipping\">\n                \n                \n                <span class=\"price\" content=\"18.5\">18,50\u00a0\u20ac<\/span>\n                \n                \n            <\/div>\n\n                        \n\n      \n  \n    <div class=\"short-desc product-description-short pm_desk_false shown\">\n        <p>Decora l'habitaci\u00f3 dels teus petits amb els nostres <strong>vinils personalitzats amb nom<\/strong> d'estil <strong>Boho<\/strong>. Aquest conjunt d'<strong>adhesius de paret infantils<\/strong> \u00e9s perfecte per donar un toc \u00fanic, original i acollidor a dormitoris, zones de jocs o guarderies. Cada vinil es dissenya de manera personalitzada amb el nom que tri\u00efs, convertint qualsevol paret llisa en un espai ple d'encant. El disseny bohemi combina colors suaus i formes naturals per crear ambients c\u00e0lids, moderns i plens de personalitat.<\/p>\n<p>\u00a0<\/p>\n<p class=\"MsoNormal\"><strong>Mesures aproximades del vinil (amplada x al\u00e7ada)<\/strong><\/p>\n<p class=\"MsoNormal\"><strong>Petit:<\/strong> Al\u00e7ada de cada lletra: 10 cm + 10 estrelles<\/p>\n<p class=\"MsoNormal\"><strong>Mitj\u00e0:<\/strong> Al\u00e7ada de cada lletra: 15 cm + 10 estrelles<\/p>\n<p class=\"MsoNormal\"><strong>Gran:<\/strong> Al\u00e7ada de cada lletra: 19 cm + 10 estrelles<\/p>\n<p>\u00a0<\/p>\n<p>*Els noms amb m\u00e9s de 6 lletres tindran una al\u00e7ada una mica inferior per poder ajustar-los a la mida de la l\u00e0mina<\/p>\n    <\/div>\n\n      \n  <div class=\"hook-reviews hide-reviews\">\n    \n\n    \n\n<\/div>\n      \n      \n        <div class=\"highlighted-informations no-variants\">\n            <div class=\"variant-links\">\n    <span class=\"js-count count\"><\/span>\n<\/div>\n        <\/div>\n    \n\n    <\/div>\n          \n  \n<ul class=\"product-flags\"><\/ul>\n      <\/div>\n\n  <div class=\"displayProductButtonFixed hide-empty\">    \n\n        \n        \n<a href=\"#\" class=\"favoritesButton flex-container align-items-center favorites-button pktopleft btn\" data-pid=\"7981\" data-action=\"add\" title=\"Afegir a preferits\"\n    aria-label=\"Afegir a preferits\" role=\"button\">\n    <svg class=\"svgic\">\n        <use href=\"\/themes\/alysum\/assets\/img\/lib.svg#love\"><\/use>\n    <\/svg>\n    \n<\/a><\/div>\n\n            <\/div>\n<\/article>\n      \n          \n        \t\n\n            \n\n\n\n\n\n\n\n\n\n\n\n\n\n\n\n\n\n\n\n\n\n\n\n\n\n\n\n\n\n\n\n<article class=\"product-miniature js-product-miniature vinils-amb-nom\" data-id-product=\"8674\" data-id-product-attribute=\"1162236\">\n  <div class=\"thumbnail-container relative\">\n                  \n  <div class=\"thumbnail product-thumbnail relative flex-container\">\n    \n                      \n                                                \n\n\n\n\n\n<a href=\"https:\/\/www.starstickvinilos.com\/ca\/vinils-amb-nom\/8674-vinil-decoratiu-personalitzat-amb-nom-i-cors-de-colors-habitacions-infantils.html\" class=\"relative oh db subimage-true\">\n            <img\n  src=\"https:\/\/www.starstickvinilos.com\/92770-home_default\/vinil-decoratiu-personalitzat-amb-nom-i-cors-de-colors-habitacions-infantils.jpg\"\n  loading=\"lazy\"\n  alt=\"Vinil decoratiu personalitzat amb nom i cors de colors per a habitaci\u00f3 infantil\"\n  width=\"380\"\n  height=\"380\"\n  class=\"smooth05 cover-image db\"\n  data-full-size-image-url=\"https:\/\/www.starstickvinilos.com\/92770-large_default\/vinil-decoratiu-personalitzat-amb-nom-i-cors-de-colors-habitacions-infantils.jpg\">                    \n                <img\n  src=\"https:\/\/www.starstickvinilos.com\/92767-home_default\/vinil-decoratiu-personalitzat-amb-nom-i-cors-de-colors-habitacions-infantils.jpg\"\n  loading=\"lazy\"\n  alt=\"Vinil decoratiu personalitzat amb nom i cors de colors per a habitaci\u00f3 infantil\"\n  width=\"380\"\n  height=\"380\"\n  class=\"smooth05 cover-image db\"\n  data-full-size-image-url=\"https:\/\/www.starstickvinilos.com\/92767-large_default\/vinil-decoratiu-personalitzat-amb-nom-i-cors-de-colors-habitacions-infantils.jpg\">                                            \n            \n<span class=\"pmimage-switcher flex-container\">\n    <span><\/span>\n                                        <span><\/span>\n                                                                                                                        <\/span>\n\n            <\/a>\n\n\n    \n      <div class=\"product-actions show-on-hover scale-on-hover\">\n        \n  \n        \n  \n    <a href=\"https:\/\/www.starstickvinilos.com\/ca\/vinils-amb-nom\/8674-vinil-decoratiu-personalitzat-amb-nom-i-cors-de-colors-habitacions-infantils.html\" class=\"btn smooth05\" title=\"Afegeix una adre\u00e7a nova\"\n    aria-label=\"Afegeix una adre\u00e7a nova\" role=\"button\">\n            <svg class=\"svgic svgic-button-cart\">\n            <use href=\"\/themes\/alysum\/assets\/img\/lib.svg#eye2\"><\/use>\n        <\/svg>\n        <\/a>\n        \n      <\/div>\n    \n\n          \n   \n\n  \n      <\/div>\n\n  <div class=\"product-desc-wrap\">\n    <div class=\"product-description relative clearfix\">\n      \n  \n      \n      \n    <h3 class=\"product-title text-left\">\n        <a href=\"https:\/\/www.starstickvinilos.com\/ca\/vinils-amb-nom\/8674-vinil-decoratiu-personalitzat-amb-nom-i-cors-de-colors-habitacions-infantils.html\">Vinil decoratiu personalitzat amb nom i...<\/a>\n    <\/h3>\n    \n\n      \n      \n                    <div class=\"product-price-and-shipping\">\n                \n                \n                <span class=\"price\" content=\"18.5\">18,50\u00a0\u20ac<\/span>\n                \n                \n            <\/div>\n\n                        \n\n      \n  \n    <div class=\"short-desc product-description-short pm_desk_false shown\">\n        <p>Vinil decoratiu personalitzat amb nom i cors. Ideal per a habitacions infantils i juvenils. F\u00e0cil d\u2019aplicar, resistent i amb acabat d\u2019alta qualitat.<\/p>\n<p>\u00a0<\/p>\n<p><strong>Mides aproximades del vinil (ample x alt):<\/strong><\/p>\n<p><strong>Petit:<\/strong> Alt de cada lletra 10 cm + 6 cors i 10 confetis<\/p>\n<p><strong>Mitj\u00e0:<\/strong> Alt de cada lletra 15 cm +\u00a0 6 cors i 10 confetis<\/p>\n<p><strong>Gran:<\/strong> Alt de cada lletra 19 cm +\u00a0 6 cors i 10 confetis<\/p>\n<p>\u00a0<\/p>\n<p><em>Els noms amb m\u00e9s de 6 lletres tindran una altura lleugerament inferior per ajustar-se a la mida del vinil.<\/em><\/p>\n    <\/div>\n\n      \n  <div class=\"hook-reviews hide-reviews\">\n    \n\n    \n\n<\/div>\n      \n      \n        <div class=\"highlighted-informations no-variants\">\n            <div class=\"variant-links\">\n    <span class=\"js-count count\"><\/span>\n<\/div>\n        <\/div>\n    \n\n    <\/div>\n          \n  \n<ul class=\"product-flags\"><\/ul>\n      <\/div>\n\n  <div class=\"displayProductButtonFixed hide-empty\">    \n\n        \n        \n<a href=\"#\" class=\"favoritesButton flex-container align-items-center favorites-button pktopleft btn\" data-pid=\"8674\" data-action=\"add\" title=\"Afegir a preferits\"\n    aria-label=\"Afegir a preferits\" role=\"button\">\n    <svg class=\"svgic\">\n        <use href=\"\/themes\/alysum\/assets\/img\/lib.svg#love\"><\/use>\n    <\/svg>\n    \n<\/a><\/div>\n\n            <\/div>\n<\/article>\n      \n          \n        \t\n\n            \n\n\n\n\n\n\n\n\n\n\n\n\n\n\n\n\n\n\n\n\n\n\n\n\n\n\n\n\n\n\n\n<article class=\"product-miniature js-product-miniature vinils-amb-nom\" data-id-product=\"3954\" data-id-product-attribute=\"928431\">\n  <div class=\"thumbnail-container relative\">\n                  \n  <div class=\"thumbnail product-thumbnail relative flex-container\">\n    \n                      \n                                                \n\n\n\n\n\n<a href=\"https:\/\/www.starstickvinilos.com\/ca\/vinils-amb-nom\/3954-vinils-amb-nom-combinacio-mandarina-decoracio-infantil-personalitzada.html\" class=\"relative oh db subimage-true\">\n            <img\n  src=\"https:\/\/www.starstickvinilos.com\/80915-home_default\/vinils-amb-nom-combinacio-mandarina-decoracio-infantil-personalitzada.jpg\"\n  loading=\"lazy\"\n  alt=\"Vinils amb nom - Combinaci\u00f3...\"\n  width=\"380\"\n  height=\"380\"\n  class=\"smooth05 cover-image db\"\n  data-full-size-image-url=\"https:\/\/www.starstickvinilos.com\/80915-large_default\/vinils-amb-nom-combinacio-mandarina-decoracio-infantil-personalitzada.jpg\">                    \n                <img\n  src=\"https:\/\/www.starstickvinilos.com\/80885-home_default\/vinils-amb-nom-combinacio-mandarina-decoracio-infantil-personalitzada.jpg\"\n  loading=\"lazy\"\n  alt=\"Vinils amb nom - Combinaci\u00f3...\"\n  width=\"380\"\n  height=\"380\"\n  class=\"smooth05 cover-image db\"\n  data-full-size-image-url=\"https:\/\/www.starstickvinilos.com\/80885-large_default\/vinils-amb-nom-combinacio-mandarina-decoracio-infantil-personalitzada.jpg\">                                                    \n            \n<span class=\"pmimage-switcher flex-container\">\n    <span><\/span>\n                                        <span><\/span>\n                                                                                                                                                <\/span>\n\n            <\/a>\n\n\n    \n      <div class=\"product-actions show-on-hover scale-on-hover\">\n        \n  \n        \n  \n    <a href=\"https:\/\/www.starstickvinilos.com\/ca\/vinils-amb-nom\/3954-vinils-amb-nom-combinacio-mandarina-decoracio-infantil-personalitzada.html\" class=\"btn smooth05\" title=\"Afegeix una adre\u00e7a nova\"\n    aria-label=\"Afegeix una adre\u00e7a nova\" role=\"button\">\n            <svg class=\"svgic svgic-button-cart\">\n            <use href=\"\/themes\/alysum\/assets\/img\/lib.svg#eye2\"><\/use>\n        <\/svg>\n        <\/a>\n        \n      <\/div>\n    \n\n          \n   \n\n  \n      <\/div>\n\n  <div class=\"product-desc-wrap\">\n    <div class=\"product-description relative clearfix\">\n      \n  \n      \n      \n    <h3 class=\"product-title text-left\">\n        <a href=\"https:\/\/www.starstickvinilos.com\/ca\/vinils-amb-nom\/3954-vinils-amb-nom-combinacio-mandarina-decoracio-infantil-personalitzada.html\">Vinils amb nom - Combinaci\u00f3 mandarina -...<\/a>\n    <\/h3>\n    \n\n      \n      \n                    <div class=\"product-price-and-shipping\">\n                \n                \n                <span class=\"price\" content=\"18.5\">18,50\u00a0\u20ac<\/span>\n                \n                \n            <\/div>\n\n                        \n\n      \n  \n    <div class=\"short-desc product-description-short pm_desk_false shown\">\n        <p class=\"MsoNormal\">Els vinils decoratius personalitzables s\u00f3n la manera m\u00e9s senzilla i bonica de transformar qualsevol habitaci\u00f3 infantil. Estan fabricats amb materials d\u2019alta qualitat, s\u00f3n molt f\u00e0cils d\u2019instal\u00b7lar i mantenen el seu aspecte impecable durant anys. Cada lletra \u00e9s independent, de manera que pots col\u00b7locar el nom amb la distribuci\u00f3 que prefereixis i adaptar-lo a qualsevol paret o moble.<\/p>\n<p class=\"MsoNormal\"><strong><\/strong><\/p>\n<p class=\"MsoNormal\"><strong>Mesures aproximades del vinil (ample x alt)<\/strong><\/p>\n<p class=\"MsoNormal\"><strong>Petit:<\/strong> Alt de cada lletra: 10 cm + 10 estrelles<\/p>\n<p class=\"MsoNormal\"><strong>Mitj\u00e0:<\/strong> Alt de cada lletra: 15 cm + 10 estrelles<\/p>\n<p class=\"MsoNormal\"><strong>Gran:<\/strong> Alt de cada lletra: 19 cm + 10 estrelles<\/p>\n<h2><\/h2>\n<p>*Els noms amb m\u00e9s de 6 lletres tindran una al\u00e7ada una mica inferior per poder ajustar-los a la mida de la l\u00e0mina<\/p>\n    <\/div>\n\n      \n  <div class=\"hook-reviews hide-reviews\">\n    \n\n    \n\n<\/div>\n      \n      \n        <div class=\"highlighted-informations no-variants\">\n            <div class=\"variant-links\">\n    <span class=\"js-count count\"><\/span>\n<\/div>\n        <\/div>\n    \n\n    <\/div>\n          \n  \n<ul class=\"product-flags\"><\/ul>\n      <\/div>\n\n  <div class=\"displayProductButtonFixed hide-empty\">    \n\n        \n        \n<a href=\"#\" class=\"favoritesButton flex-container align-items-center favorites-button pktopleft btn\" data-pid=\"3954\" data-action=\"add\" title=\"Afegir a preferits\"\n    aria-label=\"Afegir a preferits\" role=\"button\">\n    <svg class=\"svgic\">\n        <use href=\"\/themes\/alysum\/assets\/img\/lib.svg#love\"><\/use>\n    <\/svg>\n    \n<\/a><\/div>\n\n            <\/div>\n<\/article>\n      \n          \n        \t\n\n                \n\n\n\n\n\n\n\n\n\n\n\n\n\n\n\n\n\n\n\n\n\n\n\n\n\n\n\n\n\n\n\n<article class=\"product-miniature js-product-miniature out-of-stock vinils-amb-nom\" data-id-product=\"8663\" data-id-product-attribute=\"1161406\">\n  <div class=\"thumbnail-container relative\">\n                  \n  <div class=\"thumbnail product-thumbnail relative flex-container\">\n    \n                      \n                                                \n\n\n\n\n\n<a href=\"https:\/\/www.starstickvinilos.com\/ca\/vinils-amb-nom\/8663-vinil-decoratiu-personalitzat-amb-nom-i-triangles-de-colors-decoracio-per-a-habitacions-infantils.html\" class=\"relative oh db subimage-true\">\n            <img\n  src=\"https:\/\/www.starstickvinilos.com\/92641-home_default\/vinil-decoratiu-personalitzat-amb-nom-i-triangles-de-colors-decoracio-per-a-habitacions-infantils.jpg\"\n  loading=\"lazy\"\n  alt=\"Vinil infantil personalitzat amb nom i triangles de colors a la paret d\u2019una habitaci\u00f3 infantil\"\n  width=\"380\"\n  height=\"380\"\n  class=\"smooth05 cover-image db\"\n  data-full-size-image-url=\"https:\/\/www.starstickvinilos.com\/92641-large_default\/vinil-decoratiu-personalitzat-amb-nom-i-triangles-de-colors-decoracio-per-a-habitacions-infantils.jpg\">                    \n                <img\n  src=\"https:\/\/www.starstickvinilos.com\/92644-home_default\/vinil-decoratiu-personalitzat-amb-nom-i-triangles-de-colors-decoracio-per-a-habitacions-infantils.jpg\"\n  loading=\"lazy\"\n  alt=\"Vinil infantil personalitzat amb nom i triangles de colors a la paret d\u2019una habitaci\u00f3 infantil\"\n  width=\"380\"\n  height=\"380\"\n  class=\"smooth05 cover-image db\"\n  data-full-size-image-url=\"https:\/\/www.starstickvinilos.com\/92644-large_default\/vinil-decoratiu-personalitzat-amb-nom-i-triangles-de-colors-decoracio-per-a-habitacions-infantils.jpg\">                                                    \n            \n<span class=\"pmimage-switcher flex-container\">\n    <span><\/span>\n                                        <span><\/span>\n                                                                                                                                                <\/span>\n\n            <\/a>\n\n\n    \n      <div class=\"product-actions show-on-hover scale-on-hover\">\n        \n  \n        \n  \n    <a href=\"https:\/\/www.starstickvinilos.com\/ca\/vinils-amb-nom\/8663-vinil-decoratiu-personalitzat-amb-nom-i-triangles-de-colors-decoracio-per-a-habitacions-infantils.html\" class=\"btn smooth05\" title=\"Afegeix una adre\u00e7a nova\"\n    aria-label=\"Afegeix una adre\u00e7a nova\" role=\"button\">\n            <svg class=\"svgic svgic-button-cart\">\n            <use href=\"\/themes\/alysum\/assets\/img\/lib.svg#eye2\"><\/use>\n        <\/svg>\n        <\/a>\n        \n      <\/div>\n    \n\n          \n   \n\n  \n      <\/div>\n\n  <div class=\"product-desc-wrap\">\n    <div class=\"product-description relative clearfix\">\n      \n  \n      \n      \n    <h3 class=\"product-title text-left\">\n        <a href=\"https:\/\/www.starstickvinilos.com\/ca\/vinils-amb-nom\/8663-vinil-decoratiu-personalitzat-amb-nom-i-triangles-de-colors-decoracio-per-a-habitacions-infantils.html\">Vinil decoratiu personalitzat amb nom i...<\/a>\n    <\/h3>\n    \n\n      \n      \n                    <div class=\"product-price-and-shipping\">\n                \n                \n                <span class=\"price\" content=\"18.5\">18,50\u00a0\u20ac<\/span>\n                \n                \n            <\/div>\n\n                        \n\n      \n  \n    <div class=\"short-desc product-description-short pm_desk_false shown\">\n        <p>Vinil decoratiu personalitzat amb nom i triangles de colors, ideal per a habitacions infantils amb un toc original, divertit i ple de color. Cada lletra i triangle \u00e9s independent, cosa que permet col\u00b7locar-los i crear la composici\u00f3 que m\u00e9s t\u2019agradi. F\u00e0cil d\u2019instal\u00b7lar i totalment personalitzable.<\/p>\n<p>\u00a0<\/p>\n<p><strong>Mides aproximades del vinil (ample x alt):<\/strong><\/p>\n<p><strong>Petit:<\/strong> Alt de cada lletra 10 cm + 36 triangles<\/p>\n<p><strong>Mitj\u00e0:<\/strong> Alt de cada lletra 15 cm + 36 triangles<\/p>\n<p><strong>Gran:<\/strong> Alt de cada lletra 19 cm + 36 triangles<\/p>\n<p>\u00a0<\/p>\n<p><em>Els noms amb m\u00e9s de 6 lletres tindran una altura lleugerament inferior per ajustar-se a la mida del vinil.<\/em><\/p>\n    <\/div>\n\n      \n  <div class=\"hook-reviews hide-reviews\">\n    \n\n    \n\n<\/div>\n      \n      \n        <div class=\"highlighted-informations no-variants\">\n            <div class=\"variant-links\">\n    <span class=\"js-count count\"><\/span>\n<\/div>\n        <\/div>\n    \n\n    <\/div>\n          \n  \n<ul class=\"product-flags\"><\/ul>\n      <\/div>\n\n  <div class=\"displayProductButtonFixed hide-empty\">    \n\n        \n        \n<a href=\"#\" class=\"favoritesButton flex-container align-items-center favorites-button pktopleft btn\" data-pid=\"8663\" data-action=\"add\" title=\"Afegir a preferits\"\n    aria-label=\"Afegir a preferits\" role=\"button\">\n    <svg class=\"svgic\">\n        <use href=\"\/themes\/alysum\/assets\/img\/lib.svg#love\"><\/use>\n    <\/svg>\n    \n<\/a><\/div>\n\n            <\/div>\n<\/article>\n      \n          \n        \t\n\n            \n\n\n\n\n\n\n\n\n\n\n\n\n\n\n\n\n\n\n\n\n\n\n\n\n\n\n\n\n\n\n\n<article class=\"product-miniature js-product-miniature vinils-amb-nom\" data-id-product=\"3955\" data-id-product-attribute=\"928434\">\n  <div class=\"thumbnail-container relative\">\n                  \n  <div class=\"thumbnail product-thumbnail relative flex-container\">\n    \n                      \n                                                \n\n\n\n\n\n<a href=\"https:\/\/www.starstickvinilos.com\/ca\/vinils-amb-nom\/3955-vinils-amb-nom-combinacio-ocre-decoracio-infantil-personalitzada.html\" class=\"relative oh db subimage-true\">\n            <img\n  src=\"https:\/\/www.starstickvinilos.com\/80916-home_default\/vinils-amb-nom-combinacio-ocre-decoracio-infantil-personalitzada.jpg\"\n  loading=\"lazy\"\n  alt=\"Vinils amb nom - Combinaci\u00f3...\"\n  width=\"380\"\n  height=\"380\"\n  class=\"smooth05 cover-image db\"\n  data-full-size-image-url=\"https:\/\/www.starstickvinilos.com\/80916-large_default\/vinils-amb-nom-combinacio-ocre-decoracio-infantil-personalitzada.jpg\">                    \n                <img\n  src=\"https:\/\/www.starstickvinilos.com\/31755-home_default\/vinils-amb-nom-combinacio-ocre-decoracio-infantil-personalitzada.jpg\"\n  loading=\"lazy\"\n  alt=\"Vinils amb nom - Combinaci\u00f3...\"\n  width=\"380\"\n  height=\"380\"\n  class=\"smooth05 cover-image db\"\n  data-full-size-image-url=\"https:\/\/www.starstickvinilos.com\/31755-large_default\/vinils-amb-nom-combinacio-ocre-decoracio-infantil-personalitzada.jpg\">                                \n            \n<span class=\"pmimage-switcher flex-container\">\n    <span><\/span>\n                                        <span><\/span>\n                                                                                    <\/span>\n\n            <\/a>\n\n\n    \n      <div class=\"product-actions show-on-hover scale-on-hover\">\n        \n  \n        \n  \n    <a href=\"https:\/\/www.starstickvinilos.com\/ca\/vinils-amb-nom\/3955-vinils-amb-nom-combinacio-ocre-decoracio-infantil-personalitzada.html\" class=\"btn smooth05\" title=\"Afegeix una adre\u00e7a nova\"\n    aria-label=\"Afegeix una adre\u00e7a nova\" role=\"button\">\n            <svg class=\"svgic svgic-button-cart\">\n            <use href=\"\/themes\/alysum\/assets\/img\/lib.svg#eye2\"><\/use>\n        <\/svg>\n        <\/a>\n        \n      <\/div>\n    \n\n          \n   \n\n  \n      <\/div>\n\n  <div class=\"product-desc-wrap\">\n    <div class=\"product-description relative clearfix\">\n      \n  \n      \n      \n    <h3 class=\"product-title text-left\">\n        <a href=\"https:\/\/www.starstickvinilos.com\/ca\/vinils-amb-nom\/3955-vinils-amb-nom-combinacio-ocre-decoracio-infantil-personalitzada.html\">Vinils amb nom - Combinaci\u00f3 ocre -...<\/a>\n    <\/h3>\n    \n\n      \n      \n                    <div class=\"product-price-and-shipping\">\n                \n                \n                <span class=\"price\" content=\"18.5\">18,50\u00a0\u20ac<\/span>\n                \n                \n            <\/div>\n\n                        \n\n      \n  \n    <div class=\"short-desc product-description-short pm_desk_false shown\">\n        <p class=\"MsoNormal\"><strong>Mesures aproximades del vinil (ample x alt)<\/strong><\/p>\n<p class=\"MsoNormal\"><strong>Petit:<\/strong> Alt de cada lletra: 10 cm + 10 estrelles<\/p>\n<p class=\"MsoNormal\"><strong>Mitj\u00e0:<\/strong> Alt de cada lletra: 15 cm + 10 estrelles<\/p>\n<p class=\"MsoNormal\"><strong>Gran:<\/strong> Alt de cada lletra: 19 cm + 10 estrelles<\/p>\n<p><br \/><br \/>*Els noms amb m\u00e9s de 6 lletres tindran una al\u00e7ada una mica inferior per poder ajustar-los a la mida de la l\u00e0mina<\/p>\n<p><\/p>\n    <\/div>\n\n      \n  <div class=\"hook-reviews hide-reviews\">\n    \n\n    <div class=\"reviStarsContainer\">\n\n        <div class=\"reviStars\" style=\"--rating: 4.5;\"><\/div>\n                    <div class=\"reviStarsBlock\">(2)<\/div>\n        \n    <\/div>\n\n\n<\/div>\n      \n      \n        <div class=\"highlighted-informations no-variants\">\n            <div class=\"variant-links\">\n    <span class=\"js-count count\"><\/span>\n<\/div>\n        <\/div>\n    \n\n    <\/div>\n          \n  \n<ul class=\"product-flags\"><\/ul>\n      <\/div>\n\n  <div class=\"displayProductButtonFixed hide-empty\">    \n\n        \n        \n<a href=\"#\" class=\"favoritesButton flex-container align-items-center favorites-button pktopleft btn\" data-pid=\"3955\" data-action=\"add\" title=\"Afegir a preferits\"\n    aria-label=\"Afegir a preferits\" role=\"button\">\n    <svg class=\"svgic\">\n        <use href=\"\/themes\/alysum\/assets\/img\/lib.svg#love\"><\/use>\n    <\/svg>\n    \n<\/a><\/div>\n\n            <\/div>\n<\/article>\n      \n          \n        \t\n\n                \n\n\n\n\n\n\n\n\n\n\n\n\n\n\n\n\n\n\n\n\n\n\n\n\n\n\n\n\n\n\n\n<article class=\"product-miniature js-product-miniature out-of-stock vinils-amb-nom\" data-id-product=\"4374\" data-id-product-attribute=\"1068477\">\n  <div class=\"thumbnail-container relative\">\n                  \n  <div class=\"thumbnail product-thumbnail relative flex-container\">\n    \n                      \n                                                \n\n\n\n\n\n<a href=\"https:\/\/www.starstickvinilos.com\/ca\/vinils-amb-nom\/4374-vinil-decoratiu-personalitzat-amb-nom-combinacio-mostassa.html\" class=\"relative oh db subimage-true\">\n            <img\n  src=\"https:\/\/www.starstickvinilos.com\/36509-home_default\/vinil-decoratiu-personalitzat-amb-nom-combinacio-mostassa.jpg\"\n  loading=\"lazy\"\n  alt=\"Personalitza les parets amb els vinils amb nom - Combinaci\u00f3 Mostassa\"\n  width=\"380\"\n  height=\"380\"\n  class=\"smooth05 cover-image db\"\n  data-full-size-image-url=\"https:\/\/www.starstickvinilos.com\/36509-large_default\/vinil-decoratiu-personalitzat-amb-nom-combinacio-mostassa.jpg\">                    \n                <img\n  src=\"https:\/\/www.starstickvinilos.com\/36510-home_default\/vinil-decoratiu-personalitzat-amb-nom-combinacio-mostassa.jpg\"\n  loading=\"lazy\"\n  alt=\"Personalitza les parets amb els vinils amb nom - Combinaci\u00f3 Mostassa\"\n  width=\"380\"\n  height=\"380\"\n  class=\"smooth05 cover-image db\"\n  data-full-size-image-url=\"https:\/\/www.starstickvinilos.com\/36510-large_default\/vinil-decoratiu-personalitzat-amb-nom-combinacio-mostassa.jpg\">                                \n            \n<span class=\"pmimage-switcher flex-container\">\n    <span><\/span>\n                                        <span><\/span>\n                                                                                    <\/span>\n\n            <\/a>\n\n\n    \n      <div class=\"product-actions show-on-hover scale-on-hover\">\n        \n  \n        \n  \n    <a href=\"https:\/\/www.starstickvinilos.com\/ca\/vinils-amb-nom\/4374-vinil-decoratiu-personalitzat-amb-nom-combinacio-mostassa.html\" class=\"btn smooth05\" title=\"Afegeix una adre\u00e7a nova\"\n    aria-label=\"Afegeix una adre\u00e7a nova\" role=\"button\">\n            <svg class=\"svgic svgic-button-cart\">\n            <use href=\"\/themes\/alysum\/assets\/img\/lib.svg#eye2\"><\/use>\n        <\/svg>\n        <\/a>\n        \n      <\/div>\n    \n\n          \n   \n\n  \n      <\/div>\n\n  <div class=\"product-desc-wrap\">\n    <div class=\"product-description relative clearfix\">\n      \n  \n      \n      \n    <h3 class=\"product-title text-left\">\n        <a href=\"https:\/\/www.starstickvinilos.com\/ca\/vinils-amb-nom\/4374-vinil-decoratiu-personalitzat-amb-nom-combinacio-mostassa.html\">Vinil decoratiu personalitzat amb nom \u2013...<\/a>\n    <\/h3>\n    \n\n      \n      \n                    <div class=\"product-price-and-shipping\">\n                \n                \n                <span class=\"price\" content=\"18.5\">18,50\u00a0\u20ac<\/span>\n                \n                \n            <\/div>\n\n                        \n\n      \n  \n    <div class=\"short-desc product-description-short pm_desk_false shown\">\n        <p>Decora l\u2019habitaci\u00f3 dels teus peques amb els nostres <strong>vinils personalitzats amb nom<\/strong>. Aquest set de <strong>adhesius de paret infantils<\/strong> \u00e9s perfecte per donar un toc \u00fanic, original i acollidor a dormitoris, zones de joc o guarderies. Cada vinil es dissenya de forma personalitzada amb el nom que tri\u00efs, convertint qualsevol paret llisa en un espai ple d\u2019encant. El disseny bohemi combina colors suaus i formes naturals per crear ambients c\u00e0lids, moderns i plens de personalitat.<\/p>\n<p><\/p>\n<p class=\"MsoNormal\"><strong>Mides aproximades del vinil (ample x alt)<\/strong><\/p>\n<p class=\"MsoNormal\"><strong>Petit:<\/strong> Al\u00e7ada de cada lletra: 10 cm + 10 estrelles<\/p>\n<p class=\"MsoNormal\"><strong>Mitj\u00e0:<\/strong> Al\u00e7ada de cada lletra: 15 cm + 10 estrelles<\/p>\n<p class=\"MsoNormal\"><strong>Gran:<\/strong> Al\u00e7ada de cada lletra: 19 cm + 10 estrelles<\/p>\n<p><\/p>\n<p>*Els noms amb m\u00e9s de 6 lletres tindran una al\u00e7ada una mica inferior per poder ajustar-los a la mida del full<\/p>\n    <\/div>\n\n      \n  <div class=\"hook-reviews hide-reviews\">\n    \n\n    \n\n<\/div>\n      \n      \n        <div class=\"highlighted-informations no-variants\">\n            <div class=\"variant-links\">\n    <span class=\"js-count count\"><\/span>\n<\/div>\n        <\/div>\n    \n\n    <\/div>\n          \n  \n<ul class=\"product-flags\"><\/ul>\n      <\/div>\n\n  <div class=\"displayProductButtonFixed hide-empty\">    \n\n        \n        \n<a href=\"#\" class=\"favoritesButton flex-container align-items-center favorites-button pktopleft btn\" data-pid=\"4374\" data-action=\"add\" title=\"Afegir a preferits\"\n    aria-label=\"Afegir a preferits\" role=\"button\">\n    <svg class=\"svgic\">\n        <use href=\"\/themes\/alysum\/assets\/img\/lib.svg#love\"><\/use>\n    <\/svg>\n    \n<\/a><\/div>\n\n            <\/div>\n<\/article>\n      \n          \n        \t\n\n            \n\n\n\n\n\n\n\n\n\n\n\n\n\n\n\n\n\n\n\n\n\n\n\n\n\n\n\n\n\n\n\n<article class=\"product-miniature js-product-miniature vinils-personalitzats-amb-nom\" data-id-product=\"1278\" data-id-product-attribute=\"928420\">\n  <div class=\"thumbnail-container relative\">\n                  \n  <div class=\"thumbnail product-thumbnail relative flex-container\">\n    \n                      \n                                                \n\n\n\n\n\n<a href=\"https:\/\/www.starstickvinilos.com\/ca\/vinils-personalitzats-amb-nom\/1278-vinils-amb-nom-combinacio-party-vinils-infantils-personalitzats.html\" class=\"relative oh db subimage-true\">\n            <img\n  src=\"https:\/\/www.starstickvinilos.com\/80919-home_default\/vinils-amb-nom-combinacio-party-vinils-infantils-personalitzats.jpg\"\n  loading=\"lazy\"\n  alt=\"Vinils amb nom - Combinaci\u00f3...\"\n  width=\"380\"\n  height=\"380\"\n  class=\"smooth05 cover-image db\"\n  data-full-size-image-url=\"https:\/\/www.starstickvinilos.com\/80919-large_default\/vinils-amb-nom-combinacio-party-vinils-infantils-personalitzats.jpg\">                    \n                <img\n  src=\"https:\/\/www.starstickvinilos.com\/80920-home_default\/vinils-amb-nom-combinacio-party-vinils-infantils-personalitzats.jpg\"\n  loading=\"lazy\"\n  alt=\"Vinils amb nom - Combinaci\u00f3...\"\n  width=\"380\"\n  height=\"380\"\n  class=\"smooth05 cover-image db\"\n  data-full-size-image-url=\"https:\/\/www.starstickvinilos.com\/80920-large_default\/vinils-amb-nom-combinacio-party-vinils-infantils-personalitzats.jpg\">                            \n            \n<span class=\"pmimage-switcher flex-container\">\n    <span><\/span>\n                                        <span><\/span>\n                                                                        <\/span>\n\n            <\/a>\n\n\n    \n      <div class=\"product-actions show-on-hover scale-on-hover\">\n        \n  \n        \n  \n    <a href=\"https:\/\/www.starstickvinilos.com\/ca\/vinils-personalitzats-amb-nom\/1278-vinils-amb-nom-combinacio-party-vinils-infantils-personalitzats.html\" class=\"btn smooth05\" title=\"Afegeix una adre\u00e7a nova\"\n    aria-label=\"Afegeix una adre\u00e7a nova\" role=\"button\">\n            <svg class=\"svgic svgic-button-cart\">\n            <use href=\"\/themes\/alysum\/assets\/img\/lib.svg#eye2\"><\/use>\n        <\/svg>\n        <\/a>\n        \n      <\/div>\n    \n\n          \n   \n\n  \n      <\/div>\n\n  <div class=\"product-desc-wrap\">\n    <div class=\"product-description relative clearfix\">\n      \n  \n      \n      \n    <h3 class=\"product-title text-left\">\n        <a href=\"https:\/\/www.starstickvinilos.com\/ca\/vinils-personalitzats-amb-nom\/1278-vinils-amb-nom-combinacio-party-vinils-infantils-personalitzats.html\">Vinils amb nom - Combinaci\u00f3 Party - Vinils...<\/a>\n    <\/h3>\n    \n\n      \n      \n                    <div class=\"product-price-and-shipping\">\n                \n                \n                <span class=\"price\" content=\"18.5\">18,50\u00a0\u20ac<\/span>\n                \n                \n            <\/div>\n\n                        \n\n      \n  \n    <div class=\"short-desc product-description-short pm_desk_false shown\">\n        <p class=\"MsoNormal\">Decora les parets o mobles de les cambres infantils amb els vinils personalitzats de StarStick. Productes decoratius molt elegants i f\u00e0cils d'instal\u00b7lar. Cada pack inclou el nom en lletres maj\u00fascules i 10 estrelles de diferents mides.<\/p>\n<p class=\"MsoNormal\"><strong>Mesures aproximades del vinil (ample x alt)<\/strong><\/p>\n<p class=\"MsoNormal\"><strong>Petit:<\/strong>\u00a0Alt de cada lletra: 10 cm + 10 estrelles<\/p>\n<p class=\"MsoNormal\"><strong>Mitj\u00e0:<\/strong>\u00a0Alt de cada lletra: 15 cm + 10 estrelles<\/p>\n<p class=\"MsoNormal\"><strong>Gran:<\/strong>\u00a0Alt de cada lletra: 19 cm + 10 estrelles<\/p>\n<p><br \/><br \/>*Els noms amb m\u00e9s de 6 lletres tindran una al\u00e7ada una mica inferior per poder ajustar-los a la mida de la l\u00e0mina<\/p>\n    <\/div>\n\n      \n  <div class=\"hook-reviews hide-reviews\">\n    \n\n    <div class=\"reviStarsContainer\">\n\n        <div class=\"reviStars\" style=\"--rating: 5;\"><\/div>\n                    <div class=\"reviStarsBlock\">(2)<\/div>\n        \n    <\/div>\n\n\n<\/div>\n      \n      \n        <div class=\"highlighted-informations no-variants\">\n            <div class=\"variant-links\">\n    <span class=\"js-count count\"><\/span>\n<\/div>\n        <\/div>\n    \n\n    <\/div>\n          \n  \n<ul class=\"product-flags\"><\/ul>\n      <\/div>\n\n  <div class=\"displayProductButtonFixed hide-empty\">    \n\n        \n        \n<a href=\"#\" class=\"favoritesButton flex-container align-items-center favorites-button pktopleft btn\" data-pid=\"1278\" data-action=\"add\" title=\"Afegir a preferits\"\n    aria-label=\"Afegir a preferits\" role=\"button\">\n    <svg class=\"svgic\">\n        <use href=\"\/themes\/alysum\/assets\/img\/lib.svg#love\"><\/use>\n    <\/svg>\n    \n<\/a><\/div>\n\n            <\/div>\n<\/article>\n      \n          \n        \t\n\n            \n\n\n\n\n\n\n\n\n\n\n\n\n\n\n\n\n\n\n\n\n\n\n\n\n\n\n\n\n\n\n\n<article class=\"product-miniature js-product-miniature vinils-noms-per-a-portes-nen\" data-id-product=\"5743\" data-id-product-attribute=\"1123604\">\n  <div class=\"thumbnail-container relative\">\n                  \n  <div class=\"thumbnail product-thumbnail relative flex-container\">\n    \n                      \n                                                \n\n\n\n\n\n<a href=\"https:\/\/www.starstickvinilos.com\/ca\/vinils-noms-per-a-portes-nen\/5743-vinils-infantils-amb-nom-nen-amb-coet-decoracio-infantil-personalitzada.html\" class=\"relative oh db subimage-true\">\n            <img\n  src=\"https:\/\/www.starstickvinilos.com\/54025-home_default\/vinils-infantils-amb-nom-nen-amb-coet-decoracio-infantil-personalitzada.jpg\"\n  loading=\"lazy\"\n  alt=\"Vinils infantils amb nom - Nen amb coet - Decoraci\u00f3 infantil personalitzada\"\n  width=\"380\"\n  height=\"380\"\n  class=\"smooth05 cover-image db\"\n  data-full-size-image-url=\"https:\/\/www.starstickvinilos.com\/54025-large_default\/vinils-infantils-amb-nom-nen-amb-coet-decoracio-infantil-personalitzada.jpg\">                    \n                <img\n  src=\"https:\/\/www.starstickvinilos.com\/54026-home_default\/vinils-infantils-amb-nom-nen-amb-coet-decoracio-infantil-personalitzada.jpg\"\n  loading=\"lazy\"\n  alt=\"Vinils infantils amb nom - Nen amb coet - Decoraci\u00f3 infantil personalitzada\"\n  width=\"380\"\n  height=\"380\"\n  class=\"smooth05 cover-image db\"\n  data-full-size-image-url=\"https:\/\/www.starstickvinilos.com\/54026-large_default\/vinils-infantils-amb-nom-nen-amb-coet-decoracio-infantil-personalitzada.jpg\">                    \n            \n<span class=\"pmimage-switcher flex-container\">\n    <span><\/span>\n                                        <span><\/span>\n                                                <\/span>\n\n            <\/a>\n\n\n    \n      <div class=\"product-actions show-on-hover scale-on-hover\">\n        \n  \n        \n  \n    <a href=\"https:\/\/www.starstickvinilos.com\/ca\/vinils-noms-per-a-portes-nen\/5743-vinils-infantils-amb-nom-nen-amb-coet-decoracio-infantil-personalitzada.html\" class=\"btn smooth05\" title=\"Afegeix una adre\u00e7a nova\"\n    aria-label=\"Afegeix una adre\u00e7a nova\" role=\"button\">\n            <svg class=\"svgic svgic-button-cart\">\n            <use href=\"\/themes\/alysum\/assets\/img\/lib.svg#eye2\"><\/use>\n        <\/svg>\n        <\/a>\n        \n      <\/div>\n    \n\n          \n   \n\n  \n      <\/div>\n\n  <div class=\"product-desc-wrap\">\n    <div class=\"product-description relative clearfix\">\n      \n  \n      \n      \n    <h3 class=\"product-title text-left\">\n        <a href=\"https:\/\/www.starstickvinilos.com\/ca\/vinils-noms-per-a-portes-nen\/5743-vinils-infantils-amb-nom-nen-amb-coet-decoracio-infantil-personalitzada.html\">Vinils infantils amb nom. Nen amb coet....<\/a>\n    <\/h3>\n    \n\n      \n      \n                    <div class=\"product-price-and-shipping\">\n                \n                \n                <span class=\"price\" content=\"22.5\">22,50\u00a0\u20ac<\/span>\n                \n                \n            <\/div>\n\n                        \n\n      \n  \n    <div class=\"short-desc product-description-short pm_desk_false shown\">\n        <p>Vinils infantils personalitzables amb el nom.<\/p>\n<p>\u00a0<\/p>\n<p><strong>Mida de la l\u00e0mina i del muntatge<\/strong><\/p>\n<p><strong>L\u00e0mina amb 1 nom:<\/strong><span class=\"apple-converted-space\">\u00a030x24<\/span>\u00a0cm<\/p>\n<p><strong>L\u00e0mina amb 2 noms:<\/strong><span class=\"apple-converted-space\">\u00a030x28<\/span>\u00a0cm<\/p>\n    <\/div>\n\n      \n  <div class=\"hook-reviews hide-reviews\">\n    \n\n    \n\n<\/div>\n      \n      \n        <div class=\"highlighted-informations no-variants\">\n            <div class=\"variant-links\">\n    <span class=\"js-count count\"><\/span>\n<\/div>\n        <\/div>\n    \n\n    <\/div>\n          \n  \n<ul class=\"product-flags\"><\/ul>\n      <\/div>\n\n  <div class=\"displayProductButtonFixed hide-empty\">    \n\n        \n        \n<a href=\"#\" class=\"favoritesButton flex-container align-items-center favorites-button pktopleft btn\" data-pid=\"5743\" data-action=\"add\" title=\"Afegir a preferits\"\n    aria-label=\"Afegir a preferits\" role=\"button\">\n    <svg class=\"svgic\">\n        <use href=\"\/themes\/alysum\/assets\/img\/lib.svg#love\"><\/use>\n    <\/svg>\n    \n<\/a><\/div>\n\n            <\/div>\n<\/article>\n      \n          \n        \t\n\n                \n\n\n\n\n\n\n\n\n\n\n\n\n\n\n\n\n\n\n\n\n\n\n\n\n\n\n\n\n\n\n\n<article class=\"product-miniature js-product-miniature out-of-stock vinils-noms-per-a-portes-germans\" data-id-product=\"5836\" data-id-product-attribute=\"1124005\">\n  <div class=\"thumbnail-container relative\">\n                  \n  <div class=\"thumbnail product-thumbnail relative flex-container\">\n    \n                      \n                                                \n\n\n\n\n\n<a href=\"https:\/\/www.starstickvinilos.com\/ca\/vinils-noms-per-a-portes-germans\/5836-vinils-infantils-amb-nom-3-nens-amb-coet-decoracio-habitacions-de-germans.html\" class=\"relative oh db subimage-true\">\n            <img\n  src=\"https:\/\/www.starstickvinilos.com\/55346-home_default\/vinils-infantils-amb-nom-3-nens-amb-coet-decoracio-habitacions-de-germans.jpg\"\n  loading=\"lazy\"\n  alt=\"Vinils infantils amb nom -...\"\n  width=\"380\"\n  height=\"380\"\n  class=\"smooth05 cover-image db\"\n  data-full-size-image-url=\"https:\/\/www.starstickvinilos.com\/55346-large_default\/vinils-infantils-amb-nom-3-nens-amb-coet-decoracio-habitacions-de-germans.jpg\">                    \n                <img\n  src=\"https:\/\/www.starstickvinilos.com\/55347-home_default\/vinils-infantils-amb-nom-3-nens-amb-coet-decoracio-habitacions-de-germans.jpg\"\n  loading=\"lazy\"\n  alt=\"Vinils infantils amb nom -...\"\n  width=\"380\"\n  height=\"380\"\n  class=\"smooth05 cover-image db\"\n  data-full-size-image-url=\"https:\/\/www.starstickvinilos.com\/55347-large_default\/vinils-infantils-amb-nom-3-nens-amb-coet-decoracio-habitacions-de-germans.jpg\">                \n            \n<span class=\"pmimage-switcher flex-container\">\n    <span><\/span>\n                                        <span><\/span>\n                                    <\/span>\n\n            <\/a>\n\n\n    \n      <div class=\"product-actions show-on-hover scale-on-hover\">\n        \n  \n        \n  \n    <a href=\"https:\/\/www.starstickvinilos.com\/ca\/vinils-noms-per-a-portes-germans\/5836-vinils-infantils-amb-nom-3-nens-amb-coet-decoracio-habitacions-de-germans.html\" class=\"btn smooth05\" title=\"Afegeix una adre\u00e7a nova\"\n    aria-label=\"Afegeix una adre\u00e7a nova\" role=\"button\">\n            <svg class=\"svgic svgic-button-cart\">\n            <use href=\"\/themes\/alysum\/assets\/img\/lib.svg#eye2\"><\/use>\n        <\/svg>\n        <\/a>\n        \n      <\/div>\n    \n\n          \n   \n\n  \n      <\/div>\n\n  <div class=\"product-desc-wrap\">\n    <div class=\"product-description relative clearfix\">\n      \n  \n      \n      \n    <h3 class=\"product-title text-left\">\n        <a href=\"https:\/\/www.starstickvinilos.com\/ca\/vinils-noms-per-a-portes-germans\/5836-vinils-infantils-amb-nom-3-nens-amb-coet-decoracio-habitacions-de-germans.html\">Vinils infantils amb nom - 3 Nens amb coet...<\/a>\n    <\/h3>\n    \n\n      \n      \n                    <div class=\"product-price-and-shipping\">\n                \n                \n                <span class=\"price\" content=\"22.5\">22,50\u00a0\u20ac<\/span>\n                \n                \n            <\/div>\n\n                        \n\n      \n  \n    <div class=\"short-desc product-description-short pm_desk_false shown\">\n        <p>Fant\u00e0stica idea per decorar de manera personalitzada les habitacions infantils compartides per germans diferents. Vinils personalitzables, elegants i molt f\u00e0cils d'instal\u00b7lar.<\/p>\n<p>\u00a0<\/p>\n<p><strong>Mida de la l\u00e0mina i del muntatge<\/strong><\/p>\n<p><strong>L\u00e0mina amb 1 nom:<\/strong><span class=\"apple-converted-space\">\u00a030x24<\/span>\u00a0cm<\/p>\n<p><strong>L\u00e0mina amb 2 noms:<\/strong><span class=\"apple-converted-space\">\u00a030x28<\/span>\u00a0cm<\/p>\n    <\/div>\n\n      \n  <div class=\"hook-reviews hide-reviews\">\n    \n\n    \n\n<\/div>\n      \n      \n        <div class=\"highlighted-informations no-variants\">\n            <div class=\"variant-links\">\n    <span class=\"js-count count\"><\/span>\n<\/div>\n        <\/div>\n    \n\n    <\/div>\n          \n  \n<ul class=\"product-flags\"><\/ul>\n      <\/div>\n\n  <div class=\"displayProductButtonFixed hide-empty\">    \n\n        \n        \n<a href=\"#\" class=\"favoritesButton flex-container align-items-center favorites-button pktopleft btn\" data-pid=\"5836\" data-action=\"add\" title=\"Afegir a preferits\"\n    aria-label=\"Afegir a preferits\" role=\"button\">\n    <svg class=\"svgic\">\n        <use href=\"\/themes\/alysum\/assets\/img\/lib.svg#love\"><\/use>\n    <\/svg>\n    \n<\/a><\/div>\n\n            <\/div>\n<\/article>\n      \n          \n        \t\n\n            \n\n\n\n\n\n\n\n\n\n\n\n\n\n\n\n\n\n\n\n\n\n\n\n\n\n\n\n\n\n\n\n<article class=\"product-miniature js-product-miniature vinils-personalitzats-amb-nom\" data-id-product=\"1270\" data-id-product-attribute=\"928414\">\n  <div class=\"thumbnail-container relative\">\n                  \n  <div class=\"thumbnail product-thumbnail relative flex-container\">\n    \n                      \n                                                \n\n\n\n\n\n<a href=\"https:\/\/www.starstickvinilos.com\/ca\/vinils-personalitzats-amb-nom\/1270-personalitza-les-parets-amb-els-vinils-amb-nom-combinacio-rosa.html\" class=\"relative oh db subimage-true\">\n            <img\n  src=\"https:\/\/www.starstickvinilos.com\/80922-home_default\/personalitza-les-parets-amb-els-vinils-amb-nom-combinacio-rosa.jpg\"\n  loading=\"lazy\"\n  alt=\"Personalitza les parets amb...\"\n  width=\"380\"\n  height=\"380\"\n  class=\"smooth05 cover-image db\"\n  data-full-size-image-url=\"https:\/\/www.starstickvinilos.com\/80922-large_default\/personalitza-les-parets-amb-els-vinils-amb-nom-combinacio-rosa.jpg\">                    \n                <img\n  src=\"https:\/\/www.starstickvinilos.com\/31714-home_default\/personalitza-les-parets-amb-els-vinils-amb-nom-combinacio-rosa.jpg\"\n  loading=\"lazy\"\n  alt=\"Personalitza les parets amb...\"\n  width=\"380\"\n  height=\"380\"\n  class=\"smooth05 cover-image db\"\n  data-full-size-image-url=\"https:\/\/www.starstickvinilos.com\/31714-large_default\/personalitza-les-parets-amb-els-vinils-amb-nom-combinacio-rosa.jpg\">                                \n            \n<span class=\"pmimage-switcher flex-container\">\n    <span><\/span>\n                                        <span><\/span>\n                                                                                    <\/span>\n\n            <\/a>\n\n\n    \n      <div class=\"product-actions show-on-hover scale-on-hover\">\n        \n  \n        \n  \n    <a href=\"https:\/\/www.starstickvinilos.com\/ca\/vinils-personalitzats-amb-nom\/1270-personalitza-les-parets-amb-els-vinils-amb-nom-combinacio-rosa.html\" class=\"btn smooth05\" title=\"Afegeix una adre\u00e7a nova\"\n    aria-label=\"Afegeix una adre\u00e7a nova\" role=\"button\">\n            <svg class=\"svgic svgic-button-cart\">\n            <use href=\"\/themes\/alysum\/assets\/img\/lib.svg#eye2\"><\/use>\n        <\/svg>\n        <\/a>\n        \n      <\/div>\n    \n\n          \n   \n\n  \n      <\/div>\n\n  <div class=\"product-desc-wrap\">\n    <div class=\"product-description relative clearfix\">\n      \n  \n      \n      \n    <h3 class=\"product-title text-left\">\n        <a href=\"https:\/\/www.starstickvinilos.com\/ca\/vinils-personalitzats-amb-nom\/1270-personalitza-les-parets-amb-els-vinils-amb-nom-combinacio-rosa.html\">Personalitza les parets amb els vinils amb...<\/a>\n    <\/h3>\n    \n\n      \n      \n                    <div class=\"product-price-and-shipping\">\n                \n                \n                <span class=\"price\" content=\"18.5\">18,50\u00a0\u20ac<\/span>\n                \n                \n            <\/div>\n\n                        \n\n      \n  \n    <div class=\"short-desc product-description-short pm_desk_false shown\">\n        <p class=\"MsoNormal\">Decora l\u2019habitaci\u00f3 infantil amb un vinil personalitzat amb nom en tons roses, ideal per crear un ambient dol\u00e7 i acollidor. Aquest set d\u2019adhesius de paret \u00e9s f\u00e0cil d\u2019instal\u00b7lar, d\u2019alta qualitat i permet col\u00b7locar cada lletra de manera independent per aconseguir un disseny \u00fanic i a mida.<\/p>\n<p><\/p>\n<p class=\"MsoNormal\"><strong>Mides aproximades del vinil (ample x alt)<\/strong><\/p>\n<p class=\"MsoNormal\"><strong>Petit:<\/strong> Alt de cada lletra: 10 cm + 10 estrelles<\/p>\n<p class=\"MsoNormal\"><strong>Mitj\u00e0:<\/strong> Alt de cada lletra: 15 cm + 10 estrelles<\/p>\n<p class=\"MsoNormal\"><strong>Gran:<\/strong> Alt de cada lletra: 19 cm + 10 estrelles<\/p>\n<p><\/p>\n<p>*Els noms amb m\u00e9s de 6 lletres tindran una al\u00e7ada lleugerament inferior per poder ajustar-se a la mida de la l\u00e0mina<\/p>\n    <\/div>\n\n      \n  <div class=\"hook-reviews hide-reviews\">\n    \n\n    <div class=\"reviStarsContainer\">\n\n        <div class=\"reviStars\" style=\"--rating: 5;\"><\/div>\n                    <div class=\"reviStarsBlock\">(3)<\/div>\n        \n    <\/div>\n\n\n<\/div>\n      \n      \n        <div class=\"highlighted-informations no-variants\">\n            <div class=\"variant-links\">\n    <span class=\"js-count count\"><\/span>\n<\/div>\n        <\/div>\n    \n\n    <\/div>\n          \n  \n<ul class=\"product-flags\"><\/ul>\n      <\/div>\n\n  <div class=\"displayProductButtonFixed hide-empty\">    \n\n        \n        \n<a href=\"#\" class=\"favoritesButton flex-container align-items-center favorites-button pktopleft btn\" data-pid=\"1270\" data-action=\"add\" title=\"Afegir a preferits\"\n    aria-label=\"Afegir a preferits\" role=\"button\">\n    <svg class=\"svgic\">\n        <use href=\"\/themes\/alysum\/assets\/img\/lib.svg#love\"><\/use>\n    <\/svg>\n    \n<\/a><\/div>\n\n            <\/div>\n<\/article>\n      \n          \n        \t\n\n                \n\n\n\n\n\n\n\n\n\n\n\n\n\n\n\n\n\n\n\n\n\n\n\n\n\n\n\n\n\n\n\n<article class=\"product-miniature js-product-miniature out-of-stock vinils-noms-per-a-portes-nado\" data-id-product=\"8616\" data-id-product-attribute=\"1161373\">\n  <div class=\"thumbnail-container relative\">\n                  \n  <div class=\"thumbnail product-thumbnail relative flex-container\">\n    \n                      \n                                                \n\n\n\n\n\n<a href=\"https:\/\/www.starstickvinilos.com\/ca\/vinils-noms-per-a-portes-nado\/8616-vinil-infantil-personalitzat-amb-nom-koala-a-la-lluna-amb-gronxador-per-a-habitacio-de-nado.html\" class=\"relative oh db subimage-true\">\n            <img\n  src=\"https:\/\/www.starstickvinilos.com\/92016-home_default\/vinil-infantil-personalitzat-amb-nom-koala-a-la-lluna-amb-gronxador-per-a-habitacio-de-nado.jpg\"\n  loading=\"lazy\"\n  alt=\"Vinil infantil personalitzat amb nom koala a la lluna amb gronxador per a habitaci\u00f3 de nad\u00f3\"\n  width=\"380\"\n  height=\"380\"\n  class=\"smooth05 cover-image db\"\n  data-full-size-image-url=\"https:\/\/www.starstickvinilos.com\/92016-large_default\/vinil-infantil-personalitzat-amb-nom-koala-a-la-lluna-amb-gronxador-per-a-habitacio-de-nado.jpg\">                    \n                <img\n  src=\"https:\/\/www.starstickvinilos.com\/92018-home_default\/vinil-infantil-personalitzat-amb-nom-koala-a-la-lluna-amb-gronxador-per-a-habitacio-de-nado.jpg\"\n  loading=\"lazy\"\n  alt=\"Vinil infantil personalitzat amb nom koala a la lluna amb gronxador per a habitaci\u00f3 de nad\u00f3\"\n  width=\"380\"\n  height=\"380\"\n  class=\"smooth05 cover-image db\"\n  data-full-size-image-url=\"https:\/\/www.starstickvinilos.com\/92018-large_default\/vinil-infantil-personalitzat-amb-nom-koala-a-la-lluna-amb-gronxador-per-a-habitacio-de-nado.jpg\">                                \n            \n<span class=\"pmimage-switcher flex-container\">\n    <span><\/span>\n                                        <span><\/span>\n                                                                                    <\/span>\n\n            <\/a>\n\n\n    \n      <div class=\"product-actions show-on-hover scale-on-hover\">\n        \n  \n        \n  \n    <a href=\"https:\/\/www.starstickvinilos.com\/ca\/vinils-noms-per-a-portes-nado\/8616-vinil-infantil-personalitzat-amb-nom-koala-a-la-lluna-amb-gronxador-per-a-habitacio-de-nado.html\" class=\"btn smooth05\" title=\"Afegeix una adre\u00e7a nova\"\n    aria-label=\"Afegeix una adre\u00e7a nova\" role=\"button\">\n            <svg class=\"svgic svgic-button-cart\">\n            <use href=\"\/themes\/alysum\/assets\/img\/lib.svg#eye2\"><\/use>\n        <\/svg>\n        <\/a>\n        \n      <\/div>\n    \n\n          \n   \n\n  \n      <\/div>\n\n  <div class=\"product-desc-wrap\">\n    <div class=\"product-description relative clearfix\">\n      \n  \n      \n      \n    <h3 class=\"product-title text-left\">\n        <a href=\"https:\/\/www.starstickvinilos.com\/ca\/vinils-noms-per-a-portes-nado\/8616-vinil-infantil-personalitzat-amb-nom-koala-a-la-lluna-amb-gronxador-per-a-habitacio-de-nado.html\">Vinil infantil personalitzat amb nom |...<\/a>\n    <\/h3>\n    \n\n      \n      \n                    <div class=\"product-price-and-shipping\">\n                \n                \n                <span class=\"price\" content=\"22.5\">22,50\u00a0\u20ac<\/span>\n                \n                \n            <\/div>\n\n                        \n\n      \n  \n    <div class=\"short-desc product-description-short pm_desk_false shown\">\n        <p>Vinil infantil personalitzat amb nom, amb disseny de koala a la lluna amb gronxador. Ideal per decorar l\u2019habitaci\u00f3 del nad\u00f3 amb un toc dol\u00e7, original i exclusiu. F\u00e0cil de col\u00b7locar i fabricat amb materials d\u2019alta qualitat.<\/p>\n<p>Fabricat amb materials d\u2019alta qualitat, aquest vinil decoratiu infantil \u00e9s f\u00e0cil de col\u00b7locar sobre parets, portes o mobles. Els seus colors suaus i duradors aporten calidesa i harmonia a l\u2019ambient.<\/p>\n<p><\/p>\n<p><\/p>\n<p><strong>Mida de la l\u00e0mina i muntatge <\/strong><\/p>\n<p><strong>L\u00e0mina amb 1 nom:<\/strong> 30 \u00d7 24 cm<\/p>\n<p><strong>L\u00e0mina amb 2 noms:<\/strong> 30 \u00d7 28 cm<\/p>\n    <\/div>\n\n      \n  <div class=\"hook-reviews hide-reviews\">\n    \n\n    \n\n<\/div>\n      \n      \n        <div class=\"highlighted-informations no-variants\">\n            <div class=\"variant-links\">\n    <span class=\"js-count count\"><\/span>\n<\/div>\n        <\/div>\n    \n\n    <\/div>\n          \n  \n<ul class=\"product-flags\"><\/ul>\n      <\/div>\n\n  <div class=\"displayProductButtonFixed hide-empty\">    \n\n        \n        \n<a href=\"#\" class=\"favoritesButton flex-container align-items-center favorites-button pktopleft btn\" data-pid=\"8616\" data-action=\"add\" title=\"Afegir a preferits\"\n    aria-label=\"Afegir a preferits\" role=\"button\">\n    <svg class=\"svgic\">\n        <use href=\"\/themes\/alysum\/assets\/img\/lib.svg#love\"><\/use>\n    <\/svg>\n    \n<\/a><\/div>\n\n            <\/div>\n<\/article>\n      \n          \n        \t\n\n            \n\n\n\n\n\n\n\n\n\n\n\n\n\n\n\n\n\n\n\n\n\n\n\n\n\n\n\n\n\n\n\n<article class=\"product-miniature js-product-miniature vinils-noms-per-a-portes-nado\" data-id-product=\"4706\" data-id-product-attribute=\"1095292\">\n  <div class=\"thumbnail-container relative\">\n                  \n  <div class=\"thumbnail product-thumbnail relative flex-container\">\n    \n                      \n                                                \n\n\n\n\n\n<a href=\"https:\/\/www.starstickvinilos.com\/ca\/vinils-noms-per-a-portes-nado\/4706-vinils-infantils-amb-nom-nado-dinosaure-decoracio-personalitzada-per-a-nado.html\" class=\"relative oh db subimage-true\">\n            <img\n  src=\"https:\/\/www.starstickvinilos.com\/40908-home_default\/vinils-infantils-amb-nom-nado-dinosaure-decoracio-personalitzada-per-a-nado.jpg\"\n  loading=\"lazy\"\n  alt=\"Vinils infantils amb nom - Nad\u00f3 dinosaure - Decoraci\u00f3 personalitzada per a nad\u00f3\"\n  width=\"380\"\n  height=\"380\"\n  class=\"smooth05 cover-image db\"\n  data-full-size-image-url=\"https:\/\/www.starstickvinilos.com\/40908-large_default\/vinils-infantils-amb-nom-nado-dinosaure-decoracio-personalitzada-per-a-nado.jpg\">                    \n                <img\n  src=\"https:\/\/www.starstickvinilos.com\/40907-home_default\/vinils-infantils-amb-nom-nado-dinosaure-decoracio-personalitzada-per-a-nado.jpg\"\n  loading=\"lazy\"\n  alt=\"Vinils infantils amb nom - Nad\u00f3 dinosaure - Decoraci\u00f3 personalitzada per a nad\u00f3\"\n  width=\"380\"\n  height=\"380\"\n  class=\"smooth05 cover-image db\"\n  data-full-size-image-url=\"https:\/\/www.starstickvinilos.com\/40907-large_default\/vinils-infantils-amb-nom-nado-dinosaure-decoracio-personalitzada-per-a-nado.jpg\">                                                \n            \n<span class=\"pmimage-switcher flex-container\">\n    <span><\/span>\n                                        <span><\/span>\n                                                                                                                                    <\/span>\n\n            <\/a>\n\n\n    \n      <div class=\"product-actions show-on-hover scale-on-hover\">\n        \n  \n        \n  \n    <a href=\"https:\/\/www.starstickvinilos.com\/ca\/vinils-noms-per-a-portes-nado\/4706-vinils-infantils-amb-nom-nado-dinosaure-decoracio-personalitzada-per-a-nado.html\" class=\"btn smooth05\" title=\"Afegeix una adre\u00e7a nova\"\n    aria-label=\"Afegeix una adre\u00e7a nova\" role=\"button\">\n            <svg class=\"svgic svgic-button-cart\">\n            <use href=\"\/themes\/alysum\/assets\/img\/lib.svg#eye2\"><\/use>\n        <\/svg>\n        <\/a>\n        \n      <\/div>\n    \n\n          \n   \n\n  \n      <\/div>\n\n  <div class=\"product-desc-wrap\">\n    <div class=\"product-description relative clearfix\">\n      \n  \n      \n      \n    <h3 class=\"product-title text-left\">\n        <a href=\"https:\/\/www.starstickvinilos.com\/ca\/vinils-noms-per-a-portes-nado\/4706-vinils-infantils-amb-nom-nado-dinosaure-decoracio-personalitzada-per-a-nado.html\">Vinils infantils amb nom - Nad\u00f3 dinosaure...<\/a>\n    <\/h3>\n    \n\n      \n      \n                    <div class=\"product-price-and-shipping\">\n                \n                \n                <span class=\"price\" content=\"22.5\">22,50\u00a0\u20ac<\/span>\n                \n                \n            <\/div>\n\n                        \n\n      \n  \n    <div class=\"short-desc product-description-short pm_desk_false shown\">\n        <p>Vinil decoratiu personalitzable, dissenyat per afegir un toc especial a l'habitaci\u00f3 del teu petit o petit. Un disseny encantador que compta amb un adorable nad\u00f3 dinosaure traient el cap fora de l'ou. \u00c9s l'elecci\u00f3 perfecta per decorar habitacions de nadons o nens petits, creant un ambient ple de tendresa i fantasia. El nostre vinil s'adapta a les teves prefer\u00e8ncies, permetent personalitzar-lo amb un o dos noms, convertint-lo en una pe\u00e7a \u00fanica i especial. No perdis l'oportunitat de fer de l'habitaci\u00f3 del teu petit un lloc m\u00e0gic i ple d\u00b4estil amb el nostre vinil decoratiu personalitzable.<\/p>\n<p><strong><\/strong><\/p>\n<p><strong>Mida de la l\u00e0mina i del muntatge<\/strong><\/p>\n<p><strong>L\u00e0mina amb 1 nom:<\/strong><span class=\"apple-converted-space\">\u00a030x24<\/span>\u00a0cm<\/p>\n<p><strong>L\u00e0mina amb 2 noms:<\/strong><span class=\"apple-converted-space\">\u00a030x28<\/span>\u00a0cm<\/p>\n    <\/div>\n\n      \n  <div class=\"hook-reviews hide-reviews\">\n    \n\n    \n\n<\/div>\n      \n      \n        <div class=\"highlighted-informations\">\n            <div class=\"variant-links\">\n              \n    <a href=\"https:\/\/www.starstickvinilos.com\/ca\/vinils-noms-per-a-portes-nado\/4706-vinils-infantils-amb-nom-nado-dinosaure-decoracio-personalitzada-per-a-nado.html\"\n       class=\"color\"\n       title=\"c14 Verd\"\n       aria-label=\"c14 Verd\"\n       style=\"background-color: #98BA5B\"           ><span class=\"sr-only\">c14 Verd<\/span>\n  <\/a>\n              \n    <a href=\"https:\/\/www.starstickvinilos.com\/ca\/vinils-noms-per-a-portes-nado\/4706-vinils-infantils-amb-nom-nado-dinosaure-decoracio-personalitzada-per-a-nado.html\"\n       class=\"color\"\n       title=\"c37 Aquamarina clar\"\n       aria-label=\"c37 Aquamarina clar\"\n       style=\"background-color: #BCCECC\"           ><span class=\"sr-only\">c37 Aquamarina clar<\/span>\n  <\/a>\n    <span class=\"js-count count\"><\/span>\n<\/div>\n        <\/div>\n    \n\n    <\/div>\n          \n  \n<ul class=\"product-flags\"><\/ul>\n      <\/div>\n\n  <div class=\"displayProductButtonFixed hide-empty\">    \n\n        \n        \n<a href=\"#\" class=\"favoritesButton flex-container align-items-center favorites-button pktopleft btn\" data-pid=\"4706\" data-action=\"add\" title=\"Afegir a preferits\"\n    aria-label=\"Afegir a preferits\" role=\"button\">\n    <svg class=\"svgic\">\n        <use href=\"\/themes\/alysum\/assets\/img\/lib.svg#love\"><\/use>\n    <\/svg>\n    \n<\/a><\/div>\n\n            <\/div>\n<\/article>\n      \n          \n        \t\n\n            \n\n\n\n\n\n\n\n\n\n\n\n\n\n\n\n\n\n\n\n\n\n\n\n\n\n\n\n\n\n\n\n<article class=\"product-miniature js-product-miniature vinils-noms-per-a-portes-nado\" data-id-product=\"7101\" data-id-product-attribute=\"1149153\">\n  <div class=\"thumbnail-container relative\">\n                  \n  <div class=\"thumbnail product-thumbnail relative flex-container\">\n    \n                      \n                                                \n\n\n\n\n\n<a href=\"https:\/\/www.starstickvinilos.com\/ca\/vinils-noms-per-a-portes-nado\/7101-arc-de-sant-marti-somrient-vinils-amb-nom-per-a-portes.html\" class=\"relative oh db subimage-true\">\n            <img\n  src=\"https:\/\/www.starstickvinilos.com\/72440-home_default\/arc-de-sant-marti-somrient-vinils-amb-nom-per-a-portes.jpg\"\n  loading=\"lazy\"\n  alt=\"Arc de Sant Mart\u00ed somrient. Vinils amb nom per a portes\"\n  width=\"380\"\n  height=\"380\"\n  class=\"smooth05 cover-image db\"\n  data-full-size-image-url=\"https:\/\/www.starstickvinilos.com\/72440-large_default\/arc-de-sant-marti-somrient-vinils-amb-nom-per-a-portes.jpg\">                    \n                <img\n  src=\"https:\/\/www.starstickvinilos.com\/74192-home_default\/arc-de-sant-marti-somrient-vinils-amb-nom-per-a-portes.jpg\"\n  loading=\"lazy\"\n  alt=\"Arc de Sant Mart\u00ed somrient. Vinils amb nom per a portes\"\n  width=\"380\"\n  height=\"380\"\n  class=\"smooth05 cover-image db\"\n  data-full-size-image-url=\"https:\/\/www.starstickvinilos.com\/74192-large_default\/arc-de-sant-marti-somrient-vinils-amb-nom-per-a-portes.jpg\">                                    \n            \n<span class=\"pmimage-switcher flex-container\">\n    <span><\/span>\n                                        <span><\/span>\n                                                                                                <\/span>\n\n            <\/a>\n\n\n    \n      <div class=\"product-actions show-on-hover scale-on-hover\">\n        \n  \n        \n  \n    <a href=\"https:\/\/www.starstickvinilos.com\/ca\/vinils-noms-per-a-portes-nado\/7101-arc-de-sant-marti-somrient-vinils-amb-nom-per-a-portes.html\" class=\"btn smooth05\" title=\"Afegeix una adre\u00e7a nova\"\n    aria-label=\"Afegeix una adre\u00e7a nova\" role=\"button\">\n            <svg class=\"svgic svgic-button-cart\">\n            <use href=\"\/themes\/alysum\/assets\/img\/lib.svg#eye2\"><\/use>\n        <\/svg>\n        <\/a>\n        \n      <\/div>\n    \n\n          \n   \n\n  \n      <\/div>\n\n  <div class=\"product-desc-wrap\">\n    <div class=\"product-description relative clearfix\">\n      \n  \n      \n      \n    <h3 class=\"product-title text-left\">\n        <a href=\"https:\/\/www.starstickvinilos.com\/ca\/vinils-noms-per-a-portes-nado\/7101-arc-de-sant-marti-somrient-vinils-amb-nom-per-a-portes.html\">Arc de Sant Mart\u00ed somrient. Vinils amb nom...<\/a>\n    <\/h3>\n    \n\n      \n      \n                    <div class=\"product-price-and-shipping\">\n                \n                \n                <span class=\"price\" content=\"22.5\">22,50\u00a0\u20ac<\/span>\n                \n                \n            <\/div>\n\n                        \n\n      \n  \n    <div class=\"short-desc product-description-short pm_desk_false shown\">\n        <p>Vinil decoratiu amb un encantador arc de Sant Mart\u00ed personalitzat amb un o dos noms. Ideal per afegir un toc \u00fanic i alegre a qualsevol espai. Es pot enganxar a parets, portes, mobles, cap\u00e7alers i altres racons de l'habitaci\u00f3 infantil. Fabricat en material d'alta qualitat i f\u00e0cil d'aplicar.<\/p>\n<p>\u00a0<\/p>\n<p><strong>Mida de la l\u00e0mina i del muntatge: <\/strong>30x23 cm<\/p>\n    <\/div>\n\n      \n  <div class=\"hook-reviews hide-reviews\">\n    \n\n    \n\n<\/div>\n      \n      \n        <div class=\"highlighted-informations\">\n            <div class=\"variant-links\">\n              \n    <a href=\"https:\/\/www.starstickvinilos.com\/ca\/vinils-noms-per-a-portes-nado\/7101-arc-de-sant-marti-somrient-vinils-amb-nom-per-a-portes.html\"\n       class=\"color\"\n       title=\"c9 Maduixa\"\n       aria-label=\"c9 Maduixa\"\n       style=\"background-color: #f4477c\"           ><span class=\"sr-only\">c9 Maduixa<\/span>\n  <\/a>\n              \n    <a href=\"https:\/\/www.starstickvinilos.com\/ca\/vinils-noms-per-a-portes-nado\/7101-arc-de-sant-marti-somrient-vinils-amb-nom-per-a-portes.html\"\n       class=\"color\"\n       title=\"C26 Teula fosc\"\n       aria-label=\"C26 Teula fosc\"\n       style=\"background-color: #A06565\"           ><span class=\"sr-only\">C26 Teula fosc<\/span>\n  <\/a>\n    <span class=\"js-count count\"><\/span>\n<\/div>\n        <\/div>\n    \n\n    <\/div>\n          \n  \n<ul class=\"product-flags\"><\/ul>\n      <\/div>\n\n  <div class=\"displayProductButtonFixed hide-empty\">    \n\n        \n        \n<a href=\"#\" class=\"favoritesButton flex-container align-items-center favorites-button pktopleft btn\" data-pid=\"7101\" data-action=\"add\" title=\"Afegir a preferits\"\n    aria-label=\"Afegir a preferits\" role=\"button\">\n    <svg class=\"svgic\">\n        <use href=\"\/themes\/alysum\/assets\/img\/lib.svg#love\"><\/use>\n    <\/svg>\n    \n<\/a><\/div>\n\n            <\/div>\n<\/article>\n      \n          \n        \t\n\n            \n\n\n\n\n\n\n\n\n\n\n\n\n\n\n\n\n\n\n\n\n\n\n\n\n\n\n\n\n\n\n\n<article class=\"product-miniature js-product-miniature vinils-personalitzats-amb-nom\" data-id-product=\"1004\" data-id-product-attribute=\"1166682\">\n  <div class=\"thumbnail-container relative\">\n                  \n  <div class=\"thumbnail product-thumbnail relative flex-container\">\n    \n                      \n                                                \n\n\n\n\n\n<a href=\"https:\/\/www.starstickvinilos.com\/ca\/vinils-personalitzats-amb-nom\/1004-nom-classic-vinils-infantils-personalitzats-decoracio-infantil.html\" class=\"relative oh db subimage-true\">\n            <img\n  src=\"https:\/\/www.starstickvinilos.com\/93762-home_default\/nom-classic-vinils-infantils-personalitzats-decoracio-infantil.jpg\"\n  loading=\"lazy\"\n  alt=\"Nom Classic. Vinils...\"\n  width=\"380\"\n  height=\"380\"\n  class=\"smooth05 cover-image db\"\n  data-full-size-image-url=\"https:\/\/www.starstickvinilos.com\/93762-large_default\/nom-classic-vinils-infantils-personalitzats-decoracio-infantil.jpg\">                    \n                <img\n  src=\"https:\/\/www.starstickvinilos.com\/93768-home_default\/nom-classic-vinils-infantils-personalitzats-decoracio-infantil.jpg\"\n  loading=\"lazy\"\n  alt=\"Nom Classic. Vinils...\"\n  width=\"380\"\n  height=\"380\"\n  class=\"smooth05 cover-image db\"\n  data-full-size-image-url=\"https:\/\/www.starstickvinilos.com\/93768-large_default\/nom-classic-vinils-infantils-personalitzats-decoracio-infantil.jpg\">                                                                \n            \n<span class=\"pmimage-switcher flex-container\">\n    <span><\/span>\n                                        <span><\/span>\n                                                                                                                                                                                    <\/span>\n\n            <\/a>\n\n\n    \n      <div class=\"product-actions show-on-hover scale-on-hover\">\n        \n  \n        \n  \n    <a href=\"https:\/\/www.starstickvinilos.com\/ca\/vinils-personalitzats-amb-nom\/1004-nom-classic-vinils-infantils-personalitzats-decoracio-infantil.html\" class=\"btn smooth05\" title=\"Afegeix una adre\u00e7a nova\"\n    aria-label=\"Afegeix una adre\u00e7a nova\" role=\"button\">\n            <svg class=\"svgic svgic-button-cart\">\n            <use href=\"\/themes\/alysum\/assets\/img\/lib.svg#eye2\"><\/use>\n        <\/svg>\n        <\/a>\n        \n      <\/div>\n    \n\n          \n   \n\n  \n      <\/div>\n\n  <div class=\"product-desc-wrap\">\n    <div class=\"product-description relative clearfix\">\n      \n  \n      \n      \n    <h3 class=\"product-title text-left\">\n        <a href=\"https:\/\/www.starstickvinilos.com\/ca\/vinils-personalitzats-amb-nom\/1004-nom-classic-vinils-infantils-personalitzats-decoracio-infantil.html\">Nom Classic. Vinils infantils...<\/a>\n    <\/h3>\n    \n\n      \n      \n                    <div class=\"product-price-and-shipping\">\n                \n                \n                <span class=\"price\" content=\"12.5\">12,50\u00a0\u20ac<\/span>\n                \n                \n            <\/div>\n\n                        \n\n      \n  \n    <div class=\"short-desc product-description-short pm_desk_false shown\">\n        <p>Vinils infantils personalitzables. S\u00f3n perfectes per decorar les parets d'habitacions infantils, creant una decoraci\u00f3 \u00fanica i totalment adaptada als gustos de cada nen.<\/p>\n<p>\u00a0<\/p>\n<p><strong>Petit -\u00a0<\/strong>Alt de les lletres:\u00a010\u00a0cm<\/p>\n<p><strong>Mitj\u00e0 <\/strong>-\u00a0Alt de les lletres:\u00a015\u00a0cm<\/p>\n<p><strong>Gran <\/strong>-\u00a0Alt de les lletres:\u00a020\u00a0cm<\/p>\n    <\/div>\n\n      \n  <div class=\"hook-reviews hide-reviews\">\n    \n\n    <div class=\"reviStarsContainer\">\n\n        <div class=\"reviStars\" style=\"--rating: 4.74;\"><\/div>\n                    <div class=\"reviStarsBlock\">(136)<\/div>\n        \n    <\/div>\n\n\n<\/div>\n      \n      \n        <div class=\"highlighted-informations no-variants\">\n            <div class=\"variant-links\">\n    <span class=\"js-count count\"><\/span>\n<\/div>\n        <\/div>\n    \n\n    <\/div>\n          \n  \n<ul class=\"product-flags\"><\/ul>\n      <\/div>\n\n  <div class=\"displayProductButtonFixed hide-empty\">    \n\n        \n        \n<a href=\"#\" class=\"favoritesButton flex-container align-items-center favorites-button pktopleft btn\" data-pid=\"1004\" data-action=\"add\" title=\"Afegir a preferits\"\n    aria-label=\"Afegir a preferits\" role=\"button\">\n    <svg class=\"svgic\">\n        <use href=\"\/themes\/alysum\/assets\/img\/lib.svg#love\"><\/use>\n    <\/svg>\n    \n<\/a><\/div>\n\n            <\/div>\n<\/article>\n      \n          \n        \t\n\n            \n\n\n\n\n\n\n\n\n\n\n\n\n\n\n\n\n\n\n\n\n\n\n\n\n\n\n\n\n\n\n\n<article class=\"product-miniature js-product-miniature vinils-personalitzats-amb-nom\" data-id-product=\"2268\" data-id-product-attribute=\"1166679\">\n  <div class=\"thumbnail-container relative\">\n                  \n  <div class=\"thumbnail product-thumbnail relative flex-container\">\n    \n                      \n                                                \n\n\n\n\n\n<a href=\"https:\/\/www.starstickvinilos.com\/ca\/vinils-personalitzats-amb-nom\/2268-vinil-decoratiu-infantil-personalitzat-nom-estil-modern-per-a-paret-dhabitacio-de-nado-i-nens.html\" class=\"relative oh db subimage-true\">\n            <img\n  src=\"https:\/\/www.starstickvinilos.com\/12524-home_default\/vinil-decoratiu-infantil-personalitzat-nom-estil-modern-per-a-paret-dhabitacio-de-nado-i-nens.jpg\"\n  loading=\"lazy\"\n  alt=\"Vinil decoratiu personalitzat estil Modern amb nom per a paret d\u2019habitaci\u00f3 de nad\u00f3, infantil o juvenil.\"\n  width=\"380\"\n  height=\"380\"\n  class=\"smooth05 cover-image db\"\n  data-full-size-image-url=\"https:\/\/www.starstickvinilos.com\/12524-large_default\/vinil-decoratiu-infantil-personalitzat-nom-estil-modern-per-a-paret-dhabitacio-de-nado-i-nens.jpg\">                    \n                <img\n  src=\"https:\/\/www.starstickvinilos.com\/93769-home_default\/vinil-decoratiu-infantil-personalitzat-nom-estil-modern-per-a-paret-dhabitacio-de-nado-i-nens.jpg\"\n  loading=\"lazy\"\n  alt=\"Vinil decoratiu personalitzat estil Modern amb nom per a paret d\u2019habitaci\u00f3 de nad\u00f3, infantil o juvenil.\"\n  width=\"380\"\n  height=\"380\"\n  class=\"smooth05 cover-image db\"\n  data-full-size-image-url=\"https:\/\/www.starstickvinilos.com\/93769-large_default\/vinil-decoratiu-infantil-personalitzat-nom-estil-modern-per-a-paret-dhabitacio-de-nado-i-nens.jpg\">                                                                \n            \n<span class=\"pmimage-switcher flex-container\">\n    <span><\/span>\n                                        <span><\/span>\n                                                                                                                                                                                    <\/span>\n\n            <\/a>\n\n\n    \n      <div class=\"product-actions show-on-hover scale-on-hover\">\n        \n  \n        \n  \n    <a href=\"https:\/\/www.starstickvinilos.com\/ca\/vinils-personalitzats-amb-nom\/2268-vinil-decoratiu-infantil-personalitzat-nom-estil-modern-per-a-paret-dhabitacio-de-nado-i-nens.html\" class=\"btn smooth05\" title=\"Afegeix una adre\u00e7a nova\"\n    aria-label=\"Afegeix una adre\u00e7a nova\" role=\"button\">\n            <svg class=\"svgic svgic-button-cart\">\n            <use href=\"\/themes\/alysum\/assets\/img\/lib.svg#eye2\"><\/use>\n        <\/svg>\n        <\/a>\n        \n      <\/div>\n    \n\n          \n   \n\n  \n      <\/div>\n\n  <div class=\"product-desc-wrap\">\n    <div class=\"product-description relative clearfix\">\n      \n  \n      \n      \n    <h3 class=\"product-title text-left\">\n        <a href=\"https:\/\/www.starstickvinilos.com\/ca\/vinils-personalitzats-amb-nom\/2268-vinil-decoratiu-infantil-personalitzat-nom-estil-modern-per-a-paret-dhabitacio-de-nado-i-nens.html\">Adhesiu decoratiu infantil personalitzat...<\/a>\n    <\/h3>\n    \n\n      \n      \n                    <div class=\"product-price-and-shipping\">\n                \n                \n                <span class=\"price\" content=\"12.5\">12,50\u00a0\u20ac<\/span>\n                \n                \n            <\/div>\n\n                        \n\n      \n  \n    <div class=\"short-desc product-description-short pm_desk_false shown\">\n        <p>Vinil decoratiu personalitzat amb nom, dissenyat lletra per lletra perqu\u00e8 el puguis col\u00b7locar lliurement segons el teu gust. Perfecte per a habitacions de nad\u00f3, infantils o juvenils, aportant un toc \u00fanic, actual i elegant a qualsevol paret. El seu disseny vers\u00e0til permet crear composicions personalitzades i adaptar-les f\u00e0cilment a qualsevol espai, aconseguint un ambient decoratiu acollidor i amb estil propi.<\/p>\n<p><strong>Talles disponibles:<\/strong><\/p>\n<p><strong>Petit:<\/strong> al\u00e7ada de les lletres 10 cm<\/p>\n<p><strong>Mitj\u00e0:<\/strong> al\u00e7ada de les lletres 15 cm<\/p>\n<p><strong>Gran:<\/strong> al\u00e7ada de les lletres 20\u00a0cm<\/p>\n<p><\/p>\n<p>\u26a0\ufe0f Nom\u00e9s 1 nom per unitat de producte. Si desitges m\u00e9s d\u2019un nom, afegeix el producte de nou al carret amb el segon nom.<\/p>\n    <\/div>\n\n      \n  <div class=\"hook-reviews hide-reviews\">\n    \n\n    <div class=\"reviStarsContainer\">\n\n        <div class=\"reviStars\" style=\"--rating: 4.97;\"><\/div>\n                    <div class=\"reviStarsBlock\">(35)<\/div>\n        \n    <\/div>\n\n\n<\/div>\n      \n      \n        <div class=\"highlighted-informations no-variants\">\n            <div class=\"variant-links\">\n    <span class=\"js-count count\"><\/span>\n<\/div>\n        <\/div>\n    \n\n    <\/div>\n          \n  \n<ul class=\"product-flags\"><\/ul>\n      <\/div>\n\n  <div class=\"displayProductButtonFixed hide-empty\">    \n\n        \n        \n<a href=\"#\" class=\"favoritesButton flex-container align-items-center favorites-button pktopleft btn\" data-pid=\"2268\" data-action=\"add\" title=\"Afegir a preferits\"\n    aria-label=\"Afegir a preferits\" role=\"button\">\n    <svg class=\"svgic\">\n        <use href=\"\/themes\/alysum\/assets\/img\/lib.svg#love\"><\/use>\n    <\/svg>\n    \n<\/a><\/div>\n\n            <\/div>\n<\/article>\n      \n          \n        \t\n\n            \n\n\n\n\n\n\n\n\n\n\n\n\n\n\n\n\n\n\n\n\n\n\n\n\n\n\n\n\n\n\n\n<article class=\"product-miniature js-product-miniature vinils-personalitzats-amb-nom\" data-id-product=\"207\" data-id-product-attribute=\"1166796\">\n  <div class=\"thumbnail-container relative\">\n                  \n  <div class=\"thumbnail product-thumbnail relative flex-container\">\n    \n                      \n                                                \n\n\n\n\n\n<a href=\"https:\/\/www.starstickvinilos.com\/ca\/vinils-personalitzats-amb-nom\/207-nom-happy-vinils-infantils-personalitzables-per-a-decoracio-infantil.html\" class=\"relative oh db subimage-true\">\n            <img\n  src=\"https:\/\/www.starstickvinilos.com\/93772-home_default\/nom-happy-vinils-infantils-personalitzables-per-a-decoracio-infantil.jpg\"\n  loading=\"lazy\"\n  alt=\"Nom Happy vinils infantils...\"\n  width=\"380\"\n  height=\"380\"\n  class=\"smooth05 cover-image db\"\n  data-full-size-image-url=\"https:\/\/www.starstickvinilos.com\/93772-large_default\/nom-happy-vinils-infantils-personalitzables-per-a-decoracio-infantil.jpg\">                    \n                <img\n  src=\"https:\/\/www.starstickvinilos.com\/93770-home_default\/nom-happy-vinils-infantils-personalitzables-per-a-decoracio-infantil.jpg\"\n  loading=\"lazy\"\n  alt=\"Nom Happy vinils infantils...\"\n  width=\"380\"\n  height=\"380\"\n  class=\"smooth05 cover-image db\"\n  data-full-size-image-url=\"https:\/\/www.starstickvinilos.com\/93770-large_default\/nom-happy-vinils-infantils-personalitzables-per-a-decoracio-infantil.jpg\">                                            \n            \n<span class=\"pmimage-switcher flex-container\">\n    <span><\/span>\n                                        <span><\/span>\n                                                                                                                        <\/span>\n\n            <\/a>\n\n\n    \n      <div class=\"product-actions show-on-hover scale-on-hover\">\n        \n  \n        \n  \n    <a href=\"https:\/\/www.starstickvinilos.com\/ca\/vinils-personalitzats-amb-nom\/207-nom-happy-vinils-infantils-personalitzables-per-a-decoracio-infantil.html\" class=\"btn smooth05\" title=\"Afegeix una adre\u00e7a nova\"\n    aria-label=\"Afegeix una adre\u00e7a nova\" role=\"button\">\n            <svg class=\"svgic svgic-button-cart\">\n            <use href=\"\/themes\/alysum\/assets\/img\/lib.svg#eye2\"><\/use>\n        <\/svg>\n        <\/a>\n        \n      <\/div>\n    \n\n          \n   \n\n  \n      <\/div>\n\n  <div class=\"product-desc-wrap\">\n    <div class=\"product-description relative clearfix\">\n      \n  \n      \n      \n    <h3 class=\"product-title text-left\">\n        <a href=\"https:\/\/www.starstickvinilos.com\/ca\/vinils-personalitzats-amb-nom\/207-nom-happy-vinils-infantils-personalitzables-per-a-decoracio-infantil.html\">Nom Happy vinils infantils...<\/a>\n    <\/h3>\n    \n\n      \n      \n                    <div class=\"product-price-and-shipping\">\n                \n                \n                <span class=\"price\" content=\"12.5\">12,50\u00a0\u20ac<\/span>\n                \n                \n            <\/div>\n\n                        \n\n      \n  \n    <div class=\"short-desc product-description-short pm_desk_false shown\">\n        <p><strong>Mides detallades\u00a0<\/strong><\/p>\n<p><strong>Petit<\/strong><br \/>Al\u00e7ada de les lletres: 10 cm<br \/>Amplada de 6 lletres, exemple Daniel: 40 cm<\/p>\n<p><strong>Mitj\u00e0<\/strong><br \/>Al\u00e7ada de les lletres: 15 cm<br \/>Amplada de 6 lletres, exemple Daniel: 60 cm<\/p>\n<p><strong>Gran<\/strong><br \/>Al\u00e7ada de les lletres: 19 cm<br \/>Amplada de 6 lletres, exemple Daniel: 85 cm<\/p>\n<p><\/p>\n<p>L'amplada del nom pot variar, la refer\u00e8ncia \u00e9s l'al\u00e7ada de les lletres. L'amplada mai superar\u00e0 els 120 cm.<\/p>\n    <\/div>\n\n      \n  <div class=\"hook-reviews hide-reviews\">\n    \n\n    <div class=\"reviStarsContainer\">\n\n        <div class=\"reviStars\" style=\"--rating: 4.83;\"><\/div>\n                    <div class=\"reviStarsBlock\">(6)<\/div>\n        \n    <\/div>\n\n\n<\/div>\n      \n      \n        <div class=\"highlighted-informations no-variants\">\n            <div class=\"variant-links\">\n    <span class=\"js-count count\"><\/span>\n<\/div>\n        <\/div>\n    \n\n    <\/div>\n          \n  \n<ul class=\"product-flags\"><\/ul>\n      <\/div>\n\n  <div class=\"displayProductButtonFixed hide-empty\">    \n\n        \n        \n<a href=\"#\" class=\"favoritesButton flex-container align-items-center favorites-button pktopleft btn\" data-pid=\"207\" data-action=\"add\" title=\"Afegir a preferits\"\n    aria-label=\"Afegir a preferits\" role=\"button\">\n    <svg class=\"svgic\">\n        <use href=\"\/themes\/alysum\/assets\/img\/lib.svg#love\"><\/use>\n    <\/svg>\n    \n<\/a><\/div>\n\n            <\/div>\n<\/article>\n      \n          \n        \t\n\n            \n\n\n\n\n\n\n\n\n\n\n\n\n\n\n\n\n\n\n\n\n\n\n\n\n\n\n\n\n\n\n\n<article class=\"product-miniature js-product-miniature vinils-personalitzats-amb-nom\" data-id-product=\"262\" data-id-product-attribute=\"1166799\">\n  <div class=\"thumbnail-container relative\">\n                  \n  <div class=\"thumbnail product-thumbnail relative flex-container\">\n    \n                      \n                                                \n\n\n\n\n\n<a href=\"https:\/\/www.starstickvinilos.com\/ca\/vinils-personalitzats-amb-nom\/262-adhesiu-infantil-i-juvenil-personalitzat-amb-nom-model-play.html\" class=\"relative oh db subimage-true\">\n            <img\n  src=\"https:\/\/www.starstickvinilos.com\/16936-home_default\/adhesiu-infantil-i-juvenil-personalitzat-amb-nom-model-play.jpg\"\n  loading=\"lazy\"\n  alt=\"Adhesiu infantil personalitzat amb nom, ideal per decorar habitacions de nadons i infants.\"\n  width=\"380\"\n  height=\"380\"\n  class=\"smooth05 cover-image db\"\n  data-full-size-image-url=\"https:\/\/www.starstickvinilos.com\/16936-large_default\/adhesiu-infantil-i-juvenil-personalitzat-amb-nom-model-play.jpg\">                    \n                <img\n  src=\"https:\/\/www.starstickvinilos.com\/93819-home_default\/adhesiu-infantil-i-juvenil-personalitzat-amb-nom-model-play.jpg\"\n  loading=\"lazy\"\n  alt=\"Adhesiu infantil personalitzat amb nom, ideal per decorar habitacions de nadons i infants.\"\n  width=\"380\"\n  height=\"380\"\n  class=\"smooth05 cover-image db\"\n  data-full-size-image-url=\"https:\/\/www.starstickvinilos.com\/93819-large_default\/adhesiu-infantil-i-juvenil-personalitzat-amb-nom-model-play.jpg\">                                                            \n            \n<span class=\"pmimage-switcher flex-container\">\n    <span><\/span>\n                                        <span><\/span>\n                                                                                                                                                                        <\/span>\n\n            <\/a>\n\n\n    \n      <div class=\"product-actions show-on-hover scale-on-hover\">\n        \n  \n        \n  \n    <a href=\"https:\/\/www.starstickvinilos.com\/ca\/vinils-personalitzats-amb-nom\/262-adhesiu-infantil-i-juvenil-personalitzat-amb-nom-model-play.html\" class=\"btn smooth05\" title=\"Afegeix una adre\u00e7a nova\"\n    aria-label=\"Afegeix una adre\u00e7a nova\" role=\"button\">\n            <svg class=\"svgic svgic-button-cart\">\n            <use href=\"\/themes\/alysum\/assets\/img\/lib.svg#eye2\"><\/use>\n        <\/svg>\n        <\/a>\n        \n      <\/div>\n    \n\n          \n   \n\n  \n      <\/div>\n\n  <div class=\"product-desc-wrap\">\n    <div class=\"product-description relative clearfix\">\n      \n  \n      \n      \n    <h3 class=\"product-title text-left\">\n        <a href=\"https:\/\/www.starstickvinilos.com\/ca\/vinils-personalitzats-amb-nom\/262-adhesiu-infantil-i-juvenil-personalitzat-amb-nom-model-play.html\">Adhesiu infantil i juvenil personalitzat...<\/a>\n    <\/h3>\n    \n\n      \n      \n                    <div class=\"product-price-and-shipping\">\n                \n                \n                <span class=\"price\" content=\"12.5\">12,50\u00a0\u20ac<\/span>\n                \n                \n            <\/div>\n\n                        \n\n      \n  \n    <div class=\"short-desc product-description-short pm_desk_false shown\">\n        <p>Adhesius infantils personalitzables ideals per decorar les parets d\u2019habitacions de nadons i infants. Crea un espai \u00fanic amb el nom que tri\u00efs, totalment adaptat a l\u2019estil de l\u2019habitaci\u00f3.<\/p>\n<p>Aquest model permet personalitzar el nom segons les teves prefer\u00e8ncies: pots optar per la primera lletra en maj\u00fascula i la resta en min\u00fascula, o b\u00e9 escriure tot el nom en maj\u00fascules. Nom\u00e9s has d\u2019escriure el nom exactament com el vols i nosaltres el produirem tal com l\u2019has indicat.<\/p>\n<p><strong>Mides disponibles:<\/strong><\/p>\n<ul>\n<li>Petit: al\u00e7ada de les lletres 10 cm (maj\u00fascules) \u2013 8 cm (min\u00fascules)<\/li>\n<li>Mitj\u00e0: al\u00e7ada de les lletres 15 cm (maj\u00fascules) \u2013 11 cm (min\u00fascules)<\/li>\n<li>Gran: al\u00e7ada de les lletres 20 cm (maj\u00fascules) \u2013 14 cm (min\u00fascules)<\/li>\n<\/ul>\n    <\/div>\n\n      \n  <div class=\"hook-reviews hide-reviews\">\n    \n\n    <div class=\"reviStarsContainer\">\n\n        <div class=\"reviStars\" style=\"--rating: 4.66;\"><\/div>\n                    <div class=\"reviStarsBlock\">(44)<\/div>\n        \n    <\/div>\n\n\n<\/div>\n      \n      \n        <div class=\"highlighted-informations no-variants\">\n            <div class=\"variant-links\">\n    <span class=\"js-count count\"><\/span>\n<\/div>\n        <\/div>\n    \n\n    <\/div>\n          \n  \n<ul class=\"product-flags\"><\/ul>\n      <\/div>\n\n  <div class=\"displayProductButtonFixed hide-empty\">    \n\n        \n        \n<a href=\"#\" class=\"favoritesButton flex-container align-items-center favorites-button pktopleft btn\" data-pid=\"262\" data-action=\"add\" title=\"Afegir a preferits\"\n    aria-label=\"Afegir a preferits\" role=\"button\">\n    <svg class=\"svgic\">\n        <use href=\"\/themes\/alysum\/assets\/img\/lib.svg#love\"><\/use>\n    <\/svg>\n    \n<\/a><\/div>\n\n            <\/div>\n<\/article>\n      \n          \n        \t\n\n            \n\n\n\n\n\n\n\n\n\n\n\n\n\n\n\n\n\n\n\n\n\n\n\n\n\n\n\n\n\n\n\n<article class=\"product-miniature js-product-miniature vinils-amb-nom\" data-id-product=\"3951\" data-id-product-attribute=\"928417\">\n  <div class=\"thumbnail-container relative\">\n                  \n  <div class=\"thumbnail product-thumbnail relative flex-container\">\n    \n                      \n                                                \n\n\n\n\n\n<a href=\"https:\/\/www.starstickvinilos.com\/ca\/vinils-amb-nom\/3951-personalitza-les-parets-amb-els-vinils-amb-nom-combinacio-rosa-gris.html\" class=\"relative oh db subimage-true\">\n            <img\n  src=\"https:\/\/www.starstickvinilos.com\/31718-home_default\/personalitza-les-parets-amb-els-vinils-amb-nom-combinacio-rosa-gris.jpg\"\n  loading=\"lazy\"\n  alt=\"Personalitza les parets amb...\"\n  width=\"380\"\n  height=\"380\"\n  class=\"smooth05 cover-image db\"\n  data-full-size-image-url=\"https:\/\/www.starstickvinilos.com\/31718-large_default\/personalitza-les-parets-amb-els-vinils-amb-nom-combinacio-rosa-gris.jpg\">                    \n                <img\n  src=\"https:\/\/www.starstickvinilos.com\/31721-home_default\/personalitza-les-parets-amb-els-vinils-amb-nom-combinacio-rosa-gris.jpg\"\n  loading=\"lazy\"\n  alt=\"Personalitza les parets amb...\"\n  width=\"380\"\n  height=\"380\"\n  class=\"smooth05 cover-image db\"\n  data-full-size-image-url=\"https:\/\/www.starstickvinilos.com\/31721-large_default\/personalitza-les-parets-amb-els-vinils-amb-nom-combinacio-rosa-gris.jpg\">                \n            \n<span class=\"pmimage-switcher flex-container\">\n    <span><\/span>\n                                        <span><\/span>\n                                    <\/span>\n\n            <\/a>\n\n\n    \n      <div class=\"product-actions show-on-hover scale-on-hover\">\n        \n  \n        \n  \n    <a href=\"https:\/\/www.starstickvinilos.com\/ca\/vinils-amb-nom\/3951-personalitza-les-parets-amb-els-vinils-amb-nom-combinacio-rosa-gris.html\" class=\"btn smooth05\" title=\"Afegeix una adre\u00e7a nova\"\n    aria-label=\"Afegeix una adre\u00e7a nova\" role=\"button\">\n            <svg class=\"svgic svgic-button-cart\">\n            <use href=\"\/themes\/alysum\/assets\/img\/lib.svg#eye2\"><\/use>\n        <\/svg>\n        <\/a>\n        \n      <\/div>\n    \n\n          \n   \n\n  \n      <\/div>\n\n  <div class=\"product-desc-wrap\">\n    <div class=\"product-description relative clearfix\">\n      \n  \n      \n      \n    <h3 class=\"product-title text-left\">\n        <a href=\"https:\/\/www.starstickvinilos.com\/ca\/vinils-amb-nom\/3951-personalitza-les-parets-amb-els-vinils-amb-nom-combinacio-rosa-gris.html\">Personalitza les parets amb els vinils amb...<\/a>\n    <\/h3>\n    \n\n      \n      \n                    <div class=\"product-price-and-shipping\">\n                \n                \n                <span class=\"price\" content=\"18.5\">18,50\u00a0\u20ac<\/span>\n                \n                \n            <\/div>\n\n                        \n\n      \n  \n    <div class=\"short-desc product-description-short pm_desk_false shown\">\n        <p class=\"MsoNormal\"><strong>Mesures aproximades del vinil (ample x alt)<\/strong><\/p>\n<p class=\"MsoNormal\"><strong>Petit:<\/strong>\u00a0Alt de cada lletra: 10 cm + 10 estrelles<\/p>\n<p class=\"MsoNormal\"><strong>Mitj\u00e0:<\/strong>\u00a0Alt de cada lletra: 15 cm + 10 estrelles<\/p>\n<p class=\"MsoNormal\"><strong>Gran:<\/strong>\u00a0Alt de cada lletra: 19 cm + 10 estrelles<\/p>\n<p><br \/><br \/>*Els noms amb m\u00e9s de 6 lletres tindran una al\u00e7ada una mica inferior per poder ajustar-los a la mida de la l\u00e0mina<\/p>\n    <\/div>\n\n      \n  <div class=\"hook-reviews hide-reviews\">\n    \n\n    \n\n<\/div>\n      \n      \n        <div class=\"highlighted-informations no-variants\">\n            <div class=\"variant-links\">\n    <span class=\"js-count count\"><\/span>\n<\/div>\n        <\/div>\n    \n\n    <\/div>\n          \n  \n<ul class=\"product-flags\"><\/ul>\n      <\/div>\n\n  <div class=\"displayProductButtonFixed hide-empty\">    \n\n        \n        \n<a href=\"#\" class=\"favoritesButton flex-container align-items-center favorites-button pktopleft btn\" data-pid=\"3951\" data-action=\"add\" title=\"Afegir a preferits\"\n    aria-label=\"Afegir a preferits\" role=\"button\">\n    <svg class=\"svgic\">\n        <use href=\"\/themes\/alysum\/assets\/img\/lib.svg#love\"><\/use>\n    <\/svg>\n    \n<\/a><\/div>\n\n            <\/div>\n<\/article>\n      \n          \n        \t\n\n            \n\n\n\n\n\n\n\n\n\n\n\n\n\n\n\n\n\n\n\n\n\n\n\n\n\n\n\n\n\n\n\n<article class=\"product-miniature js-product-miniature vinils-personalitzats-amb-nom\" data-id-product=\"3956\" data-id-product-attribute=\"928437\">\n  <div class=\"thumbnail-container relative\">\n                  \n  <div class=\"thumbnail product-thumbnail relative flex-container\">\n    \n                      \n                                                \n\n\n\n\n\n<a href=\"https:\/\/www.starstickvinilos.com\/ca\/vinils-personalitzats-amb-nom\/3956-personalitza-les-parets-amb-els-vinils-amb-nom-combinacio-blau.html\" class=\"relative oh db subimage-true\">\n            <img\n  src=\"https:\/\/www.starstickvinilos.com\/80924-home_default\/personalitza-les-parets-amb-els-vinils-amb-nom-combinacio-blau.jpg\"\n  loading=\"lazy\"\n  alt=\"Personalitza les parets amb...\"\n  width=\"380\"\n  height=\"380\"\n  class=\"smooth05 cover-image db\"\n  data-full-size-image-url=\"https:\/\/www.starstickvinilos.com\/80924-large_default\/personalitza-les-parets-amb-els-vinils-amb-nom-combinacio-blau.jpg\">                    \n                <img\n  src=\"https:\/\/www.starstickvinilos.com\/31761-home_default\/personalitza-les-parets-amb-els-vinils-amb-nom-combinacio-blau.jpg\"\n  loading=\"lazy\"\n  alt=\"Personalitza les parets amb...\"\n  width=\"380\"\n  height=\"380\"\n  class=\"smooth05 cover-image db\"\n  data-full-size-image-url=\"https:\/\/www.starstickvinilos.com\/31761-large_default\/personalitza-les-parets-amb-els-vinils-amb-nom-combinacio-blau.jpg\">                                        \n            \n<span class=\"pmimage-switcher flex-container\">\n    <span><\/span>\n                                        <span><\/span>\n                                                                                                            <\/span>\n\n            <\/a>\n\n\n    \n      <div class=\"product-actions show-on-hover scale-on-hover\">\n        \n  \n        \n  \n    <a href=\"https:\/\/www.starstickvinilos.com\/ca\/vinils-personalitzats-amb-nom\/3956-personalitza-les-parets-amb-els-vinils-amb-nom-combinacio-blau.html\" class=\"btn smooth05\" title=\"Afegeix una adre\u00e7a nova\"\n    aria-label=\"Afegeix una adre\u00e7a nova\" role=\"button\">\n            <svg class=\"svgic svgic-button-cart\">\n            <use href=\"\/themes\/alysum\/assets\/img\/lib.svg#eye2\"><\/use>\n        <\/svg>\n        <\/a>\n        \n      <\/div>\n    \n\n          \n   \n\n  \n      <\/div>\n\n  <div class=\"product-desc-wrap\">\n    <div class=\"product-description relative clearfix\">\n      \n  \n      \n      \n    <h3 class=\"product-title text-left\">\n        <a href=\"https:\/\/www.starstickvinilos.com\/ca\/vinils-personalitzats-amb-nom\/3956-personalitza-les-parets-amb-els-vinils-amb-nom-combinacio-blau.html\">Personalitza les parets amb els vinils amb...<\/a>\n    <\/h3>\n    \n\n      \n      \n                    <div class=\"product-price-and-shipping\">\n                \n                \n                <span class=\"price\" content=\"18.5\">18,50\u00a0\u20ac<\/span>\n                \n                \n            <\/div>\n\n                        \n\n      \n  \n    <div class=\"short-desc product-description-short pm_desk_false shown\">\n        <p>Decora l\u2019habitaci\u00f3 infantil amb un vinil personalitzat amb nom en tons blaus, ideal per crear un ambient tranquil i acollidor. Aquest set d\u2019adhesius de paret \u00e9s f\u00e0cil d\u2019instal\u00b7lar, d\u2019alta qualitat i permet col\u00b7locar cada lletra de manera independent per aconseguir un disseny \u00fanic i totalment personalitzat.<\/p>\n<p><\/p>\n<p class=\"MsoNormal\"><strong>Mides aproximades del vinil (ample x alt)<\/strong><\/p>\n<p class=\"MsoNormal\"><strong>Petit:<\/strong> Alt de cada lletra: 10 cm + 10 estrelles<\/p>\n<p class=\"MsoNormal\"><strong>Mitj\u00e0:<\/strong> Alt de cada lletra: 15 cm + 10 estrelles<\/p>\n<p class=\"MsoNormal\"><strong>Gran:<\/strong> Alt de cada lletra: 19 cm + 10 estrelles<\/p>\n<p><\/p>\n<p>*Els noms amb m\u00e9s de 6 lletres tindran una al\u00e7ada lleugerament inferior per poder ajustar-se a la mida de la l\u00e0mina<\/p>\n    <\/div>\n\n      \n  <div class=\"hook-reviews hide-reviews\">\n    \n\n    <div class=\"reviStarsContainer\">\n\n        <div class=\"reviStars\" style=\"--rating: 5;\"><\/div>\n                    <div class=\"reviStarsBlock\">(1)<\/div>\n        \n    <\/div>\n\n\n<\/div>\n      \n      \n        <div class=\"highlighted-informations no-variants\">\n            <div class=\"variant-links\">\n    <span class=\"js-count count\"><\/span>\n<\/div>\n        <\/div>\n    \n\n    <\/div>\n          \n  \n<ul class=\"product-flags\"><\/ul>\n      <\/div>\n\n  <div class=\"displayProductButtonFixed hide-empty\">    \n\n        \n        \n<a href=\"#\" class=\"favoritesButton flex-container align-items-center favorites-button pktopleft btn\" data-pid=\"3956\" data-action=\"add\" title=\"Afegir a preferits\"\n    aria-label=\"Afegir a preferits\" role=\"button\">\n    <svg class=\"svgic\">\n        <use href=\"\/themes\/alysum\/assets\/img\/lib.svg#love\"><\/use>\n    <\/svg>\n    \n<\/a><\/div>\n\n            <\/div>\n<\/article>\n      \n          \n        \t\n\n            \n\n\n\n\n\n\n\n\n\n\n\n\n\n\n\n\n\n\n\n\n\n\n\n\n\n\n\n\n\n\n\n<article class=\"product-miniature js-product-miniature vinils-noms-per-a-portes-nena\" data-id-product=\"7410\" data-id-product-attribute=\"1149920\">\n  <div class=\"thumbnail-container relative\">\n                  \n  <div class=\"thumbnail product-thumbnail relative flex-container\">\n    \n                      \n                                                \n\n\n\n\n\n<a href=\"https:\/\/www.starstickvinilos.com\/ca\/vinils-noms-per-a-portes-nena\/7410-nom-amb-corona-decoracio-habitacions-juvenils.html\" class=\"relative oh db subimage-true\">\n            <img\n  src=\"https:\/\/www.starstickvinilos.com\/76370-home_default\/nom-amb-corona-decoracio-habitacions-juvenils.jpg\"\n  loading=\"lazy\"\n  alt=\"Nom amb corona - Decoraci\u00f3 habitacions juvenils\"\n  width=\"380\"\n  height=\"380\"\n  class=\"smooth05 cover-image db\"\n  data-full-size-image-url=\"https:\/\/www.starstickvinilos.com\/76370-large_default\/nom-amb-corona-decoracio-habitacions-juvenils.jpg\">                    \n                <img\n  src=\"https:\/\/www.starstickvinilos.com\/76373-home_default\/nom-amb-corona-decoracio-habitacions-juvenils.jpg\"\n  loading=\"lazy\"\n  alt=\"Nom amb corona - Decoraci\u00f3 habitacions juvenils\"\n  width=\"380\"\n  height=\"380\"\n  class=\"smooth05 cover-image db\"\n  data-full-size-image-url=\"https:\/\/www.starstickvinilos.com\/76373-large_default\/nom-amb-corona-decoracio-habitacions-juvenils.jpg\">                        \n            \n<span class=\"pmimage-switcher flex-container\">\n    <span><\/span>\n                                        <span><\/span>\n                                                            <\/span>\n\n            <\/a>\n\n\n    \n      <div class=\"product-actions show-on-hover scale-on-hover\">\n        \n  \n        \n  \n    <a href=\"https:\/\/www.starstickvinilos.com\/ca\/vinils-noms-per-a-portes-nena\/7410-nom-amb-corona-decoracio-habitacions-juvenils.html\" class=\"btn smooth05\" title=\"Afegeix una adre\u00e7a nova\"\n    aria-label=\"Afegeix una adre\u00e7a nova\" role=\"button\">\n            <svg class=\"svgic svgic-button-cart\">\n            <use href=\"\/themes\/alysum\/assets\/img\/lib.svg#eye2\"><\/use>\n        <\/svg>\n        <\/a>\n        \n      <\/div>\n    \n\n          \n   \n\n  \n      <\/div>\n\n  <div class=\"product-desc-wrap\">\n    <div class=\"product-description relative clearfix\">\n      \n  \n      \n      \n    <h3 class=\"product-title text-left\">\n        <a href=\"https:\/\/www.starstickvinilos.com\/ca\/vinils-noms-per-a-portes-nena\/7410-nom-amb-corona-decoracio-habitacions-juvenils.html\">Nom amb corona - Decoraci\u00f3 habitacions...<\/a>\n    <\/h3>\n    \n\n      \n      \n                    <div class=\"product-price-and-shipping\">\n                \n                \n                <span class=\"price\" content=\"22.5\">22,50\u00a0\u20ac<\/span>\n                \n                \n            <\/div>\n\n                        \n\n      \n  \n    <div class=\"short-desc product-description-short pm_desk_false shown\">\n        <p>Afegeix un toc \u00fanic i especial a les habitacions juvenils i infantils amb els nostres vinils personalitzables. Cada lletra del nom est\u00e0 dissenyada en un color diferent, creant una composici\u00f3 \u00fanica i original. Una opci\u00f3 ideal per a aquells que busquen decorar amb estil i personalitat.<\/p>\n<p>\u00a0<\/p>\n<p><strong>Mida de la l\u00e0mina i del muntatge<\/strong><\/p>\n<p><strong>L\u00e0mina amb 1 nom:<\/strong><span class=\"apple-converted-space\"> 30x25<\/span>\u00a0cm<\/p>\n<p><strong>L\u00e0mina amb 2 noms:<\/strong><span class=\"apple-converted-space\"> 30x32<\/span>\u00a0cm<\/p>\n    <\/div>\n\n      \n  <div class=\"hook-reviews hide-reviews\">\n    \n\n    \n\n<\/div>\n      \n      \n        <div class=\"highlighted-informations no-variants\">\n            <div class=\"variant-links\">\n    <span class=\"js-count count\"><\/span>\n<\/div>\n        <\/div>\n    \n\n    <\/div>\n          \n  \n<ul class=\"product-flags\"><\/ul>\n      <\/div>\n\n  <div class=\"displayProductButtonFixed hide-empty\">    \n\n        \n        \n<a href=\"#\" class=\"favoritesButton flex-container align-items-center favorites-button pktopleft btn\" data-pid=\"7410\" data-action=\"add\" title=\"Afegir a preferits\"\n    aria-label=\"Afegir a preferits\" role=\"button\">\n    <svg class=\"svgic\">\n        <use href=\"\/themes\/alysum\/assets\/img\/lib.svg#love\"><\/use>\n    <\/svg>\n    \n<\/a><\/div>\n\n            <\/div>\n<\/article>\n      \n          \n        \t\n\n            \n\n\n\n\n\n\n\n\n\n\n\n\n\n\n\n\n\n\n\n\n\n\n\n\n\n\n\n\n\n\n\n<article class=\"product-miniature js-product-miniature vinils-personalitzats-amb-nom\" data-id-product=\"208\" data-id-product-attribute=\"1166913\">\n  <div class=\"thumbnail-container relative\">\n                  \n  <div class=\"thumbnail product-thumbnail relative flex-container\">\n    \n                      \n                                                \n\n\n\n\n\n<a href=\"https:\/\/www.starstickvinilos.com\/ca\/vinils-personalitzats-amb-nom\/208-vinils-infantils-personalitzats-amb-nom-nombre-fun.html\" class=\"relative oh db subimage-true\">\n            <img\n  src=\"https:\/\/www.starstickvinilos.com\/93821-home_default\/vinils-infantils-personalitzats-amb-nom-nombre-fun.jpg\"\n  loading=\"lazy\"\n  alt=\"Vinils infantils...\"\n  width=\"380\"\n  height=\"380\"\n  class=\"smooth05 cover-image db\"\n  data-full-size-image-url=\"https:\/\/www.starstickvinilos.com\/93821-large_default\/vinils-infantils-personalitzats-amb-nom-nombre-fun.jpg\">                    \n                <img\n  src=\"https:\/\/www.starstickvinilos.com\/93822-home_default\/vinils-infantils-personalitzats-amb-nom-nombre-fun.jpg\"\n  loading=\"lazy\"\n  alt=\"Vinils infantils...\"\n  width=\"380\"\n  height=\"380\"\n  class=\"smooth05 cover-image db\"\n  data-full-size-image-url=\"https:\/\/www.starstickvinilos.com\/93822-large_default\/vinils-infantils-personalitzats-amb-nom-nombre-fun.jpg\">                                                        \n            \n<span class=\"pmimage-switcher flex-container\">\n    <span><\/span>\n                                        <span><\/span>\n                                                                                                                                                            <\/span>\n\n            <\/a>\n\n\n    \n      <div class=\"product-actions show-on-hover scale-on-hover\">\n        \n  \n        \n  \n    <a href=\"https:\/\/www.starstickvinilos.com\/ca\/vinils-personalitzats-amb-nom\/208-vinils-infantils-personalitzats-amb-nom-nombre-fun.html\" class=\"btn smooth05\" title=\"Afegeix una adre\u00e7a nova\"\n    aria-label=\"Afegeix una adre\u00e7a nova\" role=\"button\">\n            <svg class=\"svgic svgic-button-cart\">\n            <use href=\"\/themes\/alysum\/assets\/img\/lib.svg#eye2\"><\/use>\n        <\/svg>\n        <\/a>\n        \n      <\/div>\n    \n\n          \n   \n\n  \n      <\/div>\n\n  <div class=\"product-desc-wrap\">\n    <div class=\"product-description relative clearfix\">\n      \n  \n      \n      \n    <h3 class=\"product-title text-left\">\n        <a href=\"https:\/\/www.starstickvinilos.com\/ca\/vinils-personalitzats-amb-nom\/208-vinils-infantils-personalitzats-amb-nom-nombre-fun.html\">Vinils infantils personalitzats amb nom |...<\/a>\n    <\/h3>\n    \n\n      \n      \n                    <div class=\"product-price-and-shipping\">\n                \n                \n                <span class=\"price\" content=\"12.5\">12,50\u00a0\u20ac<\/span>\n                \n                \n            <\/div>\n\n                        \n\n      \n  \n    <div class=\"short-desc product-description-short pm_desk_false shown\">\n        <p>Transforma les habitacions dels nens i nenes amb els nostres vinils infantils de paret personalitzats amb el nom. Selecciona la mida i el color que m\u00e9s t'agradi i dissenya un ambient \u00fanic i especial per al teu petit. Comen\u00e7a a decorar de manera personalitzada i converteix la seva habitaci\u00f3 en un lloc m\u00e0gic ple d\u2019imaginaci\u00f3 i alegria!<\/p>\n<p><\/p>\n<p><strong>Petit -\u00a0<\/strong>Al\u00e7ada\u00a0lletres:10 cm<\/p>\n<p><strong>Mitj\u00e0 -\u00a0<\/strong>Al\u00e7ada lletres:15 cm\u00a0<\/p>\n<p><strong>Gran -\u00a0<\/strong>Al\u00e7ada\u00a0lletres: 19 cm\u00a0<\/p>\n<p><\/p>\n    <\/div>\n\n      \n  <div class=\"hook-reviews hide-reviews\">\n    \n\n    <div class=\"reviStarsContainer\">\n\n        <div class=\"reviStars\" style=\"--rating: 5;\"><\/div>\n                    <div class=\"reviStarsBlock\">(9)<\/div>\n        \n    <\/div>\n\n\n<\/div>\n      \n      \n        <div class=\"highlighted-informations no-variants\">\n            <div class=\"variant-links\">\n    <span class=\"js-count count\"><\/span>\n<\/div>\n        <\/div>\n    \n\n    <\/div>\n          \n  \n<ul class=\"product-flags\"><\/ul>\n      <\/div>\n\n  <div class=\"displayProductButtonFixed hide-empty\">    \n\n        \n        \n<a href=\"#\" class=\"favoritesButton flex-container align-items-center favorites-button pktopleft btn\" data-pid=\"208\" data-action=\"add\" title=\"Afegir a preferits\"\n    aria-label=\"Afegir a preferits\" role=\"button\">\n    <svg class=\"svgic\">\n        <use href=\"\/themes\/alysum\/assets\/img\/lib.svg#love\"><\/use>\n    <\/svg>\n    \n<\/a><\/div>\n\n            <\/div>\n<\/article>\n      \n          \n        \t\n\n            \n\n\n\n\n\n\n\n\n\n\n\n\n\n\n\n\n\n\n\n\n\n\n\n\n\n\n\n\n\n\n\n<article class=\"product-miniature js-product-miniature vinils-noms-per-a-portes-nena\" data-id-product=\"6221\" data-id-product-attribute=\"1141721\">\n  <div class=\"thumbnail-container relative\">\n                  \n  <div class=\"thumbnail product-thumbnail relative flex-container\">\n    \n                      \n                                                \n\n\n\n\n\n<a href=\"https:\/\/www.starstickvinilos.com\/ca\/vinils-noms-per-a-portes-nena\/6221-unicorn-somiador-vinils-amb-nom-per-decorar-habitacions-de-nenes.html\" class=\"relative oh db subimage-true\">\n            <img\n  src=\"https:\/\/www.starstickvinilos.com\/60961-home_default\/unicorn-somiador-vinils-amb-nom-per-decorar-habitacions-de-nenes.jpg\"\n  loading=\"lazy\"\n  alt=\"Unicorn Somiador \u2013 Vinils amb nom per decorar habitacions de nenes\"\n  width=\"380\"\n  height=\"380\"\n  class=\"smooth05 cover-image db\"\n  data-full-size-image-url=\"https:\/\/www.starstickvinilos.com\/60961-large_default\/unicorn-somiador-vinils-amb-nom-per-decorar-habitacions-de-nenes.jpg\">                    \n                <img\n  src=\"https:\/\/www.starstickvinilos.com\/60963-home_default\/unicorn-somiador-vinils-amb-nom-per-decorar-habitacions-de-nenes.jpg\"\n  loading=\"lazy\"\n  alt=\"Unicorn Somiador \u2013 Vinils amb nom per decorar habitacions de nenes\"\n  width=\"380\"\n  height=\"380\"\n  class=\"smooth05 cover-image db\"\n  data-full-size-image-url=\"https:\/\/www.starstickvinilos.com\/60963-large_default\/unicorn-somiador-vinils-amb-nom-per-decorar-habitacions-de-nenes.jpg\">                        \n            \n<span class=\"pmimage-switcher flex-container\">\n    <span><\/span>\n                                        <span><\/span>\n                                                            <\/span>\n\n            <\/a>\n\n\n    \n      <div class=\"product-actions show-on-hover scale-on-hover\">\n        \n  \n        \n  \n    <a href=\"https:\/\/www.starstickvinilos.com\/ca\/vinils-noms-per-a-portes-nena\/6221-unicorn-somiador-vinils-amb-nom-per-decorar-habitacions-de-nenes.html\" class=\"btn smooth05\" title=\"Afegeix una adre\u00e7a nova\"\n    aria-label=\"Afegeix una adre\u00e7a nova\" role=\"button\">\n            <svg class=\"svgic svgic-button-cart\">\n            <use href=\"\/themes\/alysum\/assets\/img\/lib.svg#eye2\"><\/use>\n        <\/svg>\n        <\/a>\n        \n      <\/div>\n    \n\n          \n   \n\n  \n      <\/div>\n\n  <div class=\"product-desc-wrap\">\n    <div class=\"product-description relative clearfix\">\n      \n  \n      \n      \n    <h3 class=\"product-title text-left\">\n        <a href=\"https:\/\/www.starstickvinilos.com\/ca\/vinils-noms-per-a-portes-nena\/6221-unicorn-somiador-vinils-amb-nom-per-decorar-habitacions-de-nenes.html\">Unicorn Somiador \u2013 Vinils amb nom per...<\/a>\n    <\/h3>\n    \n\n      \n      \n                    <div class=\"product-price-and-shipping\">\n                \n                \n                <span class=\"price\" content=\"22.5\">22,50\u00a0\u20ac<\/span>\n                \n                \n            <\/div>\n\n                        \n\n      \n  \n    <div class=\"short-desc product-description-short pm_desk_false shown\">\n        <p>Vinil decoratiu per personalitzar portes o parets. Doneu un toc \u00fanic als espais infantils amb els vinils personalitzats de StarStick.<\/p>\n<p>\u00a0<\/p>\n<p><strong>Mida de la l\u00e0mina i del muntatge<\/strong><\/p>\n<p><strong>1 nom:<\/strong><span class=\"apple-converted-space\">\u00a030x19<\/span>\u00a0cm<\/p>\n<p><strong>2 noms:<\/strong><span class=\"apple-converted-space\">\u00a030x25<\/span>\u00a0cm<\/p>\n    <\/div>\n\n      \n  <div class=\"hook-reviews hide-reviews\">\n    \n\n    \n\n<\/div>\n      \n      \n        <div class=\"highlighted-informations no-variants\">\n            <div class=\"variant-links\">\n    <span class=\"js-count count\"><\/span>\n<\/div>\n        <\/div>\n    \n\n    <\/div>\n          \n  \n<ul class=\"product-flags\"><\/ul>\n      <\/div>\n\n  <div class=\"displayProductButtonFixed hide-empty\">    \n\n        \n        \n<a href=\"#\" class=\"favoritesButton flex-container align-items-center favorites-button pktopleft btn\" data-pid=\"6221\" data-action=\"add\" title=\"Afegir a preferits\"\n    aria-label=\"Afegir a preferits\" role=\"button\">\n    <svg class=\"svgic\">\n        <use href=\"\/themes\/alysum\/assets\/img\/lib.svg#love\"><\/use>\n    <\/svg>\n    \n<\/a><\/div>\n\n            <\/div>\n<\/article>\n      \n          \n        \t\n\n            \n\n\n\n\n\n\n\n\n\n\n\n\n\n\n\n\n\n\n\n\n\n\n\n\n\n\n\n\n\n\n\n<article class=\"product-miniature js-product-miniature vinils-noms-per-a-portes-nena\" data-id-product=\"6532\" data-id-product-attribute=\"1143041\">\n  <div class=\"thumbnail-container relative\">\n                  \n  <div class=\"thumbnail product-thumbnail relative flex-container\">\n    \n                      \n                                    \n\n\n\n\n\n<a href=\"https:\/\/www.starstickvinilos.com\/ca\/vinils-noms-per-a-portes-nena\/6532-nena-amb-unicorn-vinils-decoratius-amb-nom.html\" class=\"relative oh db subimage-true\">\n            <img\n  src=\"https:\/\/www.starstickvinilos.com\/65284-home_default\/nena-amb-unicorn-vinils-decoratius-amb-nom.jpg\"\n  loading=\"lazy\"\n  alt=\"Nena amb unicorn. Vinils decoratius amb nom\"\n  width=\"380\"\n  height=\"380\"\n  class=\"smooth05 cover-image db\"\n  data-full-size-image-url=\"https:\/\/www.starstickvinilos.com\/65284-large_default\/nena-amb-unicorn-vinils-decoratius-amb-nom.jpg\">                    \n            <img\n  src=\"https:\/\/www.starstickvinilos.com\/65283-home_default\/nena-amb-unicorn-vinils-decoratius-amb-nom.jpg\"\n  loading=\"lazy\"\n  alt=\"Nena amb unicorn. Vinils decoratius amb nom\"\n  width=\"380\"\n  height=\"380\"\n  class=\"smooth05 cover-image db\"\n  data-full-size-image-url=\"https:\/\/www.starstickvinilos.com\/65283-large_default\/nena-amb-unicorn-vinils-decoratius-amb-nom.jpg\">                                \n            \n<span class=\"pmimage-switcher flex-container\">\n    <span><\/span>\n                            <span><\/span>\n                                                                                    <\/span>\n\n            <\/a>\n\n\n    \n      <div class=\"product-actions show-on-hover scale-on-hover\">\n        \n  \n        \n  \n    <a href=\"https:\/\/www.starstickvinilos.com\/ca\/vinils-noms-per-a-portes-nena\/6532-nena-amb-unicorn-vinils-decoratius-amb-nom.html\" class=\"btn smooth05\" title=\"Afegeix una adre\u00e7a nova\"\n    aria-label=\"Afegeix una adre\u00e7a nova\" role=\"button\">\n            <svg class=\"svgic svgic-button-cart\">\n            <use href=\"\/themes\/alysum\/assets\/img\/lib.svg#eye2\"><\/use>\n        <\/svg>\n        <\/a>\n        \n      <\/div>\n    \n\n          \n   \n\n  \n      <\/div>\n\n  <div class=\"product-desc-wrap\">\n    <div class=\"product-description relative clearfix\">\n      \n  \n      \n      \n    <h3 class=\"product-title text-left\">\n        <a href=\"https:\/\/www.starstickvinilos.com\/ca\/vinils-noms-per-a-portes-nena\/6532-nena-amb-unicorn-vinils-decoratius-amb-nom.html\">Nena amb unicorn. Vinils decoratius amb nom<\/a>\n    <\/h3>\n    \n\n      \n      \n                    <div class=\"product-price-and-shipping\">\n                \n                \n                <span class=\"price\" content=\"22.5\">22,50\u00a0\u20ac<\/span>\n                \n                \n            <\/div>\n\n                        \n\n      \n  \n    <div class=\"short-desc product-description-short pm_desk_false shown\">\n        <p>Vinil autoadhesiu amb una nena galopant sobre un majestu\u00f3s unicorn. Personalitza l'habitaci\u00f3 de la teva filla amb un toc adorable!<\/p>\n<p>\u00a0<\/p>\n<p><strong>Mida de la l\u00e0mina i del muntatge<\/strong><\/p>\n<p><strong>1 nom:<\/strong><span class=\"apple-converted-space\">\u00a030x19<\/span>\u00a0cm<\/p>\n<p><strong>2 noms:<\/strong><span class=\"apple-converted-space\">\u00a030x25<\/span>\u00a0cm<\/p>\n    <\/div>\n\n      \n  <div class=\"hook-reviews hide-reviews\">\n    \n\n    <div class=\"reviStarsContainer\">\n\n        <div class=\"reviStars\" style=\"--rating: 5;\"><\/div>\n                    <div class=\"reviStarsBlock\">(1)<\/div>\n        \n    <\/div>\n\n\n<\/div>\n      \n      \n        <div class=\"highlighted-informations no-variants\">\n            <div class=\"variant-links\">\n    <span class=\"js-count count\"><\/span>\n<\/div>\n        <\/div>\n    \n\n    <\/div>\n          \n  \n<ul class=\"product-flags\"><\/ul>\n      <\/div>\n\n  <div class=\"displayProductButtonFixed hide-empty\">    \n\n        \n        \n<a href=\"#\" class=\"favoritesButton flex-container align-items-center favorites-button pktopleft btn\" data-pid=\"6532\" data-action=\"add\" title=\"Afegir a preferits\"\n    aria-label=\"Afegir a preferits\" role=\"button\">\n    <svg class=\"svgic\">\n        <use href=\"\/themes\/alysum\/assets\/img\/lib.svg#love\"><\/use>\n    <\/svg>\n    \n<\/a><\/div>\n\n            <\/div>\n<\/article>\n      \n          \n        \t\n\n            \n\n\n\n\n\n\n\n\n\n\n\n\n\n\n\n\n\n\n\n\n\n\n\n\n\n\n\n\n\n\n\n<article class=\"product-miniature js-product-miniature vinils-noms-per-a-portes-nado\" data-id-product=\"4359\" data-id-product-attribute=\"1067613\">\n  <div class=\"thumbnail-container relative\">\n                  \n  <div class=\"thumbnail product-thumbnail relative flex-container\">\n    \n                      \n                                                \n\n\n\n\n\n<a href=\"https:\/\/www.starstickvinilos.com\/ca\/vinils-noms-per-a-portes-nado\/4359-personalitza-l-habitacio-infantil-girafa-amb-koala-vinils-amb-nom.html\" class=\"relative oh db subimage-true\">\n            <img\n  src=\"https:\/\/www.starstickvinilos.com\/36354-home_default\/personalitza-l-habitacio-infantil-girafa-amb-koala-vinils-amb-nom.jpg\"\n  loading=\"lazy\"\n  alt=\"Personalitza l&#039;habitaci\u00f3...\"\n  width=\"380\"\n  height=\"380\"\n  class=\"smooth05 cover-image db\"\n  data-full-size-image-url=\"https:\/\/www.starstickvinilos.com\/36354-large_default\/personalitza-l-habitacio-infantil-girafa-amb-koala-vinils-amb-nom.jpg\">                    \n                <img\n  src=\"https:\/\/www.starstickvinilos.com\/36358-home_default\/personalitza-l-habitacio-infantil-girafa-amb-koala-vinils-amb-nom.jpg\"\n  loading=\"lazy\"\n  alt=\"Personalitza l&#039;habitaci\u00f3...\"\n  width=\"380\"\n  height=\"380\"\n  class=\"smooth05 cover-image db\"\n  data-full-size-image-url=\"https:\/\/www.starstickvinilos.com\/36358-large_default\/personalitza-l-habitacio-infantil-girafa-amb-koala-vinils-amb-nom.jpg\">                                    \n            \n<span class=\"pmimage-switcher flex-container\">\n    <span><\/span>\n                                        <span><\/span>\n                                                                                                <\/span>\n\n            <\/a>\n\n\n    \n      <div class=\"product-actions show-on-hover scale-on-hover\">\n        \n  \n        \n  \n    <a href=\"https:\/\/www.starstickvinilos.com\/ca\/vinils-noms-per-a-portes-nado\/4359-personalitza-l-habitacio-infantil-girafa-amb-koala-vinils-amb-nom.html\" class=\"btn smooth05\" title=\"Afegeix una adre\u00e7a nova\"\n    aria-label=\"Afegeix una adre\u00e7a nova\" role=\"button\">\n            <svg class=\"svgic svgic-button-cart\">\n            <use href=\"\/themes\/alysum\/assets\/img\/lib.svg#eye2\"><\/use>\n        <\/svg>\n        <\/a>\n        \n      <\/div>\n    \n\n          \n   \n\n  \n      <\/div>\n\n  <div class=\"product-desc-wrap\">\n    <div class=\"product-description relative clearfix\">\n      \n  \n      \n      \n    <h3 class=\"product-title text-left\">\n        <a href=\"https:\/\/www.starstickvinilos.com\/ca\/vinils-noms-per-a-portes-nado\/4359-personalitza-l-habitacio-infantil-girafa-amb-koala-vinils-amb-nom.html\">Personalitza l&#039;habitaci\u00f3 infantil - Girafa...<\/a>\n    <\/h3>\n    \n\n      \n      \n                    <div class=\"product-price-and-shipping\">\n                \n                \n                <span class=\"price\" content=\"22.5\">22,50\u00a0\u20ac<\/span>\n                \n                \n            <\/div>\n\n                        \n\n      \n  \n    <div class=\"short-desc product-description-short pm_desk_false shown\">\n        <p class=\"MsoNormal\"><strong>Mida de la l\u00e0mina i del muntatge<\/strong><\/p>\n<p>1 nom:\u00a030x20 cm<\/p>\n<p>2 noms: 30x25 cm<\/p>\n<p><\/p>\n    <\/div>\n\n      \n  <div class=\"hook-reviews hide-reviews\">\n    \n\n    \n\n<\/div>\n      \n      \n        <div class=\"highlighted-informations\">\n            <div class=\"variant-links\">\n              \n    <a href=\"https:\/\/www.starstickvinilos.com\/ca\/vinils-noms-per-a-portes-nado\/4359-personalitza-l-habitacio-infantil-girafa-amb-koala-vinils-amb-nom.html\"\n       class=\"color\"\n       title=\"c19 Blau gris\"\n       aria-label=\"c19 Blau gris\"\n       style=\"background-color: #8cb3c9\"           ><span class=\"sr-only\">c19 Blau gris<\/span>\n  <\/a>\n              \n    <a href=\"https:\/\/www.starstickvinilos.com\/ca\/vinils-noms-per-a-portes-nado\/4359-personalitza-l-habitacio-infantil-girafa-amb-koala-vinils-amb-nom.html\"\n       class=\"color\"\n       title=\"C26 Teula fosc\"\n       aria-label=\"C26 Teula fosc\"\n       style=\"background-color: #A06565\"           ><span class=\"sr-only\">C26 Teula fosc<\/span>\n  <\/a>\n    <span class=\"js-count count\"><\/span>\n<\/div>\n        <\/div>\n    \n\n    <\/div>\n          \n  \n<ul class=\"product-flags\"><\/ul>\n      <\/div>\n\n  <div class=\"displayProductButtonFixed hide-empty\">    \n\n        \n        \n<a href=\"#\" class=\"favoritesButton flex-container align-items-center favorites-button pktopleft btn\" data-pid=\"4359\" data-action=\"add\" title=\"Afegir a preferits\"\n    aria-label=\"Afegir a preferits\" role=\"button\">\n    <svg class=\"svgic\">\n        <use href=\"\/themes\/alysum\/assets\/img\/lib.svg#love\"><\/use>\n    <\/svg>\n    \n<\/a><\/div>\n\n            <\/div>\n<\/article>\n      \n          \n        \t\n\n                \n\n\n\n\n\n\n\n\n\n\n\n\n\n\n\n\n\n\n\n\n\n\n\n\n\n\n\n\n\n\n\n<article class=\"product-miniature js-product-miniature out-of-stock vinils-noms-per-a-portes-germans\" data-id-product=\"5844\" data-id-product-attribute=\"1124007\">\n  <div class=\"thumbnail-container relative\">\n                  \n  <div class=\"thumbnail product-thumbnail relative flex-container\">\n    \n                      \n                                    \n\n\n\n\n\n<a href=\"https:\/\/www.starstickvinilos.com\/ca\/vinils-noms-per-a-portes-germans\/5844-vinils-personalitzats-germans-amb-coet-decoracio-habitacions-compartides.html\" class=\"relative oh db subimage-true\">\n            <img\n  src=\"https:\/\/www.starstickvinilos.com\/55459-home_default\/vinils-personalitzats-germans-amb-coet-decoracio-habitacions-compartides.jpg\"\n  loading=\"lazy\"\n  alt=\"Vinils personalitzats - Germans amb coet - Decoraci\u00f3 habitacions compartides\"\n  width=\"380\"\n  height=\"380\"\n  class=\"smooth05 cover-image db\"\n  data-full-size-image-url=\"https:\/\/www.starstickvinilos.com\/55459-large_default\/vinils-personalitzats-germans-amb-coet-decoracio-habitacions-compartides.jpg\">                    \n            <img\n  src=\"https:\/\/www.starstickvinilos.com\/73969-home_default\/vinils-personalitzats-germans-amb-coet-decoracio-habitacions-compartides.jpg\"\n  loading=\"lazy\"\n  alt=\"Vinils personalitzats - Germans amb coet - Decoraci\u00f3 habitacions compartides\"\n  width=\"380\"\n  height=\"380\"\n  class=\"smooth05 cover-image db\"\n  data-full-size-image-url=\"https:\/\/www.starstickvinilos.com\/73969-large_default\/vinils-personalitzats-germans-amb-coet-decoracio-habitacions-compartides.jpg\">                        \n            \n<span class=\"pmimage-switcher flex-container\">\n    <span><\/span>\n                            <span><\/span>\n                                                            <\/span>\n\n            <\/a>\n\n\n    \n      <div class=\"product-actions show-on-hover scale-on-hover\">\n        \n  \n        \n  \n    <a href=\"https:\/\/www.starstickvinilos.com\/ca\/vinils-noms-per-a-portes-germans\/5844-vinils-personalitzats-germans-amb-coet-decoracio-habitacions-compartides.html\" class=\"btn smooth05\" title=\"Afegeix una adre\u00e7a nova\"\n    aria-label=\"Afegeix una adre\u00e7a nova\" role=\"button\">\n            <svg class=\"svgic svgic-button-cart\">\n            <use href=\"\/themes\/alysum\/assets\/img\/lib.svg#eye2\"><\/use>\n        <\/svg>\n        <\/a>\n        \n      <\/div>\n    \n\n          \n   \n\n  \n      <\/div>\n\n  <div class=\"product-desc-wrap\">\n    <div class=\"product-description relative clearfix\">\n      \n  \n      \n      \n    <h3 class=\"product-title text-left\">\n        <a href=\"https:\/\/www.starstickvinilos.com\/ca\/vinils-noms-per-a-portes-germans\/5844-vinils-personalitzats-germans-amb-coet-decoracio-habitacions-compartides.html\">Vinils personalitzats - Germans amb coet -...<\/a>\n    <\/h3>\n    \n\n      \n      \n                    <div class=\"product-price-and-shipping\">\n                \n                \n                <span class=\"price\" content=\"22.5\">22,50\u00a0\u20ac<\/span>\n                \n                \n            <\/div>\n\n                        \n\n      \n  \n    <div class=\"short-desc product-description-short pm_desk_false shown\">\n        <p>Fant\u00e0stica idea per decorar de manera personalitzada les habitacions infantils compartides per germans diferents. Vinils personalitzables, elegants i molt f\u00e0cils d'instal\u00b7lar.<\/p>\n<p>\u00a0<\/p>\n<p><strong>Mida de la l\u00e0mina i del muntatge<\/strong><\/p>\n<p><strong>L\u00e0mina amb 1 nom:<\/strong><span class=\"apple-converted-space\">\u00a030x24<\/span>\u00a0cm<\/p>\n<p><strong>L\u00e0mina amb 2 noms:<\/strong><span class=\"apple-converted-space\">\u00a030x28<\/span>\u00a0cm<\/p>\n    <\/div>\n\n      \n  <div class=\"hook-reviews hide-reviews\">\n    \n\n    <div class=\"reviStarsContainer\">\n\n        <div class=\"reviStars\" style=\"--rating: 4;\"><\/div>\n                    <div class=\"reviStarsBlock\">(1)<\/div>\n        \n    <\/div>\n\n\n<\/div>\n      \n      \n        <div class=\"highlighted-informations no-variants\">\n            <div class=\"variant-links\">\n    <span class=\"js-count count\"><\/span>\n<\/div>\n        <\/div>\n    \n\n    <\/div>\n          \n  \n<ul class=\"product-flags\"><\/ul>\n      <\/div>\n\n  <div class=\"displayProductButtonFixed hide-empty\">    \n\n        \n        \n<a href=\"#\" class=\"favoritesButton flex-container align-items-center favorites-button pktopleft btn\" data-pid=\"5844\" data-action=\"add\" title=\"Afegir a preferits\"\n    aria-label=\"Afegir a preferits\" role=\"button\">\n    <svg class=\"svgic\">\n        <use href=\"\/themes\/alysum\/assets\/img\/lib.svg#love\"><\/use>\n    <\/svg>\n    \n<\/a><\/div>\n\n            <\/div>\n<\/article>\n      \n          \n        \t\n\n            \n\n\n\n\n\n\n\n\n\n\n\n\n\n\n\n\n\n\n\n\n\n\n\n\n\n\n\n\n\n\n\n<article class=\"product-miniature js-product-miniature vinils-noms-per-a-portes-nen\" data-id-product=\"4436\" data-id-product-attribute=\"1071875\">\n  <div class=\"thumbnail-container relative\">\n                  \n  <div class=\"thumbnail product-thumbnail relative flex-container\">\n    \n                      \n                                                \n\n\n\n\n\n<a href=\"https:\/\/www.starstickvinilos.com\/ca\/vinils-noms-per-a-portes-nen\/4436-decoracio-infantil-personalitzada-astronauta-amb-planetes-vinils-amb-nom.html\" class=\"relative oh db subimage-true\">\n            <img\n  src=\"https:\/\/www.starstickvinilos.com\/37249-home_default\/decoracio-infantil-personalitzada-astronauta-amb-planetes-vinils-amb-nom.jpg\"\n  loading=\"lazy\"\n  alt=\"Decoraci\u00f3 infantil personalitzada - Astronauta amb planetes \u2013 Vinils amb nom\"\n  width=\"380\"\n  height=\"380\"\n  class=\"smooth05 cover-image db\"\n  data-full-size-image-url=\"https:\/\/www.starstickvinilos.com\/37249-large_default\/decoracio-infantil-personalitzada-astronauta-amb-planetes-vinils-amb-nom.jpg\">                    \n                <img\n  src=\"https:\/\/www.starstickvinilos.com\/37250-home_default\/decoracio-infantil-personalitzada-astronauta-amb-planetes-vinils-amb-nom.jpg\"\n  loading=\"lazy\"\n  alt=\"Decoraci\u00f3 infantil personalitzada - Astronauta amb planetes \u2013 Vinils amb nom\"\n  width=\"380\"\n  height=\"380\"\n  class=\"smooth05 cover-image db\"\n  data-full-size-image-url=\"https:\/\/www.starstickvinilos.com\/37250-large_default\/decoracio-infantil-personalitzada-astronauta-amb-planetes-vinils-amb-nom.jpg\">                            \n            \n<span class=\"pmimage-switcher flex-container\">\n    <span><\/span>\n                                        <span><\/span>\n                                                                        <\/span>\n\n            <\/a>\n\n\n    \n      <div class=\"product-actions show-on-hover scale-on-hover\">\n        \n  \n        \n  \n    <a href=\"https:\/\/www.starstickvinilos.com\/ca\/vinils-noms-per-a-portes-nen\/4436-decoracio-infantil-personalitzada-astronauta-amb-planetes-vinils-amb-nom.html\" class=\"btn smooth05\" title=\"Afegeix una adre\u00e7a nova\"\n    aria-label=\"Afegeix una adre\u00e7a nova\" role=\"button\">\n            <svg class=\"svgic svgic-button-cart\">\n            <use href=\"\/themes\/alysum\/assets\/img\/lib.svg#eye2\"><\/use>\n        <\/svg>\n        <\/a>\n        \n      <\/div>\n    \n\n          \n   \n\n  \n      <\/div>\n\n  <div class=\"product-desc-wrap\">\n    <div class=\"product-description relative clearfix\">\n      \n  \n      \n      \n    <h3 class=\"product-title text-left\">\n        <a href=\"https:\/\/www.starstickvinilos.com\/ca\/vinils-noms-per-a-portes-nen\/4436-decoracio-infantil-personalitzada-astronauta-amb-planetes-vinils-amb-nom.html\">Decoraci\u00f3 infantil personalitzada....<\/a>\n    <\/h3>\n    \n\n      \n      \n                    <div class=\"product-price-and-shipping\">\n                \n                \n                <span class=\"price\" content=\"22.5\">22,50\u00a0\u20ac<\/span>\n                \n                \n            <\/div>\n\n                        \n\n      \n  \n    <div class=\"short-desc product-description-short pm_desk_false shown\">\n        <p>Vinils infantils personalitzats amb un o dos noms. Ideals per enganxar a la paret, a les portes de les habitacions o a qualsevol superf\u00edcie llisa. Hi ha diferents models a triar. Aquest model de l'astronauta amb planetes es pot combinar amb molts altres vinils de la mateixa col\u00b7lecci\u00f3. Crea la teva combinaci\u00f3 i decora les habitacions infantils amb estil i diversi\u00f3.<\/p>\n<p><strong><\/strong><\/p>\n<p><strong>Mida de la l\u00e0mina i del muntatge<\/strong><\/p>\n<p><strong>L\u00e0mina amb 1 nom:<\/strong><span class=\"apple-converted-space\">\u00a030x19<\/span>\u00a0cm<\/p>\n<p><strong>L\u00e0mina amb 2 noms:<\/strong><span class=\"apple-converted-space\">\u00a030x25<\/span>\u00a0cm<\/p>\n    <\/div>\n\n      \n  <div class=\"hook-reviews hide-reviews\">\n    \n\n    \n\n<\/div>\n      \n      \n        <div class=\"highlighted-informations no-variants\">\n            <div class=\"variant-links\">\n    <span class=\"js-count count\"><\/span>\n<\/div>\n        <\/div>\n    \n\n    <\/div>\n          \n  \n<ul class=\"product-flags\"><\/ul>\n      <\/div>\n\n  <div class=\"displayProductButtonFixed hide-empty\">    \n\n        \n        \n<a href=\"#\" class=\"favoritesButton flex-container align-items-center favorites-button pktopleft btn\" data-pid=\"4436\" data-action=\"add\" title=\"Afegir a preferits\"\n    aria-label=\"Afegir a preferits\" role=\"button\">\n    <svg class=\"svgic\">\n        <use href=\"\/themes\/alysum\/assets\/img\/lib.svg#love\"><\/use>\n    <\/svg>\n    \n<\/a><\/div>\n\n            <\/div>\n<\/article>\n      \n          \n        \t\n\n            \n\n\n\n\n\n\n\n\n\n\n\n\n\n\n\n\n\n\n\n\n\n\n\n\n\n\n\n\n\n\n\n<article class=\"product-miniature js-product-miniature vinils-noms-per-a-portes-nena\" data-id-product=\"4454\" data-id-product-attribute=\"1074977\">\n  <div class=\"thumbnail-container relative\">\n                  \n  <div class=\"thumbnail product-thumbnail relative flex-container\">\n    \n                      \n                                                \n\n\n\n\n\n<a href=\"https:\/\/www.starstickvinilos.com\/ca\/vinils-noms-per-a-portes-nena\/4454-vinils-infantils-personalitzats-la-balena-reina-sota-el-mar.html\" class=\"relative oh db subimage-true\">\n            <img\n  src=\"https:\/\/www.starstickvinilos.com\/37409-home_default\/vinils-infantils-personalitzats-la-balena-reina-sota-el-mar.jpg\"\n  loading=\"lazy\"\n  alt=\"Vinils infantils...\"\n  width=\"380\"\n  height=\"380\"\n  class=\"smooth05 cover-image db\"\n  data-full-size-image-url=\"https:\/\/www.starstickvinilos.com\/37409-large_default\/vinils-infantils-personalitzats-la-balena-reina-sota-el-mar.jpg\">                    \n                <img\n  src=\"https:\/\/www.starstickvinilos.com\/37408-home_default\/vinils-infantils-personalitzats-la-balena-reina-sota-el-mar.jpg\"\n  loading=\"lazy\"\n  alt=\"Vinils infantils...\"\n  width=\"380\"\n  height=\"380\"\n  class=\"smooth05 cover-image db\"\n  data-full-size-image-url=\"https:\/\/www.starstickvinilos.com\/37408-large_default\/vinils-infantils-personalitzats-la-balena-reina-sota-el-mar.jpg\">                                \n            \n<span class=\"pmimage-switcher flex-container\">\n    <span><\/span>\n                                        <span><\/span>\n                                                                                    <\/span>\n\n            <\/a>\n\n\n    \n      <div class=\"product-actions show-on-hover scale-on-hover\">\n        \n  \n        \n  \n    <a href=\"https:\/\/www.starstickvinilos.com\/ca\/vinils-noms-per-a-portes-nena\/4454-vinils-infantils-personalitzats-la-balena-reina-sota-el-mar.html\" class=\"btn smooth05\" title=\"Afegeix una adre\u00e7a nova\"\n    aria-label=\"Afegeix una adre\u00e7a nova\" role=\"button\">\n            <svg class=\"svgic svgic-button-cart\">\n            <use href=\"\/themes\/alysum\/assets\/img\/lib.svg#eye2\"><\/use>\n        <\/svg>\n        <\/a>\n        \n      <\/div>\n    \n\n          \n   \n\n  \n      <\/div>\n\n  <div class=\"product-desc-wrap\">\n    <div class=\"product-description relative clearfix\">\n      \n  \n      \n      \n    <h3 class=\"product-title text-left\">\n        <a href=\"https:\/\/www.starstickvinilos.com\/ca\/vinils-noms-per-a-portes-nena\/4454-vinils-infantils-personalitzats-la-balena-reina-sota-el-mar.html\">Vinils infantils personalitzats - La...<\/a>\n    <\/h3>\n    \n\n      \n      \n                    <div class=\"product-price-and-shipping\">\n                \n                \n                <span class=\"price\" content=\"22.5\">22,50\u00a0\u20ac<\/span>\n                \n                \n            <\/div>\n\n                        \n\n      \n  \n    <div class=\"short-desc product-description-short pm_desk_false shown\">\n        <p>Vinils infantils personalitzats amb un o dos noms. Ideals per enganxar a la paret, a les portes de les habitacions o a qualsevol superf\u00edcie llisa.<\/p>\n<p><strong><\/strong><\/p>\n<p><strong>Mida de la l\u00e0mina i del muntatge<\/strong><\/p>\n<p><strong>L\u00e0mina amb 1 nom:<\/strong><span class=\"apple-converted-space\">\u00a030x24<\/span>\u00a0cm<\/p>\n<p><strong>L\u00e0mina amb 2 noms:<\/strong><span class=\"apple-converted-space\">\u00a030x28<\/span>\u00a0cm<\/p>\n    <\/div>\n\n      \n  <div class=\"hook-reviews hide-reviews\">\n    \n\n    \n\n<\/div>\n      \n      \n        <div class=\"highlighted-informations no-variants\">\n            <div class=\"variant-links\">\n    <span class=\"js-count count\"><\/span>\n<\/div>\n        <\/div>\n    \n\n    <\/div>\n          \n  \n<ul class=\"product-flags\"><\/ul>\n      <\/div>\n\n  <div class=\"displayProductButtonFixed hide-empty\">    \n\n        \n        \n<a href=\"#\" class=\"favoritesButton flex-container align-items-center favorites-button pktopleft btn\" data-pid=\"4454\" data-action=\"add\" title=\"Afegir a preferits\"\n    aria-label=\"Afegir a preferits\" role=\"button\">\n    <svg class=\"svgic\">\n        <use href=\"\/themes\/alysum\/assets\/img\/lib.svg#love\"><\/use>\n    <\/svg>\n    \n<\/a><\/div>\n\n            <\/div>\n<\/article>\n      \n          \n        \t\n\n            \n\n\n\n\n\n\n\n\n\n\n\n\n\n\n\n\n\n\n\n\n\n\n\n\n\n\n\n\n\n\n\n<article class=\"product-miniature js-product-miniature vinils-noms-per-a-portes-nado\" data-id-product=\"4716\" data-id-product-attribute=\"1095989\">\n  <div class=\"thumbnail-container relative\">\n                  \n  <div class=\"thumbnail product-thumbnail relative flex-container\">\n    \n                      \n                                                \n\n\n\n\n\n<a href=\"https:\/\/www.starstickvinilos.com\/ca\/vinils-noms-per-a-portes-nado\/4716-vinils-infantils-amb-nom-cotxe-amb-dinosaure-decoracio-personalitzada-per-a-nado.html\" class=\"relative oh db subimage-true\">\n            <img\n  src=\"https:\/\/www.starstickvinilos.com\/41069-home_default\/vinils-infantils-amb-nom-cotxe-amb-dinosaure-decoracio-personalitzada-per-a-nado.jpg\"\n  loading=\"lazy\"\n  alt=\"Vinils infantils amb nom - Cotxe amb dinosaure - Decoraci\u00f3 personalitzada per a nad\u00f3\"\n  width=\"380\"\n  height=\"380\"\n  class=\"smooth05 cover-image db\"\n  data-full-size-image-url=\"https:\/\/www.starstickvinilos.com\/41069-large_default\/vinils-infantils-amb-nom-cotxe-amb-dinosaure-decoracio-personalitzada-per-a-nado.jpg\">                    \n                <img\n  src=\"https:\/\/www.starstickvinilos.com\/41067-home_default\/vinils-infantils-amb-nom-cotxe-amb-dinosaure-decoracio-personalitzada-per-a-nado.jpg\"\n  loading=\"lazy\"\n  alt=\"Vinils infantils amb nom - Cotxe amb dinosaure - Decoraci\u00f3 personalitzada per a nad\u00f3\"\n  width=\"380\"\n  height=\"380\"\n  class=\"smooth05 cover-image db\"\n  data-full-size-image-url=\"https:\/\/www.starstickvinilos.com\/41067-large_default\/vinils-infantils-amb-nom-cotxe-amb-dinosaure-decoracio-personalitzada-per-a-nado.jpg\">                                \n            \n<span class=\"pmimage-switcher flex-container\">\n    <span><\/span>\n                                        <span><\/span>\n                                                                                    <\/span>\n\n            <\/a>\n\n\n    \n      <div class=\"product-actions show-on-hover scale-on-hover\">\n        \n  \n        \n  \n    <a href=\"https:\/\/www.starstickvinilos.com\/ca\/vinils-noms-per-a-portes-nado\/4716-vinils-infantils-amb-nom-cotxe-amb-dinosaure-decoracio-personalitzada-per-a-nado.html\" class=\"btn smooth05\" title=\"Afegeix una adre\u00e7a nova\"\n    aria-label=\"Afegeix una adre\u00e7a nova\" role=\"button\">\n            <svg class=\"svgic svgic-button-cart\">\n            <use href=\"\/themes\/alysum\/assets\/img\/lib.svg#eye2\"><\/use>\n        <\/svg>\n        <\/a>\n        \n      <\/div>\n    \n\n          \n   \n\n  \n      <\/div>\n\n  <div class=\"product-desc-wrap\">\n    <div class=\"product-description relative clearfix\">\n      \n  \n      \n      \n    <h3 class=\"product-title text-left\">\n        <a href=\"https:\/\/www.starstickvinilos.com\/ca\/vinils-noms-per-a-portes-nado\/4716-vinils-infantils-amb-nom-cotxe-amb-dinosaure-decoracio-personalitzada-per-a-nado.html\">Vinils infantils amb nom - Cotxe amb...<\/a>\n    <\/h3>\n    \n\n      \n      \n                    <div class=\"product-price-and-shipping\">\n                \n                \n                <span class=\"price\" content=\"22.5\">22,50\u00a0\u20ac<\/span>\n                \n                \n            <\/div>\n\n                        \n\n      \n  \n    <div class=\"short-desc product-description-short pm_desk_false shown\">\n        <p><strong>Mida de la l\u00e0mina i del muntatge<\/strong><\/p>\n<p><strong>L\u00e0mina amb 1 nom:<\/strong><span class=\"apple-converted-space\">\u00a030x24<\/span>\u00a0cm<\/p>\n<p><strong>L\u00e0mina amb 2 noms:<\/strong><span class=\"apple-converted-space\">\u00a030x28<\/span>\u00a0cm<\/p>\n    <\/div>\n\n      \n  <div class=\"hook-reviews hide-reviews\">\n    \n\n    \n\n<\/div>\n      \n      \n        <div class=\"highlighted-informations\">\n            <div class=\"variant-links\">\n              \n    <a href=\"https:\/\/www.starstickvinilos.com\/ca\/vinils-noms-per-a-portes-nado\/4716-vinils-infantils-amb-nom-cotxe-amb-dinosaure-decoracio-personalitzada-per-a-nado.html\"\n       class=\"color\"\n       title=\"c3 Gris clar\"\n       aria-label=\"c3 Gris clar\"\n       style=\"background-color: #c4c4c4\"           ><span class=\"sr-only\">c3 Gris clar<\/span>\n  <\/a>\n              \n    <a href=\"https:\/\/www.starstickvinilos.com\/ca\/vinils-noms-per-a-portes-nado\/4716-vinils-infantils-amb-nom-cotxe-amb-dinosaure-decoracio-personalitzada-per-a-nado.html\"\n       class=\"color\"\n       title=\"c22 Groc\"\n       aria-label=\"c22 Groc\"\n       style=\"background-color: #f8d200\"           ><span class=\"sr-only\">c22 Groc<\/span>\n  <\/a>\n    <span class=\"js-count count\"><\/span>\n<\/div>\n        <\/div>\n    \n\n    <\/div>\n          \n  \n<ul class=\"product-flags\"><\/ul>\n      <\/div>\n\n  <div class=\"displayProductButtonFixed hide-empty\">    \n\n        \n        \n<a href=\"#\" class=\"favoritesButton flex-container align-items-center favorites-button pktopleft btn\" data-pid=\"4716\" data-action=\"add\" title=\"Afegir a preferits\"\n    aria-label=\"Afegir a preferits\" role=\"button\">\n    <svg class=\"svgic\">\n        <use href=\"\/themes\/alysum\/assets\/img\/lib.svg#love\"><\/use>\n    <\/svg>\n    \n<\/a><\/div>\n\n            <\/div>\n<\/article>\n      \n      <\/div>\n  \n                <div class=\"ets_plp_pagination\">\n         \n            <nav class=\"pagination\">\n              <div class=\"col-md-4\">\n                \n              <\/div> \n              <div class=\"col-md-6 offset-md-2 pr-0\">\n                \n                    <ul class=\"page-list clearfix text-sm-center\">\n                                              <li  class=\"current\" >\n                                                      <a\n                              rel=\"nofollow\"\n                              href=\"https:\/\/www.starstickvinilos.com\/ca\/19-vinils-amb-nom\"\n                              class=\"disabled js-search-link\"\n                            >\n                                                              1\n                                                          <\/a>\n                                                  <\/li>\n                                              <li >\n                                                      <a\n                              rel=\"nofollow\"\n                              href=\"https:\/\/www.starstickvinilos.com\/ca\/19-vinils-amb-nom?page=2\"\n                              class=\"js-search-link\"\n                            >\n                                                              2\n                                                          <\/a>\n                                                  <\/li>\n                                              <li >\n                                                      <a\n                              rel=\"nofollow\"\n                              href=\"https:\/\/www.starstickvinilos.com\/ca\/19-vinils-amb-nom?page=3\"\n                              class=\"js-search-link\"\n                            >\n                                                              3\n                                                          <\/a>\n                                                  <\/li>\n                                              <li >\n                                                      <a\n                              rel=\"nofollow\"\n                              href=\"https:\/\/www.starstickvinilos.com\/ca\/19-vinils-amb-nom?page=4\"\n                              class=\"js-search-link\"\n                            >\n                                                              4\n                                                          <\/a>\n                                                  <\/li>\n                                              <li >\n                                                      <a\n                              rel=\"nofollow\"\n                              href=\"https:\/\/www.starstickvinilos.com\/ca\/19-vinils-amb-nom?page=5\"\n                              class=\"js-search-link\"\n                            >\n                                                              5\n                                                          <\/a>\n                                                  <\/li>\n                                              <li >\n                                                      <a\n                              rel=\"next\"\n                              href=\"https:\/\/www.starstickvinilos.com\/ca\/19-vinils-amb-nom?page=2\"\n                              class=\"next js-search-link\"\n                            >\n                                                              Next<i class=\"material-icons\">&#xE315;<\/i>\n                                                          <\/a>\n                                                  <\/li>\n                                          <\/ul>\n                \n              <\/div>\n            <\/nav>\n            <\/div>\n\n    \n<\/div>","rendered_products_bottom":"","result":{},"label":"Categoria: Vinils amb nom","products":[{"add_to_cart_url":"https:\/\/www.starstickvinilos.com\/ca\/carret?add=1&id_product=4839&id_product_attribute=0","url":"https:\/\/www.starstickvinilos.com\/ca\/inicio\/4839-personalitza-amb-nom-vinils-infantils-personalitzats-decoracio-infantil.html","canonical_url":"https:\/\/www.starstickvinilos.com\/ca\/inicio\/4839-personalitza-amb-nom-vinils-infantils-personalitzats-decoracio-infantil.html","labels":{"tax_short":"(IVA incl.)","tax_long":"Impostos inclosos"},"main_variants":[],"id_product":"4839","price":"12,50\u00a0\u20ac","reference":"Nom Star190","active":"1","description_short":"<p>Oferim tres mides diferents per personalitzar noms. L'alt indicat es refereix a l'al\u00e7ada de la lletra m\u00e9s alta en el nom que tri\u00efs. Et recomanem optar per la mateixa mida que un vinil est\u00e0ndard per aconseguir un efecte \u00f2ptim.<\/p>\n<p><strong>Petit -<\/strong> Alt de les lletres: 10 cm<br \/><strong>Mitj\u00e0 -<\/strong> Alt de les lletres: 15 cm<br \/><strong>Gran -<\/strong> Alt de les lletres: 20 cm<\/p>\n<p><strong>\u26a0\ufe0f<span style=\"color:#4a4a4a;\">1 NOM PER UNITAT DE PRODUCTE.<\/span><\/strong><span style=\"color:#4a4a4a;\"> Si desitges m\u00e9s d'un nom, afegeix el producte de nou al carro amb el segon nom.<\/span><\/p>","link_rewrite":"personalitza-amb-nom-vinils-infantils-personalitzats-decoracio-infantil","name":"Personalitza el teu vinil amb nom. Vinils infantils personalitzats","manufacturer_name":"StarStick","category_name":"P\u00e0gina principal","link":"https:\/\/www.starstickvinilos.com\/ca\/inicio\/4839-personalitza-amb-nom-vinils-infantils-personalitzats-decoracio-infantil.html","rate":21,"tax_name":"ES Standard rate (21%)","unit_price":"","cover":{"bySize":{"small_default":{"url":"https:\/\/www.starstickvinilos.com\/43158-small_default\/personalitza-amb-nom-vinils-infantils-personalitzats-decoracio-infantil.jpg","width":100,"height":100},"cart_default":{"url":"https:\/\/www.starstickvinilos.com\/43158-cart_default\/personalitza-amb-nom-vinils-infantils-personalitzats-decoracio-infantil.jpg","width":250,"height":250},"home_default":{"url":"https:\/\/www.starstickvinilos.com\/43158-home_default\/personalitza-amb-nom-vinils-infantils-personalitzats-decoracio-infantil.jpg","width":380,"height":380},"medium_default":{"url":"https:\/\/www.starstickvinilos.com\/43158-medium_default\/personalitza-amb-nom-vinils-infantils-personalitzats-decoracio-infantil.jpg","width":500,"height":500},"large_default":{"url":"https:\/\/www.starstickvinilos.com\/43158-large_default\/personalitza-amb-nom-vinils-infantils-personalitzats-decoracio-infantil.jpg","width":600,"height":600}},"small":{"url":"https:\/\/www.starstickvinilos.com\/43158-small_default\/personalitza-amb-nom-vinils-infantils-personalitzats-decoracio-infantil.jpg","width":100,"height":100},"medium":{"url":"https:\/\/www.starstickvinilos.com\/43158-home_default\/personalitza-amb-nom-vinils-infantils-personalitzats-decoracio-infantil.jpg","width":380,"height":380},"large":{"url":"https:\/\/www.starstickvinilos.com\/43158-large_default\/personalitza-amb-nom-vinils-infantils-personalitzats-decoracio-infantil.jpg","width":600,"height":600},"legend":"Personalitza el teu vinil amb nom. Vinils infantils personalitzats","id_image":"43158","cover":"1","position":"1","associatedVariants":[]},"has_discount":false,"discount_type":null,"discount_percentage":null,"discount_percentage_absolute":null,"discount_amount":null,"price_amount":12.5,"regular_price_amount":12.5,"regular_price":"12,50\u00a0\u20ac","discount_to_display":null},{"add_to_cart_url":null,"url":"https:\/\/www.starstickvinilos.com\/ca\/vinils-amb-nom\/3952-vinils-amb-nom-combinacio-blau-i-taronja-decoracio-infantil-personalitzada.html","canonical_url":"https:\/\/www.starstickvinilos.com\/ca\/vinils-amb-nom\/3952-vinils-amb-nom-combinacio-blau-i-taronja-decoracio-infantil-personalitzada.html","labels":{"tax_short":"(IVA incl.)","tax_long":"Impostos inclosos"},"main_variants":[],"id_product":"3952","price":"18,50\u00a0\u20ac","reference":"Nom Star004 Azul naranja","active":"1","description_short":"<p>Personalitza l\u2019habitaci\u00f3 dels teus petits amb els nostres vinils infantils amb nom. Aquestes enganxines de paret s\u00f3n ideals per donar un toc modern i original a dormitoris, sales de joc o llars d\u2019infants. Cada disseny s\u2019adapta al nom que tri\u00efs, convertint la paret en un espai \u00fanic.<\/p>\n<p><\/p>\n<p class=\"MsoNormal\"><strong>Mesures aproximades del vinil (amplada x al\u00e7ada)<\/strong><\/p>\n<p class=\"MsoNormal\"><strong>Petit:<\/strong> Al\u00e7ada de cada lletra: 10 cm + 10 estrelles<\/p>\n<p class=\"MsoNormal\"><strong>Mitj\u00e0:<\/strong> Al\u00e7ada de cada lletra: 15 cm + 10 estrelles<\/p>\n<p class=\"MsoNormal\"><strong>Gran:<\/strong> Al\u00e7ada de cada lletra: 19 cm + 10 estrelles<\/p>\n<p><\/p>\n<p>*Els noms amb m\u00e9s de 6 lletres tindran una al\u00e7ada una mica inferior per poder ajustar-los a la mida de la l\u00e0mina<\/p>","link_rewrite":"vinils-amb-nom-combinacio-blau-i-taronja-decoracio-infantil-personalitzada","name":"Vinils amb nom - Combinaci\u00f3 blau i taronja - Decoraci\u00f3 infantil personalitzada","manufacturer_name":"StarStick","category_name":"Vinils amb nom","link":"https:\/\/www.starstickvinilos.com\/ca\/vinils-amb-nom\/3952-vinils-amb-nom-combinacio-blau-i-taronja-decoracio-infantil-personalitzada.html","rate":21,"tax_name":"ES Standard rate (21%)","unit_price":"","cover":{"bySize":{"small_default":{"url":"https:\/\/www.starstickvinilos.com\/80914-small_default\/vinils-amb-nom-combinacio-blau-i-taronja-decoracio-infantil-personalitzada.jpg","width":100,"height":100},"cart_default":{"url":"https:\/\/www.starstickvinilos.com\/80914-cart_default\/vinils-amb-nom-combinacio-blau-i-taronja-decoracio-infantil-personalitzada.jpg","width":250,"height":250},"home_default":{"url":"https:\/\/www.starstickvinilos.com\/80914-home_default\/vinils-amb-nom-combinacio-blau-i-taronja-decoracio-infantil-personalitzada.jpg","width":380,"height":380},"medium_default":{"url":"https:\/\/www.starstickvinilos.com\/80914-medium_default\/vinils-amb-nom-combinacio-blau-i-taronja-decoracio-infantil-personalitzada.jpg","width":500,"height":500},"large_default":{"url":"https:\/\/www.starstickvinilos.com\/80914-large_default\/vinils-amb-nom-combinacio-blau-i-taronja-decoracio-infantil-personalitzada.jpg","width":600,"height":600}},"small":{"url":"https:\/\/www.starstickvinilos.com\/80914-small_default\/vinils-amb-nom-combinacio-blau-i-taronja-decoracio-infantil-personalitzada.jpg","width":100,"height":100},"medium":{"url":"https:\/\/www.starstickvinilos.com\/80914-home_default\/vinils-amb-nom-combinacio-blau-i-taronja-decoracio-infantil-personalitzada.jpg","width":380,"height":380},"large":{"url":"https:\/\/www.starstickvinilos.com\/80914-large_default\/vinils-amb-nom-combinacio-blau-i-taronja-decoracio-infantil-personalitzada.jpg","width":600,"height":600},"legend":"Vinil infantil personalitzat amb nom i estrelles en colors suaus.","id_image":"80914","cover":"1","position":"1","associatedVariants":[]},"has_discount":false,"discount_type":null,"discount_percentage":null,"discount_percentage_absolute":null,"discount_amount":null,"price_amount":18.5,"regular_price_amount":18.5,"regular_price":"18,50\u00a0\u20ac","discount_to_display":null},{"add_to_cart_url":"https:\/\/www.starstickvinilos.com\/ca\/carret?add=1&id_product=7981&id_product_attribute=1152537","url":"https:\/\/www.starstickvinilos.com\/ca\/vinils-amb-nom\/7981-vinils-personalitzats-amb-nom-decoracio-infantil-boho-adhesius-de-paret-per-a-nens.html","canonical_url":"https:\/\/www.starstickvinilos.com\/ca\/vinils-amb-nom\/7981-vinils-personalitzats-amb-nom-decoracio-infantil-boho-adhesius-de-paret-per-a-nens.html","labels":{"tax_short":"(IVA incl.)","tax_long":"Impostos inclosos"},"main_variants":[],"id_product":"7981","price":"18,50\u00a0\u20ac","reference":"Nom Star004 Boho","active":"1","description_short":"<p>Decora l'habitaci\u00f3 dels teus petits amb els nostres <strong>vinils personalitzats amb nom<\/strong> d'estil <strong>Boho<\/strong>. Aquest conjunt d'<strong>adhesius de paret infantils<\/strong> \u00e9s perfecte per donar un toc \u00fanic, original i acollidor a dormitoris, zones de jocs o guarderies. Cada vinil es dissenya de manera personalitzada amb el nom que tri\u00efs, convertint qualsevol paret llisa en un espai ple d'encant. El disseny bohemi combina colors suaus i formes naturals per crear ambients c\u00e0lids, moderns i plens de personalitat.<\/p>\n<p>\u00a0<\/p>\n<p class=\"MsoNormal\"><strong>Mesures aproximades del vinil (amplada x al\u00e7ada)<\/strong><\/p>\n<p class=\"MsoNormal\"><strong>Petit:<\/strong> Al\u00e7ada de cada lletra: 10 cm + 10 estrelles<\/p>\n<p class=\"MsoNormal\"><strong>Mitj\u00e0:<\/strong> Al\u00e7ada de cada lletra: 15 cm + 10 estrelles<\/p>\n<p class=\"MsoNormal\"><strong>Gran:<\/strong> Al\u00e7ada de cada lletra: 19 cm + 10 estrelles<\/p>\n<p>\u00a0<\/p>\n<p>*Els noms amb m\u00e9s de 6 lletres tindran una al\u00e7ada una mica inferior per poder ajustar-los a la mida de la l\u00e0mina<\/p>","link_rewrite":"vinils-personalitzats-amb-nom-decoracio-infantil-boho-adhesius-de-paret-per-a-nens","name":"Vinils personalitzats amb nom \u2013 Decoraci\u00f3 infantil Boho \u2013 Adhesius de paret per a nens","manufacturer_name":"StarStick","category_name":"Vinils amb nom","link":"https:\/\/www.starstickvinilos.com\/ca\/vinils-amb-nom\/7981-vinils-personalitzats-amb-nom-decoracio-infantil-boho-adhesius-de-paret-per-a-nens.html","rate":21,"tax_name":"ES Standard rate (21%)","unit_price":"","cover":{"bySize":{"small_default":{"url":"https:\/\/www.starstickvinilos.com\/83913-small_default\/vinils-personalitzats-amb-nom-decoracio-infantil-boho-adhesius-de-paret-per-a-nens.jpg","width":100,"height":100},"cart_default":{"url":"https:\/\/www.starstickvinilos.com\/83913-cart_default\/vinils-personalitzats-amb-nom-decoracio-infantil-boho-adhesius-de-paret-per-a-nens.jpg","width":250,"height":250},"home_default":{"url":"https:\/\/www.starstickvinilos.com\/83913-home_default\/vinils-personalitzats-amb-nom-decoracio-infantil-boho-adhesius-de-paret-per-a-nens.jpg","width":380,"height":380},"medium_default":{"url":"https:\/\/www.starstickvinilos.com\/83913-medium_default\/vinils-personalitzats-amb-nom-decoracio-infantil-boho-adhesius-de-paret-per-a-nens.jpg","width":500,"height":500},"large_default":{"url":"https:\/\/www.starstickvinilos.com\/83913-large_default\/vinils-personalitzats-amb-nom-decoracio-infantil-boho-adhesius-de-paret-per-a-nens.jpg","width":600,"height":600}},"small":{"url":"https:\/\/www.starstickvinilos.com\/83913-small_default\/vinils-personalitzats-amb-nom-decoracio-infantil-boho-adhesius-de-paret-per-a-nens.jpg","width":100,"height":100},"medium":{"url":"https:\/\/www.starstickvinilos.com\/83913-home_default\/vinils-personalitzats-amb-nom-decoracio-infantil-boho-adhesius-de-paret-per-a-nens.jpg","width":380,"height":380},"large":{"url":"https:\/\/www.starstickvinilos.com\/83913-large_default\/vinils-personalitzats-amb-nom-decoracio-infantil-boho-adhesius-de-paret-per-a-nens.jpg","width":600,"height":600},"legend":"","id_image":"83913","cover":"1","position":"1","associatedVariants":[]},"has_discount":false,"discount_type":null,"discount_percentage":null,"discount_percentage_absolute":null,"discount_amount":null,"price_amount":18.5,"regular_price_amount":18.5,"regular_price":"18,50\u00a0\u20ac","discount_to_display":null},{"add_to_cart_url":null,"url":"https:\/\/www.starstickvinilos.com\/ca\/vinils-amb-nom\/8674-vinil-decoratiu-personalitzat-amb-nom-i-cors-de-colors-habitacions-infantils.html","canonical_url":"https:\/\/www.starstickvinilos.com\/ca\/vinils-amb-nom\/8674-vinil-decoratiu-personalitzat-amb-nom-i-cors-de-colors-habitacions-infantils.html","labels":{"tax_short":"(IVA incl.)","tax_long":"Impostos inclosos"},"main_variants":[],"id_product":"8674","price":"18,50\u00a0\u20ac","reference":"Nom Star214","active":"1","description_short":"<p>Vinil decoratiu personalitzat amb nom i cors. Ideal per a habitacions infantils i juvenils. F\u00e0cil d\u2019aplicar, resistent i amb acabat d\u2019alta qualitat.<\/p>\n<p>\u00a0<\/p>\n<p><strong>Mides aproximades del vinil (ample x alt):<\/strong><\/p>\n<p><strong>Petit:<\/strong> Alt de cada lletra 10 cm + 6 cors i 10 confetis<\/p>\n<p><strong>Mitj\u00e0:<\/strong> Alt de cada lletra 15 cm +\u00a0 6 cors i 10 confetis<\/p>\n<p><strong>Gran:<\/strong> Alt de cada lletra 19 cm +\u00a0 6 cors i 10 confetis<\/p>\n<p>\u00a0<\/p>\n<p><em>Els noms amb m\u00e9s de 6 lletres tindran una altura lleugerament inferior per ajustar-se a la mida del vinil.<\/em><\/p>","link_rewrite":"vinil-decoratiu-personalitzat-amb-nom-i-cors-de-colors-habitacions-infantils","name":"Vinil decoratiu personalitzat amb nom i cors de colors | Habitacions infantils","manufacturer_name":"StarStick","category_name":"Vinils amb nom","link":"https:\/\/www.starstickvinilos.com\/ca\/vinils-amb-nom\/8674-vinil-decoratiu-personalitzat-amb-nom-i-cors-de-colors-habitacions-infantils.html","rate":21,"tax_name":"ES Standard rate (21%)","unit_price":"","cover":{"bySize":{"small_default":{"url":"https:\/\/www.starstickvinilos.com\/92770-small_default\/vinil-decoratiu-personalitzat-amb-nom-i-cors-de-colors-habitacions-infantils.jpg","width":100,"height":100},"cart_default":{"url":"https:\/\/www.starstickvinilos.com\/92770-cart_default\/vinil-decoratiu-personalitzat-amb-nom-i-cors-de-colors-habitacions-infantils.jpg","width":250,"height":250},"home_default":{"url":"https:\/\/www.starstickvinilos.com\/92770-home_default\/vinil-decoratiu-personalitzat-amb-nom-i-cors-de-colors-habitacions-infantils.jpg","width":380,"height":380},"medium_default":{"url":"https:\/\/www.starstickvinilos.com\/92770-medium_default\/vinil-decoratiu-personalitzat-amb-nom-i-cors-de-colors-habitacions-infantils.jpg","width":500,"height":500},"large_default":{"url":"https:\/\/www.starstickvinilos.com\/92770-large_default\/vinil-decoratiu-personalitzat-amb-nom-i-cors-de-colors-habitacions-infantils.jpg","width":600,"height":600}},"small":{"url":"https:\/\/www.starstickvinilos.com\/92770-small_default\/vinil-decoratiu-personalitzat-amb-nom-i-cors-de-colors-habitacions-infantils.jpg","width":100,"height":100},"medium":{"url":"https:\/\/www.starstickvinilos.com\/92770-home_default\/vinil-decoratiu-personalitzat-amb-nom-i-cors-de-colors-habitacions-infantils.jpg","width":380,"height":380},"large":{"url":"https:\/\/www.starstickvinilos.com\/92770-large_default\/vinil-decoratiu-personalitzat-amb-nom-i-cors-de-colors-habitacions-infantils.jpg","width":600,"height":600},"legend":"Vinil decoratiu personalitzat amb nom i cors de colors per a habitaci\u00f3 infantil","id_image":"92770","cover":"1","position":"1","associatedVariants":[]},"has_discount":false,"discount_type":null,"discount_percentage":null,"discount_percentage_absolute":null,"discount_amount":null,"price_amount":18.5,"regular_price_amount":18.5,"regular_price":"18,50\u00a0\u20ac","discount_to_display":null},{"add_to_cart_url":null,"url":"https:\/\/www.starstickvinilos.com\/ca\/vinils-amb-nom\/3954-vinils-amb-nom-combinacio-mandarina-decoracio-infantil-personalitzada.html","canonical_url":"https:\/\/www.starstickvinilos.com\/ca\/vinils-amb-nom\/3954-vinils-amb-nom-combinacio-mandarina-decoracio-infantil-personalitzada.html","labels":{"tax_short":"(IVA incl.)","tax_long":"Impostos inclosos"},"main_variants":[],"id_product":"3954","price":"18,50\u00a0\u20ac","reference":"Nom Star004 Mandarina","active":"1","description_short":"<p class=\"MsoNormal\">Els vinils decoratius personalitzables s\u00f3n la manera m\u00e9s senzilla i bonica de transformar qualsevol habitaci\u00f3 infantil. Estan fabricats amb materials d\u2019alta qualitat, s\u00f3n molt f\u00e0cils d\u2019instal\u00b7lar i mantenen el seu aspecte impecable durant anys. Cada lletra \u00e9s independent, de manera que pots col\u00b7locar el nom amb la distribuci\u00f3 que prefereixis i adaptar-lo a qualsevol paret o moble.<\/p>\n<p class=\"MsoNormal\"><strong><\/strong><\/p>\n<p class=\"MsoNormal\"><strong>Mesures aproximades del vinil (ample x alt)<\/strong><\/p>\n<p class=\"MsoNormal\"><strong>Petit:<\/strong> Alt de cada lletra: 10 cm + 10 estrelles<\/p>\n<p class=\"MsoNormal\"><strong>Mitj\u00e0:<\/strong> Alt de cada lletra: 15 cm + 10 estrelles<\/p>\n<p class=\"MsoNormal\"><strong>Gran:<\/strong> Alt de cada lletra: 19 cm + 10 estrelles<\/p>\n<h2><\/h2>\n<p>*Els noms amb m\u00e9s de 6 lletres tindran una al\u00e7ada una mica inferior per poder ajustar-los a la mida de la l\u00e0mina<\/p>","link_rewrite":"vinils-amb-nom-combinacio-mandarina-decoracio-infantil-personalitzada","name":"Vinils amb nom - Combinaci\u00f3 mandarina - Decoraci\u00f3 infantil personalitzada","manufacturer_name":"StarStick","category_name":"Vinils amb nom","link":"https:\/\/www.starstickvinilos.com\/ca\/vinils-amb-nom\/3954-vinils-amb-nom-combinacio-mandarina-decoracio-infantil-personalitzada.html","rate":21,"tax_name":"ES Standard rate (21%)","unit_price":"","cover":{"bySize":{"small_default":{"url":"https:\/\/www.starstickvinilos.com\/80915-small_default\/vinils-amb-nom-combinacio-mandarina-decoracio-infantil-personalitzada.jpg","width":100,"height":100},"cart_default":{"url":"https:\/\/www.starstickvinilos.com\/80915-cart_default\/vinils-amb-nom-combinacio-mandarina-decoracio-infantil-personalitzada.jpg","width":250,"height":250},"home_default":{"url":"https:\/\/www.starstickvinilos.com\/80915-home_default\/vinils-amb-nom-combinacio-mandarina-decoracio-infantil-personalitzada.jpg","width":380,"height":380},"medium_default":{"url":"https:\/\/www.starstickvinilos.com\/80915-medium_default\/vinils-amb-nom-combinacio-mandarina-decoracio-infantil-personalitzada.jpg","width":500,"height":500},"large_default":{"url":"https:\/\/www.starstickvinilos.com\/80915-large_default\/vinils-amb-nom-combinacio-mandarina-decoracio-infantil-personalitzada.jpg","width":600,"height":600}},"small":{"url":"https:\/\/www.starstickvinilos.com\/80915-small_default\/vinils-amb-nom-combinacio-mandarina-decoracio-infantil-personalitzada.jpg","width":100,"height":100},"medium":{"url":"https:\/\/www.starstickvinilos.com\/80915-home_default\/vinils-amb-nom-combinacio-mandarina-decoracio-infantil-personalitzada.jpg","width":380,"height":380},"large":{"url":"https:\/\/www.starstickvinilos.com\/80915-large_default\/vinils-amb-nom-combinacio-mandarina-decoracio-infantil-personalitzada.jpg","width":600,"height":600},"legend":"","id_image":"80915","cover":"1","position":"1","associatedVariants":[]},"has_discount":false,"discount_type":null,"discount_percentage":null,"discount_percentage_absolute":null,"discount_amount":null,"price_amount":18.5,"regular_price_amount":18.5,"regular_price":"18,50\u00a0\u20ac","discount_to_display":null},{"add_to_cart_url":null,"url":"https:\/\/www.starstickvinilos.com\/ca\/vinils-amb-nom\/8663-vinil-decoratiu-personalitzat-amb-nom-i-triangles-de-colors-decoracio-per-a-habitacions-infantils.html","canonical_url":"https:\/\/www.starstickvinilos.com\/ca\/vinils-amb-nom\/8663-vinil-decoratiu-personalitzat-amb-nom-i-triangles-de-colors-decoracio-per-a-habitacions-infantils.html","labels":{"tax_short":"(IVA incl.)","tax_long":"Impostos inclosos"},"main_variants":[],"id_product":"8663","price":"18,50\u00a0\u20ac","reference":"Nom Star213","active":"1","description_short":"<p>Vinil decoratiu personalitzat amb nom i triangles de colors, ideal per a habitacions infantils amb un toc original, divertit i ple de color. Cada lletra i triangle \u00e9s independent, cosa que permet col\u00b7locar-los i crear la composici\u00f3 que m\u00e9s t\u2019agradi. F\u00e0cil d\u2019instal\u00b7lar i totalment personalitzable.<\/p>\n<p>\u00a0<\/p>\n<p><strong>Mides aproximades del vinil (ample x alt):<\/strong><\/p>\n<p><strong>Petit:<\/strong> Alt de cada lletra 10 cm + 36 triangles<\/p>\n<p><strong>Mitj\u00e0:<\/strong> Alt de cada lletra 15 cm + 36 triangles<\/p>\n<p><strong>Gran:<\/strong> Alt de cada lletra 19 cm + 36 triangles<\/p>\n<p>\u00a0<\/p>\n<p><em>Els noms amb m\u00e9s de 6 lletres tindran una altura lleugerament inferior per ajustar-se a la mida del vinil.<\/em><\/p>","link_rewrite":"vinil-decoratiu-personalitzat-amb-nom-i-triangles-de-colors-decoracio-per-a-habitacions-infantils","name":"Vinil decoratiu personalitzat amb nom i triangles de colors | Decoraci\u00f3 per a habitacions infantils","manufacturer_name":"StarStick","category_name":"Vinils amb nom","link":"https:\/\/www.starstickvinilos.com\/ca\/vinils-amb-nom\/8663-vinil-decoratiu-personalitzat-amb-nom-i-triangles-de-colors-decoracio-per-a-habitacions-infantils.html","rate":21,"tax_name":"ES Standard rate (21%)","unit_price":"","cover":{"bySize":{"small_default":{"url":"https:\/\/www.starstickvinilos.com\/92641-small_default\/vinil-decoratiu-personalitzat-amb-nom-i-triangles-de-colors-decoracio-per-a-habitacions-infantils.jpg","width":100,"height":100},"cart_default":{"url":"https:\/\/www.starstickvinilos.com\/92641-cart_default\/vinil-decoratiu-personalitzat-amb-nom-i-triangles-de-colors-decoracio-per-a-habitacions-infantils.jpg","width":250,"height":250},"home_default":{"url":"https:\/\/www.starstickvinilos.com\/92641-home_default\/vinil-decoratiu-personalitzat-amb-nom-i-triangles-de-colors-decoracio-per-a-habitacions-infantils.jpg","width":380,"height":380},"medium_default":{"url":"https:\/\/www.starstickvinilos.com\/92641-medium_default\/vinil-decoratiu-personalitzat-amb-nom-i-triangles-de-colors-decoracio-per-a-habitacions-infantils.jpg","width":500,"height":500},"large_default":{"url":"https:\/\/www.starstickvinilos.com\/92641-large_default\/vinil-decoratiu-personalitzat-amb-nom-i-triangles-de-colors-decoracio-per-a-habitacions-infantils.jpg","width":600,"height":600}},"small":{"url":"https:\/\/www.starstickvinilos.com\/92641-small_default\/vinil-decoratiu-personalitzat-amb-nom-i-triangles-de-colors-decoracio-per-a-habitacions-infantils.jpg","width":100,"height":100},"medium":{"url":"https:\/\/www.starstickvinilos.com\/92641-home_default\/vinil-decoratiu-personalitzat-amb-nom-i-triangles-de-colors-decoracio-per-a-habitacions-infantils.jpg","width":380,"height":380},"large":{"url":"https:\/\/www.starstickvinilos.com\/92641-large_default\/vinil-decoratiu-personalitzat-amb-nom-i-triangles-de-colors-decoracio-per-a-habitacions-infantils.jpg","width":600,"height":600},"legend":"Vinil infantil personalitzat amb nom i triangles de colors a la paret d\u2019una habitaci\u00f3 infantil","id_image":"92641","cover":"1","position":"1","associatedVariants":[]},"has_discount":false,"discount_type":null,"discount_percentage":null,"discount_percentage_absolute":null,"discount_amount":null,"price_amount":18.5,"regular_price_amount":18.5,"regular_price":"18,50\u00a0\u20ac","discount_to_display":null},{"add_to_cart_url":null,"url":"https:\/\/www.starstickvinilos.com\/ca\/vinils-amb-nom\/3955-vinils-amb-nom-combinacio-ocre-decoracio-infantil-personalitzada.html","canonical_url":"https:\/\/www.starstickvinilos.com\/ca\/vinils-amb-nom\/3955-vinils-amb-nom-combinacio-ocre-decoracio-infantil-personalitzada.html","labels":{"tax_short":"(IVA incl.)","tax_long":"Impostos inclosos"},"main_variants":[],"id_product":"3955","price":"18,50\u00a0\u20ac","reference":"Nom Star004 Ocre","active":"1","description_short":"<p class=\"MsoNormal\"><strong>Mesures aproximades del vinil (ample x alt)<\/strong><\/p>\n<p class=\"MsoNormal\"><strong>Petit:<\/strong> Alt de cada lletra: 10 cm + 10 estrelles<\/p>\n<p class=\"MsoNormal\"><strong>Mitj\u00e0:<\/strong> Alt de cada lletra: 15 cm + 10 estrelles<\/p>\n<p class=\"MsoNormal\"><strong>Gran:<\/strong> Alt de cada lletra: 19 cm + 10 estrelles<\/p>\n<p><br \/><br \/>*Els noms amb m\u00e9s de 6 lletres tindran una al\u00e7ada una mica inferior per poder ajustar-los a la mida de la l\u00e0mina<\/p>\n<p><\/p>","link_rewrite":"vinils-amb-nom-combinacio-ocre-decoracio-infantil-personalitzada","name":"Vinils amb nom - Combinaci\u00f3 ocre - Decoraci\u00f3 infantil personalitzada","manufacturer_name":"StarStick","category_name":"Vinils amb nom","link":"https:\/\/www.starstickvinilos.com\/ca\/vinils-amb-nom\/3955-vinils-amb-nom-combinacio-ocre-decoracio-infantil-personalitzada.html","rate":21,"tax_name":"ES Standard rate (21%)","unit_price":"","cover":{"bySize":{"small_default":{"url":"https:\/\/www.starstickvinilos.com\/80916-small_default\/vinils-amb-nom-combinacio-ocre-decoracio-infantil-personalitzada.jpg","width":100,"height":100},"cart_default":{"url":"https:\/\/www.starstickvinilos.com\/80916-cart_default\/vinils-amb-nom-combinacio-ocre-decoracio-infantil-personalitzada.jpg","width":250,"height":250},"home_default":{"url":"https:\/\/www.starstickvinilos.com\/80916-home_default\/vinils-amb-nom-combinacio-ocre-decoracio-infantil-personalitzada.jpg","width":380,"height":380},"medium_default":{"url":"https:\/\/www.starstickvinilos.com\/80916-medium_default\/vinils-amb-nom-combinacio-ocre-decoracio-infantil-personalitzada.jpg","width":500,"height":500},"large_default":{"url":"https:\/\/www.starstickvinilos.com\/80916-large_default\/vinils-amb-nom-combinacio-ocre-decoracio-infantil-personalitzada.jpg","width":600,"height":600}},"small":{"url":"https:\/\/www.starstickvinilos.com\/80916-small_default\/vinils-amb-nom-combinacio-ocre-decoracio-infantil-personalitzada.jpg","width":100,"height":100},"medium":{"url":"https:\/\/www.starstickvinilos.com\/80916-home_default\/vinils-amb-nom-combinacio-ocre-decoracio-infantil-personalitzada.jpg","width":380,"height":380},"large":{"url":"https:\/\/www.starstickvinilos.com\/80916-large_default\/vinils-amb-nom-combinacio-ocre-decoracio-infantil-personalitzada.jpg","width":600,"height":600},"legend":"","id_image":"80916","cover":"1","position":"1","associatedVariants":[]},"has_discount":false,"discount_type":null,"discount_percentage":null,"discount_percentage_absolute":null,"discount_amount":null,"price_amount":18.5,"regular_price_amount":18.5,"regular_price":"18,50\u00a0\u20ac","discount_to_display":null},{"add_to_cart_url":null,"url":"https:\/\/www.starstickvinilos.com\/ca\/vinils-amb-nom\/4374-vinil-decoratiu-personalitzat-amb-nom-combinacio-mostassa.html","canonical_url":"https:\/\/www.starstickvinilos.com\/ca\/vinils-amb-nom\/4374-vinil-decoratiu-personalitzat-amb-nom-combinacio-mostassa.html","labels":{"tax_short":"(IVA incl.)","tax_long":"Impostos inclosos"},"main_variants":[],"id_product":"4374","price":"18,50\u00a0\u20ac","reference":"Nom Star004 Mostaza","active":"1","description_short":"<p>Decora l\u2019habitaci\u00f3 dels teus peques amb els nostres <strong>vinils personalitzats amb nom<\/strong>. Aquest set de <strong>adhesius de paret infantils<\/strong> \u00e9s perfecte per donar un toc \u00fanic, original i acollidor a dormitoris, zones de joc o guarderies. Cada vinil es dissenya de forma personalitzada amb el nom que tri\u00efs, convertint qualsevol paret llisa en un espai ple d\u2019encant. El disseny bohemi combina colors suaus i formes naturals per crear ambients c\u00e0lids, moderns i plens de personalitat.<\/p>\n<p><\/p>\n<p class=\"MsoNormal\"><strong>Mides aproximades del vinil (ample x alt)<\/strong><\/p>\n<p class=\"MsoNormal\"><strong>Petit:<\/strong> Al\u00e7ada de cada lletra: 10 cm + 10 estrelles<\/p>\n<p class=\"MsoNormal\"><strong>Mitj\u00e0:<\/strong> Al\u00e7ada de cada lletra: 15 cm + 10 estrelles<\/p>\n<p class=\"MsoNormal\"><strong>Gran:<\/strong> Al\u00e7ada de cada lletra: 19 cm + 10 estrelles<\/p>\n<p><\/p>\n<p>*Els noms amb m\u00e9s de 6 lletres tindran una al\u00e7ada una mica inferior per poder ajustar-los a la mida del full<\/p>","link_rewrite":"vinil-decoratiu-personalitzat-amb-nom-combinacio-mostassa","name":"Vinil decoratiu personalitzat amb nom \u2013 Combinaci\u00f3 Mostassa","manufacturer_name":"StarStick","category_name":"Vinils amb nom","link":"https:\/\/www.starstickvinilos.com\/ca\/vinils-amb-nom\/4374-vinil-decoratiu-personalitzat-amb-nom-combinacio-mostassa.html","rate":21,"tax_name":"ES Standard rate (21%)","unit_price":"","cover":{"bySize":{"small_default":{"url":"https:\/\/www.starstickvinilos.com\/36509-small_default\/vinil-decoratiu-personalitzat-amb-nom-combinacio-mostassa.jpg","width":100,"height":100},"cart_default":{"url":"https:\/\/www.starstickvinilos.com\/36509-cart_default\/vinil-decoratiu-personalitzat-amb-nom-combinacio-mostassa.jpg","width":250,"height":250},"home_default":{"url":"https:\/\/www.starstickvinilos.com\/36509-home_default\/vinil-decoratiu-personalitzat-amb-nom-combinacio-mostassa.jpg","width":380,"height":380},"medium_default":{"url":"https:\/\/www.starstickvinilos.com\/36509-medium_default\/vinil-decoratiu-personalitzat-amb-nom-combinacio-mostassa.jpg","width":500,"height":500},"large_default":{"url":"https:\/\/www.starstickvinilos.com\/36509-large_default\/vinil-decoratiu-personalitzat-amb-nom-combinacio-mostassa.jpg","width":600,"height":600}},"small":{"url":"https:\/\/www.starstickvinilos.com\/36509-small_default\/vinil-decoratiu-personalitzat-amb-nom-combinacio-mostassa.jpg","width":100,"height":100},"medium":{"url":"https:\/\/www.starstickvinilos.com\/36509-home_default\/vinil-decoratiu-personalitzat-amb-nom-combinacio-mostassa.jpg","width":380,"height":380},"large":{"url":"https:\/\/www.starstickvinilos.com\/36509-large_default\/vinil-decoratiu-personalitzat-amb-nom-combinacio-mostassa.jpg","width":600,"height":600},"legend":"Personalitza les parets amb els vinils amb nom - Combinaci\u00f3 Mostassa","id_image":"36509","cover":"1","position":"1","associatedVariants":[]},"has_discount":false,"discount_type":null,"discount_percentage":null,"discount_percentage_absolute":null,"discount_amount":null,"price_amount":18.5,"regular_price_amount":18.5,"regular_price":"18,50\u00a0\u20ac","discount_to_display":null},{"add_to_cart_url":"https:\/\/www.starstickvinilos.com\/ca\/carret?add=1&id_product=1278&id_product_attribute=928420","url":"https:\/\/www.starstickvinilos.com\/ca\/vinils-personalitzats-amb-nom\/1278-vinils-amb-nom-combinacio-party-vinils-infantils-personalitzats.html","canonical_url":"https:\/\/www.starstickvinilos.com\/ca\/vinils-personalitzats-amb-nom\/1278-vinils-amb-nom-combinacio-party-vinils-infantils-personalitzats.html","labels":{"tax_short":"(IVA incl.)","tax_long":"Impostos inclosos"},"main_variants":[],"id_product":"1278","price":"18,50\u00a0\u20ac","reference":"Nom Star004 Party","active":"1","description_short":"<p class=\"MsoNormal\">Decora les parets o mobles de les cambres infantils amb els vinils personalitzats de StarStick. Productes decoratius molt elegants i f\u00e0cils d'instal\u00b7lar. Cada pack inclou el nom en lletres maj\u00fascules i 10 estrelles de diferents mides.<\/p>\n<p class=\"MsoNormal\"><strong>Mesures aproximades del vinil (ample x alt)<\/strong><\/p>\n<p class=\"MsoNormal\"><strong>Petit:<\/strong>\u00a0Alt de cada lletra: 10 cm + 10 estrelles<\/p>\n<p class=\"MsoNormal\"><strong>Mitj\u00e0:<\/strong>\u00a0Alt de cada lletra: 15 cm + 10 estrelles<\/p>\n<p class=\"MsoNormal\"><strong>Gran:<\/strong>\u00a0Alt de cada lletra: 19 cm + 10 estrelles<\/p>\n<p><br \/><br \/>*Els noms amb m\u00e9s de 6 lletres tindran una al\u00e7ada una mica inferior per poder ajustar-los a la mida de la l\u00e0mina<\/p>","link_rewrite":"vinils-amb-nom-combinacio-party-vinils-infantils-personalitzats","name":"Vinils amb nom - Combinaci\u00f3 Party - Vinils infantils personalitzats","manufacturer_name":"StarStick","category_name":"Vinils personalitzats amb nom","link":"https:\/\/www.starstickvinilos.com\/ca\/vinils-personalitzats-amb-nom\/1278-vinils-amb-nom-combinacio-party-vinils-infantils-personalitzats.html","rate":21,"tax_name":"ES Standard rate (21%)","unit_price":"","cover":{"bySize":{"small_default":{"url":"https:\/\/www.starstickvinilos.com\/80919-small_default\/vinils-amb-nom-combinacio-party-vinils-infantils-personalitzats.jpg","width":100,"height":100},"cart_default":{"url":"https:\/\/www.starstickvinilos.com\/80919-cart_default\/vinils-amb-nom-combinacio-party-vinils-infantils-personalitzats.jpg","width":250,"height":250},"home_default":{"url":"https:\/\/www.starstickvinilos.com\/80919-home_default\/vinils-amb-nom-combinacio-party-vinils-infantils-personalitzats.jpg","width":380,"height":380},"medium_default":{"url":"https:\/\/www.starstickvinilos.com\/80919-medium_default\/vinils-amb-nom-combinacio-party-vinils-infantils-personalitzats.jpg","width":500,"height":500},"large_default":{"url":"https:\/\/www.starstickvinilos.com\/80919-large_default\/vinils-amb-nom-combinacio-party-vinils-infantils-personalitzats.jpg","width":600,"height":600}},"small":{"url":"https:\/\/www.starstickvinilos.com\/80919-small_default\/vinils-amb-nom-combinacio-party-vinils-infantils-personalitzats.jpg","width":100,"height":100},"medium":{"url":"https:\/\/www.starstickvinilos.com\/80919-home_default\/vinils-amb-nom-combinacio-party-vinils-infantils-personalitzats.jpg","width":380,"height":380},"large":{"url":"https:\/\/www.starstickvinilos.com\/80919-large_default\/vinils-amb-nom-combinacio-party-vinils-infantils-personalitzats.jpg","width":600,"height":600},"legend":"","id_image":"80919","cover":"1","position":"1","associatedVariants":[]},"has_discount":false,"discount_type":null,"discount_percentage":null,"discount_percentage_absolute":null,"discount_amount":null,"price_amount":18.5,"regular_price_amount":18.5,"regular_price":"18,50\u00a0\u20ac","discount_to_display":null},{"add_to_cart_url":null,"url":"https:\/\/www.starstickvinilos.com\/ca\/vinils-noms-per-a-portes-nen\/5743-vinils-infantils-amb-nom-nen-amb-coet-decoracio-infantil-personalitzada.html","canonical_url":"https:\/\/www.starstickvinilos.com\/ca\/vinils-noms-per-a-portes-nen\/5743-vinils-infantils-amb-nom-nen-amb-coet-decoracio-infantil-personalitzada.html","labels":{"tax_short":"(IVA incl.)","tax_long":"Impostos inclosos"},"main_variants":[],"id_product":"5743","price":"22,50\u00a0\u20ac","reference":"Nom Star193","active":"1","description_short":"<p>Vinils infantils personalitzables amb el nom.<\/p>\n<p>\u00a0<\/p>\n<p><strong>Mida de la l\u00e0mina i del muntatge<\/strong><\/p>\n<p><strong>L\u00e0mina amb 1 nom:<\/strong><span class=\"apple-converted-space\">\u00a030x24<\/span>\u00a0cm<\/p>\n<p><strong>L\u00e0mina amb 2 noms:<\/strong><span class=\"apple-converted-space\">\u00a030x28<\/span>\u00a0cm<\/p>","link_rewrite":"vinils-infantils-amb-nom-nen-amb-coet-decoracio-infantil-personalitzada","name":"Vinils infantils amb nom. Nen amb coet. Decoraci\u00f3 infantil personalitzada","manufacturer_name":"StarStick","category_name":"Vinils noms per a portes - Nen","link":"https:\/\/www.starstickvinilos.com\/ca\/vinils-noms-per-a-portes-nen\/5743-vinils-infantils-amb-nom-nen-amb-coet-decoracio-infantil-personalitzada.html","rate":21,"tax_name":"ES Standard rate (21%)","unit_price":"","cover":{"bySize":{"small_default":{"url":"https:\/\/www.starstickvinilos.com\/54025-small_default\/vinils-infantils-amb-nom-nen-amb-coet-decoracio-infantil-personalitzada.jpg","width":100,"height":100},"cart_default":{"url":"https:\/\/www.starstickvinilos.com\/54025-cart_default\/vinils-infantils-amb-nom-nen-amb-coet-decoracio-infantil-personalitzada.jpg","width":250,"height":250},"home_default":{"url":"https:\/\/www.starstickvinilos.com\/54025-home_default\/vinils-infantils-amb-nom-nen-amb-coet-decoracio-infantil-personalitzada.jpg","width":380,"height":380},"medium_default":{"url":"https:\/\/www.starstickvinilos.com\/54025-medium_default\/vinils-infantils-amb-nom-nen-amb-coet-decoracio-infantil-personalitzada.jpg","width":500,"height":500},"large_default":{"url":"https:\/\/www.starstickvinilos.com\/54025-large_default\/vinils-infantils-amb-nom-nen-amb-coet-decoracio-infantil-personalitzada.jpg","width":600,"height":600}},"small":{"url":"https:\/\/www.starstickvinilos.com\/54025-small_default\/vinils-infantils-amb-nom-nen-amb-coet-decoracio-infantil-personalitzada.jpg","width":100,"height":100},"medium":{"url":"https:\/\/www.starstickvinilos.com\/54025-home_default\/vinils-infantils-amb-nom-nen-amb-coet-decoracio-infantil-personalitzada.jpg","width":380,"height":380},"large":{"url":"https:\/\/www.starstickvinilos.com\/54025-large_default\/vinils-infantils-amb-nom-nen-amb-coet-decoracio-infantil-personalitzada.jpg","width":600,"height":600},"legend":"Vinils infantils amb nom - Nen amb coet - Decoraci\u00f3 infantil personalitzada","id_image":"54025","cover":"1","position":"1","associatedVariants":[]},"has_discount":false,"discount_type":null,"discount_percentage":null,"discount_percentage_absolute":null,"discount_amount":null,"price_amount":22.5,"regular_price_amount":22.5,"regular_price":"22,50\u00a0\u20ac","discount_to_display":null},{"add_to_cart_url":null,"url":"https:\/\/www.starstickvinilos.com\/ca\/vinils-noms-per-a-portes-germans\/5836-vinils-infantils-amb-nom-3-nens-amb-coet-decoracio-habitacions-de-germans.html","canonical_url":"https:\/\/www.starstickvinilos.com\/ca\/vinils-noms-per-a-portes-germans\/5836-vinils-infantils-amb-nom-3-nens-amb-coet-decoracio-habitacions-de-germans.html","labels":{"tax_short":"(IVA incl.)","tax_long":"Impostos inclosos"},"main_variants":[],"id_product":"5836","price":"22,50\u00a0\u20ac","reference":"Nom Star194","active":"1","description_short":"<p>Fant\u00e0stica idea per decorar de manera personalitzada les habitacions infantils compartides per germans diferents. Vinils personalitzables, elegants i molt f\u00e0cils d'instal\u00b7lar.<\/p>\n<p>\u00a0<\/p>\n<p><strong>Mida de la l\u00e0mina i del muntatge<\/strong><\/p>\n<p><strong>L\u00e0mina amb 1 nom:<\/strong><span class=\"apple-converted-space\">\u00a030x24<\/span>\u00a0cm<\/p>\n<p><strong>L\u00e0mina amb 2 noms:<\/strong><span class=\"apple-converted-space\">\u00a030x28<\/span>\u00a0cm<\/p>","link_rewrite":"vinils-infantils-amb-nom-3-nens-amb-coet-decoracio-habitacions-de-germans","name":"Vinils infantils amb nom - 3 Nens amb coet - Decoraci\u00f3 habitacions de germans","manufacturer_name":"StarStick","category_name":"Vinils noms per a portes - Germans","link":"https:\/\/www.starstickvinilos.com\/ca\/vinils-noms-per-a-portes-germans\/5836-vinils-infantils-amb-nom-3-nens-amb-coet-decoracio-habitacions-de-germans.html","rate":21,"tax_name":"ES Standard rate (21%)","unit_price":"","cover":{"bySize":{"small_default":{"url":"https:\/\/www.starstickvinilos.com\/55346-small_default\/vinils-infantils-amb-nom-3-nens-amb-coet-decoracio-habitacions-de-germans.jpg","width":100,"height":100},"cart_default":{"url":"https:\/\/www.starstickvinilos.com\/55346-cart_default\/vinils-infantils-amb-nom-3-nens-amb-coet-decoracio-habitacions-de-germans.jpg","width":250,"height":250},"home_default":{"url":"https:\/\/www.starstickvinilos.com\/55346-home_default\/vinils-infantils-amb-nom-3-nens-amb-coet-decoracio-habitacions-de-germans.jpg","width":380,"height":380},"medium_default":{"url":"https:\/\/www.starstickvinilos.com\/55346-medium_default\/vinils-infantils-amb-nom-3-nens-amb-coet-decoracio-habitacions-de-germans.jpg","width":500,"height":500},"large_default":{"url":"https:\/\/www.starstickvinilos.com\/55346-large_default\/vinils-infantils-amb-nom-3-nens-amb-coet-decoracio-habitacions-de-germans.jpg","width":600,"height":600}},"small":{"url":"https:\/\/www.starstickvinilos.com\/55346-small_default\/vinils-infantils-amb-nom-3-nens-amb-coet-decoracio-habitacions-de-germans.jpg","width":100,"height":100},"medium":{"url":"https:\/\/www.starstickvinilos.com\/55346-home_default\/vinils-infantils-amb-nom-3-nens-amb-coet-decoracio-habitacions-de-germans.jpg","width":380,"height":380},"large":{"url":"https:\/\/www.starstickvinilos.com\/55346-large_default\/vinils-infantils-amb-nom-3-nens-amb-coet-decoracio-habitacions-de-germans.jpg","width":600,"height":600},"legend":"","id_image":"55346","cover":"1","position":"1","associatedVariants":[]},"has_discount":false,"discount_type":null,"discount_percentage":null,"discount_percentage_absolute":null,"discount_amount":null,"price_amount":22.5,"regular_price_amount":22.5,"regular_price":"22,50\u00a0\u20ac","discount_to_display":null},{"add_to_cart_url":null,"url":"https:\/\/www.starstickvinilos.com\/ca\/vinils-personalitzats-amb-nom\/1270-personalitza-les-parets-amb-els-vinils-amb-nom-combinacio-rosa.html","canonical_url":"https:\/\/www.starstickvinilos.com\/ca\/vinils-personalitzats-amb-nom\/1270-personalitza-les-parets-amb-els-vinils-amb-nom-combinacio-rosa.html","labels":{"tax_short":"(IVA incl.)","tax_long":"Impostos inclosos"},"main_variants":[],"id_product":"1270","price":"18,50\u00a0\u20ac","reference":"Nom Star004 Rosa","active":"1","description_short":"<p class=\"MsoNormal\">Decora l\u2019habitaci\u00f3 infantil amb un vinil personalitzat amb nom en tons roses, ideal per crear un ambient dol\u00e7 i acollidor. Aquest set d\u2019adhesius de paret \u00e9s f\u00e0cil d\u2019instal\u00b7lar, d\u2019alta qualitat i permet col\u00b7locar cada lletra de manera independent per aconseguir un disseny \u00fanic i a mida.<\/p>\n<p><\/p>\n<p class=\"MsoNormal\"><strong>Mides aproximades del vinil (ample x alt)<\/strong><\/p>\n<p class=\"MsoNormal\"><strong>Petit:<\/strong> Alt de cada lletra: 10 cm + 10 estrelles<\/p>\n<p class=\"MsoNormal\"><strong>Mitj\u00e0:<\/strong> Alt de cada lletra: 15 cm + 10 estrelles<\/p>\n<p class=\"MsoNormal\"><strong>Gran:<\/strong> Alt de cada lletra: 19 cm + 10 estrelles<\/p>\n<p><\/p>\n<p>*Els noms amb m\u00e9s de 6 lletres tindran una al\u00e7ada lleugerament inferior per poder ajustar-se a la mida de la l\u00e0mina<\/p>","link_rewrite":"personalitza-les-parets-amb-els-vinils-amb-nom-combinacio-rosa","name":"Personalitza les parets amb els vinils amb nom - Combinaci\u00f3 rosa","manufacturer_name":"StarStick","category_name":"Vinils personalitzats amb nom","link":"https:\/\/www.starstickvinilos.com\/ca\/vinils-personalitzats-amb-nom\/1270-personalitza-les-parets-amb-els-vinils-amb-nom-combinacio-rosa.html","rate":21,"tax_name":"ES Standard rate (21%)","unit_price":"","cover":{"bySize":{"small_default":{"url":"https:\/\/www.starstickvinilos.com\/80922-small_default\/personalitza-les-parets-amb-els-vinils-amb-nom-combinacio-rosa.jpg","width":100,"height":100},"cart_default":{"url":"https:\/\/www.starstickvinilos.com\/80922-cart_default\/personalitza-les-parets-amb-els-vinils-amb-nom-combinacio-rosa.jpg","width":250,"height":250},"home_default":{"url":"https:\/\/www.starstickvinilos.com\/80922-home_default\/personalitza-les-parets-amb-els-vinils-amb-nom-combinacio-rosa.jpg","width":380,"height":380},"medium_default":{"url":"https:\/\/www.starstickvinilos.com\/80922-medium_default\/personalitza-les-parets-amb-els-vinils-amb-nom-combinacio-rosa.jpg","width":500,"height":500},"large_default":{"url":"https:\/\/www.starstickvinilos.com\/80922-large_default\/personalitza-les-parets-amb-els-vinils-amb-nom-combinacio-rosa.jpg","width":600,"height":600}},"small":{"url":"https:\/\/www.starstickvinilos.com\/80922-small_default\/personalitza-les-parets-amb-els-vinils-amb-nom-combinacio-rosa.jpg","width":100,"height":100},"medium":{"url":"https:\/\/www.starstickvinilos.com\/80922-home_default\/personalitza-les-parets-amb-els-vinils-amb-nom-combinacio-rosa.jpg","width":380,"height":380},"large":{"url":"https:\/\/www.starstickvinilos.com\/80922-large_default\/personalitza-les-parets-amb-els-vinils-amb-nom-combinacio-rosa.jpg","width":600,"height":600},"legend":"","id_image":"80922","cover":"1","position":"1","associatedVariants":[]},"has_discount":false,"discount_type":null,"discount_percentage":null,"discount_percentage_absolute":null,"discount_amount":null,"price_amount":18.5,"regular_price_amount":18.5,"regular_price":"18,50\u00a0\u20ac","discount_to_display":null},{"add_to_cart_url":null,"url":"https:\/\/www.starstickvinilos.com\/ca\/vinils-noms-per-a-portes-nado\/8616-vinil-infantil-personalitzat-amb-nom-koala-a-la-lluna-amb-gronxador-per-a-habitacio-de-nado.html","canonical_url":"https:\/\/www.starstickvinilos.com\/ca\/vinils-noms-per-a-portes-nado\/8616-vinil-infantil-personalitzat-amb-nom-koala-a-la-lluna-amb-gronxador-per-a-habitacio-de-nado.html","labels":{"tax_short":"(IVA incl.)","tax_long":"Impostos inclosos"},"main_variants":[],"id_product":"8616","price":"22,50\u00a0\u20ac","reference":"Nom Star212","active":"1","description_short":"<p>Vinil infantil personalitzat amb nom, amb disseny de koala a la lluna amb gronxador. Ideal per decorar l\u2019habitaci\u00f3 del nad\u00f3 amb un toc dol\u00e7, original i exclusiu. F\u00e0cil de col\u00b7locar i fabricat amb materials d\u2019alta qualitat.<\/p>\n<p>Fabricat amb materials d\u2019alta qualitat, aquest vinil decoratiu infantil \u00e9s f\u00e0cil de col\u00b7locar sobre parets, portes o mobles. Els seus colors suaus i duradors aporten calidesa i harmonia a l\u2019ambient.<\/p>\n<p><\/p>\n<p><\/p>\n<p><strong>Mida de la l\u00e0mina i muntatge <\/strong><\/p>\n<p><strong>L\u00e0mina amb 1 nom:<\/strong> 30 \u00d7 24 cm<\/p>\n<p><strong>L\u00e0mina amb 2 noms:<\/strong> 30 \u00d7 28 cm<\/p>","link_rewrite":"vinil-infantil-personalitzat-amb-nom-koala-a-la-lluna-amb-gronxador-per-a-habitacio-de-nado","name":"Vinil infantil personalitzat amb nom | Koala a la lluna amb gronxador per a habitaci\u00f3 de nad\u00f3","manufacturer_name":"StarStick","category_name":"Vinils noms per a portes - Nad\u00f3","link":"https:\/\/www.starstickvinilos.com\/ca\/vinils-noms-per-a-portes-nado\/8616-vinil-infantil-personalitzat-amb-nom-koala-a-la-lluna-amb-gronxador-per-a-habitacio-de-nado.html","rate":21,"tax_name":"ES Standard rate (21%)","unit_price":"","cover":{"bySize":{"small_default":{"url":"https:\/\/www.starstickvinilos.com\/92016-small_default\/vinil-infantil-personalitzat-amb-nom-koala-a-la-lluna-amb-gronxador-per-a-habitacio-de-nado.jpg","width":100,"height":100},"cart_default":{"url":"https:\/\/www.starstickvinilos.com\/92016-cart_default\/vinil-infantil-personalitzat-amb-nom-koala-a-la-lluna-amb-gronxador-per-a-habitacio-de-nado.jpg","width":250,"height":250},"home_default":{"url":"https:\/\/www.starstickvinilos.com\/92016-home_default\/vinil-infantil-personalitzat-amb-nom-koala-a-la-lluna-amb-gronxador-per-a-habitacio-de-nado.jpg","width":380,"height":380},"medium_default":{"url":"https:\/\/www.starstickvinilos.com\/92016-medium_default\/vinil-infantil-personalitzat-amb-nom-koala-a-la-lluna-amb-gronxador-per-a-habitacio-de-nado.jpg","width":500,"height":500},"large_default":{"url":"https:\/\/www.starstickvinilos.com\/92016-large_default\/vinil-infantil-personalitzat-amb-nom-koala-a-la-lluna-amb-gronxador-per-a-habitacio-de-nado.jpg","width":600,"height":600}},"small":{"url":"https:\/\/www.starstickvinilos.com\/92016-small_default\/vinil-infantil-personalitzat-amb-nom-koala-a-la-lluna-amb-gronxador-per-a-habitacio-de-nado.jpg","width":100,"height":100},"medium":{"url":"https:\/\/www.starstickvinilos.com\/92016-home_default\/vinil-infantil-personalitzat-amb-nom-koala-a-la-lluna-amb-gronxador-per-a-habitacio-de-nado.jpg","width":380,"height":380},"large":{"url":"https:\/\/www.starstickvinilos.com\/92016-large_default\/vinil-infantil-personalitzat-amb-nom-koala-a-la-lluna-amb-gronxador-per-a-habitacio-de-nado.jpg","width":600,"height":600},"legend":"Vinil infantil personalitzat amb nom koala a la lluna amb gronxador per a habitaci\u00f3 de nad\u00f3","id_image":"92016","cover":"1","position":"1","associatedVariants":[]},"has_discount":false,"discount_type":null,"discount_percentage":null,"discount_percentage_absolute":null,"discount_amount":null,"price_amount":22.5,"regular_price_amount":22.5,"regular_price":"22,50\u00a0\u20ac","discount_to_display":null},{"add_to_cart_url":null,"url":"https:\/\/www.starstickvinilos.com\/ca\/vinils-noms-per-a-portes-nado\/4706-vinils-infantils-amb-nom-nado-dinosaure-decoracio-personalitzada-per-a-nado.html","canonical_url":"https:\/\/www.starstickvinilos.com\/ca\/vinils-noms-per-a-portes-nado\/4706-vinils-infantils-amb-nom-nado-dinosaure-decoracio-personalitzada-per-a-nado.html","labels":{"tax_short":"(IVA incl.)","tax_long":"Impostos inclosos"},"main_variants":[{"id_product_attribute":1095294,"texture":"","id_product":"4706","name":"c14 Verd","id_attribute":"513","add_to_cart_url":"https:\/\/www.starstickvinilos.com\/ca\/carret?add=1&id_product=4706&id_product_attribute=1095294","url":"https:\/\/www.starstickvinilos.com\/ca\/vinils-noms-per-a-portes-nado\/4706-vinils-infantils-amb-nom-nado-dinosaure-decoracio-personalitzada-per-a-nado.html","type":"color","html_color_code":"#98BA5B"},{"id_product_attribute":1095293,"texture":"","id_product":"4706","name":"c37 Aquamarina clar","id_attribute":"661","add_to_cart_url":"https:\/\/www.starstickvinilos.com\/ca\/carret?add=1&id_product=4706&id_product_attribute=1095293","url":"https:\/\/www.starstickvinilos.com\/ca\/vinils-noms-per-a-portes-nado\/4706-vinils-infantils-amb-nom-nado-dinosaure-decoracio-personalitzada-per-a-nado.html","type":"color","html_color_code":"#BCCECC"}],"id_product":"4706","price":"22,50\u00a0\u20ac","reference":"Nom Star187","active":"1","description_short":"<p>Vinil decoratiu personalitzable, dissenyat per afegir un toc especial a l'habitaci\u00f3 del teu petit o petit. Un disseny encantador que compta amb un adorable nad\u00f3 dinosaure traient el cap fora de l'ou. \u00c9s l'elecci\u00f3 perfecta per decorar habitacions de nadons o nens petits, creant un ambient ple de tendresa i fantasia. El nostre vinil s'adapta a les teves prefer\u00e8ncies, permetent personalitzar-lo amb un o dos noms, convertint-lo en una pe\u00e7a \u00fanica i especial. No perdis l'oportunitat de fer de l'habitaci\u00f3 del teu petit un lloc m\u00e0gic i ple d\u00b4estil amb el nostre vinil decoratiu personalitzable.<\/p>\n<p><strong><\/strong><\/p>\n<p><strong>Mida de la l\u00e0mina i del muntatge<\/strong><\/p>\n<p><strong>L\u00e0mina amb 1 nom:<\/strong><span class=\"apple-converted-space\">\u00a030x24<\/span>\u00a0cm<\/p>\n<p><strong>L\u00e0mina amb 2 noms:<\/strong><span class=\"apple-converted-space\">\u00a030x28<\/span>\u00a0cm<\/p>","link_rewrite":"vinils-infantils-amb-nom-nado-dinosaure-decoracio-personalitzada-per-a-nado","name":"Vinils infantils amb nom - Nad\u00f3 dinosaure - Decoraci\u00f3 personalitzada per a nad\u00f3","manufacturer_name":"StarStick","category_name":"Vinils noms per a portes - Nad\u00f3","link":"https:\/\/www.starstickvinilos.com\/ca\/vinils-noms-per-a-portes-nado\/4706-vinils-infantils-amb-nom-nado-dinosaure-decoracio-personalitzada-per-a-nado.html","rate":21,"tax_name":"ES Standard rate (21%)","unit_price":"","cover":{"bySize":{"small_default":{"url":"https:\/\/www.starstickvinilos.com\/40908-small_default\/vinils-infantils-amb-nom-nado-dinosaure-decoracio-personalitzada-per-a-nado.jpg","width":100,"height":100},"cart_default":{"url":"https:\/\/www.starstickvinilos.com\/40908-cart_default\/vinils-infantils-amb-nom-nado-dinosaure-decoracio-personalitzada-per-a-nado.jpg","width":250,"height":250},"home_default":{"url":"https:\/\/www.starstickvinilos.com\/40908-home_default\/vinils-infantils-amb-nom-nado-dinosaure-decoracio-personalitzada-per-a-nado.jpg","width":380,"height":380},"medium_default":{"url":"https:\/\/www.starstickvinilos.com\/40908-medium_default\/vinils-infantils-amb-nom-nado-dinosaure-decoracio-personalitzada-per-a-nado.jpg","width":500,"height":500},"large_default":{"url":"https:\/\/www.starstickvinilos.com\/40908-large_default\/vinils-infantils-amb-nom-nado-dinosaure-decoracio-personalitzada-per-a-nado.jpg","width":600,"height":600}},"small":{"url":"https:\/\/www.starstickvinilos.com\/40908-small_default\/vinils-infantils-amb-nom-nado-dinosaure-decoracio-personalitzada-per-a-nado.jpg","width":100,"height":100},"medium":{"url":"https:\/\/www.starstickvinilos.com\/40908-home_default\/vinils-infantils-amb-nom-nado-dinosaure-decoracio-personalitzada-per-a-nado.jpg","width":380,"height":380},"large":{"url":"https:\/\/www.starstickvinilos.com\/40908-large_default\/vinils-infantils-amb-nom-nado-dinosaure-decoracio-personalitzada-per-a-nado.jpg","width":600,"height":600},"legend":"Vinils infantils amb nom - Nad\u00f3 dinosaure - Decoraci\u00f3 personalitzada per a nad\u00f3","id_image":"40908","cover":"1","position":"1","associatedVariants":[]},"has_discount":false,"discount_type":null,"discount_percentage":null,"discount_percentage_absolute":null,"discount_amount":null,"price_amount":22.5,"regular_price_amount":22.5,"regular_price":"22,50\u00a0\u20ac","discount_to_display":null},{"add_to_cart_url":null,"url":"https:\/\/www.starstickvinilos.com\/ca\/vinils-noms-per-a-portes-nado\/7101-arc-de-sant-marti-somrient-vinils-amb-nom-per-a-portes.html","canonical_url":"https:\/\/www.starstickvinilos.com\/ca\/vinils-noms-per-a-portes-nado\/7101-arc-de-sant-marti-somrient-vinils-amb-nom-per-a-portes.html","labels":{"tax_short":"(IVA incl.)","tax_long":"Impostos inclosos"},"main_variants":[{"id_product_attribute":1149155,"texture":"","id_product":"7101","name":"c9 Maduixa","id_attribute":"508","add_to_cart_url":"https:\/\/www.starstickvinilos.com\/ca\/carret?add=1&id_product=7101&id_product_attribute=1149155","url":"https:\/\/www.starstickvinilos.com\/ca\/vinils-noms-per-a-portes-nado\/7101-arc-de-sant-marti-somrient-vinils-amb-nom-per-a-portes.html","type":"color","html_color_code":"#f4477c"},{"id_product_attribute":1149157,"texture":"","id_product":"7101","name":"C26 Teula fosc","id_attribute":"650","add_to_cart_url":"https:\/\/www.starstickvinilos.com\/ca\/carret?add=1&id_product=7101&id_product_attribute=1149157","url":"https:\/\/www.starstickvinilos.com\/ca\/vinils-noms-per-a-portes-nado\/7101-arc-de-sant-marti-somrient-vinils-amb-nom-per-a-portes.html","type":"color","html_color_code":"#A06565"}],"id_product":"7101","price":"22,50\u00a0\u20ac","reference":"Nom Star203","active":"1","description_short":"<p>Vinil decoratiu amb un encantador arc de Sant Mart\u00ed personalitzat amb un o dos noms. Ideal per afegir un toc \u00fanic i alegre a qualsevol espai. Es pot enganxar a parets, portes, mobles, cap\u00e7alers i altres racons de l'habitaci\u00f3 infantil. Fabricat en material d'alta qualitat i f\u00e0cil d'aplicar.<\/p>\n<p>\u00a0<\/p>\n<p><strong>Mida de la l\u00e0mina i del muntatge: <\/strong>30x23 cm<\/p>","link_rewrite":"arc-de-sant-marti-somrient-vinils-amb-nom-per-a-portes","name":"Arc de Sant Mart\u00ed somrient. Vinils amb nom per a portes","manufacturer_name":"StarStick","category_name":"Vinils noms per a portes - Nad\u00f3","link":"https:\/\/www.starstickvinilos.com\/ca\/vinils-noms-per-a-portes-nado\/7101-arc-de-sant-marti-somrient-vinils-amb-nom-per-a-portes.html","rate":21,"tax_name":"ES Standard rate (21%)","unit_price":"","cover":{"bySize":{"small_default":{"url":"https:\/\/www.starstickvinilos.com\/72440-small_default\/arc-de-sant-marti-somrient-vinils-amb-nom-per-a-portes.jpg","width":100,"height":100},"cart_default":{"url":"https:\/\/www.starstickvinilos.com\/72440-cart_default\/arc-de-sant-marti-somrient-vinils-amb-nom-per-a-portes.jpg","width":250,"height":250},"home_default":{"url":"https:\/\/www.starstickvinilos.com\/72440-home_default\/arc-de-sant-marti-somrient-vinils-amb-nom-per-a-portes.jpg","width":380,"height":380},"medium_default":{"url":"https:\/\/www.starstickvinilos.com\/72440-medium_default\/arc-de-sant-marti-somrient-vinils-amb-nom-per-a-portes.jpg","width":500,"height":500},"large_default":{"url":"https:\/\/www.starstickvinilos.com\/72440-large_default\/arc-de-sant-marti-somrient-vinils-amb-nom-per-a-portes.jpg","width":600,"height":600}},"small":{"url":"https:\/\/www.starstickvinilos.com\/72440-small_default\/arc-de-sant-marti-somrient-vinils-amb-nom-per-a-portes.jpg","width":100,"height":100},"medium":{"url":"https:\/\/www.starstickvinilos.com\/72440-home_default\/arc-de-sant-marti-somrient-vinils-amb-nom-per-a-portes.jpg","width":380,"height":380},"large":{"url":"https:\/\/www.starstickvinilos.com\/72440-large_default\/arc-de-sant-marti-somrient-vinils-amb-nom-per-a-portes.jpg","width":600,"height":600},"legend":"Arc de Sant Mart\u00ed somrient. Vinils amb nom per a portes","id_image":"72440","cover":"1","position":"1","associatedVariants":[]},"has_discount":false,"discount_type":null,"discount_percentage":null,"discount_percentage_absolute":null,"discount_amount":null,"price_amount":22.5,"regular_price_amount":22.5,"regular_price":"22,50\u00a0\u20ac","discount_to_display":null},{"add_to_cart_url":null,"url":"https:\/\/www.starstickvinilos.com\/ca\/vinils-personalitzats-amb-nom\/1004-nom-classic-vinils-infantils-personalitzats-decoracio-infantil.html","canonical_url":"https:\/\/www.starstickvinilos.com\/ca\/vinils-personalitzats-amb-nom\/1004-nom-classic-vinils-infantils-personalitzats-decoracio-infantil.html","labels":{"tax_short":"(IVA incl.)","tax_long":"Impostos inclosos"},"main_variants":[],"id_product":"1004","price":"12,50\u00a0\u20ac","reference":"Nom Star009","active":"1","description_short":"<p>Vinils infantils personalitzables. S\u00f3n perfectes per decorar les parets d'habitacions infantils, creant una decoraci\u00f3 \u00fanica i totalment adaptada als gustos de cada nen.<\/p>\n<p>\u00a0<\/p>\n<p><strong>Petit -\u00a0<\/strong>Alt de les lletres:\u00a010\u00a0cm<\/p>\n<p><strong>Mitj\u00e0 <\/strong>-\u00a0Alt de les lletres:\u00a015\u00a0cm<\/p>\n<p><strong>Gran <\/strong>-\u00a0Alt de les lletres:\u00a020\u00a0cm<\/p>","link_rewrite":"nom-classic-vinils-infantils-personalitzats-decoracio-infantil","name":"Nom Classic. Vinils infantils personalitzats - Decoraci\u00f3 infantil","manufacturer_name":"StarStick","category_name":"Vinils personalitzats amb nom","link":"https:\/\/www.starstickvinilos.com\/ca\/vinils-personalitzats-amb-nom\/1004-nom-classic-vinils-infantils-personalitzats-decoracio-infantil.html","rate":21,"tax_name":"ES Standard rate (21%)","unit_price":"","cover":{"bySize":{"small_default":{"url":"https:\/\/www.starstickvinilos.com\/93762-small_default\/nom-classic-vinils-infantils-personalitzats-decoracio-infantil.jpg","width":100,"height":100},"cart_default":{"url":"https:\/\/www.starstickvinilos.com\/93762-cart_default\/nom-classic-vinils-infantils-personalitzats-decoracio-infantil.jpg","width":250,"height":250},"home_default":{"url":"https:\/\/www.starstickvinilos.com\/93762-home_default\/nom-classic-vinils-infantils-personalitzats-decoracio-infantil.jpg","width":380,"height":380},"medium_default":{"url":"https:\/\/www.starstickvinilos.com\/93762-medium_default\/nom-classic-vinils-infantils-personalitzats-decoracio-infantil.jpg","width":500,"height":500},"large_default":{"url":"https:\/\/www.starstickvinilos.com\/93762-large_default\/nom-classic-vinils-infantils-personalitzats-decoracio-infantil.jpg","width":600,"height":600}},"small":{"url":"https:\/\/www.starstickvinilos.com\/93762-small_default\/nom-classic-vinils-infantils-personalitzats-decoracio-infantil.jpg","width":100,"height":100},"medium":{"url":"https:\/\/www.starstickvinilos.com\/93762-home_default\/nom-classic-vinils-infantils-personalitzats-decoracio-infantil.jpg","width":380,"height":380},"large":{"url":"https:\/\/www.starstickvinilos.com\/93762-large_default\/nom-classic-vinils-infantils-personalitzats-decoracio-infantil.jpg","width":600,"height":600},"legend":"","id_image":"93762","cover":"1","position":"1","associatedVariants":[]},"has_discount":false,"discount_type":null,"discount_percentage":null,"discount_percentage_absolute":null,"discount_amount":null,"price_amount":12.5,"regular_price_amount":12.5,"regular_price":"12,50\u00a0\u20ac","discount_to_display":null},{"add_to_cart_url":"https:\/\/www.starstickvinilos.com\/ca\/carret?add=1&id_product=2268&id_product_attribute=1166679","url":"https:\/\/www.starstickvinilos.com\/ca\/vinils-personalitzats-amb-nom\/2268-vinil-decoratiu-infantil-personalitzat-nom-estil-modern-per-a-paret-dhabitacio-de-nado-i-nens.html","canonical_url":"https:\/\/www.starstickvinilos.com\/ca\/vinils-personalitzats-amb-nom\/2268-vinil-decoratiu-infantil-personalitzat-nom-estil-modern-per-a-paret-dhabitacio-de-nado-i-nens.html","labels":{"tax_short":"(IVA incl.)","tax_long":"Impostos inclosos"},"main_variants":[],"id_product":"2268","price":"12,50\u00a0\u20ac","reference":"Nom Star015","active":"1","description_short":"<p>Vinil decoratiu personalitzat amb nom, dissenyat lletra per lletra perqu\u00e8 el puguis col\u00b7locar lliurement segons el teu gust. Perfecte per a habitacions de nad\u00f3, infantils o juvenils, aportant un toc \u00fanic, actual i elegant a qualsevol paret. El seu disseny vers\u00e0til permet crear composicions personalitzades i adaptar-les f\u00e0cilment a qualsevol espai, aconseguint un ambient decoratiu acollidor i amb estil propi.<\/p>\n<p><strong>Talles disponibles:<\/strong><\/p>\n<p><strong>Petit:<\/strong> al\u00e7ada de les lletres 10 cm<\/p>\n<p><strong>Mitj\u00e0:<\/strong> al\u00e7ada de les lletres 15 cm<\/p>\n<p><strong>Gran:<\/strong> al\u00e7ada de les lletres 20\u00a0cm<\/p>\n<p><\/p>\n<p>\u26a0\ufe0f Nom\u00e9s 1 nom per unitat de producte. Si desitges m\u00e9s d\u2019un nom, afegeix el producte de nou al carret amb el segon nom.<\/p>","link_rewrite":"vinil-decoratiu-infantil-personalitzat-nom-estil-modern-per-a-paret-dhabitacio-de-nado-i-nens","name":"Adhesiu decoratiu infantil personalitzat amb nom | Model Happy","manufacturer_name":"StarStick","category_name":"Vinils personalitzats amb nom","link":"https:\/\/www.starstickvinilos.com\/ca\/vinils-personalitzats-amb-nom\/2268-vinil-decoratiu-infantil-personalitzat-nom-estil-modern-per-a-paret-dhabitacio-de-nado-i-nens.html","rate":21,"tax_name":"ES Standard rate (21%)","unit_price":"","cover":{"bySize":{"small_default":{"url":"https:\/\/www.starstickvinilos.com\/12524-small_default\/vinil-decoratiu-infantil-personalitzat-nom-estil-modern-per-a-paret-dhabitacio-de-nado-i-nens.jpg","width":100,"height":100},"cart_default":{"url":"https:\/\/www.starstickvinilos.com\/12524-cart_default\/vinil-decoratiu-infantil-personalitzat-nom-estil-modern-per-a-paret-dhabitacio-de-nado-i-nens.jpg","width":250,"height":250},"home_default":{"url":"https:\/\/www.starstickvinilos.com\/12524-home_default\/vinil-decoratiu-infantil-personalitzat-nom-estil-modern-per-a-paret-dhabitacio-de-nado-i-nens.jpg","width":380,"height":380},"medium_default":{"url":"https:\/\/www.starstickvinilos.com\/12524-medium_default\/vinil-decoratiu-infantil-personalitzat-nom-estil-modern-per-a-paret-dhabitacio-de-nado-i-nens.jpg","width":500,"height":500},"large_default":{"url":"https:\/\/www.starstickvinilos.com\/12524-large_default\/vinil-decoratiu-infantil-personalitzat-nom-estil-modern-per-a-paret-dhabitacio-de-nado-i-nens.jpg","width":600,"height":600}},"small":{"url":"https:\/\/www.starstickvinilos.com\/12524-small_default\/vinil-decoratiu-infantil-personalitzat-nom-estil-modern-per-a-paret-dhabitacio-de-nado-i-nens.jpg","width":100,"height":100},"medium":{"url":"https:\/\/www.starstickvinilos.com\/12524-home_default\/vinil-decoratiu-infantil-personalitzat-nom-estil-modern-per-a-paret-dhabitacio-de-nado-i-nens.jpg","width":380,"height":380},"large":{"url":"https:\/\/www.starstickvinilos.com\/12524-large_default\/vinil-decoratiu-infantil-personalitzat-nom-estil-modern-per-a-paret-dhabitacio-de-nado-i-nens.jpg","width":600,"height":600},"legend":"Vinil decoratiu personalitzat estil Modern amb nom per a paret d\u2019habitaci\u00f3 de nad\u00f3, infantil o juvenil.","id_image":"12524","cover":"1","position":"1","associatedVariants":[]},"has_discount":false,"discount_type":null,"discount_percentage":null,"discount_percentage_absolute":null,"discount_amount":null,"price_amount":12.5,"regular_price_amount":12.5,"regular_price":"12,50\u00a0\u20ac","discount_to_display":null},{"add_to_cart_url":"https:\/\/www.starstickvinilos.com\/ca\/carret?add=1&id_product=207&id_product_attribute=1166796","url":"https:\/\/www.starstickvinilos.com\/ca\/vinils-personalitzats-amb-nom\/207-nom-happy-vinils-infantils-personalitzables-per-a-decoracio-infantil.html","canonical_url":"https:\/\/www.starstickvinilos.com\/ca\/vinils-personalitzats-amb-nom\/207-nom-happy-vinils-infantils-personalitzables-per-a-decoracio-infantil.html","labels":{"tax_short":"(IVA incl.)","tax_long":"Impostos inclosos"},"main_variants":[],"id_product":"207","price":"12,50\u00a0\u20ac","reference":"Nom Star002","active":"1","description_short":"<p><strong>Mides detallades\u00a0<\/strong><\/p>\n<p><strong>Petit<\/strong><br \/>Al\u00e7ada de les lletres: 10 cm<br \/>Amplada de 6 lletres, exemple Daniel: 40 cm<\/p>\n<p><strong>Mitj\u00e0<\/strong><br \/>Al\u00e7ada de les lletres: 15 cm<br \/>Amplada de 6 lletres, exemple Daniel: 60 cm<\/p>\n<p><strong>Gran<\/strong><br \/>Al\u00e7ada de les lletres: 19 cm<br \/>Amplada de 6 lletres, exemple Daniel: 85 cm<\/p>\n<p><\/p>\n<p>L'amplada del nom pot variar, la refer\u00e8ncia \u00e9s l'al\u00e7ada de les lletres. L'amplada mai superar\u00e0 els 120 cm.<\/p>","link_rewrite":"nom-happy-vinils-infantils-personalitzables-per-a-decoracio-infantil","name":"Nom Happy vinils infantils personalitzables per a decoraci\u00f3 infantil","manufacturer_name":"StarStick","category_name":"Vinils personalitzats amb nom","link":"https:\/\/www.starstickvinilos.com\/ca\/vinils-personalitzats-amb-nom\/207-nom-happy-vinils-infantils-personalitzables-per-a-decoracio-infantil.html","rate":21,"tax_name":"ES Standard rate (21%)","unit_price":"","cover":{"bySize":{"small_default":{"url":"https:\/\/www.starstickvinilos.com\/93772-small_default\/nom-happy-vinils-infantils-personalitzables-per-a-decoracio-infantil.jpg","width":100,"height":100},"cart_default":{"url":"https:\/\/www.starstickvinilos.com\/93772-cart_default\/nom-happy-vinils-infantils-personalitzables-per-a-decoracio-infantil.jpg","width":250,"height":250},"home_default":{"url":"https:\/\/www.starstickvinilos.com\/93772-home_default\/nom-happy-vinils-infantils-personalitzables-per-a-decoracio-infantil.jpg","width":380,"height":380},"medium_default":{"url":"https:\/\/www.starstickvinilos.com\/93772-medium_default\/nom-happy-vinils-infantils-personalitzables-per-a-decoracio-infantil.jpg","width":500,"height":500},"large_default":{"url":"https:\/\/www.starstickvinilos.com\/93772-large_default\/nom-happy-vinils-infantils-personalitzables-per-a-decoracio-infantil.jpg","width":600,"height":600}},"small":{"url":"https:\/\/www.starstickvinilos.com\/93772-small_default\/nom-happy-vinils-infantils-personalitzables-per-a-decoracio-infantil.jpg","width":100,"height":100},"medium":{"url":"https:\/\/www.starstickvinilos.com\/93772-home_default\/nom-happy-vinils-infantils-personalitzables-per-a-decoracio-infantil.jpg","width":380,"height":380},"large":{"url":"https:\/\/www.starstickvinilos.com\/93772-large_default\/nom-happy-vinils-infantils-personalitzables-per-a-decoracio-infantil.jpg","width":600,"height":600},"legend":"","id_image":"93772","cover":"1","position":"1","associatedVariants":[]},"has_discount":false,"discount_type":null,"discount_percentage":null,"discount_percentage_absolute":null,"discount_amount":null,"price_amount":12.5,"regular_price_amount":12.5,"regular_price":"12,50\u00a0\u20ac","discount_to_display":null},{"add_to_cart_url":"https:\/\/www.starstickvinilos.com\/ca\/carret?add=1&id_product=262&id_product_attribute=1166799","url":"https:\/\/www.starstickvinilos.com\/ca\/vinils-personalitzats-amb-nom\/262-adhesiu-infantil-i-juvenil-personalitzat-amb-nom-model-play.html","canonical_url":"https:\/\/www.starstickvinilos.com\/ca\/vinils-personalitzats-amb-nom\/262-adhesiu-infantil-i-juvenil-personalitzat-amb-nom-model-play.html","labels":{"tax_short":"(IVA incl.)","tax_long":"Impostos inclosos"},"main_variants":[],"id_product":"262","price":"12,50\u00a0\u20ac","reference":"Nom Star001","active":"1","description_short":"<p>Adhesius infantils personalitzables ideals per decorar les parets d\u2019habitacions de nadons i infants. Crea un espai \u00fanic amb el nom que tri\u00efs, totalment adaptat a l\u2019estil de l\u2019habitaci\u00f3.<\/p>\n<p>Aquest model permet personalitzar el nom segons les teves prefer\u00e8ncies: pots optar per la primera lletra en maj\u00fascula i la resta en min\u00fascula, o b\u00e9 escriure tot el nom en maj\u00fascules. Nom\u00e9s has d\u2019escriure el nom exactament com el vols i nosaltres el produirem tal com l\u2019has indicat.<\/p>\n<p><strong>Mides disponibles:<\/strong><\/p>\n<ul>\n<li>Petit: al\u00e7ada de les lletres 10 cm (maj\u00fascules) \u2013 8 cm (min\u00fascules)<\/li>\n<li>Mitj\u00e0: al\u00e7ada de les lletres 15 cm (maj\u00fascules) \u2013 11 cm (min\u00fascules)<\/li>\n<li>Gran: al\u00e7ada de les lletres 20 cm (maj\u00fascules) \u2013 14 cm (min\u00fascules)<\/li>\n<\/ul>","link_rewrite":"adhesiu-infantil-i-juvenil-personalitzat-amb-nom-model-play","name":"Adhesiu infantil i juvenil personalitzat amb nom | Model Play","manufacturer_name":"StarStick","category_name":"Vinils personalitzats amb nom","link":"https:\/\/www.starstickvinilos.com\/ca\/vinils-personalitzats-amb-nom\/262-adhesiu-infantil-i-juvenil-personalitzat-amb-nom-model-play.html","rate":21,"tax_name":"ES Standard rate (21%)","unit_price":"","cover":{"bySize":{"small_default":{"url":"https:\/\/www.starstickvinilos.com\/16936-small_default\/adhesiu-infantil-i-juvenil-personalitzat-amb-nom-model-play.jpg","width":100,"height":100},"cart_default":{"url":"https:\/\/www.starstickvinilos.com\/16936-cart_default\/adhesiu-infantil-i-juvenil-personalitzat-amb-nom-model-play.jpg","width":250,"height":250},"home_default":{"url":"https:\/\/www.starstickvinilos.com\/16936-home_default\/adhesiu-infantil-i-juvenil-personalitzat-amb-nom-model-play.jpg","width":380,"height":380},"medium_default":{"url":"https:\/\/www.starstickvinilos.com\/16936-medium_default\/adhesiu-infantil-i-juvenil-personalitzat-amb-nom-model-play.jpg","width":500,"height":500},"large_default":{"url":"https:\/\/www.starstickvinilos.com\/16936-large_default\/adhesiu-infantil-i-juvenil-personalitzat-amb-nom-model-play.jpg","width":600,"height":600}},"small":{"url":"https:\/\/www.starstickvinilos.com\/16936-small_default\/adhesiu-infantil-i-juvenil-personalitzat-amb-nom-model-play.jpg","width":100,"height":100},"medium":{"url":"https:\/\/www.starstickvinilos.com\/16936-home_default\/adhesiu-infantil-i-juvenil-personalitzat-amb-nom-model-play.jpg","width":380,"height":380},"large":{"url":"https:\/\/www.starstickvinilos.com\/16936-large_default\/adhesiu-infantil-i-juvenil-personalitzat-amb-nom-model-play.jpg","width":600,"height":600},"legend":"Adhesiu infantil personalitzat amb nom, ideal per decorar habitacions de nadons i infants.","id_image":"16936","cover":"1","position":"1","associatedVariants":[]},"has_discount":false,"discount_type":null,"discount_percentage":null,"discount_percentage_absolute":null,"discount_amount":null,"price_amount":12.5,"regular_price_amount":12.5,"regular_price":"12,50\u00a0\u20ac","discount_to_display":null},{"add_to_cart_url":null,"url":"https:\/\/www.starstickvinilos.com\/ca\/vinils-amb-nom\/3951-personalitza-les-parets-amb-els-vinils-amb-nom-combinacio-rosa-gris.html","canonical_url":"https:\/\/www.starstickvinilos.com\/ca\/vinils-amb-nom\/3951-personalitza-les-parets-amb-els-vinils-amb-nom-combinacio-rosa-gris.html","labels":{"tax_short":"(IVA incl.)","tax_long":"Impostos inclosos"},"main_variants":[],"id_product":"3951","price":"18,50\u00a0\u20ac","reference":"Nom Star004 Rosa Gris","active":"1","description_short":"<p class=\"MsoNormal\"><strong>Mesures aproximades del vinil (ample x alt)<\/strong><\/p>\n<p class=\"MsoNormal\"><strong>Petit:<\/strong>\u00a0Alt de cada lletra: 10 cm + 10 estrelles<\/p>\n<p class=\"MsoNormal\"><strong>Mitj\u00e0:<\/strong>\u00a0Alt de cada lletra: 15 cm + 10 estrelles<\/p>\n<p class=\"MsoNormal\"><strong>Gran:<\/strong>\u00a0Alt de cada lletra: 19 cm + 10 estrelles<\/p>\n<p><br \/><br \/>*Els noms amb m\u00e9s de 6 lletres tindran una al\u00e7ada una mica inferior per poder ajustar-los a la mida de la l\u00e0mina<\/p>","link_rewrite":"personalitza-les-parets-amb-els-vinils-amb-nom-combinacio-rosa-gris","name":"Personalitza les parets amb els vinils amb nom - Combinaci\u00f3 rosa gris","manufacturer_name":"StarStick","category_name":"Vinils amb nom","link":"https:\/\/www.starstickvinilos.com\/ca\/vinils-amb-nom\/3951-personalitza-les-parets-amb-els-vinils-amb-nom-combinacio-rosa-gris.html","rate":21,"tax_name":"ES Standard rate (21%)","unit_price":"","cover":{"bySize":{"small_default":{"url":"https:\/\/www.starstickvinilos.com\/31718-small_default\/personalitza-les-parets-amb-els-vinils-amb-nom-combinacio-rosa-gris.jpg","width":100,"height":100},"cart_default":{"url":"https:\/\/www.starstickvinilos.com\/31718-cart_default\/personalitza-les-parets-amb-els-vinils-amb-nom-combinacio-rosa-gris.jpg","width":250,"height":250},"home_default":{"url":"https:\/\/www.starstickvinilos.com\/31718-home_default\/personalitza-les-parets-amb-els-vinils-amb-nom-combinacio-rosa-gris.jpg","width":380,"height":380},"medium_default":{"url":"https:\/\/www.starstickvinilos.com\/31718-medium_default\/personalitza-les-parets-amb-els-vinils-amb-nom-combinacio-rosa-gris.jpg","width":500,"height":500},"large_default":{"url":"https:\/\/www.starstickvinilos.com\/31718-large_default\/personalitza-les-parets-amb-els-vinils-amb-nom-combinacio-rosa-gris.jpg","width":600,"height":600}},"small":{"url":"https:\/\/www.starstickvinilos.com\/31718-small_default\/personalitza-les-parets-amb-els-vinils-amb-nom-combinacio-rosa-gris.jpg","width":100,"height":100},"medium":{"url":"https:\/\/www.starstickvinilos.com\/31718-home_default\/personalitza-les-parets-amb-els-vinils-amb-nom-combinacio-rosa-gris.jpg","width":380,"height":380},"large":{"url":"https:\/\/www.starstickvinilos.com\/31718-large_default\/personalitza-les-parets-amb-els-vinils-amb-nom-combinacio-rosa-gris.jpg","width":600,"height":600},"legend":"","id_image":"31718","cover":"1","position":"1","associatedVariants":[]},"has_discount":false,"discount_type":null,"discount_percentage":null,"discount_percentage_absolute":null,"discount_amount":null,"price_amount":18.5,"regular_price_amount":18.5,"regular_price":"18,50\u00a0\u20ac","discount_to_display":null},{"add_to_cart_url":null,"url":"https:\/\/www.starstickvinilos.com\/ca\/vinils-personalitzats-amb-nom\/3956-personalitza-les-parets-amb-els-vinils-amb-nom-combinacio-blau.html","canonical_url":"https:\/\/www.starstickvinilos.com\/ca\/vinils-personalitzats-amb-nom\/3956-personalitza-les-parets-amb-els-vinils-amb-nom-combinacio-blau.html","labels":{"tax_short":"(IVA incl.)","tax_long":"Impostos inclosos"},"main_variants":[],"id_product":"3956","price":"18,50\u00a0\u20ac","reference":"Nom Star004 Azul","active":"1","description_short":"<p>Decora l\u2019habitaci\u00f3 infantil amb un vinil personalitzat amb nom en tons blaus, ideal per crear un ambient tranquil i acollidor. Aquest set d\u2019adhesius de paret \u00e9s f\u00e0cil d\u2019instal\u00b7lar, d\u2019alta qualitat i permet col\u00b7locar cada lletra de manera independent per aconseguir un disseny \u00fanic i totalment personalitzat.<\/p>\n<p><\/p>\n<p class=\"MsoNormal\"><strong>Mides aproximades del vinil (ample x alt)<\/strong><\/p>\n<p class=\"MsoNormal\"><strong>Petit:<\/strong> Alt de cada lletra: 10 cm + 10 estrelles<\/p>\n<p class=\"MsoNormal\"><strong>Mitj\u00e0:<\/strong> Alt de cada lletra: 15 cm + 10 estrelles<\/p>\n<p class=\"MsoNormal\"><strong>Gran:<\/strong> Alt de cada lletra: 19 cm + 10 estrelles<\/p>\n<p><\/p>\n<p>*Els noms amb m\u00e9s de 6 lletres tindran una al\u00e7ada lleugerament inferior per poder ajustar-se a la mida de la l\u00e0mina<\/p>","link_rewrite":"personalitza-les-parets-amb-els-vinils-amb-nom-combinacio-blau","name":"Personalitza les parets amb els vinils amb nom - Combinaci\u00f3 blau","manufacturer_name":"StarStick","category_name":"Vinils personalitzats amb nom","link":"https:\/\/www.starstickvinilos.com\/ca\/vinils-personalitzats-amb-nom\/3956-personalitza-les-parets-amb-els-vinils-amb-nom-combinacio-blau.html","rate":21,"tax_name":"ES Standard rate (21%)","unit_price":"","cover":{"bySize":{"small_default":{"url":"https:\/\/www.starstickvinilos.com\/80924-small_default\/personalitza-les-parets-amb-els-vinils-amb-nom-combinacio-blau.jpg","width":100,"height":100},"cart_default":{"url":"https:\/\/www.starstickvinilos.com\/80924-cart_default\/personalitza-les-parets-amb-els-vinils-amb-nom-combinacio-blau.jpg","width":250,"height":250},"home_default":{"url":"https:\/\/www.starstickvinilos.com\/80924-home_default\/personalitza-les-parets-amb-els-vinils-amb-nom-combinacio-blau.jpg","width":380,"height":380},"medium_default":{"url":"https:\/\/www.starstickvinilos.com\/80924-medium_default\/personalitza-les-parets-amb-els-vinils-amb-nom-combinacio-blau.jpg","width":500,"height":500},"large_default":{"url":"https:\/\/www.starstickvinilos.com\/80924-large_default\/personalitza-les-parets-amb-els-vinils-amb-nom-combinacio-blau.jpg","width":600,"height":600}},"small":{"url":"https:\/\/www.starstickvinilos.com\/80924-small_default\/personalitza-les-parets-amb-els-vinils-amb-nom-combinacio-blau.jpg","width":100,"height":100},"medium":{"url":"https:\/\/www.starstickvinilos.com\/80924-home_default\/personalitza-les-parets-amb-els-vinils-amb-nom-combinacio-blau.jpg","width":380,"height":380},"large":{"url":"https:\/\/www.starstickvinilos.com\/80924-large_default\/personalitza-les-parets-amb-els-vinils-amb-nom-combinacio-blau.jpg","width":600,"height":600},"legend":"","id_image":"80924","cover":"1","position":"1","associatedVariants":[]},"has_discount":false,"discount_type":null,"discount_percentage":null,"discount_percentage_absolute":null,"discount_amount":null,"price_amount":18.5,"regular_price_amount":18.5,"regular_price":"18,50\u00a0\u20ac","discount_to_display":null},{"add_to_cart_url":null,"url":"https:\/\/www.starstickvinilos.com\/ca\/vinils-noms-per-a-portes-nena\/7410-nom-amb-corona-decoracio-habitacions-juvenils.html","canonical_url":"https:\/\/www.starstickvinilos.com\/ca\/vinils-noms-per-a-portes-nena\/7410-nom-amb-corona-decoracio-habitacions-juvenils.html","labels":{"tax_short":"(IVA incl.)","tax_long":"Impostos inclosos"},"main_variants":[],"id_product":"7410","price":"22,50\u00a0\u20ac","reference":"Nom Star207","active":"1","description_short":"<p>Afegeix un toc \u00fanic i especial a les habitacions juvenils i infantils amb els nostres vinils personalitzables. Cada lletra del nom est\u00e0 dissenyada en un color diferent, creant una composici\u00f3 \u00fanica i original. Una opci\u00f3 ideal per a aquells que busquen decorar amb estil i personalitat.<\/p>\n<p>\u00a0<\/p>\n<p><strong>Mida de la l\u00e0mina i del muntatge<\/strong><\/p>\n<p><strong>L\u00e0mina amb 1 nom:<\/strong><span class=\"apple-converted-space\"> 30x25<\/span>\u00a0cm<\/p>\n<p><strong>L\u00e0mina amb 2 noms:<\/strong><span class=\"apple-converted-space\"> 30x32<\/span>\u00a0cm<\/p>","link_rewrite":"nom-amb-corona-decoracio-habitacions-juvenils","name":"Nom amb corona - Decoraci\u00f3 habitacions juvenils","manufacturer_name":"StarStick","category_name":"Vinils noms per a portes - Nena","link":"https:\/\/www.starstickvinilos.com\/ca\/vinils-noms-per-a-portes-nena\/7410-nom-amb-corona-decoracio-habitacions-juvenils.html","rate":21,"tax_name":"ES Standard rate (21%)","unit_price":"","cover":{"bySize":{"small_default":{"url":"https:\/\/www.starstickvinilos.com\/76370-small_default\/nom-amb-corona-decoracio-habitacions-juvenils.jpg","width":100,"height":100},"cart_default":{"url":"https:\/\/www.starstickvinilos.com\/76370-cart_default\/nom-amb-corona-decoracio-habitacions-juvenils.jpg","width":250,"height":250},"home_default":{"url":"https:\/\/www.starstickvinilos.com\/76370-home_default\/nom-amb-corona-decoracio-habitacions-juvenils.jpg","width":380,"height":380},"medium_default":{"url":"https:\/\/www.starstickvinilos.com\/76370-medium_default\/nom-amb-corona-decoracio-habitacions-juvenils.jpg","width":500,"height":500},"large_default":{"url":"https:\/\/www.starstickvinilos.com\/76370-large_default\/nom-amb-corona-decoracio-habitacions-juvenils.jpg","width":600,"height":600}},"small":{"url":"https:\/\/www.starstickvinilos.com\/76370-small_default\/nom-amb-corona-decoracio-habitacions-juvenils.jpg","width":100,"height":100},"medium":{"url":"https:\/\/www.starstickvinilos.com\/76370-home_default\/nom-amb-corona-decoracio-habitacions-juvenils.jpg","width":380,"height":380},"large":{"url":"https:\/\/www.starstickvinilos.com\/76370-large_default\/nom-amb-corona-decoracio-habitacions-juvenils.jpg","width":600,"height":600},"legend":"Nom amb corona - Decoraci\u00f3 habitacions juvenils","id_image":"76370","cover":"1","position":"1","associatedVariants":[]},"has_discount":false,"discount_type":null,"discount_percentage":null,"discount_percentage_absolute":null,"discount_amount":null,"price_amount":22.5,"regular_price_amount":22.5,"regular_price":"22,50\u00a0\u20ac","discount_to_display":null},{"add_to_cart_url":null,"url":"https:\/\/www.starstickvinilos.com\/ca\/vinils-personalitzats-amb-nom\/208-vinils-infantils-personalitzats-amb-nom-nombre-fun.html","canonical_url":"https:\/\/www.starstickvinilos.com\/ca\/vinils-personalitzats-amb-nom\/208-vinils-infantils-personalitzats-amb-nom-nombre-fun.html","labels":{"tax_short":"(IVA incl.)","tax_long":"Impostos inclosos"},"main_variants":[],"id_product":"208","price":"12,50\u00a0\u20ac","reference":"Nom Star003","active":"1","description_short":"<p>Transforma les habitacions dels nens i nenes amb els nostres vinils infantils de paret personalitzats amb el nom. Selecciona la mida i el color que m\u00e9s t'agradi i dissenya un ambient \u00fanic i especial per al teu petit. Comen\u00e7a a decorar de manera personalitzada i converteix la seva habitaci\u00f3 en un lloc m\u00e0gic ple d\u2019imaginaci\u00f3 i alegria!<\/p>\n<p><\/p>\n<p><strong>Petit -\u00a0<\/strong>Al\u00e7ada\u00a0lletres:10 cm<\/p>\n<p><strong>Mitj\u00e0 -\u00a0<\/strong>Al\u00e7ada lletres:15 cm\u00a0<\/p>\n<p><strong>Gran -\u00a0<\/strong>Al\u00e7ada\u00a0lletres: 19 cm\u00a0<\/p>\n<p><\/p>","link_rewrite":"vinils-infantils-personalitzats-amb-nom-nombre-fun","name":"Vinils infantils personalitzats amb nom | Nombre Fun","manufacturer_name":"StarStick","category_name":"Vinils personalitzats amb nom","link":"https:\/\/www.starstickvinilos.com\/ca\/vinils-personalitzats-amb-nom\/208-vinils-infantils-personalitzats-amb-nom-nombre-fun.html","rate":21,"tax_name":"ES Standard rate (21%)","unit_price":"","cover":{"bySize":{"small_default":{"url":"https:\/\/www.starstickvinilos.com\/93821-small_default\/vinils-infantils-personalitzats-amb-nom-nombre-fun.jpg","width":100,"height":100},"cart_default":{"url":"https:\/\/www.starstickvinilos.com\/93821-cart_default\/vinils-infantils-personalitzats-amb-nom-nombre-fun.jpg","width":250,"height":250},"home_default":{"url":"https:\/\/www.starstickvinilos.com\/93821-home_default\/vinils-infantils-personalitzats-amb-nom-nombre-fun.jpg","width":380,"height":380},"medium_default":{"url":"https:\/\/www.starstickvinilos.com\/93821-medium_default\/vinils-infantils-personalitzats-amb-nom-nombre-fun.jpg","width":500,"height":500},"large_default":{"url":"https:\/\/www.starstickvinilos.com\/93821-large_default\/vinils-infantils-personalitzats-amb-nom-nombre-fun.jpg","width":600,"height":600}},"small":{"url":"https:\/\/www.starstickvinilos.com\/93821-small_default\/vinils-infantils-personalitzats-amb-nom-nombre-fun.jpg","width":100,"height":100},"medium":{"url":"https:\/\/www.starstickvinilos.com\/93821-home_default\/vinils-infantils-personalitzats-amb-nom-nombre-fun.jpg","width":380,"height":380},"large":{"url":"https:\/\/www.starstickvinilos.com\/93821-large_default\/vinils-infantils-personalitzats-amb-nom-nombre-fun.jpg","width":600,"height":600},"legend":"","id_image":"93821","cover":"1","position":"1","associatedVariants":[]},"has_discount":false,"discount_type":null,"discount_percentage":null,"discount_percentage_absolute":null,"discount_amount":null,"price_amount":12.5,"regular_price_amount":12.5,"regular_price":"12,50\u00a0\u20ac","discount_to_display":null},{"add_to_cart_url":null,"url":"https:\/\/www.starstickvinilos.com\/ca\/vinils-noms-per-a-portes-nena\/6221-unicorn-somiador-vinils-amb-nom-per-decorar-habitacions-de-nenes.html","canonical_url":"https:\/\/www.starstickvinilos.com\/ca\/vinils-noms-per-a-portes-nena\/6221-unicorn-somiador-vinils-amb-nom-per-decorar-habitacions-de-nenes.html","labels":{"tax_short":"(IVA incl.)","tax_long":"Impostos inclosos"},"main_variants":[],"id_product":"6221","price":"22,50\u00a0\u20ac","reference":"Nom Star197","active":"1","description_short":"<p>Vinil decoratiu per personalitzar portes o parets. Doneu un toc \u00fanic als espais infantils amb els vinils personalitzats de StarStick.<\/p>\n<p>\u00a0<\/p>\n<p><strong>Mida de la l\u00e0mina i del muntatge<\/strong><\/p>\n<p><strong>1 nom:<\/strong><span class=\"apple-converted-space\">\u00a030x19<\/span>\u00a0cm<\/p>\n<p><strong>2 noms:<\/strong><span class=\"apple-converted-space\">\u00a030x25<\/span>\u00a0cm<\/p>","link_rewrite":"unicorn-somiador-vinils-amb-nom-per-decorar-habitacions-de-nenes","name":"Unicorn Somiador \u2013 Vinils amb nom per decorar habitacions de nenes","manufacturer_name":"StarStick","category_name":"Vinils noms per a portes - Nena","link":"https:\/\/www.starstickvinilos.com\/ca\/vinils-noms-per-a-portes-nena\/6221-unicorn-somiador-vinils-amb-nom-per-decorar-habitacions-de-nenes.html","rate":21,"tax_name":"ES Standard rate (21%)","unit_price":"","cover":{"bySize":{"small_default":{"url":"https:\/\/www.starstickvinilos.com\/60961-small_default\/unicorn-somiador-vinils-amb-nom-per-decorar-habitacions-de-nenes.jpg","width":100,"height":100},"cart_default":{"url":"https:\/\/www.starstickvinilos.com\/60961-cart_default\/unicorn-somiador-vinils-amb-nom-per-decorar-habitacions-de-nenes.jpg","width":250,"height":250},"home_default":{"url":"https:\/\/www.starstickvinilos.com\/60961-home_default\/unicorn-somiador-vinils-amb-nom-per-decorar-habitacions-de-nenes.jpg","width":380,"height":380},"medium_default":{"url":"https:\/\/www.starstickvinilos.com\/60961-medium_default\/unicorn-somiador-vinils-amb-nom-per-decorar-habitacions-de-nenes.jpg","width":500,"height":500},"large_default":{"url":"https:\/\/www.starstickvinilos.com\/60961-large_default\/unicorn-somiador-vinils-amb-nom-per-decorar-habitacions-de-nenes.jpg","width":600,"height":600}},"small":{"url":"https:\/\/www.starstickvinilos.com\/60961-small_default\/unicorn-somiador-vinils-amb-nom-per-decorar-habitacions-de-nenes.jpg","width":100,"height":100},"medium":{"url":"https:\/\/www.starstickvinilos.com\/60961-home_default\/unicorn-somiador-vinils-amb-nom-per-decorar-habitacions-de-nenes.jpg","width":380,"height":380},"large":{"url":"https:\/\/www.starstickvinilos.com\/60961-large_default\/unicorn-somiador-vinils-amb-nom-per-decorar-habitacions-de-nenes.jpg","width":600,"height":600},"legend":"Unicorn Somiador \u2013 Vinils amb nom per decorar habitacions de nenes","id_image":"60961","cover":"1","position":"1","associatedVariants":[]},"has_discount":false,"discount_type":null,"discount_percentage":null,"discount_percentage_absolute":null,"discount_amount":null,"price_amount":22.5,"regular_price_amount":22.5,"regular_price":"22,50\u00a0\u20ac","discount_to_display":null},{"add_to_cart_url":null,"url":"https:\/\/www.starstickvinilos.com\/ca\/vinils-noms-per-a-portes-nena\/6532-nena-amb-unicorn-vinils-decoratius-amb-nom.html","canonical_url":"https:\/\/www.starstickvinilos.com\/ca\/vinils-noms-per-a-portes-nena\/6532-nena-amb-unicorn-vinils-decoratius-amb-nom.html","labels":{"tax_short":"(IVA incl.)","tax_long":"Impostos inclosos"},"main_variants":[],"id_product":"6532","price":"22,50\u00a0\u20ac","reference":"Nom Star201","active":"1","description_short":"<p>Vinil autoadhesiu amb una nena galopant sobre un majestu\u00f3s unicorn. Personalitza l'habitaci\u00f3 de la teva filla amb un toc adorable!<\/p>\n<p>\u00a0<\/p>\n<p><strong>Mida de la l\u00e0mina i del muntatge<\/strong><\/p>\n<p><strong>1 nom:<\/strong><span class=\"apple-converted-space\">\u00a030x19<\/span>\u00a0cm<\/p>\n<p><strong>2 noms:<\/strong><span class=\"apple-converted-space\">\u00a030x25<\/span>\u00a0cm<\/p>","link_rewrite":"nena-amb-unicorn-vinils-decoratius-amb-nom","name":"Nena amb unicorn. Vinils decoratius amb nom","manufacturer_name":"StarStick","category_name":"Vinils noms per a portes - Nena","link":"https:\/\/www.starstickvinilos.com\/ca\/vinils-noms-per-a-portes-nena\/6532-nena-amb-unicorn-vinils-decoratius-amb-nom.html","rate":21,"tax_name":"ES Standard rate (21%)","unit_price":"","cover":{"bySize":{"small_default":{"url":"https:\/\/www.starstickvinilos.com\/65284-small_default\/nena-amb-unicorn-vinils-decoratius-amb-nom.jpg","width":100,"height":100},"cart_default":{"url":"https:\/\/www.starstickvinilos.com\/65284-cart_default\/nena-amb-unicorn-vinils-decoratius-amb-nom.jpg","width":250,"height":250},"home_default":{"url":"https:\/\/www.starstickvinilos.com\/65284-home_default\/nena-amb-unicorn-vinils-decoratius-amb-nom.jpg","width":380,"height":380},"medium_default":{"url":"https:\/\/www.starstickvinilos.com\/65284-medium_default\/nena-amb-unicorn-vinils-decoratius-amb-nom.jpg","width":500,"height":500},"large_default":{"url":"https:\/\/www.starstickvinilos.com\/65284-large_default\/nena-amb-unicorn-vinils-decoratius-amb-nom.jpg","width":600,"height":600}},"small":{"url":"https:\/\/www.starstickvinilos.com\/65284-small_default\/nena-amb-unicorn-vinils-decoratius-amb-nom.jpg","width":100,"height":100},"medium":{"url":"https:\/\/www.starstickvinilos.com\/65284-home_default\/nena-amb-unicorn-vinils-decoratius-amb-nom.jpg","width":380,"height":380},"large":{"url":"https:\/\/www.starstickvinilos.com\/65284-large_default\/nena-amb-unicorn-vinils-decoratius-amb-nom.jpg","width":600,"height":600},"legend":"Nena amb unicorn. Vinils decoratius amb nom","id_image":"65284","cover":"1","position":"2","associatedVariants":[]},"has_discount":false,"discount_type":null,"discount_percentage":null,"discount_percentage_absolute":null,"discount_amount":null,"price_amount":22.5,"regular_price_amount":22.5,"regular_price":"22,50\u00a0\u20ac","discount_to_display":null},{"add_to_cart_url":null,"url":"https:\/\/www.starstickvinilos.com\/ca\/vinils-noms-per-a-portes-nado\/4359-personalitza-l-habitacio-infantil-girafa-amb-koala-vinils-amb-nom.html","canonical_url":"https:\/\/www.starstickvinilos.com\/ca\/vinils-noms-per-a-portes-nado\/4359-personalitza-l-habitacio-infantil-girafa-amb-koala-vinils-amb-nom.html","labels":{"tax_short":"(IVA incl.)","tax_long":"Impostos inclosos"},"main_variants":[{"id_product_attribute":1067615,"texture":"","id_product":"4359","name":"c19 Blau gris","id_attribute":"518","add_to_cart_url":"https:\/\/www.starstickvinilos.com\/ca\/carret?add=1&id_product=4359&id_product_attribute=1067615","url":"https:\/\/www.starstickvinilos.com\/ca\/vinils-noms-per-a-portes-nado\/4359-personalitza-l-habitacio-infantil-girafa-amb-koala-vinils-amb-nom.html","type":"color","html_color_code":"#8cb3c9"},{"id_product_attribute":1067614,"texture":"","id_product":"4359","name":"C26 Teula fosc","id_attribute":"650","add_to_cart_url":"https:\/\/www.starstickvinilos.com\/ca\/carret?add=1&id_product=4359&id_product_attribute=1067614","url":"https:\/\/www.starstickvinilos.com\/ca\/vinils-noms-per-a-portes-nado\/4359-personalitza-l-habitacio-infantil-girafa-amb-koala-vinils-amb-nom.html","type":"color","html_color_code":"#A06565"}],"id_product":"4359","price":"22,50\u00a0\u20ac","reference":"Nom Star173","active":"1","description_short":"<p class=\"MsoNormal\"><strong>Mida de la l\u00e0mina i del muntatge<\/strong><\/p>\n<p>1 nom:\u00a030x20 cm<\/p>\n<p>2 noms: 30x25 cm<\/p>\n<p><\/p>","link_rewrite":"personalitza-l-habitacio-infantil-girafa-amb-koala-vinils-amb-nom","name":"Personalitza l'habitaci\u00f3 infantil - Girafa amb koala - Vinils amb nom","manufacturer_name":"StarStick","category_name":"Vinils noms per a portes - Nad\u00f3","link":"https:\/\/www.starstickvinilos.com\/ca\/vinils-noms-per-a-portes-nado\/4359-personalitza-l-habitacio-infantil-girafa-amb-koala-vinils-amb-nom.html","rate":21,"tax_name":"ES Standard rate (21%)","unit_price":"","cover":{"bySize":{"small_default":{"url":"https:\/\/www.starstickvinilos.com\/36354-small_default\/personalitza-l-habitacio-infantil-girafa-amb-koala-vinils-amb-nom.jpg","width":100,"height":100},"cart_default":{"url":"https:\/\/www.starstickvinilos.com\/36354-cart_default\/personalitza-l-habitacio-infantil-girafa-amb-koala-vinils-amb-nom.jpg","width":250,"height":250},"home_default":{"url":"https:\/\/www.starstickvinilos.com\/36354-home_default\/personalitza-l-habitacio-infantil-girafa-amb-koala-vinils-amb-nom.jpg","width":380,"height":380},"medium_default":{"url":"https:\/\/www.starstickvinilos.com\/36354-medium_default\/personalitza-l-habitacio-infantil-girafa-amb-koala-vinils-amb-nom.jpg","width":500,"height":500},"large_default":{"url":"https:\/\/www.starstickvinilos.com\/36354-large_default\/personalitza-l-habitacio-infantil-girafa-amb-koala-vinils-amb-nom.jpg","width":600,"height":600}},"small":{"url":"https:\/\/www.starstickvinilos.com\/36354-small_default\/personalitza-l-habitacio-infantil-girafa-amb-koala-vinils-amb-nom.jpg","width":100,"height":100},"medium":{"url":"https:\/\/www.starstickvinilos.com\/36354-home_default\/personalitza-l-habitacio-infantil-girafa-amb-koala-vinils-amb-nom.jpg","width":380,"height":380},"large":{"url":"https:\/\/www.starstickvinilos.com\/36354-large_default\/personalitza-l-habitacio-infantil-girafa-amb-koala-vinils-amb-nom.jpg","width":600,"height":600},"legend":null,"id_image":"36354","cover":"1","position":"1","associatedVariants":[]},"has_discount":false,"discount_type":null,"discount_percentage":null,"discount_percentage_absolute":null,"discount_amount":null,"price_amount":22.5,"regular_price_amount":22.5,"regular_price":"22,50\u00a0\u20ac","discount_to_display":null},{"add_to_cart_url":null,"url":"https:\/\/www.starstickvinilos.com\/ca\/vinils-noms-per-a-portes-germans\/5844-vinils-personalitzats-germans-amb-coet-decoracio-habitacions-compartides.html","canonical_url":"https:\/\/www.starstickvinilos.com\/ca\/vinils-noms-per-a-portes-germans\/5844-vinils-personalitzats-germans-amb-coet-decoracio-habitacions-compartides.html","labels":{"tax_short":"(IVA incl.)","tax_long":"Impostos inclosos"},"main_variants":[],"id_product":"5844","price":"22,50\u00a0\u20ac","reference":"Nom Star196","active":"1","description_short":"<p>Fant\u00e0stica idea per decorar de manera personalitzada les habitacions infantils compartides per germans diferents. Vinils personalitzables, elegants i molt f\u00e0cils d'instal\u00b7lar.<\/p>\n<p>\u00a0<\/p>\n<p><strong>Mida de la l\u00e0mina i del muntatge<\/strong><\/p>\n<p><strong>L\u00e0mina amb 1 nom:<\/strong><span class=\"apple-converted-space\">\u00a030x24<\/span>\u00a0cm<\/p>\n<p><strong>L\u00e0mina amb 2 noms:<\/strong><span class=\"apple-converted-space\">\u00a030x28<\/span>\u00a0cm<\/p>","link_rewrite":"vinils-personalitzats-germans-amb-coet-decoracio-habitacions-compartides","name":"Vinils personalitzats - Germans amb coet - Decoraci\u00f3 habitacions compartides","manufacturer_name":"StarStick","category_name":"Vinils noms per a portes - Germans","link":"https:\/\/www.starstickvinilos.com\/ca\/vinils-noms-per-a-portes-germans\/5844-vinils-personalitzats-germans-amb-coet-decoracio-habitacions-compartides.html","rate":21,"tax_name":"ES Standard rate (21%)","unit_price":"","cover":{"bySize":{"small_default":{"url":"https:\/\/www.starstickvinilos.com\/55459-small_default\/vinils-personalitzats-germans-amb-coet-decoracio-habitacions-compartides.jpg","width":100,"height":100},"cart_default":{"url":"https:\/\/www.starstickvinilos.com\/55459-cart_default\/vinils-personalitzats-germans-amb-coet-decoracio-habitacions-compartides.jpg","width":250,"height":250},"home_default":{"url":"https:\/\/www.starstickvinilos.com\/55459-home_default\/vinils-personalitzats-germans-amb-coet-decoracio-habitacions-compartides.jpg","width":380,"height":380},"medium_default":{"url":"https:\/\/www.starstickvinilos.com\/55459-medium_default\/vinils-personalitzats-germans-amb-coet-decoracio-habitacions-compartides.jpg","width":500,"height":500},"large_default":{"url":"https:\/\/www.starstickvinilos.com\/55459-large_default\/vinils-personalitzats-germans-amb-coet-decoracio-habitacions-compartides.jpg","width":600,"height":600}},"small":{"url":"https:\/\/www.starstickvinilos.com\/55459-small_default\/vinils-personalitzats-germans-amb-coet-decoracio-habitacions-compartides.jpg","width":100,"height":100},"medium":{"url":"https:\/\/www.starstickvinilos.com\/55459-home_default\/vinils-personalitzats-germans-amb-coet-decoracio-habitacions-compartides.jpg","width":380,"height":380},"large":{"url":"https:\/\/www.starstickvinilos.com\/55459-large_default\/vinils-personalitzats-germans-amb-coet-decoracio-habitacions-compartides.jpg","width":600,"height":600},"legend":"Vinils personalitzats - Germans amb coet - Decoraci\u00f3 habitacions compartides","id_image":"55459","cover":"1","position":"2","associatedVariants":[]},"has_discount":false,"discount_type":null,"discount_percentage":null,"discount_percentage_absolute":null,"discount_amount":null,"price_amount":22.5,"regular_price_amount":22.5,"regular_price":"22,50\u00a0\u20ac","discount_to_display":null},{"add_to_cart_url":null,"url":"https:\/\/www.starstickvinilos.com\/ca\/vinils-noms-per-a-portes-nen\/4436-decoracio-infantil-personalitzada-astronauta-amb-planetes-vinils-amb-nom.html","canonical_url":"https:\/\/www.starstickvinilos.com\/ca\/vinils-noms-per-a-portes-nen\/4436-decoracio-infantil-personalitzada-astronauta-amb-planetes-vinils-amb-nom.html","labels":{"tax_short":"(IVA incl.)","tax_long":"Impostos inclosos"},"main_variants":[],"id_product":"4436","price":"22,50\u00a0\u20ac","reference":"Nom Star180","active":"1","description_short":"<p>Vinils infantils personalitzats amb un o dos noms. Ideals per enganxar a la paret, a les portes de les habitacions o a qualsevol superf\u00edcie llisa. Hi ha diferents models a triar. Aquest model de l'astronauta amb planetes es pot combinar amb molts altres vinils de la mateixa col\u00b7lecci\u00f3. Crea la teva combinaci\u00f3 i decora les habitacions infantils amb estil i diversi\u00f3.<\/p>\n<p><strong><\/strong><\/p>\n<p><strong>Mida de la l\u00e0mina i del muntatge<\/strong><\/p>\n<p><strong>L\u00e0mina amb 1 nom:<\/strong><span class=\"apple-converted-space\">\u00a030x19<\/span>\u00a0cm<\/p>\n<p><strong>L\u00e0mina amb 2 noms:<\/strong><span class=\"apple-converted-space\">\u00a030x25<\/span>\u00a0cm<\/p>","link_rewrite":"decoracio-infantil-personalitzada-astronauta-amb-planetes-vinils-amb-nom","name":"Decoraci\u00f3 infantil personalitzada. Astronauta amb planetes. Vinils amb nom","manufacturer_name":"StarStick","category_name":"Vinils noms per a portes - Nen","link":"https:\/\/www.starstickvinilos.com\/ca\/vinils-noms-per-a-portes-nen\/4436-decoracio-infantil-personalitzada-astronauta-amb-planetes-vinils-amb-nom.html","rate":21,"tax_name":"ES Standard rate (21%)","unit_price":"","cover":{"bySize":{"small_default":{"url":"https:\/\/www.starstickvinilos.com\/37249-small_default\/decoracio-infantil-personalitzada-astronauta-amb-planetes-vinils-amb-nom.jpg","width":100,"height":100},"cart_default":{"url":"https:\/\/www.starstickvinilos.com\/37249-cart_default\/decoracio-infantil-personalitzada-astronauta-amb-planetes-vinils-amb-nom.jpg","width":250,"height":250},"home_default":{"url":"https:\/\/www.starstickvinilos.com\/37249-home_default\/decoracio-infantil-personalitzada-astronauta-amb-planetes-vinils-amb-nom.jpg","width":380,"height":380},"medium_default":{"url":"https:\/\/www.starstickvinilos.com\/37249-medium_default\/decoracio-infantil-personalitzada-astronauta-amb-planetes-vinils-amb-nom.jpg","width":500,"height":500},"large_default":{"url":"https:\/\/www.starstickvinilos.com\/37249-large_default\/decoracio-infantil-personalitzada-astronauta-amb-planetes-vinils-amb-nom.jpg","width":600,"height":600}},"small":{"url":"https:\/\/www.starstickvinilos.com\/37249-small_default\/decoracio-infantil-personalitzada-astronauta-amb-planetes-vinils-amb-nom.jpg","width":100,"height":100},"medium":{"url":"https:\/\/www.starstickvinilos.com\/37249-home_default\/decoracio-infantil-personalitzada-astronauta-amb-planetes-vinils-amb-nom.jpg","width":380,"height":380},"large":{"url":"https:\/\/www.starstickvinilos.com\/37249-large_default\/decoracio-infantil-personalitzada-astronauta-amb-planetes-vinils-amb-nom.jpg","width":600,"height":600},"legend":"Decoraci\u00f3 infantil personalitzada - Astronauta amb planetes \u2013 Vinils amb nom","id_image":"37249","cover":"1","position":"1","associatedVariants":[]},"has_discount":false,"discount_type":null,"discount_percentage":null,"discount_percentage_absolute":null,"discount_amount":null,"price_amount":22.5,"regular_price_amount":22.5,"regular_price":"22,50\u00a0\u20ac","discount_to_display":null},{"add_to_cart_url":null,"url":"https:\/\/www.starstickvinilos.com\/ca\/vinils-noms-per-a-portes-nena\/4454-vinils-infantils-personalitzats-la-balena-reina-sota-el-mar.html","canonical_url":"https:\/\/www.starstickvinilos.com\/ca\/vinils-noms-per-a-portes-nena\/4454-vinils-infantils-personalitzats-la-balena-reina-sota-el-mar.html","labels":{"tax_short":"(IVA incl.)","tax_long":"Impostos inclosos"},"main_variants":[],"id_product":"4454","price":"22,50\u00a0\u20ac","reference":"Nom Star181","active":"1","description_short":"<p>Vinils infantils personalitzats amb un o dos noms. Ideals per enganxar a la paret, a les portes de les habitacions o a qualsevol superf\u00edcie llisa.<\/p>\n<p><strong><\/strong><\/p>\n<p><strong>Mida de la l\u00e0mina i del muntatge<\/strong><\/p>\n<p><strong>L\u00e0mina amb 1 nom:<\/strong><span class=\"apple-converted-space\">\u00a030x24<\/span>\u00a0cm<\/p>\n<p><strong>L\u00e0mina amb 2 noms:<\/strong><span class=\"apple-converted-space\">\u00a030x28<\/span>\u00a0cm<\/p>","link_rewrite":"vinils-infantils-personalitzats-la-balena-reina-sota-el-mar","name":"Vinils infantils personalitzats - La balena reina sota el mar","manufacturer_name":"StarStick","category_name":"Vinils noms per a portes - Nena","link":"https:\/\/www.starstickvinilos.com\/ca\/vinils-noms-per-a-portes-nena\/4454-vinils-infantils-personalitzats-la-balena-reina-sota-el-mar.html","rate":21,"tax_name":"ES Standard rate (21%)","unit_price":"","cover":{"bySize":{"small_default":{"url":"https:\/\/www.starstickvinilos.com\/37409-small_default\/vinils-infantils-personalitzats-la-balena-reina-sota-el-mar.jpg","width":100,"height":100},"cart_default":{"url":"https:\/\/www.starstickvinilos.com\/37409-cart_default\/vinils-infantils-personalitzats-la-balena-reina-sota-el-mar.jpg","width":250,"height":250},"home_default":{"url":"https:\/\/www.starstickvinilos.com\/37409-home_default\/vinils-infantils-personalitzats-la-balena-reina-sota-el-mar.jpg","width":380,"height":380},"medium_default":{"url":"https:\/\/www.starstickvinilos.com\/37409-medium_default\/vinils-infantils-personalitzats-la-balena-reina-sota-el-mar.jpg","width":500,"height":500},"large_default":{"url":"https:\/\/www.starstickvinilos.com\/37409-large_default\/vinils-infantils-personalitzats-la-balena-reina-sota-el-mar.jpg","width":600,"height":600}},"small":{"url":"https:\/\/www.starstickvinilos.com\/37409-small_default\/vinils-infantils-personalitzats-la-balena-reina-sota-el-mar.jpg","width":100,"height":100},"medium":{"url":"https:\/\/www.starstickvinilos.com\/37409-home_default\/vinils-infantils-personalitzats-la-balena-reina-sota-el-mar.jpg","width":380,"height":380},"large":{"url":"https:\/\/www.starstickvinilos.com\/37409-large_default\/vinils-infantils-personalitzats-la-balena-reina-sota-el-mar.jpg","width":600,"height":600},"legend":null,"id_image":"37409","cover":"1","position":"1","associatedVariants":[]},"has_discount":false,"discount_type":null,"discount_percentage":null,"discount_percentage_absolute":null,"discount_amount":null,"price_amount":22.5,"regular_price_amount":22.5,"regular_price":"22,50\u00a0\u20ac","discount_to_display":null},{"add_to_cart_url":null,"url":"https:\/\/www.starstickvinilos.com\/ca\/vinils-noms-per-a-portes-nado\/4716-vinils-infantils-amb-nom-cotxe-amb-dinosaure-decoracio-personalitzada-per-a-nado.html","canonical_url":"https:\/\/www.starstickvinilos.com\/ca\/vinils-noms-per-a-portes-nado\/4716-vinils-infantils-amb-nom-cotxe-amb-dinosaure-decoracio-personalitzada-per-a-nado.html","labels":{"tax_short":"(IVA incl.)","tax_long":"Impostos inclosos"},"main_variants":[{"id_product_attribute":1095990,"texture":"","id_product":"4716","name":"c3 Gris clar","id_attribute":"502","add_to_cart_url":"https:\/\/www.starstickvinilos.com\/ca\/carret?add=1&id_product=4716&id_product_attribute=1095990","url":"https:\/\/www.starstickvinilos.com\/ca\/vinils-noms-per-a-portes-nado\/4716-vinils-infantils-amb-nom-cotxe-amb-dinosaure-decoracio-personalitzada-per-a-nado.html","type":"color","html_color_code":"#c4c4c4"},{"id_product_attribute":1095991,"texture":"","id_product":"4716","name":"c22 Groc","id_attribute":"521","add_to_cart_url":"https:\/\/www.starstickvinilos.com\/ca\/carret?add=1&id_product=4716&id_product_attribute=1095991","url":"https:\/\/www.starstickvinilos.com\/ca\/vinils-noms-per-a-portes-nado\/4716-vinils-infantils-amb-nom-cotxe-amb-dinosaure-decoracio-personalitzada-per-a-nado.html","type":"color","html_color_code":"#f8d200"}],"id_product":"4716","price":"22,50\u00a0\u20ac","reference":"Nom Star188","active":"1","description_short":"<p><strong>Mida de la l\u00e0mina i del muntatge<\/strong><\/p>\n<p><strong>L\u00e0mina amb 1 nom:<\/strong><span class=\"apple-converted-space\">\u00a030x24<\/span>\u00a0cm<\/p>\n<p><strong>L\u00e0mina amb 2 noms:<\/strong><span class=\"apple-converted-space\">\u00a030x28<\/span>\u00a0cm<\/p>","link_rewrite":"vinils-infantils-amb-nom-cotxe-amb-dinosaure-decoracio-personalitzada-per-a-nado","name":"Vinils infantils amb nom - Cotxe amb dinosaure - Decoraci\u00f3 personalitzada per a nad\u00f3","manufacturer_name":"StarStick","category_name":"Vinils noms per a portes - Nad\u00f3","link":"https:\/\/www.starstickvinilos.com\/ca\/vinils-noms-per-a-portes-nado\/4716-vinils-infantils-amb-nom-cotxe-amb-dinosaure-decoracio-personalitzada-per-a-nado.html","rate":21,"tax_name":"ES Standard rate (21%)","unit_price":"","cover":{"bySize":{"small_default":{"url":"https:\/\/www.starstickvinilos.com\/41069-small_default\/vinils-infantils-amb-nom-cotxe-amb-dinosaure-decoracio-personalitzada-per-a-nado.jpg","width":100,"height":100},"cart_default":{"url":"https:\/\/www.starstickvinilos.com\/41069-cart_default\/vinils-infantils-amb-nom-cotxe-amb-dinosaure-decoracio-personalitzada-per-a-nado.jpg","width":250,"height":250},"home_default":{"url":"https:\/\/www.starstickvinilos.com\/41069-home_default\/vinils-infantils-amb-nom-cotxe-amb-dinosaure-decoracio-personalitzada-per-a-nado.jpg","width":380,"height":380},"medium_default":{"url":"https:\/\/www.starstickvinilos.com\/41069-medium_default\/vinils-infantils-amb-nom-cotxe-amb-dinosaure-decoracio-personalitzada-per-a-nado.jpg","width":500,"height":500},"large_default":{"url":"https:\/\/www.starstickvinilos.com\/41069-large_default\/vinils-infantils-amb-nom-cotxe-amb-dinosaure-decoracio-personalitzada-per-a-nado.jpg","width":600,"height":600}},"small":{"url":"https:\/\/www.starstickvinilos.com\/41069-small_default\/vinils-infantils-amb-nom-cotxe-amb-dinosaure-decoracio-personalitzada-per-a-nado.jpg","width":100,"height":100},"medium":{"url":"https:\/\/www.starstickvinilos.com\/41069-home_default\/vinils-infantils-amb-nom-cotxe-amb-dinosaure-decoracio-personalitzada-per-a-nado.jpg","width":380,"height":380},"large":{"url":"https:\/\/www.starstickvinilos.com\/41069-large_default\/vinils-infantils-amb-nom-cotxe-amb-dinosaure-decoracio-personalitzada-per-a-nado.jpg","width":600,"height":600},"legend":"Vinils infantils amb nom - Cotxe amb dinosaure - Decoraci\u00f3 personalitzada per a nad\u00f3","id_image":"41069","cover":"1","position":"1","associatedVariants":[]},"has_discount":false,"discount_type":null,"discount_percentage":null,"discount_percentage_absolute":null,"discount_amount":null,"price_amount":22.5,"regular_price_amount":22.5,"regular_price":"22,50\u00a0\u20ac","discount_to_display":null}],"sort_orders":[{"entity":"product","field":"position","direction":"asc","label":"Rellev\u00e0ncia","urlParameter":"product.position.asc","current":true,"url":"https:\/\/www.starstickvinilos.com\/ca\/19-vinils-amb-nom?order=product.position.asc"},{"entity":"product","field":"name","direction":"asc","label":"Nom, A - Z","urlParameter":"product.name.asc","current":false,"url":"https:\/\/www.starstickvinilos.com\/ca\/19-vinils-amb-nom?order=product.name.asc"},{"entity":"product","field":"name","direction":"desc","label":"Nom, Z - A","urlParameter":"product.name.desc","current":false,"url":"https:\/\/www.starstickvinilos.com\/ca\/19-vinils-amb-nom?order=product.name.desc"},{"entity":"product","field":"price","direction":"asc","label":"Preu, de m\u00e9s petit a m\u00e9s gran","urlParameter":"product.price.asc","current":false,"url":"https:\/\/www.starstickvinilos.com\/ca\/19-vinils-amb-nom?order=product.price.asc"},{"entity":"product","field":"price","direction":"desc","label":"Preu, de m\u00e9s gran a m\u00e9s petit","urlParameter":"product.price.desc","current":false,"url":"https:\/\/www.starstickvinilos.com\/ca\/19-vinils-amb-nom?order=product.price.desc"}],"sort_selected":"Rellev\u00e0ncia","pagination":{"total_items":136,"items_shown_from":1,"items_shown_to":30,"current_page":1,"pages_count":5,"pages":{"1":{"type":"page","page":1,"clickable":false,"current":true,"url":"https:\/\/www.starstickvinilos.com\/ca\/19-vinils-amb-nom"},"2":{"type":"page","page":2,"clickable":true,"current":false,"url":"https:\/\/www.starstickvinilos.com\/ca\/19-vinils-amb-nom?page=2"},"3":{"type":"page","page":3,"clickable":true,"current":false,"url":"https:\/\/www.starstickvinilos.com\/ca\/19-vinils-amb-nom?page=3"},"4":{"type":"page","page":4,"clickable":true,"current":false,"url":"https:\/\/www.starstickvinilos.com\/ca\/19-vinils-amb-nom?page=4"},"5":{"type":"page","page":5,"clickable":true,"current":false,"url":"https:\/\/www.starstickvinilos.com\/ca\/19-vinils-amb-nom?page=5"},"6":{"type":"next","page":2,"clickable":true,"current":false,"url":"https:\/\/www.starstickvinilos.com\/ca\/19-vinils-amb-nom?page=2"}},"should_be_displayed":true},"rendered_facets":"","rendered_active_filters":"","js_enabled":true,"current_url":"https:\/\/www.starstickvinilos.com\/ca\/19-vinils-amb-nom","rendered_products_header":"<div id=\"js-product-list-header\">\n            <div class=\"block-category card card-block\">\n            <h1 class=\"h1\">Vinils amb nom<\/h1>\n            <div class=\"block-category-inner\">\n                                    <div id=\"category-description\" class=\"text-muted\"><p style=\"margin:0px;color:#3b3f44;font-family:'Open Sans', Arial;font-size:18px;\">Vols que el teu petit se senti protagonista a la seva pr\u00f2pia habitaci\u00f3? Amb els nostres vinils personalitzats amb el seu nom, se sentir\u00e0 com una estrella cada cop que entri al seu espai.<br \/><\/p><p style=\"margin:0px;color:#3b3f44;font-family:'Open Sans', Arial;font-size:18px;\">.<\/p><h3 style=\"margin:0px;color:#1f2d3d;font-family:georgia, serif, Arial;font-size:24px;\">T'ajudem? Xat Online \u2b07\ufe0f<\/h3><h3 style=\"margin:0px;color:#1f2d3d;font-family:georgia, serif, Arial;font-size:20px;\">9.34\/10 \u2605\u2605\u2605\u2605\u2605\u00a0<\/h3><\/div>\n                                                    <div class=\"category-cover\">\n                        <img src=\"https:\/\/www.starstickvinilos.com\/c\/19-medium_default\/vinils-amb-nom.jpg\" alt=\"Vinils personalitzats amb nom - StarStick\" loading=\"lazy\" width=\"141\" height=\"180\">\n                    <\/div>\n                            <\/div>\n        <\/div>\n    <\/div>\n"}